{"id":22660,"date":"2026-07-06T17:01:06","date_gmt":"2026-07-06T17:01:06","guid":{"rendered":"https:\/\/www.tracea.ch\/search-item-list\/"},"modified":"2026-08-24T06:07:53","modified_gmt":"2026-08-24T06:07:53","slug":"verleih","status":"publish","type":"page","link":"https:\/\/www.tracea.ch\/de\/nos-locations\/","title":{"rendered":"Vermietung"},"content":{"rendered":"<div class=\"ra-plp\">\t\t<header class=\"ra-plp-header\">\n\t\t\t<p class=\"ra-plp-slogan\">Location de v\u00e9los &amp; VTT<\/p>\t\t\t<h1 class=\"ra-plp-h1\">Vermietung<\/h1>\t\t\t<nav class=\"ra-plp-fil\" aria-label=\"Fil d&#039;Ariane\"><a href=\"https:\/\/www.tracea.ch\/de\/\">Startseite<\/a><span class=\"ra-plp-fil-sep\" aria-hidden=\"true\"> \u203a <\/span><span class=\"ra-plp-fil-actuel\">Vermietung<\/span><\/nav>\t\t<\/header>\n\t\t\t\t\t<div class=\"ra-plp-intro\"><\/p>\n<h2>Verleih von Fahrrad- und Outdoor-Ausr\u00fcstung in Saint-Cergue<\/h2>\n<p>Entdecken Sie den Service von <strong>Ausr\u00fcstungsverleih bei Tracea in Saint-Cergue<\/strong>, im Herzen der Region La C\u00f4te und des Waadtl\u00e4nder Jura. Ganz gleich, ob Sie auf der Durchreise sind, Urlaub machen oder einfach nur auf der Suche nach einem neuen Outdoor-Erlebnis sind \u2013 wir bieten Ihnen eine Auswahl an Ausr\u00fcstung, die sowohl f\u00fcr Anf\u00e4nger als auch f\u00fcr regelm\u00e4\u00dfige Sportler geeignet ist.<\/p>\n<p>Je nach Jahreszeit finden Sie bei uns unter anderem unsere Ausr\u00fcstung f\u00fcr <strong>Verleih von Fahrr\u00e4dern und Mountainbikes, Gravel-Bikes, Schneeschuhen, Schlitten und Outdoor-Ausr\u00fcstung<\/strong>. Unsere Ausr\u00fcstung wurde so ausgew\u00e4hlt, dass Sie die zahlreichen Routen und Aktivit\u00e4ten rund um Saint-Cergue, im Jura und in der Genferseeregion in vollen Z\u00fcgen genie\u00dfen k\u00f6nnen.<\/p>\n<h3>Fahrradverleih und Outdoor-Ausr\u00fcstung<\/h3>\n<p>M\u00f6chten Sie die Wanderwege des Jura erkunden, auf Schotterpisten und -wegen unterwegs sein oder die Landschaften von Saint-Cergue genie\u00dfen? Mit dem Ausr\u00fcstungsverleih von Tracea k\u00f6nnen Sie Ihrer Lieblingsaktivit\u00e4t nachgehen, ohne in eigene Ausr\u00fcstung investieren zu m\u00fcssen.<\/p>\n<p>Unsere Leihfahrr\u00e4der und unsere Ausr\u00fcstung werden sorgf\u00e4ltig gewartet und vorbereitet, um Ihnen ein angenehmes und sicheres Erlebnis zu garantieren. Gerne beraten wir Sie auch bei der Auswahl der Ausr\u00fcstung, je nach Ihrem Niveau, Ihren Fahrgewohnheiten und Ihrer Route.<\/p>\n<h3>Vermietung das ganze Jahr \u00fcber, je nach Angebot<\/h3>\n<p><strong>Im Sommer<\/strong>, nutzen Sie unser Angebot rund um das Radfahren und Outdoor-Aktivit\u00e4ten: Mountainbike, Gravelbike und die passende Ausr\u00fcstung f\u00fcr Ihre Touren im Jura.<\/p>\n<p><strong>Im Winter<\/strong>, entdecken Sie unsere Mietangebote, um den Schnee in Saint-Cergue und Umgebung zu genie\u00dfen, insbesondere mit den <strong>Schneeschuhe, Schlitten und Ausr\u00fcstung f\u00fcr Gro\u00df und Klein<\/strong>.<\/p>\n<h3>Ausr\u00fcstung in Saint-Cergue mieten<\/h3>\n<p>Eine Anmietung bei Tracea bietet Ihnen die M\u00f6glichkeit, <strong>eine Aktivit\u00e4t ausprobieren, neue Ausr\u00fcstung kennenlernen oder einfach einen Ausflug genie\u00dfen, ohne die eigene Ausr\u00fcstung mitnehmen zu m\u00fcssen<\/strong>.<\/p>\n<p>Ganz gleich, ob Sie ein Mountainbike, ein Gravelbike, Schneeschuhe oder einen Schlitten mieten m\u00f6chten \u2013 unser Team hilft Ihnen gerne dabei, die richtige Ausr\u00fcstung f\u00fcr Ihren Ausflug zu finden.<\/p>\n<p><strong>Tracea \u2013 Ihr Spezialist f\u00fcr Fahrr\u00e4der und Outdoor-Aktivit\u00e4ten in Saint-Cergue.<\/strong><\/p>\n<p>\n<\/div>\n\t\t\t\t\t\t<div class=\"ra-locations\">\n\t\t\t\t\t\t\t<div class=\"ra-loc-filtres\">\n\t\t\t\t\t<button type=\"button\" class=\"ra-loc-filtre actif\" data-cat=\"\">Tout<\/button>\n\t\t\t\t\t\t\t\t\t\t\t<button type=\"button\" class=\"ra-loc-filtre\" data-cat=\"location-de-luges\">Schlittenverleih<\/button>\n\t\t\t\t\t\t\t\t\t\t\t<button type=\"button\" class=\"ra-loc-filtre\" data-cat=\"remorques-et-porte-velos\">Anh\u00e4nger und Fahrradtr\u00e4ger<\/button>\n\t\t\t\t\t\t\t\t\t\t\t<button type=\"button\" class=\"ra-loc-filtre\" data-cat=\"location-de-raquettes-a-neige\">Verleih von Schneeschuhen<\/button>\n\t\t\t\t\t\t\t\t\t\t\t<button type=\"button\" class=\"ra-loc-filtre\" data-cat=\"location-de-gravel\">Gravel-Verleih<\/button>\n\t\t\t\t\t\t\t\t\t\t\t<button type=\"button\" class=\"ra-loc-filtre\" data-cat=\"location-de-vtt\">Mountainbike-Verleih<\/button>\n\t\t\t\t\t\t\t\t\t\t\t<button type=\"button\" class=\"ra-loc-filtre\" data-cat=\"location-de-vtt-electrique\">Verleih von E-Mountainbikes<\/button>\n\t\t\t\t\t\t\t\t\t\t\t<button type=\"button\" class=\"ra-loc-filtre\" data-cat=\"location-de-vtt-enfant\">Mountainbike-Verleih f\u00fcr Kinder<\/button>\n\t\t\t\t\t\t\t\t\t<\/div>\n\t\t\t\n\t\t\t<div class=\"ra-loc-grille\">\n\t\t\t\t\t\t\t\t\t\t\t\t\t\t<article class=\"ra-loc-carte\" data-cats=\"location-de-luges\" data-qv-type=\"location\" data-qv-id=\"60070\">\n\t\t\t\t\t\t<a href=\"https:\/\/www.tracea.ch\/de\/location\/location-de-luges-enfants-et-adultes\/\" class=\"ra-loc-carte-lien\">\n\t\t\t\t\t\t\t\t\t\t\t\t\t\t\t<div class=\"ra-loc-carte-img\"><img fetchpriority=\"high\" decoding=\"async\" width=\"800\" height=\"498\" src=\"https:\/\/www.tracea.ch\/wp-content\/uploads\/2026\/08\/luge.png\" class=\"attachment-large size-large wp-post-image\" alt=\"\" sizes=\"(max-width: 420px) 92vw, (max-width: 820px) 46vw, (max-width: 1100px) 31vw, 300px\" srcset=\"https:\/\/www.tracea.ch\/wp-content\/uploads\/2026\/08\/luge.png 882w, https:\/\/www.tracea.ch\/wp-content\/uploads\/2026\/08\/luge-300x187.png 300w, https:\/\/www.tracea.ch\/wp-content\/uploads\/2026\/08\/luge-768x478.png 768w, https:\/\/www.tracea.ch\/wp-content\/uploads\/2026\/08\/luge-18x12.png 18w, https:\/\/www.tracea.ch\/wp-content\/uploads\/2026\/08\/luge-600x373.png 600w\" \/><\/div>\n\t\t\t\t\t\t\t\t\t\t\t\t\t\t<h3 class=\"ra-loc-carte-titre\">Schlittenverleih \u2013 Kinder und Erwachsene<\/h3>\n\t\t\t\t\t\t\t<p class=\"ra-loc-carte-soustitre\">Ein absolutes Muss im Winter in Saint-Cergue.<\/p>\t\t\t\t\t\t\t\t\t\t\t\t\t\t\t<p class=\"ra-loc-carte-prix\">d\u00e8s 10.00 CHF \/ jour<\/p>\n\t\t\t\t\t\t\t\t\t\t\t\t\t\t<span class=\"ra-loc-carte-cta\"><span class=\"dashicons dashicons-calendar-alt\" aria-hidden=\"true\"><\/span>Voir &amp; r\u00e9server<\/span>\n\t\t\t\t\t\t<\/a>\n\t\t\t\t\t<\/article>\n\t\t\t\t\t\t\t\t\t\t\t\t\t\t<article class=\"ra-loc-carte\" data-cats=\"remorques-et-porte-velos\" data-qv-type=\"location\" data-qv-id=\"59149\">\n\t\t\t\t\t\t<a href=\"https:\/\/www.tracea.ch\/de\/location\/porte-velo-thule\/\" class=\"ra-loc-carte-lien\">\n\t\t\t\t\t\t\t\t\t\t\t\t\t\t\t<div class=\"ra-loc-carte-img\"><img decoding=\"async\" width=\"800\" height=\"800\" src=\"https:\/\/www.tracea.ch\/wp-content\/uploads\/2026\/07\/porte-vlo-thule-sur-boule-d-attelage-euroride-3-7-943-pour-3-vlos-branchement-7-broches-basculement-avec-les-vlos.jpg\" class=\"attachment-large size-large wp-post-image\" alt=\"\" sizes=\"(max-width: 420px) 92vw, (max-width: 820px) 46vw, (max-width: 1100px) 31vw, 300px\" srcset=\"https:\/\/www.tracea.ch\/wp-content\/uploads\/2026\/07\/porte-vlo-thule-sur-boule-d-attelage-euroride-3-7-943-pour-3-vlos-branchement-7-broches-basculement-avec-les-vlos.jpg 800w, https:\/\/www.tracea.ch\/wp-content\/uploads\/2026\/07\/porte-vlo-thule-sur-boule-d-attelage-euroride-3-7-943-pour-3-vlos-branchement-7-broches-basculement-avec-les-vlos-300x300.jpg 300w, https:\/\/www.tracea.ch\/wp-content\/uploads\/2026\/07\/porte-vlo-thule-sur-boule-d-attelage-euroride-3-7-943-pour-3-vlos-branchement-7-broches-basculement-avec-les-vlos-150x150.jpg 150w, https:\/\/www.tracea.ch\/wp-content\/uploads\/2026\/07\/porte-vlo-thule-sur-boule-d-attelage-euroride-3-7-943-pour-3-vlos-branchement-7-broches-basculement-avec-les-vlos-768x768.jpg 768w, https:\/\/www.tracea.ch\/wp-content\/uploads\/2026\/07\/porte-vlo-thule-sur-boule-d-attelage-euroride-3-7-943-pour-3-vlos-branchement-7-broches-basculement-avec-les-vlos-600x600.jpg 600w, https:\/\/www.tracea.ch\/wp-content\/uploads\/2026\/07\/porte-vlo-thule-sur-boule-d-attelage-euroride-3-7-943-pour-3-vlos-branchement-7-broches-basculement-avec-les-vlos-100x100.jpg 100w, https:\/\/www.tracea.ch\/wp-content\/uploads\/2026\/07\/porte-vlo-thule-sur-boule-d-attelage-euroride-3-7-943-pour-3-vlos-branchement-7-broches-basculement-avec-les-vlos-460x460.jpg 460w, https:\/\/www.tracea.ch\/wp-content\/uploads\/2026\/07\/porte-vlo-thule-sur-boule-d-attelage-euroride-3-7-943-pour-3-vlos-branchement-7-broches-basculement-avec-les-vlos-370x370.jpg 370w, https:\/\/www.tracea.ch\/wp-content\/uploads\/2026\/07\/porte-vlo-thule-sur-boule-d-attelage-euroride-3-7-943-pour-3-vlos-branchement-7-broches-basculement-avec-les-vlos-75x75.jpg 75w, https:\/\/www.tracea.ch\/wp-content\/uploads\/2026\/07\/porte-vlo-thule-sur-boule-d-attelage-euroride-3-7-943-pour-3-vlos-branchement-7-broches-basculement-avec-les-vlos-760x760.jpg 760w\" \/><\/div>\n\t\t\t\t\t\t\t\t\t\t\t\t\t\t<h3 class=\"ra-loc-carte-titre\">Thule EasyFold XT Fahrradtr\u00e4ger<\/h3>\n\t\t\t\t\t\t\t<p class=\"ra-loc-carte-soustitre\">Fahrradtr\u00e4ger f\u00fcr die Anh\u00e4ngerkupplung, 3 Fahrr\u00e4der<\/p>\t\t\t\t\t\t\t\t\t\t\t\t\t\t\t<p class=\"ra-loc-carte-prix\">d\u00e8s 30.00 CHF \/ jour<\/p>\n\t\t\t\t\t\t\t\t\t\t\t\t\t\t<span class=\"ra-loc-carte-cta\"><span class=\"dashicons dashicons-calendar-alt\" aria-hidden=\"true\"><\/span>Voir &amp; r\u00e9server<\/span>\n\t\t\t\t\t\t<\/a>\n\t\t\t\t\t<\/article>\n\t\t\t\t\t\t\t\t\t\t\t\t\t\t<article class=\"ra-loc-carte\" data-cats=\"location-de-raquettes-a-neige\" data-qv-type=\"location\" data-qv-id=\"60063\">\n\t\t\t\t\t\t<a href=\"https:\/\/www.tracea.ch\/de\/location\/raquette-tsl-205-206-symbioz-s-302-enfants\/\" class=\"ra-loc-carte-lien\">\n\t\t\t\t\t\t\t\t\t\t\t\t\t\t\t<div class=\"ra-loc-carte-img\"><img decoding=\"async\" width=\"680\" height=\"680\" src=\"https:\/\/www.tracea.ch\/wp-content\/uploads\/2026\/08\/Raquette-TSL-Enfant.jpg\" class=\"attachment-large size-large wp-post-image\" alt=\"\" sizes=\"(max-width: 420px) 92vw, (max-width: 820px) 46vw, (max-width: 1100px) 31vw, 300px\" srcset=\"https:\/\/www.tracea.ch\/wp-content\/uploads\/2026\/08\/Raquette-TSL-Enfant.jpg 680w, https:\/\/www.tracea.ch\/wp-content\/uploads\/2026\/08\/Raquette-TSL-Enfant-300x300.jpg 300w, https:\/\/www.tracea.ch\/wp-content\/uploads\/2026\/08\/Raquette-TSL-Enfant-150x150.jpg 150w, https:\/\/www.tracea.ch\/wp-content\/uploads\/2026\/08\/Raquette-TSL-Enfant-12x12.jpg 12w, https:\/\/www.tracea.ch\/wp-content\/uploads\/2026\/08\/Raquette-TSL-Enfant-600x600.jpg 600w, https:\/\/www.tracea.ch\/wp-content\/uploads\/2026\/08\/Raquette-TSL-Enfant-100x100.jpg 100w\" \/><\/div>\n\t\t\t\t\t\t\t\t\t\t\t\t\t\t<h3 class=\"ra-loc-carte-titre\">TSL 302 Junior-Schl\u00e4ger<\/h3>\n\t\t\t\t\t\t\t<p class=\"ra-loc-carte-soustitre\">Der erste Schneeschuh f\u00fcr kleine Wanderer<\/p>\t\t\t\t\t\t\t\t\t\t\t\t\t\t\t<p class=\"ra-loc-carte-prix\">d\u00e8s 18.00 CHF \/ jour<\/p>\n\t\t\t\t\t\t\t\t\t\t\t\t\t\t<span class=\"ra-loc-carte-cta\"><span class=\"dashicons dashicons-calendar-alt\" aria-hidden=\"true\"><\/span>Voir &amp; r\u00e9server<\/span>\n\t\t\t\t\t\t<\/a>\n\t\t\t\t\t<\/article>\n\t\t\t\t\t\t\t\t\t\t\t\t\t\t<article class=\"ra-loc-carte\" data-cats=\"location-de-raquettes-a-neige\" data-qv-type=\"location\" data-qv-id=\"60067\">\n\t\t\t\t\t\t<a href=\"https:\/\/www.tracea.ch\/de\/location\/raquette-tsl-305-325-et-345\/\" class=\"ra-loc-carte-lien\">\n\t\t\t\t\t\t\t\t\t\t\t\t\t\t\t<div class=\"ra-loc-carte-img\"><img loading=\"lazy\" decoding=\"async\" width=\"800\" height=\"632\" src=\"https:\/\/www.tracea.ch\/wp-content\/uploads\/2026\/08\/TSL-RAQUETTE-NEIGE-SNOWSHOES-3-TAILLES-GABARIT-INITIAL-1024x809.jpg\" class=\"attachment-large size-large wp-post-image\" alt=\"\" sizes=\"(max-width: 420px) 92vw, (max-width: 820px) 46vw, (max-width: 1100px) 31vw, 300px\" srcset=\"https:\/\/www.tracea.ch\/wp-content\/uploads\/2026\/08\/TSL-RAQUETTE-NEIGE-SNOWSHOES-3-TAILLES-GABARIT-INITIAL-1024x809.jpg 1024w, https:\/\/www.tracea.ch\/wp-content\/uploads\/2026\/08\/TSL-RAQUETTE-NEIGE-SNOWSHOES-3-TAILLES-GABARIT-INITIAL-300x237.jpg 300w, https:\/\/www.tracea.ch\/wp-content\/uploads\/2026\/08\/TSL-RAQUETTE-NEIGE-SNOWSHOES-3-TAILLES-GABARIT-INITIAL-768x607.jpg 768w, https:\/\/www.tracea.ch\/wp-content\/uploads\/2026\/08\/TSL-RAQUETTE-NEIGE-SNOWSHOES-3-TAILLES-GABARIT-INITIAL-15x12.jpg 15w, https:\/\/www.tracea.ch\/wp-content\/uploads\/2026\/08\/TSL-RAQUETTE-NEIGE-SNOWSHOES-3-TAILLES-GABARIT-INITIAL-600x474.jpg 600w, https:\/\/www.tracea.ch\/wp-content\/uploads\/2026\/08\/TSL-RAQUETTE-NEIGE-SNOWSHOES-3-TAILLES-GABARIT-INITIAL.jpg 1367w\" \/><\/div>\n\t\t\t\t\t\t\t\t\t\t\t\t\t\t<h3 class=\"ra-loc-carte-titre\">Schl\u00e4ger TSL 305, 325 und 345<\/h3>\n\t\t\t\t\t\t\t<p class=\"ra-loc-carte-soustitre\">Der bequeme und schnell anzuziehende Schneeschuh f\u00fcr alle Ihre Touren<\/p>\t\t\t\t\t\t\t\t\t\t\t\t\t\t\t<p class=\"ra-loc-carte-prix\">d\u00e8s 18.00 CHF \/ jour<\/p>\n\t\t\t\t\t\t\t\t\t\t\t\t\t\t<span class=\"ra-loc-carte-cta\"><span class=\"dashicons dashicons-calendar-alt\" aria-hidden=\"true\"><\/span>Voir &amp; r\u00e9server<\/span>\n\t\t\t\t\t\t<\/a>\n\t\t\t\t\t<\/article>\n\t\t\t\t\t\t\t\t\t\t\t\t\t\t<article class=\"ra-loc-carte\" data-cats=\"remorques-et-porte-velos\" data-qv-type=\"location\" data-qv-id=\"59150\">\n\t\t\t\t\t\t<a href=\"https:\/\/www.tracea.ch\/de\/location\/remorque-porte-velos\/\" class=\"ra-loc-carte-lien\">\n\t\t\t\t\t\t\t\t\t\t\t\t\t\t\t<div class=\"ra-loc-carte-img\"><img loading=\"lazy\" decoding=\"async\" width=\"800\" height=\"684\" src=\"https:\/\/www.tracea.ch\/wp-content\/uploads\/2026\/08\/remorque-porte-velos-10-places-1024x875.jpg\" class=\"attachment-large size-large wp-post-image\" alt=\"\" sizes=\"(max-width: 420px) 92vw, (max-width: 820px) 46vw, (max-width: 1100px) 31vw, 300px\" srcset=\"https:\/\/www.tracea.ch\/wp-content\/uploads\/2026\/08\/remorque-porte-velos-10-places-1024x875.jpg 1024w, https:\/\/www.tracea.ch\/wp-content\/uploads\/2026\/08\/remorque-porte-velos-10-places-300x256.jpg 300w, https:\/\/www.tracea.ch\/wp-content\/uploads\/2026\/08\/remorque-porte-velos-10-places-768x656.jpg 768w, https:\/\/www.tracea.ch\/wp-content\/uploads\/2026\/08\/remorque-porte-velos-10-places-1536x1312.jpg 1536w, https:\/\/www.tracea.ch\/wp-content\/uploads\/2026\/08\/remorque-porte-velos-10-places-600x513.jpg 600w, https:\/\/www.tracea.ch\/wp-content\/uploads\/2026\/08\/remorque-porte-velos-10-places.jpg 1552w\" \/><\/div>\n\t\t\t\t\t\t\t\t\t\t\t\t\t\t<h3 class=\"ra-loc-carte-titre\">Fahrradanh\u00e4nger mit 10 Pl\u00e4tzen<\/h3>\n\t\t\t\t\t\t\t<p class=\"ra-loc-carte-soustitre\">Veranstaltungsanh\u00e4nger (Mountainbike \/ Elektro)<\/p>\t\t\t\t\t\t\t\t\t\t\t\t\t\t\t<p class=\"ra-loc-carte-prix\">d\u00e8s 140.00 CHF \/ jour<\/p>\n\t\t\t\t\t\t\t\t\t\t\t\t\t\t<span class=\"ra-loc-carte-cta\"><span class=\"dashicons dashicons-calendar-alt\" aria-hidden=\"true\"><\/span>Voir &amp; r\u00e9server<\/span>\n\t\t\t\t\t\t<\/a>\n\t\t\t\t\t<\/article>\n\t\t\t\t\t\t\t\t\t\t\t\t\t\t<article class=\"ra-loc-carte\" data-cats=\"location-de-gravel\" data-qv-type=\"location\" data-qv-id=\"59147\">\n\t\t\t\t\t\t<a href=\"https:\/\/www.tracea.ch\/de\/location\/gravel-scott-speedster\/\" class=\"ra-loc-carte-lien\">\n\t\t\t\t\t\t\t\t\t\t\t\t\t\t\t<div class=\"ra-loc-carte-img\"><img loading=\"lazy\" decoding=\"async\" width=\"800\" height=\"489\" src=\"https:\/\/www.tracea.ch\/wp-content\/uploads\/2026\/08\/Sunn-venture-gravel-1024x626.png\" class=\"attachment-large size-large wp-post-image\" alt=\"\" sizes=\"(max-width: 420px) 92vw, (max-width: 820px) 46vw, (max-width: 1100px) 31vw, 300px\" srcset=\"https:\/\/www.tracea.ch\/wp-content\/uploads\/2026\/08\/Sunn-venture-gravel-1024x626.png 1024w, https:\/\/www.tracea.ch\/wp-content\/uploads\/2026\/08\/Sunn-venture-gravel-300x183.png 300w, https:\/\/www.tracea.ch\/wp-content\/uploads\/2026\/08\/Sunn-venture-gravel-768x470.png 768w, https:\/\/www.tracea.ch\/wp-content\/uploads\/2026\/08\/Sunn-venture-gravel-18x12.png 18w, https:\/\/www.tracea.ch\/wp-content\/uploads\/2026\/08\/Sunn-venture-gravel-600x367.png 600w, https:\/\/www.tracea.ch\/wp-content\/uploads\/2026\/08\/Sunn-venture-gravel.png 1163w\" \/><\/div>\n\t\t\t\t\t\t\t\t\t\t\t\t\t\t<h3 class=\"ra-loc-carte-titre\">Sunn Gravel Venture<\/h3>\n\t\t\t\t\t\t\t<p class=\"ra-loc-carte-soustitre\">Vielseitiges Sunn-Gravel-Fahrrad<\/p>\t\t\t\t\t\t\t\t\t\t\t\t\t\t\t<p class=\"ra-loc-carte-prix\">d\u00e8s 50.00 CHF \/ jour<\/p>\n\t\t\t\t\t\t\t\t\t\t\t\t\t\t<span class=\"ra-loc-carte-cta\"><span class=\"dashicons dashicons-calendar-alt\" aria-hidden=\"true\"><\/span>Voir &amp; r\u00e9server<\/span>\n\t\t\t\t\t\t<\/a>\n\t\t\t\t\t<\/article>\n\t\t\t\t\t\t\t\t\t\t\t\t\t\t<article class=\"ra-loc-carte\" data-cats=\"location-de-vtt\" data-qv-type=\"location\" data-qv-id=\"59146\">\n\t\t\t\t\t\t<a href=\"https:\/\/www.tracea.ch\/de\/location\/sunn-kern-tout-suspendu\/\" class=\"ra-loc-carte-lien\">\n\t\t\t\t\t\t\t\t\t\t\t\t\t\t\t<div class=\"ra-loc-carte-img\"><img loading=\"lazy\" decoding=\"async\" width=\"800\" height=\"800\" src=\"https:\/\/www.tracea.ch\/wp-content\/uploads\/2026\/07\/bmc.jpg\" class=\"attachment-large size-large wp-post-image\" alt=\"\" sizes=\"(max-width: 420px) 92vw, (max-width: 820px) 46vw, (max-width: 1100px) 31vw, 300px\" srcset=\"https:\/\/www.tracea.ch\/wp-content\/uploads\/2026\/07\/bmc.jpg 1000w, https:\/\/www.tracea.ch\/wp-content\/uploads\/2026\/07\/bmc-300x300.jpg 300w, https:\/\/www.tracea.ch\/wp-content\/uploads\/2026\/07\/bmc-150x150.jpg 150w, https:\/\/www.tracea.ch\/wp-content\/uploads\/2026\/07\/bmc-768x768.jpg 768w, https:\/\/www.tracea.ch\/wp-content\/uploads\/2026\/07\/bmc-600x600.jpg 600w, https:\/\/www.tracea.ch\/wp-content\/uploads\/2026\/07\/bmc-100x100.jpg 100w, https:\/\/www.tracea.ch\/wp-content\/uploads\/2026\/07\/bmc-460x460.jpg 460w, https:\/\/www.tracea.ch\/wp-content\/uploads\/2026\/07\/bmc-370x370.jpg 370w, https:\/\/www.tracea.ch\/wp-content\/uploads\/2026\/07\/bmc-75x75.jpg 75w, https:\/\/www.tracea.ch\/wp-content\/uploads\/2026\/07\/bmc-760x760.jpg 760w\" \/><\/div>\n\t\t\t\t\t\t\t\t\t\t\t\t\t\t<h3 class=\"ra-loc-carte-titre\">Sunn Kern \u2013 Alles in der Schwebe<\/h3>\n\t\t\t\t\t\t\t<p class=\"ra-loc-carte-soustitre\">Vielseitiges vollgefedertes Mountainbike<\/p>\t\t\t\t\t\t\t\t\t\t\t\t\t\t\t<p class=\"ra-loc-carte-prix\">d\u00e8s 50.00 CHF \/ jour<\/p>\n\t\t\t\t\t\t\t\t\t\t\t\t\t\t<span class=\"ra-loc-carte-cta\"><span class=\"dashicons dashicons-calendar-alt\" aria-hidden=\"true\"><\/span>Voir &amp; r\u00e9server<\/span>\n\t\t\t\t\t\t<\/a>\n\t\t\t\t\t<\/article>\n\t\t\t\t\t\t\t\t\t\t\t\t\t\t<article class=\"ra-loc-carte\" data-cats=\"location-de-vtt-electrique\" data-qv-type=\"location\" data-qv-id=\"59145\">\n\t\t\t\t\t\t<a href=\"https:\/\/www.tracea.ch\/de\/location\/vtt-electrique-sunn-charger\/\" class=\"ra-loc-carte-lien\">\n\t\t\t\t\t\t\t\t\t\t\t\t\t\t\t<div class=\"ra-loc-carte-img\"><img loading=\"lazy\" decoding=\"async\" width=\"800\" height=\"505\" src=\"https:\/\/www.tracea.ch\/wp-content\/uploads\/2026\/07\/1trek_rail_5-1024x646.png\" class=\"attachment-large size-large wp-post-image\" alt=\"\" sizes=\"(max-width: 420px) 92vw, (max-width: 820px) 46vw, (max-width: 1100px) 31vw, 300px\" srcset=\"https:\/\/www.tracea.ch\/wp-content\/uploads\/2026\/07\/1trek_rail_5-1024x646.png 1024w, https:\/\/www.tracea.ch\/wp-content\/uploads\/2026\/07\/1trek_rail_5-300x189.png 300w, https:\/\/www.tracea.ch\/wp-content\/uploads\/2026\/07\/1trek_rail_5-768x484.png 768w, https:\/\/www.tracea.ch\/wp-content\/uploads\/2026\/07\/1trek_rail_5-1536x969.png 1536w, https:\/\/www.tracea.ch\/wp-content\/uploads\/2026\/07\/1trek_rail_5-2048x1292.png 2048w, https:\/\/www.tracea.ch\/wp-content\/uploads\/2026\/07\/1trek_rail_5-600x378.png 600w, https:\/\/www.tracea.ch\/wp-content\/uploads\/2026\/07\/1trek_rail_5-760x479.png 760w, https:\/\/www.tracea.ch\/wp-content\/uploads\/2026\/07\/1trek_rail_5-370x233.png 370w\" \/><\/div>\n\t\t\t\t\t\t\t\t\t\t\t\t\t\t<h3 class=\"ra-loc-carte-titre\">Full-Suspension-Mountainbike \u2013 Sunn Charger<\/h3>\n\t\t\t\t\t\t\t<p class=\"ra-loc-carte-soustitre\">Der Sunn Charger, ein vollgefedertes E-Mountainbike<\/p>\t\t\t\t\t\t\t\t\t\t\t\t\t\t\t<p class=\"ra-loc-carte-prix\">d\u00e8s 90.00 CHF \/ jour<\/p>\n\t\t\t\t\t\t\t\t\t\t\t\t\t\t<span class=\"ra-loc-carte-cta\"><span class=\"dashicons dashicons-calendar-alt\" aria-hidden=\"true\"><\/span>Voir &amp; r\u00e9server<\/span>\n\t\t\t\t\t\t<\/a>\n\t\t\t\t\t<\/article>\n\t\t\t\t\t\t\t\t\t\t\t\t\t\t<article class=\"ra-loc-carte\" data-cats=\"location-de-vtt-enfant\" data-qv-type=\"location\" data-qv-id=\"59148\">\n\t\t\t\t\t\t<a href=\"https:\/\/www.tracea.ch\/de\/location\/vtt-enfant\/\" class=\"ra-loc-carte-lien\">\n\t\t\t\t\t\t\t\t\t\t\t\t\t\t\t<div class=\"ra-loc-carte-img\"><img loading=\"lazy\" decoding=\"async\" width=\"800\" height=\"800\" src=\"https:\/\/www.tracea.ch\/wp-content\/uploads\/2026\/07\/286627a_1815997_png_zoom_3-1024x1024.jpg\" class=\"attachment-large size-large wp-post-image\" alt=\"\" sizes=\"(max-width: 420px) 92vw, (max-width: 820px) 46vw, (max-width: 1100px) 31vw, 300px\" srcset=\"https:\/\/www.tracea.ch\/wp-content\/uploads\/2026\/07\/286627a_1815997_png_zoom_3-1024x1024.jpg 1024w, https:\/\/www.tracea.ch\/wp-content\/uploads\/2026\/07\/286627a_1815997_png_zoom_3-300x300.jpg 300w, https:\/\/www.tracea.ch\/wp-content\/uploads\/2026\/07\/286627a_1815997_png_zoom_3-150x150.jpg 150w, https:\/\/www.tracea.ch\/wp-content\/uploads\/2026\/07\/286627a_1815997_png_zoom_3-768x768.jpg 768w, https:\/\/www.tracea.ch\/wp-content\/uploads\/2026\/07\/286627a_1815997_png_zoom_3-1536x1536.jpg 1536w, https:\/\/www.tracea.ch\/wp-content\/uploads\/2026\/07\/286627a_1815997_png_zoom_3-600x600.jpg 600w, https:\/\/www.tracea.ch\/wp-content\/uploads\/2026\/07\/286627a_1815997_png_zoom_3-100x100.jpg 100w, https:\/\/www.tracea.ch\/wp-content\/uploads\/2026\/07\/286627a_1815997_png_zoom_3-460x460.jpg 460w, https:\/\/www.tracea.ch\/wp-content\/uploads\/2026\/07\/286627a_1815997_png_zoom_3-370x370.jpg 370w, https:\/\/www.tracea.ch\/wp-content\/uploads\/2026\/07\/286627a_1815997_png_zoom_3-75x75.jpg 75w, https:\/\/www.tracea.ch\/wp-content\/uploads\/2026\/07\/286627a_1815997_png_zoom_3-760x760.jpg 760w, https:\/\/www.tracea.ch\/wp-content\/uploads\/2026\/07\/286627a_1815997_png_zoom_3.jpg 2000w\" \/><\/div>\n\t\t\t\t\t\t\t\t\t\t\t\t\t\t<h3 class=\"ra-loc-carte-titre\">Kinder-Mountainbike<\/h3>\n\t\t\t\t\t\t\t<p class=\"ra-loc-carte-soustitre\">Kinderfreundliches Mountainbike<\/p>\t\t\t\t\t\t\t\t\t\t\t\t\t\t\t<p class=\"ra-loc-carte-prix\">d\u00e8s 30.00 CHF \/ jour<\/p>\n\t\t\t\t\t\t\t\t\t\t\t\t\t\t<span class=\"ra-loc-carte-cta\"><span class=\"dashicons dashicons-calendar-alt\" aria-hidden=\"true\"><\/span>Voir &amp; r\u00e9server<\/span>\n\t\t\t\t\t\t<\/a>\n\t\t\t\t\t<\/article>\n\t\t\t\t\t\t\t<\/div>\n\t\t<\/div>\n\t\t<\/div>","protected":false},"excerpt":{"rendered":"","protected":false},"author":1,"featured_media":0,"parent":0,"menu_order":0,"comment_status":"closed","ping_status":"closed","template":"","meta":{"footnotes":""},"class_list":["post-22660","page","type-page","status-publish","hentry"],"_links":{"self":[{"href":"https:\/\/www.tracea.ch\/de\/wp-json\/wp\/v2\/pages\/22660","targetHints":{"allow":["GET"]}}],"collection":[{"href":"https:\/\/www.tracea.ch\/de\/wp-json\/wp\/v2\/pages"}],"about":[{"href":"https:\/\/www.tracea.ch\/de\/wp-json\/wp\/v2\/types\/page"}],"author":[{"embeddable":true,"href":"https:\/\/www.tracea.ch\/de\/wp-json\/wp\/v2\/users\/1"}],"replies":[{"embeddable":true,"href":"https:\/\/www.tracea.ch\/de\/wp-json\/wp\/v2\/comments?post=22660"}],"version-history":[{"count":81,"href":"https:\/\/www.tracea.ch\/de\/wp-json\/wp\/v2\/pages\/22660\/revisions"}],"predecessor-version":[{"id":60085,"href":"https:\/\/www.tracea.ch\/de\/wp-json\/wp\/v2\/pages\/22660\/revisions\/60085"}],"wp:attachment":[{"href":"https:\/\/www.tracea.ch\/de\/wp-json\/wp\/v2\/media?parent=22660"}],"curies":[{"name":"wp","href":"https:\/\/api.w.org\/{rel}","templated":true}]}}