{"id":59116,"date":"2026-08-07T02:42:18","date_gmt":"2026-08-07T02:42:18","guid":{"rendered":"https:\/\/www.tracea.ch\/nos-activites\/"},"modified":"2026-08-10T02:21:22","modified_gmt":"2026-08-10T02:21:22","slug":"unsere-aktivitaten","status":"publish","type":"page","link":"https:\/\/www.tracea.ch\/de\/nos-activites\/","title":{"rendered":"Unsere Aktivit\u00e4ten"},"content":{"rendered":"<div class=\"ra-plp\">\t\t<header class=\"ra-plp-header\">\n\t\t\t<p class=\"ra-plp-slogan\">Sorties guid\u00e9es \u00e0 v\u00e9lo<\/p>\t\t\t<h1 class=\"ra-plp-h1\">Unsere Aktivit\u00e4ten<\/h1>\t\t\t<nav class=\"ra-plp-fil\" aria-label=\"Fil d&#039;Ariane\"><a href=\"https:\/\/www.tracea.ch\/de\/\">Startseite<\/a><span class=\"ra-plp-fil-sep\" aria-hidden=\"true\"> \u203a <\/span><span class=\"ra-plp-fil-actuel\">Unsere Aktivit\u00e4ten<\/span><\/nav>\t\t<\/header>\n\t\t\t\t\t<div class=\"ra-plp-intro\"><\/p>\n<p>Willkommen bei <strong>Tracea<\/strong>, Ihr Spezialist f\u00fcr Radtouren in der <strong>Waadtl\u00e4nder Jura<\/strong>. Gef\u00fchrte Touren, Fahrtechnikkurse, Kindercamps und mehrt\u00e4gige Ausfl\u00fcge: Wir bieten ein umfassendes Angebot an Aktivit\u00e4ten mit Mountainbikes, E-Mountainbikes und Gravelbikes f\u00fcr alle Leistungsstufen und jedes Alter.<\/p>\n<p>Jeder Ausflug wird von unseren <strong>zertifizierte Swiss-Cycling-Radsportf\u00fchrer<\/strong>, die in der Region zu Hause sind und jede Strecke an Ihr Niveau anpassen. Von der Einweisung f\u00fcr die ganze Familie bis hin zum anspruchsvollen Enduro \u2013 es gibt bestimmt ein Tracea-Abenteuer, das genau zu Ihnen passt.<\/p>\n<p>Nutzen Sie die folgenden Filter, um das passende Modell zu finden: <strong>Schwierigkeitsgrad, Dauer, Alter, Fahrradtyp\u2026<\/strong><\/p>\n<p>\n<\/div>\n\t\t\t\t\t\t\t\t\t<div class=\"ra-quick-cats\">\n\t\t\t\t\t\t\t\t\t<button type=\"button\" class=\"ra-quick-cat\" data-cat=\"nordique\">Nordique<\/button>\n\t\t\t\t\t\t\t\t\t<button type=\"button\" class=\"ra-quick-cat\" data-cat=\"trail\">Trail<\/button>\n\t\t\t\t\t\t\t\t\t<button type=\"button\" class=\"ra-quick-cat\" data-cat=\"velo\" data-a-sous-themes=\"1\">Fahrrad<\/button>\n\t\t\t\t\t\t\t\t<button type=\"button\" class=\"ra-quick-cat ra-quick-cat--evenements\" data-evenement=\"1\">\u00c9v\u00e9nements<\/button>\n\t\t\t<\/div>\n\t\t\t\t\t\t\t<div class=\"ra-sous-themes\" data-parent=\"velo\" hidden>\n\t\t\t\t\t<span class=\"ra-sous-themes-lbl\">Affiner :<\/span>\n\t\t\t\t\t\t\t\t\t\t\t<button type=\"button\" class=\"ra-sous-theme\" data-cat=\"gravel\">Schotter<\/button>\n\t\t\t\t\t\t\t\t\t\t\t<button type=\"button\" class=\"ra-sous-theme\" data-cat=\"vtt\">Mountainbike<\/button>\n\t\t\t\t\t\t\t\t\t\t\t<button type=\"button\" class=\"ra-sous-theme\" data-cat=\"vtt-electrique\">E-Mountainbike<\/button>\n\t\t\t\t\t\t\t\t\t<\/div>\n\t\t\t\t\t\t<div class=\"ra-barre-filtres ra-facettes\">\n\t\t\t\t\t\t\t\t\t<div class=\"ra-facette ra-facette-dd\" data-facette=\"niveau\">\n\t\t\t\t\t\t<button type=\"button\" class=\"ra-facette-btn\"><span class=\"ra-facette-lbl\">Niveau<\/span><span class=\"ra-facette-nb\"><\/span><span class=\"dashicons dashicons-arrow-down-alt2\" aria-hidden=\"true\"><\/span><\/button>\n\t\t\t\t\t\t<div class=\"ra-facette-panel\">\n\t\t\t\t\t\t\t\t\t\t\t\t\t\t\t<label class=\"ra-facette-option\"><input type=\"checkbox\" value=\"vert\" \/> Vert <span class=\"ra-facette-compte\"><\/span><\/label>\n\t\t\t\t\t\t\t\t\t\t\t\t\t\t\t<label class=\"ra-facette-option\"><input type=\"checkbox\" value=\"bleu\" \/> Bleu <span class=\"ra-facette-compte\"><\/span><\/label>\n\t\t\t\t\t\t\t\t\t\t\t\t\t\t\t<label class=\"ra-facette-option\"><input type=\"checkbox\" value=\"rouge\" \/> Rouge <span class=\"ra-facette-compte\"><\/span><\/label>\n\t\t\t\t\t\t\t\t\t\t\t\t\t\t\t<label class=\"ra-facette-option\"><input type=\"checkbox\" value=\"noir\" \/> Noir <span class=\"ra-facette-compte\"><\/span><\/label>\n\t\t\t\t\t\t\t\t\t\t\t\t\t<\/div>\n\t\t\t\t\t<\/div>\n\t\t\t\t\n\t\t\t\t<div class=\"ra-facette ra-facette-dd\" data-facette=\"duree\">\n\t\t\t\t\t<button type=\"button\" class=\"ra-facette-btn\"><span class=\"ra-facette-lbl\">Dauer<\/span><span class=\"ra-facette-nb\"><\/span><span class=\"dashicons dashicons-arrow-down-alt2\" aria-hidden=\"true\"><\/span><\/button>\n\t\t\t\t\t<div class=\"ra-facette-panel\">\n\t\t\t\t\t\t\t\t\t\t\t\t\t<label class=\"ra-facette-option\"><input type=\"checkbox\" value=\"courte\" \/> Moins de 3h <span class=\"ra-facette-compte\"><\/span><\/label>\n\t\t\t\t\t\t\t\t\t\t\t\t\t<label class=\"ra-facette-option\"><input type=\"checkbox\" value=\"demi\" \/> 3h \u00e0 5h <span class=\"ra-facette-compte\"><\/span><\/label>\n\t\t\t\t\t\t\t\t\t\t\t\t\t<label class=\"ra-facette-option\"><input type=\"checkbox\" value=\"longue\" \/> Plus de 5h <span class=\"ra-facette-compte\"><\/span><\/label>\n\t\t\t\t\t\t\t\t\t\t\t<\/div>\n\t\t\t\t<\/div>\n\n\t\t\t\t\t\t\t\t\t<div class=\"ra-facette ra-facette-dd\" data-facette=\"age-min\">\n\t\t\t\t\t\t<button type=\"button\" class=\"ra-facette-btn\"><span class=\"ra-facette-lbl\">\u00c2ge minimum<\/span><span class=\"ra-facette-nb\"><\/span><span class=\"dashicons dashicons-arrow-down-alt2\" aria-hidden=\"true\"><\/span><\/button>\n\t\t\t\t\t\t<div class=\"ra-facette-panel\">\n\t\t\t\t\t\t\t\t\t\t\t\t\t\t\t<label class=\"ra-facette-option\"><input type=\"checkbox\" value=\"5\" \/> D\u00e8s 5 ans <span class=\"ra-facette-compte\"><\/span><\/label>\n\t\t\t\t\t\t\t\t\t\t\t\t\t\t\t<label class=\"ra-facette-option\"><input type=\"checkbox\" value=\"7\" \/> D\u00e8s 7 ans <span class=\"ra-facette-compte\"><\/span><\/label>\n\t\t\t\t\t\t\t\t\t\t\t\t\t\t\t<label class=\"ra-facette-option\"><input type=\"checkbox\" value=\"10\" \/> D\u00e8s 10 ans <span class=\"ra-facette-compte\"><\/span><\/label>\n\t\t\t\t\t\t\t\t\t\t\t\t\t\t\t<label class=\"ra-facette-option\"><input type=\"checkbox\" value=\"11\" \/> D\u00e8s 11 ans <span class=\"ra-facette-compte\"><\/span><\/label>\n\t\t\t\t\t\t\t\t\t\t\t\t\t\t\t<label class=\"ra-facette-option\"><input type=\"checkbox\" value=\"12\" \/> D\u00e8s 12 ans <span class=\"ra-facette-compte\"><\/span><\/label>\n\t\t\t\t\t\t\t\t\t\t\t\t\t\t\t<label class=\"ra-facette-option\"><input type=\"checkbox\" value=\"14\" \/> D\u00e8s 14 ans <span class=\"ra-facette-compte\"><\/span><\/label>\n\t\t\t\t\t\t\t\t\t\t\t\t\t\t\t<label class=\"ra-facette-option\"><input type=\"checkbox\" value=\"16\" \/> D\u00e8s 16 ans <span class=\"ra-facette-compte\"><\/span><\/label>\n\t\t\t\t\t\t\t\t\t\t\t\t\t\t\t<label class=\"ra-facette-option\"><input type=\"checkbox\" value=\"18\" \/> D\u00e8s 18 ans <span class=\"ra-facette-compte\"><\/span><\/label>\n\t\t\t\t\t\t\t\t\t\t\t\t\t<\/div>\n\t\t\t\t\t<\/div>\n\t\t\t\t\n\t\t\t\t\t\t\t\t\t<div class=\"ra-facette ra-facette-dd\" data-facette=\"perso-saison\">\n\t\t\t\t\t\t<button type=\"button\" class=\"ra-facette-btn\"><span class=\"ra-facette-lbl\">Saison<\/span><span class=\"ra-facette-nb\"><\/span><span class=\"dashicons dashicons-arrow-down-alt2\" aria-hidden=\"true\"><\/span><\/button>\n\t\t\t\t\t\t<div class=\"ra-facette-panel\">\n\t\t\t\t\t\t\t\t\t\t\t\t\t\t\t<label class=\"ra-facette-option\"><input type=\"checkbox\" value=\"automne\" \/> Herbst <span class=\"ra-facette-compte\"><\/span><\/label>\n\t\t\t\t\t\t\t\t\t\t\t\t\t\t\t<label class=\"ra-facette-option\"><input type=\"checkbox\" value=\"ete\" \/> Sommer <span class=\"ra-facette-compte\"><\/span><\/label>\n\t\t\t\t\t\t\t\t\t\t\t\t\t\t\t<label class=\"ra-facette-option\"><input type=\"checkbox\" value=\"hiver\" \/> Winter <span class=\"ra-facette-compte\"><\/span><\/label>\n\t\t\t\t\t\t\t\t\t\t\t\t\t\t\t<label class=\"ra-facette-option\"><input type=\"checkbox\" value=\"printemps\" \/> Fr\u00fchling <span class=\"ra-facette-compte\"><\/span><\/label>\n\t\t\t\t\t\t\t\t\t\t\t\t\t<\/div>\n\t\t\t\t\t<\/div>\n\t\t\t\t\t\t\t\t\t<div class=\"ra-facette ra-facette-dd\" data-facette=\"perso-pays\">\n\t\t\t\t\t\t<button type=\"button\" class=\"ra-facette-btn\"><span class=\"ra-facette-lbl\">Land<\/span><span class=\"ra-facette-nb\"><\/span><span class=\"dashicons dashicons-arrow-down-alt2\" aria-hidden=\"true\"><\/span><\/button>\n\t\t\t\t\t\t<div class=\"ra-facette-panel\">\n\t\t\t\t\t\t\t\t\t\t\t\t\t\t\t<label class=\"ra-facette-option\"><input type=\"checkbox\" value=\"france\" \/> Frankreich <span class=\"ra-facette-compte\"><\/span><\/label>\n\t\t\t\t\t\t\t\t\t\t\t\t\t\t\t<label class=\"ra-facette-option\"><input type=\"checkbox\" value=\"suisse\" \/> Schweiz <span class=\"ra-facette-compte\"><\/span><\/label>\n\t\t\t\t\t\t\t\t\t\t\t\t\t<\/div>\n\t\t\t\t\t<\/div>\n\t\t\t\t\t\t\t\t\t<div class=\"ra-facette ra-facette-dd\" data-facette=\"perso-typedesortie\">\n\t\t\t\t\t\t<button type=\"button\" class=\"ra-facette-btn\"><span class=\"ra-facette-lbl\">Ausgabetyp<\/span><span class=\"ra-facette-nb\"><\/span><span class=\"dashicons dashicons-arrow-down-alt2\" aria-hidden=\"true\"><\/span><\/button>\n\t\t\t\t\t\t<div class=\"ra-facette-panel\">\n\t\t\t\t\t\t\t\t\t\t\t\t\t\t\t<label class=\"ra-facette-option\"><input type=\"checkbox\" value=\"camp\" \/> Lager <span class=\"ra-facette-compte\"><\/span><\/label>\n\t\t\t\t\t\t\t\t\t\t\t\t\t\t\t<label class=\"ra-facette-option\"><input type=\"checkbox\" value=\"coaching\" \/> Coaching <span class=\"ra-facette-compte\"><\/span><\/label>\n\t\t\t\t\t\t\t\t\t\t\t\t\t\t\t<label class=\"ra-facette-option\"><input type=\"checkbox\" value=\"sejours\" \/> Aufenthalte <span class=\"ra-facette-compte\"><\/span><\/label>\n\t\t\t\t\t\t\t\t\t\t\t\t\t\t\t<label class=\"ra-facette-option\"><input type=\"checkbox\" value=\"social-ride\" \/> Social Ride <span class=\"ra-facette-compte\"><\/span><\/label>\n\t\t\t\t\t\t\t\t\t\t\t\t\t\t\t<label class=\"ra-facette-option\"><input type=\"checkbox\" value=\"sortie-guidee\" \/> Gef\u00fchrte Tour <span class=\"ra-facette-compte\"><\/span><\/label>\n\t\t\t\t\t\t\t\t\t\t\t\t\t\t\t<label class=\"ra-facette-option\"><input type=\"checkbox\" value=\"trail\" \/> Trail <span class=\"ra-facette-compte\"><\/span><\/label>\n\t\t\t\t\t\t\t\t\t\t\t\t\t<\/div>\n\t\t\t\t\t<\/div>\n\t\t\t\t\t\t\t<\/div>\n\t\t\n\t\t\t\t<div class=\"ra-liste-activites\" >\n\t\t\t\t\t\t\t\t\t\t\t<div class=\"ra-carte-activite\"\n\t\t\t\t\tdata-qv-type=\"activite\"\n\t\t\t\t\tdata-qv-id=\"60156\"\n\t\t\t\t\tdata-categorie=\"velo vtt-electrique\"\n\t\t\t\t\tdata-niveau=\"\"\n\t\t\t\t\tdata-age-min=\"\"\n\t\t\t\t\tdata-duree=\"\"\n\t\t\t\t\t\t\t\t\t\t\t\t\t\t\t\tdata-perso-saison=\"\"\n\t\t\t\t\t\t\t\t\t\t\tdata-perso-pays=\"\"\n\t\t\t\t\t\t\t\t\t\t\tdata-perso-typedesortie=\"\"\n\t\t\t\t\t\t\t\t\t>\n\t\t\t\t\t\t\t\t\t\t\t\t\t\t\t\t\t\t\t\t<h3><a href=\"https:\/\/www.tracea.ch\/de\/activites\/vtt-electrique-sur-neige\/\">VTT \u00e9lectrique sur neige<\/a><\/h3>\n\t\t\t\t\t\t\t\t\t\t\t\t\t\t\t<p>Rouler en VTT l\u00e0 o\u00f9 l&#039;on marche habituellement en raquettes&nbsp;: c&#039;est l&#039;exp\u00e9rience que propose cette sortie hivernale au d\u00e9part de Saint-Cergue. Des VTT \u00e9lectriques \u00e9quip\u00e9s&hellip;<\/p>\n\t\t\t\t\t\t\t\t\t\t\t\t\t\t\t\t\t\t\t\t\t<p class=\"ra-prix ra-prix--gratuit\">Gratuit<\/p>\n\t\t\t\t\t\t\t\t\t\t<a class=\"ra-bouton\" href=\"https:\/\/www.tracea.ch\/de\/activites\/vtt-electrique-sur-neige\/\"><span class=\"dashicons dashicons-calendar-alt\" aria-hidden=\"true\"><\/span>R\u00e9server<\/a>\n\t\t\t\t<\/div>\n\t\t\t\t\t\t\t\t\t\t\t<div class=\"ra-carte-activite\"\n\t\t\t\t\tdata-qv-type=\"activite\"\n\t\t\t\t\tdata-qv-id=\"60154\"\n\t\t\t\t\tdata-categorie=\"nordique\"\n\t\t\t\t\tdata-niveau=\"\"\n\t\t\t\t\tdata-age-min=\"\"\n\t\t\t\t\tdata-duree=\"\"\n\t\t\t\t\t\t\t\t\t\t\t\t\t\t\t\tdata-perso-saison=\"\"\n\t\t\t\t\t\t\t\t\t\t\tdata-perso-pays=\"\"\n\t\t\t\t\t\t\t\t\t\t\tdata-perso-typedesortie=\"\"\n\t\t\t\t\t\t\t\t\t>\n\t\t\t\t\t\t\t\t\t\t\t\t\t\t\t\t\t\t\t\t<h3><a href=\"https:\/\/www.tracea.ch\/de\/activites\/stage-ski-de-fond-enfants\/\">Stage de ski de fond pour enfants<\/a><\/h3>\n\t\t\t\t\t\t\t\t\t\t\t\t\t\t\t<p>Un stage pour faire d\u00e9couvrir le ski de fond aux 7 \u00e0 12 ans, sur les pistes de Saint-Cergue et de la Givrine, dans une&hellip;<\/p>\n\t\t\t\t\t\t\t\t\t\t\t\t\t\t\t\t\t\t\t\t\t<p class=\"ra-prix ra-prix--gratuit\">Gratuit<\/p>\n\t\t\t\t\t\t\t\t\t\t<a class=\"ra-bouton\" href=\"https:\/\/www.tracea.ch\/de\/activites\/stage-ski-de-fond-enfants\/\"><span class=\"dashicons dashicons-calendar-alt\" aria-hidden=\"true\"><\/span>R\u00e9server<\/a>\n\t\t\t\t<\/div>\n\t\t\t\t\t\t\t\t\t\t\t<div class=\"ra-carte-activite\"\n\t\t\t\t\tdata-qv-type=\"activite\"\n\t\t\t\t\tdata-qv-id=\"60153\"\n\t\t\t\t\tdata-categorie=\"velo vtt vtt-electrique\"\n\t\t\t\t\tdata-niveau=\"\"\n\t\t\t\t\tdata-age-min=\"\"\n\t\t\t\t\tdata-duree=\"\"\n\t\t\t\t\t\t\t\t\t\t\t\t\t\t\t\tdata-perso-saison=\"\"\n\t\t\t\t\t\t\t\t\t\t\tdata-perso-pays=\"\"\n\t\t\t\t\t\t\t\t\t\t\tdata-perso-typedesortie=\"\"\n\t\t\t\t\t\t\t\t\t>\n\t\t\t\t\t\t\t\t\t\t\t\t\t\t\t\t\t\t\t\t<h3><a href=\"https:\/\/www.tracea.ch\/de\/activites\/perfectionnement-vtt-electrique\/\">Perfectionnement VTT \u00e9lectrique<\/a><\/h3>\n\t\t\t\t\t\t\t\t\t\t\t\t\t\t\t<p>Le VTT \u00e9lectrique ne dispense pas de savoir piloter \u2014 il demande m\u00eame quelques r\u00e9flexes qui lui sont propres. Plus lourd, plus rapide en mont\u00e9e,&hellip;<\/p>\n\t\t\t\t\t\t\t\t\t\t\t\t\t\t\t\t\t\t\t\t\t<p class=\"ra-prix ra-prix--gratuit\">Gratuit<\/p>\n\t\t\t\t\t\t\t\t\t\t<a class=\"ra-bouton\" href=\"https:\/\/www.tracea.ch\/de\/activites\/perfectionnement-vtt-electrique\/\"><span class=\"dashicons dashicons-calendar-alt\" aria-hidden=\"true\"><\/span>R\u00e9server<\/a>\n\t\t\t\t<\/div>\n\t\t\t\t\t\t\t\t\t\t\t<div class=\"ra-carte-activite\"\n\t\t\t\t\tdata-qv-type=\"activite\"\n\t\t\t\t\tdata-qv-id=\"60152\"\n\t\t\t\t\tdata-categorie=\"nordique\"\n\t\t\t\t\tdata-niveau=\"\"\n\t\t\t\t\tdata-age-min=\"\"\n\t\t\t\t\tdata-duree=\"\"\n\t\t\t\t\t\t\t\t\t\t\t\t\t\t\t\tdata-perso-saison=\"\"\n\t\t\t\t\t\t\t\t\t\t\tdata-perso-pays=\"\"\n\t\t\t\t\t\t\t\t\t\t\tdata-perso-typedesortie=\"\"\n\t\t\t\t\t\t\t\t\t>\n\t\t\t\t\t\t\t\t\t\t\t\t\t\t\t\t\t\t\t\t<h3><a href=\"https:\/\/www.tracea.ch\/de\/activites\/cours-ski-de-fond\/\">Cours de ski de fond<\/a><\/h3>\n\t\t\t\t\t\t\t\t\t\t\t\t\t\t\t<p>Le plateau de Saint-Cergue et les pistes de la Givrine forment l&#039;un des plus beaux domaines nordiques du Jura vaudois. Nos cours de ski de&hellip;<\/p>\n\t\t\t\t\t\t\t\t\t\t\t\t\t\t\t\t\t\t\t\t\t<p class=\"ra-prix ra-prix--gratuit\">Gratuit<\/p>\n\t\t\t\t\t\t\t\t\t\t<a class=\"ra-bouton\" href=\"https:\/\/www.tracea.ch\/de\/activites\/cours-ski-de-fond\/\"><span class=\"dashicons dashicons-calendar-alt\" aria-hidden=\"true\"><\/span>R\u00e9server<\/a>\n\t\t\t\t<\/div>\n\t\t\t\t\t\t\t\t\t\t\t<div class=\"ra-carte-activite\"\n\t\t\t\t\tdata-qv-type=\"activite\"\n\t\t\t\t\tdata-qv-id=\"60150\"\n\t\t\t\t\tdata-categorie=\"velo vtt\"\n\t\t\t\t\tdata-niveau=\"\"\n\t\t\t\t\tdata-age-min=\"\"\n\t\t\t\t\tdata-duree=\"\"\n\t\t\t\t\t\t\t\t\t\t\t\t\t\t\t\tdata-perso-saison=\"\"\n\t\t\t\t\t\t\t\t\t\t\tdata-perso-pays=\"\"\n\t\t\t\t\t\t\t\t\t\t\tdata-perso-typedesortie=\"\"\n\t\t\t\t\t\t\t\t\t>\n\t\t\t\t\t\t\t\t\t\t\t\t\t\t\t\t\t\t\t\t<h3><a href=\"https:\/\/www.tracea.ch\/de\/activites\/camps-vtt\/\">Camps VTT<\/a><\/h3>\n\t\t\t\t\t\t\t\t\t\t\t\t\t\t\t<p>Un camp VTT, ce n&#039;est pas une succession de sorties. C&#039;est le temps qu&#039;il faut pour qu&#039;une technique s&#039;installe&nbsp;: on travaille un geste le matin,&hellip;<\/p>\n\t\t\t\t\t\t\t\t\t\t\t\t\t\t\t\t\t\t\t\t\t<p class=\"ra-prix ra-prix--gratuit\">Gratuit<\/p>\n\t\t\t\t\t\t\t\t\t\t<a class=\"ra-bouton\" href=\"https:\/\/www.tracea.ch\/de\/activites\/camps-vtt\/\"><span class=\"dashicons dashicons-calendar-alt\" aria-hidden=\"true\"><\/span>R\u00e9server<\/a>\n\t\t\t\t<\/div>\n\t\t\t\t\t\t\t\t\t\t\t<div class=\"ra-carte-activite\"\n\t\t\t\t\tdata-qv-type=\"activite\"\n\t\t\t\t\tdata-qv-id=\"60151\"\n\t\t\t\t\tdata-categorie=\"velo vtt\"\n\t\t\t\t\tdata-niveau=\"\"\n\t\t\t\t\tdata-age-min=\"\"\n\t\t\t\t\tdata-duree=\"\"\n\t\t\t\t\t\t\t\t\t\t\t\t\t\t\t\tdata-perso-saison=\"\"\n\t\t\t\t\t\t\t\t\t\t\tdata-perso-pays=\"\"\n\t\t\t\t\t\t\t\t\t\t\tdata-perso-typedesortie=\"\"\n\t\t\t\t\t\t\t\t\t>\n\t\t\t\t\t\t\t\t\t\t\t\t\t\t\t\t\t\t\t\t<h3><a href=\"https:\/\/www.tracea.ch\/de\/activites\/camps-vtt-enfants\/\">Camps VTT pour enfants<\/a><\/h3>\n\t\t\t\t\t\t\t\t\t\t\t\t\t\t\t<p>Nos camps VTT pour enfants font d\u00e9couvrir le v\u00e9lo de montagne aux 7 \u00e0 15 ans, dans le Jura vaudois, avec un encadrement adapt\u00e9 \u00e0&hellip;<\/p>\n\t\t\t\t\t\t\t\t\t\t\t\t\t\t\t\t\t\t\t\t\t<p class=\"ra-prix ra-prix--gratuit\">Gratuit<\/p>\n\t\t\t\t\t\t\t\t\t\t<a class=\"ra-bouton\" href=\"https:\/\/www.tracea.ch\/de\/activites\/camps-vtt-enfants\/\"><span class=\"dashicons dashicons-calendar-alt\" aria-hidden=\"true\"><\/span>R\u00e9server<\/a>\n\t\t\t\t<\/div>\n\t\t\t\t\t\t\t\t\t\t\t<div class=\"ra-carte-activite\"\n\t\t\t\t\tdata-qv-type=\"activite\"\n\t\t\t\t\tdata-qv-id=\"60073\"\n\t\t\t\t\tdata-categorie=\"gravel velo\"\n\t\t\t\t\tdata-niveau=\"bleu rouge\"\n\t\t\t\t\tdata-age-min=\"16\"\n\t\t\t\t\tdata-duree=\"courte\"\n\t\t\t\t\tdata-evenement=\"1\" data-event-date=\"2026-09-18\"\t\t\t\t\t\t\t\t\t\t\tdata-perso-saison=\"automne ete printemps\"\n\t\t\t\t\t\t\t\t\t\t\tdata-perso-pays=\"france\"\n\t\t\t\t\t\t\t\t\t\t\tdata-perso-typedesortie=\"social-ride\"\n\t\t\t\t\t\t\t\t\t>\n\t\t\t\t\t\t\t\t\t\t\t<a href=\"https:\/\/www.tracea.ch\/de\/activites\/social-ride-gravel\/\"><img fetchpriority=\"high\" decoding=\"async\" width=\"800\" height=\"534\" src=\"https:\/\/www.tracea.ch\/wp-content\/uploads\/2026\/08\/DSC02412-1024x683.jpg\" class=\"attachment-large size-large wp-post-image\" alt=\"\" sizes=\"(max-width: 420px) 92vw, (max-width: 820px) 46vw, (max-width: 1100px) 31vw, 300px\" srcset=\"https:\/\/www.tracea.ch\/wp-content\/uploads\/2026\/08\/DSC02412-1024x683.jpg 1024w, https:\/\/www.tracea.ch\/wp-content\/uploads\/2026\/08\/DSC02412-300x200.jpg 300w, https:\/\/www.tracea.ch\/wp-content\/uploads\/2026\/08\/DSC02412-768x512.jpg 768w, https:\/\/www.tracea.ch\/wp-content\/uploads\/2026\/08\/DSC02412-1536x1024.jpg 1536w, https:\/\/www.tracea.ch\/wp-content\/uploads\/2026\/08\/DSC02412-2048x1365.jpg 2048w, https:\/\/www.tracea.ch\/wp-content\/uploads\/2026\/08\/DSC02412-18x12.jpg 18w, https:\/\/www.tracea.ch\/wp-content\/uploads\/2026\/08\/DSC02412-600x400.jpg 600w\" \/><\/a>\n\t\t\t\t\t\t\t\t\t\t\t\t\t\t\t\t\t\t\t\t\t<div class=\"ra-carte-niveaux\">\n\t\t\t\t\t\t\t\t\t\t\t\t\t\t\t<span class=\"ra-badge-niveau ra-badge-multi\" style=\"background-color: #f7c948;\">\u00c0 plusieurs niveaux<\/span>\n\t\t\t\t\t\t\t\t\t\t\t\t\t<\/div>\n\t\t\t\t\t\t\t\t\t\t<h3><a href=\"https:\/\/www.tracea.ch\/de\/activites\/social-ride-gravel\/\">Social Ride \u2013 Gravel<\/a><\/h3>\n\t\t\t\t\t\t\t\t\t\t\t\t\t\t\t\t<p class=\"ra-slogan\">Einfach nur Gravel, Spa\u00df und Freunde!<\/p>\n\t\t\t\t\t\t\t\t\t\t<p>Zum Auftakt der Gravel-Saison l\u00e4dt Tracea euch zu ihrem allerersten \u201eSocial Ride Gravel\u201c ein! Social Ride Gravel \u2013 Saint-Cergue Egal, ob ihr Anf\u00e4nger seid oder\u2026<\/p>\n\t\t\t\t\t\t\t\t\t\t\t<p class=\"ra-age-minimum\">D\u00e8s 16 ans<\/p>\n\t\t\t\t\t\t\t\t\t\t\t\t\t\t\t\t\t\t\t\t\t<p class=\"ra-prix ra-prix--gratuit\">Gratuit<\/p>\n\t\t\t\t\t\t\t\t\t\t<a class=\"ra-bouton\" href=\"https:\/\/www.tracea.ch\/de\/activites\/social-ride-gravel\/\"><span class=\"dashicons dashicons-calendar-alt\" aria-hidden=\"true\"><\/span>R\u00e9server<\/a>\n\t\t\t\t<\/div>\n\t\t\t\t\t\t\t\t\t\t\t<div class=\"ra-carte-activite\"\n\t\t\t\t\tdata-qv-type=\"activite\"\n\t\t\t\t\tdata-qv-id=\"59989\"\n\t\t\t\t\tdata-categorie=\"trail\"\n\t\t\t\t\tdata-niveau=\"vert bleu rouge\"\n\t\t\t\t\tdata-age-min=\"18\"\n\t\t\t\t\tdata-duree=\"courte\"\n\t\t\t\t\tdata-evenement=\"1\" data-event-date=\"2026-09-10\"\t\t\t\t\t\t\t\t\t\t\tdata-perso-saison=\"automne\"\n\t\t\t\t\t\t\t\t\t\t\tdata-perso-pays=\"suisse\"\n\t\t\t\t\t\t\t\t\t\t\tdata-perso-typedesortie=\"trail\"\n\t\t\t\t\t\t\t\t\t>\n\t\t\t\t\t\t\t\t\t\t\t<a href=\"https:\/\/www.tracea.ch\/de\/activites\/stage-trail-preparation-racetafari\/\"><img decoding=\"async\" width=\"699\" height=\"504\" src=\"https:\/\/www.tracea.ch\/wp-content\/uploads\/2026\/08\/Lorick-LG-Trail.jpg\" class=\"attachment-large size-large wp-post-image\" alt=\"\" sizes=\"(max-width: 420px) 92vw, (max-width: 820px) 46vw, (max-width: 1100px) 31vw, 300px\" srcset=\"https:\/\/www.tracea.ch\/wp-content\/uploads\/2026\/08\/Lorick-LG-Trail.jpg 699w, https:\/\/www.tracea.ch\/wp-content\/uploads\/2026\/08\/Lorick-LG-Trail-300x216.jpg 300w, https:\/\/www.tracea.ch\/wp-content\/uploads\/2026\/08\/Lorick-LG-Trail-18x12.jpg 18w, https:\/\/www.tracea.ch\/wp-content\/uploads\/2026\/08\/Lorick-LG-Trail-600x433.jpg 600w\" \/><\/a>\n\t\t\t\t\t\t\t\t\t\t\t\t\t\t\t\t\t\t\t\t\t<div class=\"ra-carte-niveaux\">\n\t\t\t\t\t\t\t\t\t\t\t\t\t\t\t<span class=\"ra-badge-niveau ra-badge-multi\" style=\"background-color: #f7c948;\">\u00c0 plusieurs niveaux<\/span>\n\t\t\t\t\t\t\t\t\t\t\t\t\t<\/div>\n\t\t\t\t\t\t\t\t\t\t<h3><a href=\"https:\/\/www.tracea.ch\/de\/activites\/stage-trail-preparation-racetafari\/\">Trail-Trainingslager \u2013 Vorbereitung auf den Racetafari<\/a><\/h3>\n\t\t\t\t\t\t\t\t\t\t\t\t\t\t\t\t<p class=\"ra-slogan\">Ihre Vorbereitung auf die RACETAFARI<\/p>\n\t\t\t\t\t\t\t\t\t\t<p>Tauchen Sie ein in mitrei\u00dfende \u00abAfter-Work\u00bb-Trail-L\u00e4ufe im Herzen des Schweizer Jura, geleitet von Lorick Buclin, einem jungen Trail-L\u00e4ufer und Medaillengewinner bei Kurzstrecken-Trail-L\u00e4ufen. In drei kostenlosen Trainingseinheiten\u2026<\/p>\n\t\t\t\t\t\t\t\t\t\t\t<p class=\"ra-age-minimum\">D\u00e8s 18 ans<\/p>\n\t\t\t\t\t\t\t\t\t\t\t\t\t\t\t\t\t\t\t\t\t<p class=\"ra-prix ra-prix--gratuit\">Gratuit<\/p>\n\t\t\t\t\t\t\t\t\t\t<a class=\"ra-bouton\" href=\"https:\/\/www.tracea.ch\/de\/activites\/stage-trail-preparation-racetafari\/\"><span class=\"dashicons dashicons-calendar-alt\" aria-hidden=\"true\"><\/span>R\u00e9server<\/a>\n\t\t\t\t<\/div>\n\t\t\t\t\t\t\t\t\t\t\t<div class=\"ra-carte-activite\"\n\t\t\t\t\tdata-qv-type=\"activite\"\n\t\t\t\t\tdata-qv-id=\"1012\"\n\t\t\t\t\tdata-categorie=\"velo\"\n\t\t\t\t\tdata-niveau=\"vert bleu rouge\"\n\t\t\t\t\tdata-age-min=\"11\"\n\t\t\t\t\tdata-duree=\"\"\n\t\t\t\t\t\t\t\t\t\t\t\t\t\t\t\tdata-perso-saison=\"\"\n\t\t\t\t\t\t\t\t\t\t\tdata-perso-pays=\"\"\n\t\t\t\t\t\t\t\t\t\t\tdata-perso-typedesortie=\"\"\n\t\t\t\t\t\t\t\t\t>\n\t\t\t\t\t\t\t\t\t\t\t<a href=\"https:\/\/www.tracea.ch\/de\/activites\/camp-vtt-juillet-2027-11-a-15-ans-saint-cergue\/\"><img decoding=\"async\" width=\"800\" height=\"420\" src=\"https:\/\/www.tracea.ch\/wp-content\/uploads\/2026\/08\/1-1-1-1024x537.jpg\" class=\"attachment-large size-large wp-post-image\" alt=\"Camp VTT juillet 2026 \u2013 11 \u00e0 15 ans \u2013 Saint-Cergue\" sizes=\"(max-width: 420px) 92vw, (max-width: 820px) 46vw, (max-width: 1100px) 31vw, 300px\" srcset=\"https:\/\/www.tracea.ch\/wp-content\/uploads\/2026\/08\/1-1-1-1024x537.jpg 1024w, https:\/\/www.tracea.ch\/wp-content\/uploads\/2026\/08\/1-1-1-300x157.jpg 300w, https:\/\/www.tracea.ch\/wp-content\/uploads\/2026\/08\/1-1-1-768x402.jpg 768w, https:\/\/www.tracea.ch\/wp-content\/uploads\/2026\/08\/1-1-1-600x314.jpg 600w, https:\/\/www.tracea.ch\/wp-content\/uploads\/2026\/08\/1-1-1-760x398.jpg 760w, https:\/\/www.tracea.ch\/wp-content\/uploads\/2026\/08\/1-1-1-370x194.jpg 370w, https:\/\/www.tracea.ch\/wp-content\/uploads\/2026\/08\/1-1-1.jpg 1080w\" \/><\/a>\n\t\t\t\t\t\t\t\t\t\t\t\t\t\t\t\t\t\t\t\t\t<div class=\"ra-carte-niveaux\">\n\t\t\t\t\t\t\t\t\t\t\t\t\t\t\t<span class=\"ra-badge-niveau ra-badge-multi\" style=\"background-color: #f7c948;\">\u00c0 plusieurs niveaux<\/span>\n\t\t\t\t\t\t\t\t\t\t\t\t\t<\/div>\n\t\t\t\t\t\t\t\t\t\t<h3><a href=\"https:\/\/www.tracea.ch\/de\/activites\/camp-vtt-juillet-2027-11-a-15-ans-saint-cergue\/\">Mountainbike-Camp Juli 2027 \u2013 11 bis 15 Jahre \u2013 Saint-Cergue<\/a><\/h3>\n\t\t\t\t\t\t\t\t\t\t\t\t\t\t\t\t<p class=\"ra-slogan\">5-t\u00e4gige Mountainbike-Camps im Herzen des Waadtl\u00e4nder Jura<\/p>\n\t\t\t\t\t\t\t\t\t\t<p>Eine Mountainbike-Woche f\u00fcr 11- bis 15-J\u00e4hrige in Saint-Cergue, im Herzen des Waadtl\u00e4nder Jura. F\u00fcnf Tage, um Fortschritte zu machen, Spa\u00df zu haben und mit dem Mountainbike zu fahren\u2026<\/p>\n\t\t\t\t\t\t\t\t\t\t\t<p class=\"ra-age-minimum\">D\u00e8s 11 ans<\/p>\n\t\t\t\t\t\t\t\t\t\t\t\t\t\t\t\t\t\t\t\t\t<p class=\"ra-prix\">450.00 CHF \/ personne<\/p>\n\t\t\t\t\t\t\t\t\t\t<a class=\"ra-bouton\" href=\"https:\/\/www.tracea.ch\/de\/activites\/camp-vtt-juillet-2027-11-a-15-ans-saint-cergue\/\"><span class=\"dashicons dashicons-calendar-alt\" aria-hidden=\"true\"><\/span>R\u00e9server<\/a>\n\t\t\t\t<\/div>\n\t\t\t\t\t\t\t\t\t\t\t<div class=\"ra-carte-activite\"\n\t\t\t\t\tdata-qv-type=\"activite\"\n\t\t\t\t\tdata-qv-id=\"1011\"\n\t\t\t\t\tdata-categorie=\"velo\"\n\t\t\t\t\tdata-niveau=\"vert bleu rouge\"\n\t\t\t\t\tdata-age-min=\"7\"\n\t\t\t\t\tdata-duree=\"\"\n\t\t\t\t\t\t\t\t\t\t\t\t\t\t\t\tdata-perso-saison=\"ete\"\n\t\t\t\t\t\t\t\t\t\t\tdata-perso-pays=\"\"\n\t\t\t\t\t\t\t\t\t\t\tdata-perso-typedesortie=\"\"\n\t\t\t\t\t\t\t\t\t>\n\t\t\t\t\t\t\t\t\t\t\t<a href=\"https:\/\/www.tracea.ch\/de\/activites\/camps-vtt-juillet-2027-7-a-10-ans\/\"><img loading=\"lazy\" decoding=\"async\" width=\"800\" height=\"451\" src=\"https:\/\/www.tracea.ch\/wp-content\/uploads\/2026\/08\/Camp-VTT-enfants-18-1-1024x577.jpg\" class=\"attachment-large size-large wp-post-image\" alt=\"Camps VTT juillet 2026 \u2013 7 \u00e0 10 ans\" sizes=\"(max-width: 420px) 92vw, (max-width: 820px) 46vw, (max-width: 1100px) 31vw, 300px\" srcset=\"https:\/\/www.tracea.ch\/wp-content\/uploads\/2026\/08\/Camp-VTT-enfants-18-1-1024x577.jpg 1024w, https:\/\/www.tracea.ch\/wp-content\/uploads\/2026\/08\/Camp-VTT-enfants-18-1-300x169.jpg 300w, https:\/\/www.tracea.ch\/wp-content\/uploads\/2026\/08\/Camp-VTT-enfants-18-1-768x432.jpg 768w, https:\/\/www.tracea.ch\/wp-content\/uploads\/2026\/08\/Camp-VTT-enfants-18-1-1536x865.jpg 1536w, https:\/\/www.tracea.ch\/wp-content\/uploads\/2026\/08\/Camp-VTT-enfants-18-1-600x338.jpg 600w, https:\/\/www.tracea.ch\/wp-content\/uploads\/2026\/08\/Camp-VTT-enfants-18-1-1170x658.jpg 1170w, https:\/\/www.tracea.ch\/wp-content\/uploads\/2026\/08\/Camp-VTT-enfants-18-1-760x428.jpg 760w, https:\/\/www.tracea.ch\/wp-content\/uploads\/2026\/08\/Camp-VTT-enfants-18-1-370x208.jpg 370w, https:\/\/www.tracea.ch\/wp-content\/uploads\/2026\/08\/Camp-VTT-enfants-18-1-270x152.jpg 270w, https:\/\/www.tracea.ch\/wp-content\/uploads\/2026\/08\/Camp-VTT-enfants-18-1.jpg 1920w\" \/><\/a>\n\t\t\t\t\t\t\t\t\t\t\t\t\t\t\t\t\t\t\t\t\t<div class=\"ra-carte-niveaux\">\n\t\t\t\t\t\t\t\t\t\t\t\t\t\t\t<span class=\"ra-badge-niveau ra-badge-multi\" style=\"background-color: #f7c948;\">\u00c0 plusieurs niveaux<\/span>\n\t\t\t\t\t\t\t\t\t\t\t\t\t<\/div>\n\t\t\t\t\t\t\t\t\t\t<h3><a href=\"https:\/\/www.tracea.ch\/de\/activites\/camps-vtt-juillet-2027-7-a-10-ans\/\">Mountainbike-Camps im Juli 2027 \u2013 7 bis 10 Jahre<\/a><\/h3>\n\t\t\t\t\t\t\t\t\t\t\t\t\t\t\t\t<p class=\"ra-slogan\">5-t\u00e4gige Mountainbike-Camps im Herzen des Waadtl\u00e4nder Jura<\/p>\n\t\t\t\t\t\t\t\t\t\t<p>F\u00fcnf Tage Mountainbike-Abenteuer f\u00fcr 7- bis 10-J\u00e4hrige im Herzen des Waadtl\u00e4nder Jura! Eine Woche lang machen die Kinder Fortschritte auf dem Fahrrad\u2026<\/p>\n\t\t\t\t\t\t\t\t\t\t\t<p class=\"ra-age-minimum\">D\u00e8s 7 ans<\/p>\n\t\t\t\t\t\t\t\t\t\t\t\t\t\t\t\t\t\t\t\t\t<p class=\"ra-prix\">550.00 CHF \/ personne<\/p>\n\t\t\t\t\t\t\t\t\t\t<a class=\"ra-bouton\" href=\"https:\/\/www.tracea.ch\/de\/activites\/camps-vtt-juillet-2027-7-a-10-ans\/\"><span class=\"dashicons dashicons-calendar-alt\" aria-hidden=\"true\"><\/span>R\u00e9server<\/a>\n\t\t\t\t<\/div>\n\t\t\t\t\t\t\t\t\t\t\t<div class=\"ra-carte-activite\"\n\t\t\t\t\tdata-qv-type=\"activite\"\n\t\t\t\t\tdata-qv-id=\"1010\"\n\t\t\t\t\tdata-categorie=\"velo vtt\"\n\t\t\t\t\tdata-niveau=\"vert\"\n\t\t\t\t\tdata-age-min=\"5\"\n\t\t\t\t\tdata-duree=\"courte\"\n\t\t\t\t\tdata-evenement=\"1\" data-event-date=\"2026-09-02\"\t\t\t\t\t\t\t\t\t\t\tdata-perso-saison=\"\"\n\t\t\t\t\t\t\t\t\t\t\tdata-perso-pays=\"\"\n\t\t\t\t\t\t\t\t\t\t\tdata-perso-typedesortie=\"\"\n\t\t\t\t\t\t\t\t\t>\n\t\t\t\t\t\t\t\t\t\t\t<a href=\"https:\/\/www.tracea.ch\/de\/activites\/ecole-de-vtt-5-a-15-ans\/\"><img loading=\"lazy\" decoding=\"async\" width=\"800\" height=\"451\" src=\"https:\/\/www.tracea.ch\/wp-content\/uploads\/2026\/08\/Camp-VTT-enfants-46-1-1024x577.jpg\" class=\"attachment-large size-large wp-post-image\" alt=\"Mountainbike-Schule \u2013 5 bis 15 Jahre\" sizes=\"(max-width: 420px) 92vw, (max-width: 820px) 46vw, (max-width: 1100px) 31vw, 300px\" srcset=\"https:\/\/www.tracea.ch\/wp-content\/uploads\/2026\/08\/Camp-VTT-enfants-46-1-1024x577.jpg 1024w, https:\/\/www.tracea.ch\/wp-content\/uploads\/2026\/08\/Camp-VTT-enfants-46-1-300x169.jpg 300w, https:\/\/www.tracea.ch\/wp-content\/uploads\/2026\/08\/Camp-VTT-enfants-46-1-768x432.jpg 768w, https:\/\/www.tracea.ch\/wp-content\/uploads\/2026\/08\/Camp-VTT-enfants-46-1-1536x865.jpg 1536w, https:\/\/www.tracea.ch\/wp-content\/uploads\/2026\/08\/Camp-VTT-enfants-46-1-600x338.jpg 600w, https:\/\/www.tracea.ch\/wp-content\/uploads\/2026\/08\/Camp-VTT-enfants-46-1-1170x658.jpg 1170w, https:\/\/www.tracea.ch\/wp-content\/uploads\/2026\/08\/Camp-VTT-enfants-46-1-760x428.jpg 760w, https:\/\/www.tracea.ch\/wp-content\/uploads\/2026\/08\/Camp-VTT-enfants-46-1-370x208.jpg 370w, https:\/\/www.tracea.ch\/wp-content\/uploads\/2026\/08\/Camp-VTT-enfants-46-1-270x152.jpg 270w, https:\/\/www.tracea.ch\/wp-content\/uploads\/2026\/08\/Camp-VTT-enfants-46-1.jpg 1920w\" \/><\/a>\n\t\t\t\t\t\t\t\t\t\t\t\t\t\t\t\t\t\t\t\t\t<div class=\"ra-carte-niveaux\">\n\t\t\t\t\t\t\t\t\t\t\t\t\t\t\t<span class=\"ra-badge-niveau\" style=\"background-color: #2ecc71;\">Vert<\/span>\n\t\t\t\t\t\t\t\t\t\t\t\t\t<\/div>\n\t\t\t\t\t\t\t\t\t\t<h3><a href=\"https:\/\/www.tracea.ch\/de\/activites\/ecole-de-vtt-5-a-15-ans\/\">Mountainbike-Schule \u2013 5 bis 15 Jahre<\/a><\/h3>\n\t\t\t\t\t\t\t\t\t\t\t\t\t\t\t\t<p class=\"ra-slogan\">Mountainbike-Schule f\u00fcr Kinder und Jugendliche im Alter von 5 bis 15 Jahren<\/p>\n\t\t\t\t\t\t\t\t\t\t<p>Suchen Sie Mountainbike-Kurse f\u00fcr Kinder im Kanton Waadt? In Saint-Cergue hei\u00dft die Mountainbike-Schule Tracea Kinder ab 5 Jahren willkommen\u2026<\/p>\n\t\t\t\t\t\t\t\t\t\t\t<p class=\"ra-age-minimum\">D\u00e8s 5 ans<\/p>\n\t\t\t\t\t\t\t\t\t\t\t\t\t\t\t\t\t\t\t\t\t<p class=\"ra-prix ra-prix--gratuit\">Gratuit<\/p>\n\t\t\t\t\t\t\t\t\t\t<a class=\"ra-bouton\" href=\"https:\/\/www.tracea.ch\/de\/activites\/ecole-de-vtt-5-a-15-ans\/\"><span class=\"dashicons dashicons-calendar-alt\" aria-hidden=\"true\"><\/span>R\u00e9server<\/a>\n\t\t\t\t<\/div>\n\t\t\t\t\t\t\t\t\t\t\t<div class=\"ra-carte-activite\"\n\t\t\t\t\tdata-qv-type=\"activite\"\n\t\t\t\t\tdata-qv-id=\"1009\"\n\t\t\t\t\tdata-categorie=\"velo vtt vtt-electrique\"\n\t\t\t\t\tdata-niveau=\"vert bleu rouge\"\n\t\t\t\t\tdata-age-min=\"16\"\n\t\t\t\t\tdata-duree=\"longue\"\n\t\t\t\t\tdata-evenement=\"1\" data-event-date=\"2026-10-10\"\t\t\t\t\t\t\t\t\t\t\tdata-perso-saison=\"automne\"\n\t\t\t\t\t\t\t\t\t\t\tdata-perso-pays=\"suisse\"\n\t\t\t\t\t\t\t\t\t\t\tdata-perso-typedesortie=\"coaching sortie-guidee\"\n\t\t\t\t\t\t\t\t\t>\n\t\t\t\t\t\t\t\t\t\t\t<a href=\"https:\/\/www.tracea.ch\/de\/activites\/journee-vtt-electrique-tcs-vaud\/\"><img loading=\"lazy\" decoding=\"async\" width=\"800\" height=\"800\" src=\"https:\/\/www.tracea.ch\/wp-content\/uploads\/2026\/08\/Perfectionnement-VTT-Electrique-1024x1024.webp\" class=\"attachment-large size-large wp-post-image\" alt=\"E-Mountainbike-Tag \u2013 TCS Waadt\" sizes=\"(max-width: 420px) 92vw, (max-width: 820px) 46vw, (max-width: 1100px) 31vw, 300px\" srcset=\"https:\/\/www.tracea.ch\/wp-content\/uploads\/2026\/08\/Perfectionnement-VTT-Electrique-1024x1024.webp 1024w, https:\/\/www.tracea.ch\/wp-content\/uploads\/2026\/08\/Perfectionnement-VTT-Electrique-300x300.webp 300w, https:\/\/www.tracea.ch\/wp-content\/uploads\/2026\/08\/Perfectionnement-VTT-Electrique-150x150.webp 150w, https:\/\/www.tracea.ch\/wp-content\/uploads\/2026\/08\/Perfectionnement-VTT-Electrique-768x768.webp 768w, https:\/\/www.tracea.ch\/wp-content\/uploads\/2026\/08\/Perfectionnement-VTT-Electrique-600x600.webp 600w, https:\/\/www.tracea.ch\/wp-content\/uploads\/2026\/08\/Perfectionnement-VTT-Electrique-100x100.webp 100w, https:\/\/www.tracea.ch\/wp-content\/uploads\/2026\/08\/Perfectionnement-VTT-Electrique-460x460.webp 460w, https:\/\/www.tracea.ch\/wp-content\/uploads\/2026\/08\/Perfectionnement-VTT-Electrique-370x370.webp 370w, https:\/\/www.tracea.ch\/wp-content\/uploads\/2026\/08\/Perfectionnement-VTT-Electrique-75x75.webp 75w, https:\/\/www.tracea.ch\/wp-content\/uploads\/2026\/08\/Perfectionnement-VTT-Electrique-760x760.webp 760w, https:\/\/www.tracea.ch\/wp-content\/uploads\/2026\/08\/Perfectionnement-VTT-Electrique.webp 1440w\" \/><\/a>\n\t\t\t\t\t\t\t\t\t\t\t\t\t\t\t\t\t\t\t\t\t<div class=\"ra-carte-niveaux\">\n\t\t\t\t\t\t\t\t\t\t\t\t\t\t\t<span class=\"ra-badge-niveau ra-badge-multi\" style=\"background-color: #f7c948;\">\u00c0 plusieurs niveaux<\/span>\n\t\t\t\t\t\t\t\t\t\t\t\t\t<\/div>\n\t\t\t\t\t\t\t\t\t\t<h3><a href=\"https:\/\/www.tracea.ch\/de\/activites\/journee-vtt-electrique-tcs-vaud\/\">E-Mountainbike-Tag \u2013 TCS Waadt<\/a><\/h3>\n\t\t\t\t\t\t\t\t\t\t\t\t\t\t\t\t<p class=\"ra-slogan\">Schnuppertag und Fortbildung zum Thema E-Mountainbike<\/p>\n\t\t\t\t\t\t\t\t\t\t<p>Ein ganzer Tag rund um das E-Mountainbike, in Zusammenarbeit mit dem TCS Vaud, offen f\u00fcr alle \u2013 ob Anf\u00e4nger oder Fortgeschrittene. Im Herzen von\u2026<\/p>\n\t\t\t\t\t\t\t\t\t\t\t<p class=\"ra-age-minimum\">D\u00e8s 16 ans<\/p>\n\t\t\t\t\t\t\t\t\t\t\t\t\t\t\t\t\t\t\t\t\t<p class=\"ra-prix\">100.00 CHF \/ personne<\/p>\n\t\t\t\t\t\t\t\t\t\t<a class=\"ra-bouton\" href=\"https:\/\/www.tracea.ch\/de\/activites\/journee-vtt-electrique-tcs-vaud\/\"><span class=\"dashicons dashicons-calendar-alt\" aria-hidden=\"true\"><\/span>R\u00e9server<\/a>\n\t\t\t\t<\/div>\n\t\t\t\t\t\t\t\t\t\t\t<div class=\"ra-carte-activite\"\n\t\t\t\t\tdata-qv-type=\"activite\"\n\t\t\t\t\tdata-qv-id=\"1008\"\n\t\t\t\t\tdata-categorie=\"velo vtt\"\n\t\t\t\t\tdata-niveau=\"vert\"\n\t\t\t\t\tdata-age-min=\"7\"\n\t\t\t\t\tdata-duree=\"courte\"\n\t\t\t\t\t\t\t\t\t\t\t\t\t\t\t\tdata-perso-saison=\"\"\n\t\t\t\t\t\t\t\t\t\t\tdata-perso-pays=\"\"\n\t\t\t\t\t\t\t\t\t\t\tdata-perso-typedesortie=\"\"\n\t\t\t\t\t\t\t\t\t>\n\t\t\t\t\t\t\t\t\t\t\t<a href=\"https:\/\/www.tracea.ch\/de\/activites\/biathlon-vtt-et-course-a-pieds\/\"><img loading=\"lazy\" decoding=\"async\" width=\"473\" height=\"1024\" src=\"https:\/\/www.tracea.ch\/wp-content\/uploads\/2026\/08\/Biathlon-VTT-1-473x1024.jpg\" class=\"attachment-large size-large wp-post-image\" alt=\"Mountainbike-Biathlon und Laufen\" sizes=\"(max-width: 420px) 92vw, (max-width: 820px) 46vw, (max-width: 1100px) 31vw, 300px\" srcset=\"https:\/\/www.tracea.ch\/wp-content\/uploads\/2026\/08\/Biathlon-VTT-1-473x1024.jpg 473w, https:\/\/www.tracea.ch\/wp-content\/uploads\/2026\/08\/Biathlon-VTT-1-139x300.jpg 139w, https:\/\/www.tracea.ch\/wp-content\/uploads\/2026\/08\/Biathlon-VTT-1-709x1536.jpg 709w, https:\/\/www.tracea.ch\/wp-content\/uploads\/2026\/08\/Biathlon-VTT-1-600x1299.jpg 600w, https:\/\/www.tracea.ch\/wp-content\/uploads\/2026\/08\/Biathlon-VTT-1-370x801.jpg 370w, https:\/\/www.tracea.ch\/wp-content\/uploads\/2026\/08\/Biathlon-VTT-1.jpg 739w\" \/><\/a>\n\t\t\t\t\t\t\t\t\t\t\t\t\t\t\t\t\t\t\t\t\t<div class=\"ra-carte-niveaux\">\n\t\t\t\t\t\t\t\t\t\t\t\t\t\t\t<span class=\"ra-badge-niveau\" style=\"background-color: #2ecc71;\">Vert<\/span>\n\t\t\t\t\t\t\t\t\t\t\t\t\t<\/div>\n\t\t\t\t\t\t\t\t\t\t<h3><a href=\"https:\/\/www.tracea.ch\/de\/activites\/biathlon-vtt-et-course-a-pieds\/\">Mountainbike-Biathlon und Laufen<\/a><\/h3>\n\t\t\t\t\t\t\t\t\t\t\t\t\t\t\t\t<p class=\"ra-slogan\">Einf\u00fchrung in den Sommerbiathlon in Saint-Cergue<\/p>\n\t\t\t\t\t\t\t\t\t\t<p>Entdecken Sie den Sommerbiathlon in einer einzigartigen Naturlandschaft im Herzen des Waadtl\u00e4nder Jura! Unser Schnupperkurs ist ab 7 Jahren zug\u00e4nglich und verbindet die Anstrengung des Mountainbikens\u2026<\/p>\n\t\t\t\t\t\t\t\t\t\t\t<p class=\"ra-age-minimum\">D\u00e8s 7 ans<\/p>\n\t\t\t\t\t\t\t\t\t\t\t\t\t\t\t\t\t\t\t\t\t<p class=\"ra-prix\">90.00 CHF \/ personne<\/p>\n\t\t\t\t\t\t\t\t\t\t<a class=\"ra-bouton\" href=\"https:\/\/www.tracea.ch\/de\/activites\/biathlon-vtt-et-course-a-pieds\/\"><span class=\"dashicons dashicons-calendar-alt\" aria-hidden=\"true\"><\/span>R\u00e9server<\/a>\n\t\t\t\t<\/div>\n\t\t\t\t\t\t\t\t\t\t\t<div class=\"ra-carte-activite\"\n\t\t\t\t\tdata-qv-type=\"activite\"\n\t\t\t\t\tdata-qv-id=\"1007\"\n\t\t\t\t\tdata-categorie=\"velo vtt vtt-electrique\"\n\t\t\t\t\tdata-niveau=\"vert\"\n\t\t\t\t\tdata-age-min=\"14\"\n\t\t\t\t\tdata-duree=\"courte\"\n\t\t\t\t\t\t\t\t\t\t\t\t\t\t\t\tdata-perso-saison=\"\"\n\t\t\t\t\t\t\t\t\t\t\tdata-perso-pays=\"\"\n\t\t\t\t\t\t\t\t\t\t\tdata-perso-typedesortie=\"\"\n\t\t\t\t\t\t\t\t\t>\n\t\t\t\t\t\t\t\t\t\t\t<a href=\"https:\/\/www.tracea.ch\/de\/activites\/sortie-pleine-lune-en-vtt-electrique\/\"><img loading=\"lazy\" decoding=\"async\" width=\"800\" height=\"420\" src=\"https:\/\/www.tracea.ch\/wp-content\/uploads\/2026\/08\/Sortie-VTT-Nocturne-Saint-Cergue-4-1024x537.jpg\" class=\"attachment-large size-large wp-post-image\" alt=\"Ausflug bei Vollmond mit dem E-Mountainbike\" sizes=\"(max-width: 420px) 92vw, (max-width: 820px) 46vw, (max-width: 1100px) 31vw, 300px\" srcset=\"https:\/\/www.tracea.ch\/wp-content\/uploads\/2026\/08\/Sortie-VTT-Nocturne-Saint-Cergue-4-1024x537.jpg 1024w, https:\/\/www.tracea.ch\/wp-content\/uploads\/2026\/08\/Sortie-VTT-Nocturne-Saint-Cergue-4-300x157.jpg 300w, https:\/\/www.tracea.ch\/wp-content\/uploads\/2026\/08\/Sortie-VTT-Nocturne-Saint-Cergue-4-768x402.jpg 768w, https:\/\/www.tracea.ch\/wp-content\/uploads\/2026\/08\/Sortie-VTT-Nocturne-Saint-Cergue-4-600x314.jpg 600w, https:\/\/www.tracea.ch\/wp-content\/uploads\/2026\/08\/Sortie-VTT-Nocturne-Saint-Cergue-4-760x398.jpg 760w, https:\/\/www.tracea.ch\/wp-content\/uploads\/2026\/08\/Sortie-VTT-Nocturne-Saint-Cergue-4-370x194.jpg 370w, https:\/\/www.tracea.ch\/wp-content\/uploads\/2026\/08\/Sortie-VTT-Nocturne-Saint-Cergue-4.jpg 1080w\" \/><\/a>\n\t\t\t\t\t\t\t\t\t\t\t\t\t\t\t\t\t\t\t\t\t<div class=\"ra-carte-niveaux\">\n\t\t\t\t\t\t\t\t\t\t\t\t\t\t\t<span class=\"ra-badge-niveau\" style=\"background-color: #2ecc71;\">Vert<\/span>\n\t\t\t\t\t\t\t\t\t\t\t\t\t<\/div>\n\t\t\t\t\t\t\t\t\t\t<h3><a href=\"https:\/\/www.tracea.ch\/de\/activites\/sortie-pleine-lune-en-vtt-electrique\/\">Ausflug bei Vollmond mit dem E-Mountainbike<\/a><\/h3>\n\t\t\t\t\t\t\t\t\t\t\t\t\t\t\t\t<p class=\"ra-slogan\">Entdecken Sie den Zauber einer n\u00e4chtlichen Tour mit dem E-Mountainbike bei Vollmond in Saint-Cergue<\/p>\n\t\t\t\t\t\t\t\t\t\t<p>Erleben Sie den Waadtl\u00e4nder Jura, wie Sie ihn noch nie gesehen haben: bei Nacht, im Schein des Vollmonds. Diese gef\u00fchrte Tour mit dem E-Mountainbike\u2026<\/p>\n\t\t\t\t\t\t\t\t\t\t\t<p class=\"ra-age-minimum\">D\u00e8s 14 ans<\/p>\n\t\t\t\t\t\t\t\t\t\t\t\t\t\t\t\t\t\t\t\t\t<p class=\"ra-prix\">100.00 CHF \/ personne<\/p>\n\t\t\t\t\t\t\t\t\t\t<a class=\"ra-bouton\" href=\"https:\/\/www.tracea.ch\/de\/activites\/sortie-pleine-lune-en-vtt-electrique\/\"><span class=\"dashicons dashicons-calendar-alt\" aria-hidden=\"true\"><\/span>R\u00e9server<\/a>\n\t\t\t\t<\/div>\n\t\t\t\t\t\t\t\t\t\t\t<div class=\"ra-carte-activite\"\n\t\t\t\t\tdata-qv-type=\"activite\"\n\t\t\t\t\tdata-qv-id=\"1006\"\n\t\t\t\t\tdata-categorie=\"velo\"\n\t\t\t\t\tdata-niveau=\"\"\n\t\t\t\t\tdata-age-min=\"16\"\n\t\t\t\t\tdata-duree=\"longue\"\n\t\t\t\t\t\t\t\t\t\t\t\t\t\t\t\tdata-perso-saison=\"\"\n\t\t\t\t\t\t\t\t\t\t\tdata-perso-pays=\"\"\n\t\t\t\t\t\t\t\t\t\t\tdata-perso-typedesortie=\"\"\n\t\t\t\t\t\t\t\t\t>\n\t\t\t\t\t\t\t\t\t\t\t<a href=\"https:\/\/www.tracea.ch\/de\/activites\/journee-guidee-groupes-et-entreprises\/\"><img loading=\"lazy\" decoding=\"async\" width=\"800\" height=\"420\" src=\"https:\/\/www.tracea.ch\/wp-content\/uploads\/2026\/08\/Sortie-guidee-VTT-Electrique-2-1024x537.jpg\" class=\"attachment-large size-large wp-post-image\" alt=\"F\u00fchrung \u2013 Gruppen und Unternehmen\" sizes=\"(max-width: 420px) 92vw, (max-width: 820px) 46vw, (max-width: 1100px) 31vw, 300px\" srcset=\"https:\/\/www.tracea.ch\/wp-content\/uploads\/2026\/08\/Sortie-guidee-VTT-Electrique-2-1024x537.jpg 1024w, https:\/\/www.tracea.ch\/wp-content\/uploads\/2026\/08\/Sortie-guidee-VTT-Electrique-2-300x157.jpg 300w, https:\/\/www.tracea.ch\/wp-content\/uploads\/2026\/08\/Sortie-guidee-VTT-Electrique-2-768x402.jpg 768w, https:\/\/www.tracea.ch\/wp-content\/uploads\/2026\/08\/Sortie-guidee-VTT-Electrique-2-600x314.jpg 600w, https:\/\/www.tracea.ch\/wp-content\/uploads\/2026\/08\/Sortie-guidee-VTT-Electrique-2-760x398.jpg 760w, https:\/\/www.tracea.ch\/wp-content\/uploads\/2026\/08\/Sortie-guidee-VTT-Electrique-2-370x194.jpg 370w, https:\/\/www.tracea.ch\/wp-content\/uploads\/2026\/08\/Sortie-guidee-VTT-Electrique-2.jpg 1080w\" \/><\/a>\n\t\t\t\t\t\t\t\t\t\t\t\t\t\t\t\t\t\t\t\t<h3><a href=\"https:\/\/www.tracea.ch\/de\/activites\/journee-guidee-groupes-et-entreprises\/\">F\u00fchrung \u2013 Gruppen und Unternehmen<\/a><\/h3>\n\t\t\t\t\t\t\t\t\t\t\t\t\t\t\t\t<p class=\"ra-slogan\">Gef\u00fchrte Tour mit dem E-Mountainbike \u2013 Gruppen und Unternehmen<\/p>\n\t\t\t\t\t\t\t\t\t\t<p>Ob f\u00fcr eine Firmenveranstaltung, ein Teambuilding oder einfach nur einen Ausflug mit Freunden: Buchen Sie eine gef\u00fchrte E-Mountainbike-Tour im Waadtl\u00e4nder Jura. Bereits gebildete Gruppen\u2026<\/p>\n\t\t\t\t\t\t\t\t\t\t\t<p class=\"ra-age-minimum\">D\u00e8s 16 ans<\/p>\n\t\t\t\t\t\t\t\t\t\t\t\t\t\t\t\t\t\t\t\t\t<p class=\"ra-prix ra-prix--devis\">Sur devis<\/p>\n\t\t\t\t\t\t\t\t\t\t<a class=\"ra-bouton\" href=\"https:\/\/www.tracea.ch\/de\/activites\/journee-guidee-groupes-et-entreprises\/\"><span class=\"dashicons dashicons-calendar-alt\" aria-hidden=\"true\"><\/span>R\u00e9server<\/a>\n\t\t\t\t<\/div>\n\t\t\t\t\t\t\t\t\t\t\t<div class=\"ra-carte-activite\"\n\t\t\t\t\tdata-qv-type=\"activite\"\n\t\t\t\t\tdata-qv-id=\"1005\"\n\t\t\t\t\tdata-categorie=\"velo vtt\"\n\t\t\t\t\tdata-niveau=\"\"\n\t\t\t\t\tdata-age-min=\"10\"\n\t\t\t\t\tdata-duree=\"courte\"\n\t\t\t\t\t\t\t\t\t\t\t\t\t\t\t\tdata-perso-saison=\"\"\n\t\t\t\t\t\t\t\t\t\t\tdata-perso-pays=\"\"\n\t\t\t\t\t\t\t\t\t\t\tdata-perso-typedesortie=\"\"\n\t\t\t\t\t\t\t\t\t>\n\t\t\t\t\t\t\t\t\t\t\t<a href=\"https:\/\/www.tracea.ch\/de\/activites\/cours-coaching-pilotage-vtt\/\"><img loading=\"lazy\" decoding=\"async\" width=\"800\" height=\"534\" src=\"https:\/\/www.tracea.ch\/wp-content\/uploads\/2026\/08\/MonVTT-55-1024x683.jpg\" class=\"attachment-large size-large wp-post-image\" alt=\"Kurse &amp; Coaching: Mountainbike-Fahren\" sizes=\"(max-width: 420px) 92vw, (max-width: 820px) 46vw, (max-width: 1100px) 31vw, 300px\" srcset=\"https:\/\/www.tracea.ch\/wp-content\/uploads\/2026\/08\/MonVTT-55-1024x683.jpg 1024w, https:\/\/www.tracea.ch\/wp-content\/uploads\/2026\/08\/MonVTT-55-300x200.jpg 300w, https:\/\/www.tracea.ch\/wp-content\/uploads\/2026\/08\/MonVTT-55-768x512.jpg 768w, https:\/\/www.tracea.ch\/wp-content\/uploads\/2026\/08\/MonVTT-55-1536x1024.jpg 1536w, https:\/\/www.tracea.ch\/wp-content\/uploads\/2026\/08\/MonVTT-55-600x400.jpg 600w, https:\/\/www.tracea.ch\/wp-content\/uploads\/2026\/08\/MonVTT-55-760x507.jpg 760w, https:\/\/www.tracea.ch\/wp-content\/uploads\/2026\/08\/MonVTT-55-370x247.jpg 370w, https:\/\/www.tracea.ch\/wp-content\/uploads\/2026\/08\/MonVTT-55.jpg 1920w\" \/><\/a>\n\t\t\t\t\t\t\t\t\t\t\t\t\t\t\t\t\t\t\t\t<h3><a href=\"https:\/\/www.tracea.ch\/de\/activites\/cours-coaching-pilotage-vtt\/\">Mountainbike-Kurse &amp; -Coaching<\/a><\/h3>\n\t\t\t\t\t\t\t\t\t\t\t\t\t\t\t\t<p class=\"ra-slogan\">Ein Mountainbike-Ratgeber, der Ihnen hilft, Fortschritte zu machen \u2013 Kurse &amp; Coaching<\/p>\n\t\t\t\t\t\t\t\t\t\t<p>Haben Sie gerade ein neues Mountainbike gekauft oder steigen Sie mit einem brandneuen E-Mountainbike wieder aufs Rad? G\u00f6nnen Sie sich ein privates Fahrtraining in\u2026<\/p>\n\t\t\t\t\t\t\t\t\t\t\t<p class=\"ra-age-minimum\">D\u00e8s 10 ans<\/p>\n\t\t\t\t\t\t\t\t\t\t\t\t\t\t\t\t\t\t\t\t\t<p class=\"ra-prix\">160.00 CHF \/ personne<\/p>\n\t\t\t\t\t\t\t\t\t\t<a class=\"ra-bouton\" href=\"https:\/\/www.tracea.ch\/de\/activites\/cours-coaching-pilotage-vtt\/\"><span class=\"dashicons dashicons-calendar-alt\" aria-hidden=\"true\"><\/span>R\u00e9server<\/a>\n\t\t\t\t<\/div>\n\t\t\t\t\t\t\t\t\t\t\t<div class=\"ra-carte-activite\"\n\t\t\t\t\tdata-qv-type=\"activite\"\n\t\t\t\t\tdata-qv-id=\"1004\"\n\t\t\t\t\tdata-categorie=\"velo vtt\"\n\t\t\t\t\tdata-niveau=\"\"\n\t\t\t\t\tdata-age-min=\"12\"\n\t\t\t\t\tdata-duree=\"courte\"\n\t\t\t\t\t\t\t\t\t\t\t\t\t\t\t\tdata-perso-saison=\"\"\n\t\t\t\t\t\t\t\t\t\t\tdata-perso-pays=\"\"\n\t\t\t\t\t\t\t\t\t\t\tdata-perso-typedesortie=\"\"\n\t\t\t\t\t\t\t\t\t>\n\t\t\t\t\t\t\t\t\t\t\t<a href=\"https:\/\/www.tracea.ch\/de\/activites\/sortie-guidee-vtt-enduro-jura-vaudois\/\"><img loading=\"lazy\" decoding=\"async\" width=\"800\" height=\"420\" src=\"https:\/\/www.tracea.ch\/wp-content\/uploads\/2026\/08\/Tour-guidee-VTT-Enduro-1024x537.jpg\" class=\"attachment-large size-large wp-post-image\" alt=\"Gef\u00fchrte Enduro-Mountainbike-Tour \u2013 Waadtl\u00e4nder Jura\" sizes=\"(max-width: 420px) 92vw, (max-width: 820px) 46vw, (max-width: 1100px) 31vw, 300px\" srcset=\"https:\/\/www.tracea.ch\/wp-content\/uploads\/2026\/08\/Tour-guidee-VTT-Enduro-1024x537.jpg 1024w, https:\/\/www.tracea.ch\/wp-content\/uploads\/2026\/08\/Tour-guidee-VTT-Enduro-300x157.jpg 300w, https:\/\/www.tracea.ch\/wp-content\/uploads\/2026\/08\/Tour-guidee-VTT-Enduro-768x402.jpg 768w, https:\/\/www.tracea.ch\/wp-content\/uploads\/2026\/08\/Tour-guidee-VTT-Enduro-600x314.jpg 600w, https:\/\/www.tracea.ch\/wp-content\/uploads\/2026\/08\/Tour-guidee-VTT-Enduro-760x398.jpg 760w, https:\/\/www.tracea.ch\/wp-content\/uploads\/2026\/08\/Tour-guidee-VTT-Enduro-370x194.jpg 370w, https:\/\/www.tracea.ch\/wp-content\/uploads\/2026\/08\/Tour-guidee-VTT-Enduro.jpg 1080w\" \/><\/a>\n\t\t\t\t\t\t\t\t\t\t\t\t\t\t\t\t\t\t\t\t<h3><a href=\"https:\/\/www.tracea.ch\/de\/activites\/sortie-guidee-vtt-enduro-jura-vaudois\/\">Gef\u00fchrte Enduro-Mountainbike-Tour \u2013 Waadtl\u00e4nder Jura<\/a><\/h3>\n\t\t\t\t\t\t\t\t\t\t\t\t\t\t\t\t<p class=\"ra-slogan\">Planen Sie eine Enduro-Mountainbike-Tour mit Ihrem Guide im Waadtl\u00e4nder Jura<\/p>\n\t\t\t\t\t\t\t\t\t\t<p>Lust auf Adrenalin und Nervenkitzel auf dem Mountainbike? Dann sind unsere gef\u00fchrten Enduro-Touren im Waadtl\u00e4nder Jura genau das Richtige f\u00fcr Sie:\u2026<\/p>\n\t\t\t\t\t\t\t\t\t\t\t<p class=\"ra-age-minimum\">D\u00e8s 12 ans<\/p>\n\t\t\t\t\t\t\t\t\t\t\t\t\t\t\t\t\t\t\t\t\t<p class=\"ra-prix\">120.00 CHF \/ personne<\/p>\n\t\t\t\t\t\t\t\t\t\t<a class=\"ra-bouton\" href=\"https:\/\/www.tracea.ch\/de\/activites\/sortie-guidee-vtt-enduro-jura-vaudois\/\"><span class=\"dashicons dashicons-calendar-alt\" aria-hidden=\"true\"><\/span>R\u00e9server<\/a>\n\t\t\t\t<\/div>\n\t\t\t\t\t\t\t\t\t\t\t<div class=\"ra-carte-activite\"\n\t\t\t\t\tdata-qv-type=\"activite\"\n\t\t\t\t\tdata-qv-id=\"1003\"\n\t\t\t\t\tdata-categorie=\"gravel velo\"\n\t\t\t\t\tdata-niveau=\"rouge noir\"\n\t\t\t\t\tdata-age-min=\"14\"\n\t\t\t\t\tdata-duree=\"longue\"\n\t\t\t\t\t\t\t\t\t\t\t\t\t\t\t\tdata-perso-saison=\"automne ete printemps\"\n\t\t\t\t\t\t\t\t\t\t\tdata-perso-pays=\"france suisse\"\n\t\t\t\t\t\t\t\t\t\t\tdata-perso-typedesortie=\"sortie-guidee\"\n\t\t\t\t\t\t\t\t\t>\n\t\t\t\t\t\t\t\t\t\t\t<a href=\"https:\/\/www.tracea.ch\/de\/activites\/sortie-guidee-en-velo-gravel\/\"><img loading=\"lazy\" decoding=\"async\" width=\"800\" height=\"420\" src=\"https:\/\/www.tracea.ch\/wp-content\/uploads\/2026\/08\/Sortie-guidee-gravel-Monvtt-4-1024x537.jpg\" class=\"attachment-large size-large wp-post-image\" alt=\"Gef\u00fchrte Gravel-Radtour\" sizes=\"(max-width: 420px) 92vw, (max-width: 820px) 46vw, (max-width: 1100px) 31vw, 300px\" srcset=\"https:\/\/www.tracea.ch\/wp-content\/uploads\/2026\/08\/Sortie-guidee-gravel-Monvtt-4-1024x537.jpg 1024w, https:\/\/www.tracea.ch\/wp-content\/uploads\/2026\/08\/Sortie-guidee-gravel-Monvtt-4-300x157.jpg 300w, https:\/\/www.tracea.ch\/wp-content\/uploads\/2026\/08\/Sortie-guidee-gravel-Monvtt-4-768x402.jpg 768w, https:\/\/www.tracea.ch\/wp-content\/uploads\/2026\/08\/Sortie-guidee-gravel-Monvtt-4-600x314.jpg 600w, https:\/\/www.tracea.ch\/wp-content\/uploads\/2026\/08\/Sortie-guidee-gravel-Monvtt-4-760x398.jpg 760w, https:\/\/www.tracea.ch\/wp-content\/uploads\/2026\/08\/Sortie-guidee-gravel-Monvtt-4-370x194.jpg 370w, https:\/\/www.tracea.ch\/wp-content\/uploads\/2026\/08\/Sortie-guidee-gravel-Monvtt-4.jpg 1080w\" \/><\/a>\n\t\t\t\t\t\t\t\t\t\t\t\t\t\t\t\t\t\t\t\t\t<div class=\"ra-carte-niveaux\">\n\t\t\t\t\t\t\t\t\t\t\t\t\t\t\t<span class=\"ra-badge-niveau ra-badge-multi\" style=\"background-color: #f7c948;\">\u00c0 plusieurs niveaux<\/span>\n\t\t\t\t\t\t\t\t\t\t\t\t\t<\/div>\n\t\t\t\t\t\t\t\t\t\t<h3><a href=\"https:\/\/www.tracea.ch\/de\/activites\/sortie-guidee-en-velo-gravel\/\">Gef\u00fchrte Gravelbike-Tour \u2013 3 Stunden<\/a><\/h3>\n\t\t\t\t\t\t\t\t\t\t\t\t\t\t\t\t<p class=\"ra-slogan\">Eine Gravel-Tour zur Erkundung des Jura.<\/p>\n\t\t\t\t\t\t\t\t\t\t<p>M\u00f6chten Sie das Gravel-Rad entdecken, dieses Fahrrad, das eine Mischung aus Rennrad und Mountainbike ist? Tracea l\u00e4dt Sie zu einem halbt\u00e4gigen, gef\u00fchrten Schnupperkurs rund um\u2026 ein<\/p>\n\t\t\t\t\t\t\t\t\t\t\t<p class=\"ra-age-minimum\">D\u00e8s 14 ans<\/p>\n\t\t\t\t\t\t\t\t\t\t\t\t\t\t\t\t\t\t\t\t\t<p class=\"ra-prix\">120.00 CHF \/ personne<\/p>\n\t\t\t\t\t\t\t\t\t\t<a class=\"ra-bouton\" href=\"https:\/\/www.tracea.ch\/de\/activites\/sortie-guidee-en-velo-gravel\/\"><span class=\"dashicons dashicons-calendar-alt\" aria-hidden=\"true\"><\/span>R\u00e9server<\/a>\n\t\t\t\t<\/div>\n\t\t\t\t\t\t\t\t\t\t\t<div class=\"ra-carte-activite\"\n\t\t\t\t\tdata-qv-type=\"activite\"\n\t\t\t\t\tdata-qv-id=\"1002\"\n\t\t\t\t\tdata-categorie=\"velo vtt vtt-electrique\"\n\t\t\t\t\tdata-niveau=\"vert bleu rouge noir\"\n\t\t\t\t\tdata-age-min=\"14\"\n\t\t\t\t\tdata-duree=\"longue\"\n\t\t\t\t\t\t\t\t\t\t\t\t\t\t\t\tdata-perso-saison=\"automne ete printemps\"\n\t\t\t\t\t\t\t\t\t\t\tdata-perso-pays=\"suisse\"\n\t\t\t\t\t\t\t\t\t\t\tdata-perso-typedesortie=\"sortie-guidee\"\n\t\t\t\t\t\t\t\t\t>\n\t\t\t\t\t\t\t\t\t\t\t<a href=\"https:\/\/www.tracea.ch\/de\/activites\/tour-guide-vtt-ou-vtt-electrique-journee\/\"><img loading=\"lazy\" decoding=\"async\" width=\"800\" height=\"534\" src=\"https:\/\/www.tracea.ch\/wp-content\/uploads\/2026\/08\/MonVTT-43-1024x683.jpg\" class=\"attachment-large size-large wp-post-image\" alt=\"Gef\u00fchrte Tour mit dem Mountainbike oder E-Mountainbike (Ganztagesausflug)\" sizes=\"(max-width: 420px) 92vw, (max-width: 820px) 46vw, (max-width: 1100px) 31vw, 300px\" srcset=\"https:\/\/www.tracea.ch\/wp-content\/uploads\/2026\/08\/MonVTT-43-1024x683.jpg 1024w, https:\/\/www.tracea.ch\/wp-content\/uploads\/2026\/08\/MonVTT-43-300x200.jpg 300w, https:\/\/www.tracea.ch\/wp-content\/uploads\/2026\/08\/MonVTT-43-768x512.jpg 768w, https:\/\/www.tracea.ch\/wp-content\/uploads\/2026\/08\/MonVTT-43-1536x1024.jpg 1536w, https:\/\/www.tracea.ch\/wp-content\/uploads\/2026\/08\/MonVTT-43-600x400.jpg 600w, https:\/\/www.tracea.ch\/wp-content\/uploads\/2026\/08\/MonVTT-43-760x507.jpg 760w, https:\/\/www.tracea.ch\/wp-content\/uploads\/2026\/08\/MonVTT-43-370x247.jpg 370w, https:\/\/www.tracea.ch\/wp-content\/uploads\/2026\/08\/MonVTT-43.jpg 1920w\" \/><\/a>\n\t\t\t\t\t\t\t\t\t\t\t\t\t\t\t\t\t\t\t\t\t<div class=\"ra-carte-niveaux\">\n\t\t\t\t\t\t\t\t\t\t\t\t\t\t\t<span class=\"ra-badge-niveau ra-badge-multi\" style=\"background-color: #f7c948;\">\u00c0 plusieurs niveaux<\/span>\n\t\t\t\t\t\t\t\t\t\t\t\t\t<\/div>\n\t\t\t\t\t\t\t\t\t\t<h3><a href=\"https:\/\/www.tracea.ch\/de\/activites\/tour-guide-vtt-ou-vtt-electrique-journee\/\">Gef\u00fchrte Tour mit dem Mountainbike oder E-Mountainbike (Ganztagesausflug)<\/a><\/h3>\n\t\t\t\t\t\t\t\t\t\t\t\t\t\t\t\t<p class=\"ra-slogan\">Eine gef\u00fchrte Tour mit dem Mountainbike oder E-Mountainbike auf den Bergr\u00fccken des Jura.<\/p>\n\t\t\t\t\t\t\t\t\t\t<p>Ein ganzer Tag, um den Waadtl\u00e4nder Jura mit dem Mountainbike oder E-Mountainbike zu erkunden \u2013 vom Morgen bis zum Sonnenuntergang. Unter der Leitung eines Guides, der sich auskennt\u2026<\/p>\n\t\t\t\t\t\t\t\t\t\t\t<p class=\"ra-age-minimum\">D\u00e8s 14 ans<\/p>\n\t\t\t\t\t\t\t\t\t\t\t\t\t\t\t\t\t\t\t\t\t<p class=\"ra-prix\">300.00 CHF \/ personne<\/p>\n\t\t\t\t\t\t\t\t\t\t<a class=\"ra-bouton\" href=\"https:\/\/www.tracea.ch\/de\/activites\/tour-guide-vtt-ou-vtt-electrique-journee\/\"><span class=\"dashicons dashicons-calendar-alt\" aria-hidden=\"true\"><\/span>R\u00e9server<\/a>\n\t\t\t\t<\/div>\n\t\t\t\t\t\t\t\t\t\t\t<div class=\"ra-carte-activite\"\n\t\t\t\t\tdata-qv-type=\"activite\"\n\t\t\t\t\tdata-qv-id=\"1001\"\n\t\t\t\t\tdata-categorie=\"velo vtt vtt-electrique\"\n\t\t\t\t\tdata-niveau=\"vert bleu rouge\"\n\t\t\t\t\tdata-age-min=\"14\"\n\t\t\t\t\tdata-duree=\"courte\"\n\t\t\t\t\t\t\t\t\t\t\t\t\t\t\t\tdata-perso-saison=\"automne ete printemps\"\n\t\t\t\t\t\t\t\t\t\t\tdata-perso-pays=\"suisse\"\n\t\t\t\t\t\t\t\t\t\t\tdata-perso-typedesortie=\"sortie-guidee\"\n\t\t\t\t\t\t\t\t\t>\n\t\t\t\t\t\t\t\t\t\t\t<a href=\"https:\/\/www.tracea.ch\/de\/activites\/tour-guide-vtt-ou-vtt-electrique-3-heures\/\"><img loading=\"lazy\" decoding=\"async\" width=\"800\" height=\"534\" src=\"https:\/\/www.tracea.ch\/wp-content\/uploads\/2026\/08\/MonVTT-30-1024x683.jpg\" class=\"attachment-large size-large wp-post-image\" alt=\"Gef\u00fchrte Tour mit dem Mountainbike oder E-Mountainbike \u2013 3 Stunden\" sizes=\"(max-width: 420px) 92vw, (max-width: 820px) 46vw, (max-width: 1100px) 31vw, 300px\" srcset=\"https:\/\/www.tracea.ch\/wp-content\/uploads\/2026\/08\/MonVTT-30-1024x683.jpg 1024w, https:\/\/www.tracea.ch\/wp-content\/uploads\/2026\/08\/MonVTT-30-300x200.jpg 300w, https:\/\/www.tracea.ch\/wp-content\/uploads\/2026\/08\/MonVTT-30-768x512.jpg 768w, https:\/\/www.tracea.ch\/wp-content\/uploads\/2026\/08\/MonVTT-30-1536x1024.jpg 1536w, https:\/\/www.tracea.ch\/wp-content\/uploads\/2026\/08\/MonVTT-30-600x400.jpg 600w, https:\/\/www.tracea.ch\/wp-content\/uploads\/2026\/08\/MonVTT-30-760x507.jpg 760w, https:\/\/www.tracea.ch\/wp-content\/uploads\/2026\/08\/MonVTT-30-370x247.jpg 370w, https:\/\/www.tracea.ch\/wp-content\/uploads\/2026\/08\/MonVTT-30.jpg 1920w\" \/><\/a>\n\t\t\t\t\t\t\t\t\t\t\t\t\t\t\t\t\t\t\t\t\t<div class=\"ra-carte-niveaux\">\n\t\t\t\t\t\t\t\t\t\t\t\t\t\t\t<span class=\"ra-badge-niveau ra-badge-multi\" style=\"background-color: #f7c948;\">\u00c0 plusieurs niveaux<\/span>\n\t\t\t\t\t\t\t\t\t\t\t\t\t<\/div>\n\t\t\t\t\t\t\t\t\t\t<h3><a href=\"https:\/\/www.tracea.ch\/de\/activites\/tour-guide-vtt-ou-vtt-electrique-3-heures\/\">Gef\u00fchrte Tour mit dem Mountainbike oder E-Mountainbike \u2013 3 Stunden<\/a><\/h3>\n\t\t\t\t\t\t\t\t\t\t\t\t\t\t\t\t<p class=\"ra-slogan\">Buchen Sie eine gef\u00fchrte Tour mit dem Mountainbike oder E-Mountainbike mit Ihrem Guide im Waadtl\u00e4nder Jura<\/p>\n\t\t\t\t\t\t\t\t\t\t<p>G\u00f6nnen Sie sich in drei Stunden ein erstes Erlebnis im Waadtl\u00e4nder Jura auf einem Mountainbike oder E-Mountainbike. Unter der Leitung eines ortskundigen Guides werden Sie\u2026<\/p>\n\t\t\t\t\t\t\t\t\t\t\t<p class=\"ra-age-minimum\">D\u00e8s 14 ans<\/p>\n\t\t\t\t\t\t\t\t\t\t\t\t\t\t\t\t\t\t\t\t\t<p class=\"ra-prix\">120.00 CHF \/ personne<\/p>\n\t\t\t\t\t\t\t\t\t\t<a class=\"ra-bouton\" href=\"https:\/\/www.tracea.ch\/de\/activites\/tour-guide-vtt-ou-vtt-electrique-3-heures\/\"><span class=\"dashicons dashicons-calendar-alt\" aria-hidden=\"true\"><\/span>R\u00e9server<\/a>\n\t\t\t\t<\/div>\n\t\t\t\t\t<\/div>\n\t\t<p class=\"ra-aucun-resultat\" style=\"display:none;\">Aucune activit\u00e9 ne correspond \u00e0 ces crit\u00e8res.<\/p>\n\t\t<\/div>","protected":false},"excerpt":{"rendered":"<p>Alle von Tracea im Waadtl\u00e4nder Jura angebotenen gef\u00fchrten Aktivit\u00e4ten mit Mountainbikes, E-Mountainbikes und Gravelbikes: Touren, Kurse, Kindercamps und Ferienaufenthalte. Buchen Sie online.<\/p>","protected":false},"author":1,"featured_media":0,"parent":0,"menu_order":0,"comment_status":"closed","ping_status":"closed","template":"","meta":{"footnotes":""},"class_list":["post-59116","page","type-page","status-publish","hentry"],"_links":{"self":[{"href":"https:\/\/www.tracea.ch\/de\/wp-json\/wp\/v2\/pages\/59116","targetHints":{"allow":["GET"]}}],"collection":[{"href":"https:\/\/www.tracea.ch\/de\/wp-json\/wp\/v2\/pages"}],"about":[{"href":"https:\/\/www.tracea.ch\/de\/wp-json\/wp\/v2\/types\/page"}],"author":[{"embeddable":true,"href":"https:\/\/www.tracea.ch\/de\/wp-json\/wp\/v2\/users\/1"}],"replies":[{"embeddable":true,"href":"https:\/\/www.tracea.ch\/de\/wp-json\/wp\/v2\/comments?post=59116"}],"version-history":[{"count":3,"href":"https:\/\/www.tracea.ch\/de\/wp-json\/wp\/v2\/pages\/59116\/revisions"}],"predecessor-version":[{"id":59192,"href":"https:\/\/www.tracea.ch\/de\/wp-json\/wp\/v2\/pages\/59116\/revisions\/59192"}],"wp:attachment":[{"href":"https:\/\/www.tracea.ch\/de\/wp-json\/wp\/v2\/media?parent=59116"}],"curies":[{"name":"wp","href":"https:\/\/api.w.org\/{rel}","templated":true}]}}