{"id":59138,"date":"2026-08-09T12:30:09","date_gmt":"2026-08-09T12:30:09","guid":{"rendered":"https:\/\/www.tracea.ch\/?page_id=59138"},"modified":"2026-08-24T17:01:48","modified_gmt":"2026-08-24T17:01:48","slug":"werkstatt","status":"publish","type":"page","link":"https:\/\/www.tracea.ch\/de\/nos-ateliers\/","title":{"rendered":"Werkstatt"},"content":{"rendered":"<div class=\"ra-plp\">\t\t<header class=\"ra-plp-header\">\n\t\t\t<p class=\"ra-plp-slogan\">R\u00e9paration &amp; entretien v\u00e9lo<\/p>\t\t\t<h1 class=\"ra-plp-h1\">Werkstatt<\/h1>\t\t\t<nav class=\"ra-plp-fil\" aria-label=\"Fil d&#039;Ariane\"><a href=\"https:\/\/www.tracea.ch\/de\/\">Startseite<\/a><span class=\"ra-plp-fil-sep\" aria-hidden=\"true\"> \u203a <\/span><span class=\"ra-plp-fil-actuel\">Werkstatt<\/span><\/nav>\t\t<\/header>\n\t\t\t\t\t<div class=\"ra-plp-intro\"><\/p>\n<div class=\"gdlr-core-pbf-element\">\n<div class=\"gdlr-core-title-item gdlr-core-item-pdb clearfix gdlr-core-left-align gdlr-core-title-item-caption-top gdlr-core-item-pdlr\">\n<div class=\"gdlr-core-title-item-title-wrap\">\n<h2 class=\"gdlr-core-title-item-title gdlr-core-skin-title\">Die Fahrradwerkstatt f\u00fcr alle Marken<\/h2>\n<\/div>\n<\/div>\n<\/div>\n<div class=\"gdlr-core-pbf-element\">\n<div class=\"gdlr-core-text-box-item gdlr-core-item-pdlr gdlr-core-item-pdb gdlr-core-left-align\">\n<div class=\"gdlr-core-text-box-item-content\">\n<p>Nutzen Sie schon jetzt die von unseren Technikern angebotenen Dienstleistungen f\u00fcr die Wartung Ihres Fahrrads. Ob Bremseneinstellung, Reifenwechsel oder eine einfache Inspektion \u2013 Tracea steht Ihnen mit einem umfangreichen Sortiment an passenden Ersatzteilen f\u00fcr Ihr Fahrrad zur Verf\u00fcgung. Um Verschlei\u00df zu vermeiden und die Lebensdauer Ihres Fahrrads zu verl\u00e4ngern, ist die regelm\u00e4\u00dfige Wartung unerl\u00e4sslich, damit Sie Ihr Fahrrad das ganze Jahr \u00fcber genie\u00dfen und sorgenfrei fahren k\u00f6nnen.<\/p>\n<p>Um es Ihnen einfacher zu machen, haben wir die folgenden \u00abServicepakete\u00bb zusammengestellt.<\/p>\n<\/div>\n<\/div>\n<\/div>\n<p>Bringen Sie Ihr Fahrrad in unsere Werkstatt: Wartung, Reparatur und Inspektion aller Marken (Mountainbike, E-Mountainbike, Gravelbike, Rennrad). W\u00e4hlen Sie die gew\u00fcnschte Dienstleistung aus und reservieren Sie Ihren Termin online.<\/p>\n<p>\n<\/div>\n\t\t\t\t\t\t<div class=\"ra-locations ra-services\">\n\t\t\t\t\t\t\t<div class=\"ra-loc-filtres\">\n\t\t\t\t\t<button type=\"button\" class=\"ra-loc-filtre actif\" data-cat=\"\">Tous les packs<\/button>\n\t\t\t\t\t\t\t\t\t\t\t<button type=\"button\" class=\"ra-loc-filtre\" data-cat=\"pack-service\">Servicepaket<\/button>\n\t\t\t\t\t\t\t\t\t\t\t<button type=\"button\" class=\"ra-loc-filtre\" data-cat=\"pack-fourche\">Gabel-Set<\/button>\n\t\t\t\t\t\t\t\t\t<\/div>\n\t\t\t\t\t\t<div class=\"ra-loc-grille\">\n\t\t\t\t\t\t\t\t\t\t\t\t\t\t<article class=\"ra-loc-carte\" data-cats=\"pack-service\" data-qv-type=\"service\" data-qv-id=\"59167\">\n\t\t\t\t\t\t<a href=\"https:\/\/www.tracea.ch\/de\/service\/1er-check-up-gratuit-apres-achat-dun-velo-neuf\/\" class=\"ra-loc-carte-lien\">\n\t\t\t\t\t\t\t\t\t\t\t\t\t\t\t<div class=\"ra-loc-carte-img\"><img fetchpriority=\"high\" decoding=\"async\" width=\"800\" height=\"600\" src=\"https:\/\/www.tracea.ch\/wp-content\/uploads\/2026\/08\/atelier-tracea-1-1024x768.jpg\" class=\"attachment-large size-large wp-post-image\" alt=\"\" sizes=\"(max-width: 420px) 92vw, (max-width: 820px) 46vw, (max-width: 1100px) 31vw, 300px\" srcset=\"https:\/\/www.tracea.ch\/wp-content\/uploads\/2026\/08\/atelier-tracea-1-1024x768.jpg 1024w, https:\/\/www.tracea.ch\/wp-content\/uploads\/2026\/08\/atelier-tracea-1-300x225.jpg 300w, https:\/\/www.tracea.ch\/wp-content\/uploads\/2026\/08\/atelier-tracea-1-768x576.jpg 768w, https:\/\/www.tracea.ch\/wp-content\/uploads\/2026\/08\/atelier-tracea-1-1536x1152.jpg 1536w, https:\/\/www.tracea.ch\/wp-content\/uploads\/2026\/08\/atelier-tracea-1-150x113.jpg 150w, https:\/\/www.tracea.ch\/wp-content\/uploads\/2026\/08\/atelier-tracea-1-600x450.jpg 600w, https:\/\/www.tracea.ch\/wp-content\/uploads\/2026\/08\/atelier-tracea-1.jpg 1600w\" \/><\/div>\n\t\t\t\t\t\t\t\t\t\t\t\t\t\t<h3 class=\"ra-loc-carte-titre\">1. kostenloser Check-up (nach dem Kauf eines neuen Fahrrads)<\/h3>\n\t\t\t\t\t\t\t<p class=\"ra-loc-carte-prix\">\n\t\t\t\t\t\t\t\t90 min\t\t\t\t\t\t\t\t\t\t\t\t\t\t\t<\/p>\n\t\t\t\t\t\t\t<span class=\"ra-loc-carte-cta\"><span class=\"dashicons dashicons-admin-tools\" aria-hidden=\"true\"><\/span>Voir &amp; r\u00e9server<\/span>\n\t\t\t\t\t\t<\/a>\n\t\t\t\t\t<\/article>\n\t\t\t\t\t\t\t\t\t\t\t\t\t\t<article class=\"ra-loc-carte\" data-cats=\"pack-service\" data-qv-type=\"service\" data-qv-id=\"59168\">\n\t\t\t\t\t\t<a href=\"https:\/\/www.tracea.ch\/de\/service\/controle-de-securite\/\" class=\"ra-loc-carte-lien\">\n\t\t\t\t\t\t\t\t\t\t\t\t\t\t\t<div class=\"ra-loc-carte-img\"><img decoding=\"async\" width=\"800\" height=\"573\" src=\"https:\/\/www.tracea.ch\/wp-content\/uploads\/2026\/08\/atelier-tracea-2-1024x733.jpg\" class=\"attachment-large size-large wp-post-image\" alt=\"\" sizes=\"(max-width: 420px) 92vw, (max-width: 820px) 46vw, (max-width: 1100px) 31vw, 300px\" srcset=\"https:\/\/www.tracea.ch\/wp-content\/uploads\/2026\/08\/atelier-tracea-2-1024x733.jpg 1024w, https:\/\/www.tracea.ch\/wp-content\/uploads\/2026\/08\/atelier-tracea-2-300x215.jpg 300w, https:\/\/www.tracea.ch\/wp-content\/uploads\/2026\/08\/atelier-tracea-2-768x550.jpg 768w, https:\/\/www.tracea.ch\/wp-content\/uploads\/2026\/08\/atelier-tracea-2-1536x1099.jpg 1536w, https:\/\/www.tracea.ch\/wp-content\/uploads\/2026\/08\/atelier-tracea-2-600x429.jpg 600w, https:\/\/www.tracea.ch\/wp-content\/uploads\/2026\/08\/atelier-tracea-2.jpg 1600w\" \/><\/div>\n\t\t\t\t\t\t\t\t\t\t\t\t\t\t<h3 class=\"ra-loc-carte-titre\">Sicherheitskontrolle<\/h3>\n\t\t\t\t\t\t\t<p class=\"ra-loc-carte-prix\">\n\t\t\t\t\t\t\t\t60 min\t\t\t\t\t\t\t\t \u00b7 70.00 CHF\t\t\t\t\t\t\t<\/p>\n\t\t\t\t\t\t\t<span class=\"ra-loc-carte-cta\"><span class=\"dashicons dashicons-admin-tools\" aria-hidden=\"true\"><\/span>Voir &amp; r\u00e9server<\/span>\n\t\t\t\t\t\t<\/a>\n\t\t\t\t\t<\/article>\n\t\t\t\t\t\t\t\t\t\t\t\t\t\t<article class=\"ra-loc-carte\" data-cats=\"pack-fourche\" data-qv-type=\"service\" data-qv-id=\"59178\">\n\t\t\t\t\t\t<a href=\"https:\/\/www.tracea.ch\/de\/service\/fox-service-amortisseur\/\" class=\"ra-loc-carte-lien\">\n\t\t\t\t\t\t\t\t\t\t\t\t\t\t\t<div class=\"ra-loc-carte-img\"><img decoding=\"async\" width=\"800\" height=\"800\" src=\"https:\/\/www.tracea.ch\/wp-content\/uploads\/2026\/08\/4-1024x1024.png\" class=\"attachment-large size-large wp-post-image\" alt=\"\" sizes=\"(max-width: 420px) 92vw, (max-width: 820px) 46vw, (max-width: 1100px) 31vw, 300px\" srcset=\"https:\/\/www.tracea.ch\/wp-content\/uploads\/2026\/08\/4-1024x1024.png 1024w, https:\/\/www.tracea.ch\/wp-content\/uploads\/2026\/08\/4-300x300.png 300w, https:\/\/www.tracea.ch\/wp-content\/uploads\/2026\/08\/4-150x150.png 150w, https:\/\/www.tracea.ch\/wp-content\/uploads\/2026\/08\/4-768x768.png 768w, https:\/\/www.tracea.ch\/wp-content\/uploads\/2026\/08\/4-12x12.png 12w, https:\/\/www.tracea.ch\/wp-content\/uploads\/2026\/08\/4-600x600.png 600w, https:\/\/www.tracea.ch\/wp-content\/uploads\/2026\/08\/4-100x100.png 100w, https:\/\/www.tracea.ch\/wp-content\/uploads\/2026\/08\/4.png 1080w\" \/><\/div>\n\t\t\t\t\t\t\t\t\t\t\t\t\t\t<h3 class=\"ra-loc-carte-titre\">Fox Service Sto\u00dfd\u00e4mpfer<\/h3>\n\t\t\t\t\t\t\t<p class=\"ra-loc-carte-prix\">\n\t\t\t\t\t\t\t\t120 min\t\t\t\t\t\t\t\t \u00b7 215.00 CHF\t\t\t\t\t\t\t<\/p>\n\t\t\t\t\t\t\t<span class=\"ra-loc-carte-cta\"><span class=\"dashicons dashicons-admin-tools\" aria-hidden=\"true\"><\/span>Voir &amp; r\u00e9server<\/span>\n\t\t\t\t\t\t<\/a>\n\t\t\t\t\t<\/article>\n\t\t\t\t\t\t\t\t\t\t\t\t\t\t<article class=\"ra-loc-carte\" data-cats=\"pack-fourche\" data-qv-type=\"service\" data-qv-id=\"59177\">\n\t\t\t\t\t\t<a href=\"https:\/\/www.tracea.ch\/de\/service\/fox-service-fourche\/\" class=\"ra-loc-carte-lien\">\n\t\t\t\t\t\t\t\t\t\t\t\t\t\t\t<div class=\"ra-loc-carte-img\"><img loading=\"lazy\" decoding=\"async\" width=\"800\" height=\"800\" src=\"https:\/\/www.tracea.ch\/wp-content\/uploads\/2026\/08\/3-1024x1024.png\" class=\"attachment-large size-large wp-post-image\" alt=\"\" sizes=\"(max-width: 420px) 92vw, (max-width: 820px) 46vw, (max-width: 1100px) 31vw, 300px\" srcset=\"https:\/\/www.tracea.ch\/wp-content\/uploads\/2026\/08\/3-1024x1024.png 1024w, https:\/\/www.tracea.ch\/wp-content\/uploads\/2026\/08\/3-300x300.png 300w, https:\/\/www.tracea.ch\/wp-content\/uploads\/2026\/08\/3-150x150.png 150w, https:\/\/www.tracea.ch\/wp-content\/uploads\/2026\/08\/3-768x768.png 768w, https:\/\/www.tracea.ch\/wp-content\/uploads\/2026\/08\/3-12x12.png 12w, https:\/\/www.tracea.ch\/wp-content\/uploads\/2026\/08\/3-600x600.png 600w, https:\/\/www.tracea.ch\/wp-content\/uploads\/2026\/08\/3-100x100.png 100w, https:\/\/www.tracea.ch\/wp-content\/uploads\/2026\/08\/3.png 1080w\" \/><\/div>\n\t\t\t\t\t\t\t\t\t\t\t\t\t\t<h3 class=\"ra-loc-carte-titre\">Fox-Gabelservice \u2013 FOX 32, 34, 36, 38, 40<\/h3>\n\t\t\t\t\t\t\t<p class=\"ra-loc-carte-prix\">\n\t\t\t\t\t\t\t\t120 min\t\t\t\t\t\t\t\t \u00b7 215.00 CHF\t\t\t\t\t\t\t<\/p>\n\t\t\t\t\t\t\t<span class=\"ra-loc-carte-cta\"><span class=\"dashicons dashicons-admin-tools\" aria-hidden=\"true\"><\/span>Voir &amp; r\u00e9server<\/span>\n\t\t\t\t\t\t<\/a>\n\t\t\t\t\t<\/article>\n\t\t\t\t\t\t\t\t\t\t\t\t\t\t<article class=\"ra-loc-carte\" data-cats=\"pack-service\" data-qv-type=\"service\" data-qv-id=\"59170\">\n\t\t\t\t\t\t<a href=\"https:\/\/www.tracea.ch\/de\/service\/pack-city-bike-trekking-bike\/\" class=\"ra-loc-carte-lien\">\n\t\t\t\t\t\t\t\t\t\t\t\t\t\t\t<div class=\"ra-loc-carte-img\"><img loading=\"lazy\" decoding=\"async\" width=\"300\" height=\"300\" src=\"https:\/\/www.tracea.ch\/wp-content\/uploads\/2026\/08\/SCOTT-Sub-Sport-20-Men-300x300-1.webp\" class=\"attachment-large size-large wp-post-image\" alt=\"\" sizes=\"(max-width: 420px) 92vw, (max-width: 820px) 46vw, (max-width: 1100px) 31vw, 300px\" srcset=\"https:\/\/www.tracea.ch\/wp-content\/uploads\/2026\/08\/SCOTT-Sub-Sport-20-Men-300x300-1.webp 300w, https:\/\/www.tracea.ch\/wp-content\/uploads\/2026\/08\/SCOTT-Sub-Sport-20-Men-300x300-1-150x150.webp 150w, https:\/\/www.tracea.ch\/wp-content\/uploads\/2026\/08\/SCOTT-Sub-Sport-20-Men-300x300-1-12x12.webp 12w, https:\/\/www.tracea.ch\/wp-content\/uploads\/2026\/08\/SCOTT-Sub-Sport-20-Men-300x300-1-100x100.webp 100w\" \/><\/div>\n\t\t\t\t\t\t\t\t\t\t\t\t\t\t<h3 class=\"ra-loc-carte-titre\">City-Bike- &amp; Trekking-Bike-Paket<\/h3>\n\t\t\t\t\t\t\t<p class=\"ra-loc-carte-prix\">\n\t\t\t\t\t\t\t\t90 min\t\t\t\t\t\t\t\t \u00b7 130.00 CHF\t\t\t\t\t\t\t<\/p>\n\t\t\t\t\t\t\t<span class=\"ra-loc-carte-cta\"><span class=\"dashicons dashicons-admin-tools\" aria-hidden=\"true\"><\/span>Voir &amp; r\u00e9server<\/span>\n\t\t\t\t\t\t<\/a>\n\t\t\t\t\t<\/article>\n\t\t\t\t\t\t\t\t\t\t\t\t\t\t<article class=\"ra-loc-carte\" data-cats=\"pack-service\" data-qv-type=\"service\" data-qv-id=\"59175\">\n\t\t\t\t\t\t<a href=\"https:\/\/www.tracea.ch\/de\/service\/pack-e-bike-city-bike-trekking-bike\/\" class=\"ra-loc-carte-lien\">\n\t\t\t\t\t\t\t\t\t\t\t\t\t\t\t<div class=\"ra-loc-carte-img\"><img loading=\"lazy\" decoding=\"async\" width=\"800\" height=\"534\" src=\"https:\/\/www.tracea.ch\/wp-content\/uploads\/2026\/08\/City.png\" class=\"attachment-large size-large wp-post-image\" alt=\"\" sizes=\"(max-width: 420px) 92vw, (max-width: 820px) 46vw, (max-width: 1100px) 31vw, 300px\" srcset=\"https:\/\/www.tracea.ch\/wp-content\/uploads\/2026\/08\/City.png 1024w, https:\/\/www.tracea.ch\/wp-content\/uploads\/2026\/08\/City-300x200.png 300w, https:\/\/www.tracea.ch\/wp-content\/uploads\/2026\/08\/City-768x512.png 768w, https:\/\/www.tracea.ch\/wp-content\/uploads\/2026\/08\/City-18x12.png 18w, https:\/\/www.tracea.ch\/wp-content\/uploads\/2026\/08\/City-600x400.png 600w\" \/><\/div>\n\t\t\t\t\t\t\t\t\t\t\t\t\t\t<h3 class=\"ra-loc-carte-titre\">E-BIKE-Paket: Citybike &amp; Trekkingbike<\/h3>\n\t\t\t\t\t\t\t<p class=\"ra-loc-carte-prix\">\n\t\t\t\t\t\t\t\t120 min\t\t\t\t\t\t\t\t \u00b7 160.00 CHF\t\t\t\t\t\t\t<\/p>\n\t\t\t\t\t\t\t<span class=\"ra-loc-carte-cta\"><span class=\"dashicons dashicons-admin-tools\" aria-hidden=\"true\"><\/span>Voir &amp; r\u00e9server<\/span>\n\t\t\t\t\t\t<\/a>\n\t\t\t\t\t<\/article>\n\t\t\t\t\t\t\t\t\t\t\t\t\t\t<article class=\"ra-loc-carte\" data-cats=\"pack-service\" data-qv-type=\"service\" data-qv-id=\"59174\">\n\t\t\t\t\t\t<a href=\"https:\/\/www.tracea.ch\/de\/service\/pack-e-bike-velo-de-course\/\" class=\"ra-loc-carte-lien\">\n\t\t\t\t\t\t\t\t\t\t\t\t\t\t\t<div class=\"ra-loc-carte-img\"><img loading=\"lazy\" decoding=\"async\" width=\"800\" height=\"534\" src=\"https:\/\/www.tracea.ch\/wp-content\/uploads\/2026\/08\/Sunn-Asphalte.jpg\" class=\"attachment-large size-large wp-post-image\" alt=\"\" sizes=\"(max-width: 420px) 92vw, (max-width: 820px) 46vw, (max-width: 1100px) 31vw, 300px\" srcset=\"https:\/\/www.tracea.ch\/wp-content\/uploads\/2026\/08\/Sunn-Asphalte.jpg 1024w, https:\/\/www.tracea.ch\/wp-content\/uploads\/2026\/08\/Sunn-Asphalte-300x200.jpg 300w, https:\/\/www.tracea.ch\/wp-content\/uploads\/2026\/08\/Sunn-Asphalte-768x512.jpg 768w, https:\/\/www.tracea.ch\/wp-content\/uploads\/2026\/08\/Sunn-Asphalte-18x12.jpg 18w, https:\/\/www.tracea.ch\/wp-content\/uploads\/2026\/08\/Sunn-Asphalte-600x400.jpg 600w\" \/><\/div>\n\t\t\t\t\t\t\t\t\t\t\t\t\t\t<h3 class=\"ra-loc-carte-titre\">E-BIKE-Paket Rennrad<\/h3>\n\t\t\t\t\t\t\t<p class=\"ra-loc-carte-prix\">\n\t\t\t\t\t\t\t\t120 min\t\t\t\t\t\t\t\t \u00b7 160.00 CHF\t\t\t\t\t\t\t<\/p>\n\t\t\t\t\t\t\t<span class=\"ra-loc-carte-cta\"><span class=\"dashicons dashicons-admin-tools\" aria-hidden=\"true\"><\/span>Voir &amp; r\u00e9server<\/span>\n\t\t\t\t\t\t<\/a>\n\t\t\t\t\t<\/article>\n\t\t\t\t\t\t\t\t\t\t\t\t\t\t<article class=\"ra-loc-carte\" data-cats=\"pack-service\" data-qv-type=\"service\" data-qv-id=\"59173\">\n\t\t\t\t\t\t<a href=\"https:\/\/www.tracea.ch\/de\/service\/pack-e-bike-vtt-semi-rigide\/\" class=\"ra-loc-carte-lien\">\n\t\t\t\t\t\t\t\t\t\t\t\t\t\t\t<div class=\"ra-loc-carte-img\"><img loading=\"lazy\" decoding=\"async\" width=\"800\" height=\"534\" src=\"https:\/\/www.tracea.ch\/wp-content\/uploads\/2026\/08\/Sunn-Rage.png\" class=\"attachment-large size-large wp-post-image\" alt=\"\" sizes=\"(max-width: 420px) 92vw, (max-width: 820px) 46vw, (max-width: 1100px) 31vw, 300px\" srcset=\"https:\/\/www.tracea.ch\/wp-content\/uploads\/2026\/08\/Sunn-Rage.png 1024w, https:\/\/www.tracea.ch\/wp-content\/uploads\/2026\/08\/Sunn-Rage-300x200.png 300w, https:\/\/www.tracea.ch\/wp-content\/uploads\/2026\/08\/Sunn-Rage-768x513.png 768w, https:\/\/www.tracea.ch\/wp-content\/uploads\/2026\/08\/Sunn-Rage-18x12.png 18w, https:\/\/www.tracea.ch\/wp-content\/uploads\/2026\/08\/Sunn-Rage-600x401.png 600w\" \/><\/div>\n\t\t\t\t\t\t\t\t\t\t\t\t\t\t<h3 class=\"ra-loc-carte-titre\">E-BIKE-Paket f\u00fcr Hardtail-Mountainbikes<\/h3>\n\t\t\t\t\t\t\t<p class=\"ra-loc-carte-prix\">\n\t\t\t\t\t\t\t\t120 min\t\t\t\t\t\t\t\t \u00b7 160.00 CHF\t\t\t\t\t\t\t<\/p>\n\t\t\t\t\t\t\t<span class=\"ra-loc-carte-cta\"><span class=\"dashicons dashicons-admin-tools\" aria-hidden=\"true\"><\/span>Voir &amp; r\u00e9server<\/span>\n\t\t\t\t\t\t<\/a>\n\t\t\t\t\t<\/article>\n\t\t\t\t\t\t\t\t\t\t\t\t\t\t<article class=\"ra-loc-carte\" data-cats=\"pack-service\" data-qv-type=\"service\" data-qv-id=\"59176\">\n\t\t\t\t\t\t<a href=\"https:\/\/www.tracea.ch\/de\/service\/pack-e-bike-vtt-tout-suspendu\/\" class=\"ra-loc-carte-lien\">\n\t\t\t\t\t\t\t\t\t\t\t\t\t\t\t<div class=\"ra-loc-carte-img\"><img loading=\"lazy\" decoding=\"async\" width=\"800\" height=\"534\" src=\"https:\/\/www.tracea.ch\/wp-content\/uploads\/2026\/08\/YHSUV3-CHARGER-FINEST_PR-1024x683-1.png\" class=\"attachment-large size-large wp-post-image\" alt=\"\" sizes=\"(max-width: 420px) 92vw, (max-width: 820px) 46vw, (max-width: 1100px) 31vw, 300px\" srcset=\"https:\/\/www.tracea.ch\/wp-content\/uploads\/2026\/08\/YHSUV3-CHARGER-FINEST_PR-1024x683-1.png 1024w, https:\/\/www.tracea.ch\/wp-content\/uploads\/2026\/08\/YHSUV3-CHARGER-FINEST_PR-1024x683-1-300x200.png 300w, https:\/\/www.tracea.ch\/wp-content\/uploads\/2026\/08\/YHSUV3-CHARGER-FINEST_PR-1024x683-1-768x512.png 768w, https:\/\/www.tracea.ch\/wp-content\/uploads\/2026\/08\/YHSUV3-CHARGER-FINEST_PR-1024x683-1-18x12.png 18w, https:\/\/www.tracea.ch\/wp-content\/uploads\/2026\/08\/YHSUV3-CHARGER-FINEST_PR-1024x683-1-600x400.png 600w\" \/><\/div>\n\t\t\t\t\t\t\t\t\t\t\t\t\t\t<h3 class=\"ra-loc-carte-titre\">E-BIKE-Paket f\u00fcr vollgefedertes Mountainbike<\/h3>\n\t\t\t\t\t\t\t<p class=\"ra-loc-carte-prix\">\n\t\t\t\t\t\t\t\t150 min\t\t\t\t\t\t\t\t \u00b7 190.00 CHF\t\t\t\t\t\t\t<\/p>\n\t\t\t\t\t\t\t<span class=\"ra-loc-carte-cta\"><span class=\"dashicons dashicons-admin-tools\" aria-hidden=\"true\"><\/span>Voir &amp; r\u00e9server<\/span>\n\t\t\t\t\t\t<\/a>\n\t\t\t\t\t<\/article>\n\t\t\t\t\t\t\t\t\t\t\t\t\t\t<article class=\"ra-loc-carte\" data-cats=\"pack-service\" data-qv-type=\"service\" data-qv-id=\"59169\">\n\t\t\t\t\t\t<a href=\"https:\/\/www.tracea.ch\/de\/service\/pack-velo-de-course\/\" class=\"ra-loc-carte-lien\">\n\t\t\t\t\t\t\t\t\t\t\t\t\t\t\t<div class=\"ra-loc-carte-img\"><img loading=\"lazy\" decoding=\"async\" width=\"800\" height=\"534\" src=\"https:\/\/www.tracea.ch\/wp-content\/uploads\/2026\/08\/Sunn-Asphalte.jpg\" class=\"attachment-large size-large wp-post-image\" alt=\"\" sizes=\"(max-width: 420px) 92vw, (max-width: 820px) 46vw, (max-width: 1100px) 31vw, 300px\" srcset=\"https:\/\/www.tracea.ch\/wp-content\/uploads\/2026\/08\/Sunn-Asphalte.jpg 1024w, https:\/\/www.tracea.ch\/wp-content\/uploads\/2026\/08\/Sunn-Asphalte-300x200.jpg 300w, https:\/\/www.tracea.ch\/wp-content\/uploads\/2026\/08\/Sunn-Asphalte-768x512.jpg 768w, https:\/\/www.tracea.ch\/wp-content\/uploads\/2026\/08\/Sunn-Asphalte-18x12.jpg 18w, https:\/\/www.tracea.ch\/wp-content\/uploads\/2026\/08\/Sunn-Asphalte-600x400.jpg 600w\" \/><\/div>\n\t\t\t\t\t\t\t\t\t\t\t\t\t\t<h3 class=\"ra-loc-carte-titre\">Rennrad-Set<\/h3>\n\t\t\t\t\t\t\t<p class=\"ra-loc-carte-prix\">\n\t\t\t\t\t\t\t\t90 min\t\t\t\t\t\t\t\t \u00b7 130.00 CHF\t\t\t\t\t\t\t<\/p>\n\t\t\t\t\t\t\t<span class=\"ra-loc-carte-cta\"><span class=\"dashicons dashicons-admin-tools\" aria-hidden=\"true\"><\/span>Voir &amp; r\u00e9server<\/span>\n\t\t\t\t\t\t<\/a>\n\t\t\t\t\t<\/article>\n\t\t\t\t\t\t\t\t\t\t\t\t\t\t<article class=\"ra-loc-carte\" data-cats=\"pack-service\" data-qv-type=\"service\" data-qv-id=\"59171\">\n\t\t\t\t\t\t<a href=\"https:\/\/www.tracea.ch\/de\/service\/pack-vtt-semi-rigide\/\" class=\"ra-loc-carte-lien\">\n\t\t\t\t\t\t\t\t\t\t\t\t\t\t\t<div class=\"ra-loc-carte-img\"><img loading=\"lazy\" decoding=\"async\" width=\"800\" height=\"534\" src=\"https:\/\/www.tracea.ch\/wp-content\/uploads\/2026\/08\/Sunn-exact.jpg\" class=\"attachment-large size-large wp-post-image\" alt=\"\" sizes=\"(max-width: 420px) 92vw, (max-width: 820px) 46vw, (max-width: 1100px) 31vw, 300px\" srcset=\"https:\/\/www.tracea.ch\/wp-content\/uploads\/2026\/08\/Sunn-exact.jpg 1024w, https:\/\/www.tracea.ch\/wp-content\/uploads\/2026\/08\/Sunn-exact-300x200.jpg 300w, https:\/\/www.tracea.ch\/wp-content\/uploads\/2026\/08\/Sunn-exact-768x512.jpg 768w, https:\/\/www.tracea.ch\/wp-content\/uploads\/2026\/08\/Sunn-exact-18x12.jpg 18w, https:\/\/www.tracea.ch\/wp-content\/uploads\/2026\/08\/Sunn-exact-600x400.jpg 600w\" \/><\/div>\n\t\t\t\t\t\t\t\t\t\t\t\t\t\t<h3 class=\"ra-loc-carte-titre\">Hardtail-Mountainbike-Set<\/h3>\n\t\t\t\t\t\t\t<p class=\"ra-loc-carte-prix\">\n\t\t\t\t\t\t\t\t90 min\t\t\t\t\t\t\t\t \u00b7 140.00 CHF\t\t\t\t\t\t\t<\/p>\n\t\t\t\t\t\t\t<span class=\"ra-loc-carte-cta\"><span class=\"dashicons dashicons-admin-tools\" aria-hidden=\"true\"><\/span>Voir &amp; r\u00e9server<\/span>\n\t\t\t\t\t\t<\/a>\n\t\t\t\t\t<\/article>\n\t\t\t\t\t\t\t\t\t\t\t\t\t\t<article class=\"ra-loc-carte\" data-cats=\"pack-service\" data-qv-type=\"service\" data-qv-id=\"59172\">\n\t\t\t\t\t\t<a href=\"https:\/\/www.tracea.ch\/de\/service\/pack-vtt-tout-suspendu\/\" class=\"ra-loc-carte-lien\">\n\t\t\t\t\t\t\t\t\t\t\t\t\t\t\t<div class=\"ra-loc-carte-img\"><img loading=\"lazy\" decoding=\"async\" width=\"800\" height=\"534\" src=\"https:\/\/www.tracea.ch\/wp-content\/uploads\/2026\/08\/Sunn-Kern.png\" class=\"attachment-large size-large wp-post-image\" alt=\"\" sizes=\"(max-width: 420px) 92vw, (max-width: 820px) 46vw, (max-width: 1100px) 31vw, 300px\" srcset=\"https:\/\/www.tracea.ch\/wp-content\/uploads\/2026\/08\/Sunn-Kern.png 1024w, https:\/\/www.tracea.ch\/wp-content\/uploads\/2026\/08\/Sunn-Kern-300x200.png 300w, https:\/\/www.tracea.ch\/wp-content\/uploads\/2026\/08\/Sunn-Kern-768x512.png 768w, https:\/\/www.tracea.ch\/wp-content\/uploads\/2026\/08\/Sunn-Kern-18x12.png 18w, https:\/\/www.tracea.ch\/wp-content\/uploads\/2026\/08\/Sunn-Kern-600x400.png 600w\" \/><\/div>\n\t\t\t\t\t\t\t\t\t\t\t\t\t\t<h3 class=\"ra-loc-carte-titre\">Full-Suspension-Mountainbike-Paket<\/h3>\n\t\t\t\t\t\t\t<p class=\"ra-loc-carte-prix\">\n\t\t\t\t\t\t\t\t120 min\t\t\t\t\t\t\t\t \u00b7 160.00 CHF\t\t\t\t\t\t\t<\/p>\n\t\t\t\t\t\t\t<span class=\"ra-loc-carte-cta\"><span class=\"dashicons dashicons-admin-tools\" aria-hidden=\"true\"><\/span>Voir &amp; r\u00e9server<\/span>\n\t\t\t\t\t\t<\/a>\n\t\t\t\t\t<\/article>\n\t\t\t\t\t\t\t\t\t\t\t\t\t\t<article class=\"ra-loc-carte\" data-cats=\"pack-fourche\" data-qv-type=\"service\" data-qv-id=\"59179\">\n\t\t\t\t\t\t<a href=\"https:\/\/www.tracea.ch\/de\/service\/rockshox-service-amortisseur\/\" class=\"ra-loc-carte-lien\">\n\t\t\t\t\t\t\t\t\t\t\t\t\t\t\t<div class=\"ra-loc-carte-img\"><img loading=\"lazy\" decoding=\"async\" width=\"800\" height=\"800\" src=\"https:\/\/www.tracea.ch\/wp-content\/uploads\/2026\/08\/2-1024x1024.png\" class=\"attachment-large size-large wp-post-image\" alt=\"\" sizes=\"(max-width: 420px) 92vw, (max-width: 820px) 46vw, (max-width: 1100px) 31vw, 300px\" srcset=\"https:\/\/www.tracea.ch\/wp-content\/uploads\/2026\/08\/2-1024x1024.png 1024w, https:\/\/www.tracea.ch\/wp-content\/uploads\/2026\/08\/2-300x300.png 300w, https:\/\/www.tracea.ch\/wp-content\/uploads\/2026\/08\/2-150x150.png 150w, https:\/\/www.tracea.ch\/wp-content\/uploads\/2026\/08\/2-768x768.png 768w, https:\/\/www.tracea.ch\/wp-content\/uploads\/2026\/08\/2-12x12.png 12w, https:\/\/www.tracea.ch\/wp-content\/uploads\/2026\/08\/2-600x600.png 600w, https:\/\/www.tracea.ch\/wp-content\/uploads\/2026\/08\/2-100x100.png 100w, https:\/\/www.tracea.ch\/wp-content\/uploads\/2026\/08\/2.png 1080w\" \/><\/div>\n\t\t\t\t\t\t\t\t\t\t\t\t\t\t<h3 class=\"ra-loc-carte-titre\">Rockshox-Service f\u00fcr D\u00e4mpfer<\/h3>\n\t\t\t\t\t\t\t<p class=\"ra-loc-carte-prix\">\n\t\t\t\t\t\t\t\t120 min\t\t\t\t\t\t\t\t \u00b7 215.00 CHF\t\t\t\t\t\t\t<\/p>\n\t\t\t\t\t\t\t<span class=\"ra-loc-carte-cta\"><span class=\"dashicons dashicons-admin-tools\" aria-hidden=\"true\"><\/span>Voir &amp; r\u00e9server<\/span>\n\t\t\t\t\t\t<\/a>\n\t\t\t\t\t<\/article>\n\t\t\t\t\t\t\t\t\t\t\t\t\t\t<article class=\"ra-loc-carte\" data-cats=\"pack-fourche\" data-qv-type=\"service\" data-qv-id=\"59180\">\n\t\t\t\t\t\t<a href=\"https:\/\/www.tracea.ch\/de\/service\/rockshox-service-fourche\/\" class=\"ra-loc-carte-lien\">\n\t\t\t\t\t\t\t\t\t\t\t\t\t\t\t<div class=\"ra-loc-carte-img\"><img loading=\"lazy\" decoding=\"async\" width=\"800\" height=\"800\" src=\"https:\/\/www.tracea.ch\/wp-content\/uploads\/2026\/08\/1-1024x1024.png\" class=\"attachment-large size-large wp-post-image\" alt=\"\" sizes=\"(max-width: 420px) 92vw, (max-width: 820px) 46vw, (max-width: 1100px) 31vw, 300px\" srcset=\"https:\/\/www.tracea.ch\/wp-content\/uploads\/2026\/08\/1-1024x1024.png 1024w, https:\/\/www.tracea.ch\/wp-content\/uploads\/2026\/08\/1-300x300.png 300w, https:\/\/www.tracea.ch\/wp-content\/uploads\/2026\/08\/1-150x150.png 150w, https:\/\/www.tracea.ch\/wp-content\/uploads\/2026\/08\/1-768x768.png 768w, https:\/\/www.tracea.ch\/wp-content\/uploads\/2026\/08\/1-12x12.png 12w, https:\/\/www.tracea.ch\/wp-content\/uploads\/2026\/08\/1-600x600.png 600w, https:\/\/www.tracea.ch\/wp-content\/uploads\/2026\/08\/1-100x100.png 100w, https:\/\/www.tracea.ch\/wp-content\/uploads\/2026\/08\/1.png 1080w\" \/><\/div>\n\t\t\t\t\t\t\t\t\t\t\t\t\t\t<h3 class=\"ra-loc-carte-titre\">Rockshox-Gabelwartung<\/h3>\n\t\t\t\t\t\t\t<p class=\"ra-loc-carte-prix\">\n\t\t\t\t\t\t\t\t120 min\t\t\t\t\t\t\t\t \u00b7 215.00 CHF\t\t\t\t\t\t\t<\/p>\n\t\t\t\t\t\t\t<span class=\"ra-loc-carte-cta\"><span class=\"dashicons dashicons-admin-tools\" aria-hidden=\"true\"><\/span>Voir &amp; r\u00e9server<\/span>\n\t\t\t\t\t\t<\/a>\n\t\t\t\t\t<\/article>\n\t\t\t\t\t\t\t<\/div>\n\t\t<\/div>\n\t\t<\/div>","protected":false},"excerpt":{"rendered":"","protected":false},"author":1,"featured_media":0,"parent":0,"menu_order":0,"comment_status":"closed","ping_status":"closed","template":"","meta":{"footnotes":""},"class_list":["post-59138","page","type-page","status-publish","hentry"],"_links":{"self":[{"href":"https:\/\/www.tracea.ch\/de\/wp-json\/wp\/v2\/pages\/59138","targetHints":{"allow":["GET"]}}],"collection":[{"href":"https:\/\/www.tracea.ch\/de\/wp-json\/wp\/v2\/pages"}],"about":[{"href":"https:\/\/www.tracea.ch\/de\/wp-json\/wp\/v2\/types\/page"}],"author":[{"embeddable":true,"href":"https:\/\/www.tracea.ch\/de\/wp-json\/wp\/v2\/users\/1"}],"replies":[{"embeddable":true,"href":"https:\/\/www.tracea.ch\/de\/wp-json\/wp\/v2\/comments?post=59138"}],"version-history":[{"count":6,"href":"https:\/\/www.tracea.ch\/de\/wp-json\/wp\/v2\/pages\/59138\/revisions"}],"predecessor-version":[{"id":60122,"href":"https:\/\/www.tracea.ch\/de\/wp-json\/wp\/v2\/pages\/59138\/revisions\/60122"}],"wp:attachment":[{"href":"https:\/\/www.tracea.ch\/de\/wp-json\/wp\/v2\/media?parent=59138"}],"curies":[{"name":"wp","href":"https:\/\/api.w.org\/{rel}","templated":true}]}}