{"id":10233,"date":"2026-06-30T19:50:11","date_gmt":"2026-06-30T19:50:11","guid":{"rendered":"https:\/\/www.tracea.ch\/boutique\/non%20class\u00e9\/kids-campfire-3in1-jacket-girls\/"},"modified":"2026-07-07T17:18:08","modified_gmt":"2026-07-07T17:18:08","slug":"kids-campfire-3in1-jacket-girls","status":"publish","type":"product","link":"https:\/\/www.tracea.ch\/de\/boutique\/kids-campfire-3in1-jacket-girls\/","title":{"rendered":"Kids Campfire 3in1 Jacket Girls"},"content":{"rendered":"<p>Deux vestes pour quatre saisons ! Cette veste double pour fille, est fonctionnelle, qualitative et polyvalente. Elle s\u00e9duit par ses d\u00e9tails adapt\u00e9s aux enfants, tels que des \u00e9l\u00e9ments r\u00e9fl\u00e9chissants et une ceinture ajustable. La coupe en A, l\u00e9g\u00e8rement cintr\u00e9e, ainsi que les fronces dans le dos, donnent des accents tendance \u00e0 la pi\u00e8ce. Cette veste pour enfants est un compagnon \u00e9cologique et certifi\u00e9 bluesign\u00ae, fiable par tous les temps : la capuche et le traitement imperm\u00e9able prot\u00e8gent de la pluie, la veste int\u00e9rieure en polaire douce assure une agr\u00e9able chaleur et pour les intersaisons, les deux vestes peuvent \u00eatre port\u00e9es s\u00e9par\u00e9ment. Les v\u00eatements fonctionnels de VAUDE pour enfants se distinguent par leurs mati\u00e8res de qualit\u00e9, leurs coupes adapt\u00e9es aux enfants et les couleurs choisies, mais \u00e9galement par leur fabrication \u00e9cologique. Nous d\u00e9veloppons des v\u00eatements outdoor qui, gr\u00e2ce \u00e0 leur longue dur\u00e9e de vie, peuvent \u00eatre pass\u00e9s d&rsquo;enfant \u00e0 enfant. Ce produit est imperm\u00e9abilis\u00e9 gr\u00e2ce \u00e0 la finition Eco Finish, \u00e9cologique et sans perfluorocarbures (PFC). Le sigle Green Shape est la garantie de VAUDE pour des produits \u00e9cologiques, en mat\u00e9riau durable et \u00e0 la fabrication \u00e9quitable et respectueuse des ressources naturelles.<\/p>\n<p><em>Veste ext\u00e9rieure:, mati\u00e8re double \u00e9paisseur, 2 poches frontales dissimul\u00e9es avec zip, zip frontal avec double rabat et fold over, poignets \u00e9lastiques, cordon plus s\u00fbr enti\u00e8rement cach\u00e9 dans la ceinture, r\u00e9glables par les poches, capuche mont\u00e9e et r\u00e9glable en largeur avec parties \u00e9lastiques, doublure en deux parties, partie sup\u00e9rieure en filet, partie inf\u00e9rieure, manches et capuche en taffetas, imprim\u00e9s r\u00e9flecteurs, passepoil r\u00e9fl\u00e9chissante, \u00e9tiquette pour le nom jusqu&rsquo;\u00e0 la taille 122\/128Veste int\u00e9rieure:, poignets avec int\u00e9rieur en lycra, \u00e9tiquette pour le nom jusqu&rsquo;\u00e0 la taille 122\/128<\/em><\/p>","protected":false},"excerpt":{"rendered":"<p>Veste double pour enfant, pour le quotidien, les loisirs et les sports d&rsquo;hiver #\u00e9tanche, coupe-vent et respirante #polyvalente #\u00e0 la fabrication \u00e9cologique<\/p>","protected":false},"featured_media":16420,"comment_status":"closed","ping_status":"open","template":"","meta":[],"product_brand":[375],"product_cat":[213,420,216],"product_tag":[365,368,422,421],"class_list":["post-10233","product","type-product","status-publish","has-post-thumbnail","product_brand-vaude","product_cat-boutique","product_cat-veste-3-en-1","product_cat-vetements","product_tag-boutique","product_tag-vente","product_tag-vente-vetement","product_tag-vetement","pa_couleur-redeva","pa_couleur-silt-brown-rose","pa_taille-424","pa_taille-110-116","pa_taille-122-128","pa_taille-134-140","pa_taille-146-152","pa_taille-158-164","pa_taille-418","pa_taille-423","first","instock","purchasable","product-type-variable"],"_links":{"self":[{"href":"https:\/\/www.tracea.ch\/de\/wp-json\/wp\/v2\/product\/10233","targetHints":{"allow":["GET"]}}],"collection":[{"href":"https:\/\/www.tracea.ch\/de\/wp-json\/wp\/v2\/product"}],"about":[{"href":"https:\/\/www.tracea.ch\/de\/wp-json\/wp\/v2\/types\/product"}],"replies":[{"embeddable":true,"href":"https:\/\/www.tracea.ch\/de\/wp-json\/wp\/v2\/comments?post=10233"}],"version-history":[{"count":1,"href":"https:\/\/www.tracea.ch\/de\/wp-json\/wp\/v2\/product\/10233\/revisions"}],"predecessor-version":[{"id":28132,"href":"https:\/\/www.tracea.ch\/de\/wp-json\/wp\/v2\/product\/10233\/revisions\/28132"}],"wp:featuredmedia":[{"embeddable":true,"href":"https:\/\/www.tracea.ch\/de\/wp-json\/wp\/v2\/media\/16420"}],"wp:attachment":[{"href":"https:\/\/www.tracea.ch\/de\/wp-json\/wp\/v2\/media?parent=10233"}],"wp:term":[{"taxonomy":"product_brand","embeddable":true,"href":"https:\/\/www.tracea.ch\/de\/wp-json\/wp\/v2\/product_brand?post=10233"},{"taxonomy":"product_cat","embeddable":true,"href":"https:\/\/www.tracea.ch\/de\/wp-json\/wp\/v2\/product_cat?post=10233"},{"taxonomy":"product_tag","embeddable":true,"href":"https:\/\/www.tracea.ch\/de\/wp-json\/wp\/v2\/product_tag?post=10233"}],"curies":[{"name":"wp","href":"https:\/\/api.w.org\/{rel}","templated":true}]}}