{"id":10307,"date":"2026-06-30T19:51:06","date_gmt":"2026-06-30T19:51:06","guid":{"rendered":"https:\/\/www.tracea.ch\/boutique\/non%20class\u00e9\/womens-annecy-3in1-coat-iii\/"},"modified":"2026-07-07T17:20:55","modified_gmt":"2026-07-07T17:20:55","slug":"womens-annecy-3in1-coat-iii","status":"publish","type":"product","link":"https:\/\/www.tracea.ch\/de\/boutique\/womens-annecy-3in1-coat-iii\/","title":{"rendered":"Women&rsquo;s Annecy 3in1 Coat III"},"content":{"rendered":"<p>Avec lui, l&rsquo;hiver est v\u00e9ritablement plac\u00e9 sous le signe de l&rsquo;\u00e9l\u00e9gance: le manteau d&rsquo;hiver pour dames 3-en-1 de qualit\u00e9 sup\u00e9rieure satisfait toutes les exigences en termes de fonctionnalit\u00e9 et d&rsquo;esth\u00e9tique! Froid glacial, vent du diable ou pluie incessante: le manteau Annecy est pr\u00eat \u00e0 affronter tous les temps. Le manteau d&rsquo;ext\u00e9rieur \u00e9tanche en polyester recycl\u00e9 de mani\u00e8re \u00e9cologique est \u00e9quip\u00e9 d&rsquo;un manteau int\u00e9rieur amovible. Doux au toucher, il tient bien chaud gr\u00e2ce \u00e0 son garnissage en duvet certifi\u00e9 de qualit\u00e9 sup\u00e9rieure. Avec son matelassage tr\u00e8s tendance, le manteau int\u00e9rieur fait de l&rsquo;effet port\u00e9 seul. Les bords ajustables de la capuche et des manches prot\u00e8gent du vent et de la pluie, et l&rsquo;imprim\u00e9 r\u00e9fl\u00e9chissant de la manche gauche rend le porteur visible en cas d&rsquo;obscurit\u00e9: il lui suffit juste de remonter ses manches. Le zip bidirectionnel permet un acc\u00e8s aux poches (de pantalon) situ\u00e9es en dessous, et la membrane \u00e9tanche et respirante garantit un confort optimal. Fabriqu\u00e9 dans un mat\u00e9riau \u00e9cologique d\u00e9perlant et \u00e9cologique sans fluorocarbures (PFC), ce manteau f\u00e9minin et polyvalent pour la ville et le quotidien se porte de l&rsquo;automne au printemps.<\/p>\n<p><em>Veste ext\u00e9rieure:, mati\u00e8re double \u00e9paisseur, capuche mont\u00e9e et r\u00e9glable en largeur, zip frontal double-sens avec rabat, 2 poches frontales dissimul\u00e9es avec zip, manches pr\u00e9form\u00e9es, poignets r\u00e9glables, bande r\u00e9fl\u00e9chissant sur le poignet droit, fente \u00e0 l&rsquo;arri\u00e8re dans la ceintureVeste int\u00e9rieure:, garnissage en duvet  , capuche mont\u00e9e, 2 poches dans la d\u00e9coupe avec zip \u00e0 l&rsquo;avant<\/em><\/p>","protected":false},"excerpt":{"rendered":"<p>Manteau d&rsquo;hiver polyvalent et de qualit\u00e9 sup\u00e9rieure pour le quotidien moderne #imperm\u00e9able, coupe-vent et respirant #tr\u00e8s chaud #fabrication \u00e9cologique<\/p>","protected":false},"featured_media":16447,"comment_status":"closed","ping_status":"open","template":"","meta":[],"product_brand":[375],"product_cat":[213,420,216],"product_tag":[365,368,422,421],"class_list":["post-10307","product","type-product","status-publish","has-post-thumbnail","product_brand-vaude","product_cat-boutique","product_cat-veste-3-en-1","product_cat-vetements","product_tag-boutique","product_tag-vente","product_tag-vente-vetement","product_tag-vetement","pa_couleur-black-black","pa_couleur-dark-sea-nordic-blue","pa_couleur-deep-pond","pa_couleur-tobacco","pa_taille-436","pa_taille-437","pa_taille-438","pa_taille-439","pa_taille-440","pa_taille-441","first","instock","purchasable","product-type-variable"],"_links":{"self":[{"href":"https:\/\/www.tracea.ch\/de\/wp-json\/wp\/v2\/product\/10307","targetHints":{"allow":["GET"]}}],"collection":[{"href":"https:\/\/www.tracea.ch\/de\/wp-json\/wp\/v2\/product"}],"about":[{"href":"https:\/\/www.tracea.ch\/de\/wp-json\/wp\/v2\/types\/product"}],"replies":[{"embeddable":true,"href":"https:\/\/www.tracea.ch\/de\/wp-json\/wp\/v2\/comments?post=10307"}],"version-history":[{"count":1,"href":"https:\/\/www.tracea.ch\/de\/wp-json\/wp\/v2\/product\/10307\/revisions"}],"predecessor-version":[{"id":28152,"href":"https:\/\/www.tracea.ch\/de\/wp-json\/wp\/v2\/product\/10307\/revisions\/28152"}],"wp:featuredmedia":[{"embeddable":true,"href":"https:\/\/www.tracea.ch\/de\/wp-json\/wp\/v2\/media\/16447"}],"wp:attachment":[{"href":"https:\/\/www.tracea.ch\/de\/wp-json\/wp\/v2\/media?parent=10307"}],"wp:term":[{"taxonomy":"product_brand","embeddable":true,"href":"https:\/\/www.tracea.ch\/de\/wp-json\/wp\/v2\/product_brand?post=10307"},{"taxonomy":"product_cat","embeddable":true,"href":"https:\/\/www.tracea.ch\/de\/wp-json\/wp\/v2\/product_cat?post=10307"},{"taxonomy":"product_tag","embeddable":true,"href":"https:\/\/www.tracea.ch\/de\/wp-json\/wp\/v2\/product_tag?post=10307"}],"curies":[{"name":"wp","href":"https:\/\/api.w.org\/{rel}","templated":true}]}}