{"id":10351,"date":"2026-06-30T19:51:59","date_gmt":"2026-06-30T19:51:59","guid":{"rendered":"https:\/\/www.tracea.ch\/boutique\/non%20class\u00e9\/mens-yaras-3in1-jacket\/"},"modified":"2026-07-07T17:22:27","modified_gmt":"2026-07-07T17:22:27","slug":"mens-yaras-3in1-jacket","status":"publish","type":"product","link":"https:\/\/www.tracea.ch\/de\/boutique\/mens-yaras-3in1-jacket\/","title":{"rendered":"Men&rsquo;s Yaras 3in1 Jacket"},"content":{"rendered":"<p>La veste Yaras 3in1 Jacket permet aux cyclistes d&rsquo;affronter le mauvais temps et le froid en hiver comme en voyage! La membrane 2,5couches Ceplex Active \u00e9carte efficacement l&rsquo;humidit\u00e9, des poches \u00e9tanches \u00e0 l&rsquo;eau permettent en outre de mettre \u00e0 l&rsquo;abri et de conserver au sec des cartes, un smartphone ou d&rsquo;autres objets de valeur. La capuche r\u00e9glable maintient \u00e9galement la t\u00eate au sec, m\u00eame en cas d&rsquo;intemp\u00e9ries durables; \u00e0 ceci s&rsquo;ajoute le syst\u00e8me de ventilation ing\u00e9nieux qui assure un climat int\u00e9rieur optimal. Question fonctionnalit\u00e9, la veste int\u00e9rieure assure aussi les devants: munie d&rsquo;un rembourrage PrimaLoft\u00ae Black Insulation 100%Eco au niveau de la poitrine et des \u00e9paules, elle apporte un surcro\u00eet de chaleur lors des froides journ\u00e9es d&rsquo;hiver. Deux poches \u00e0 fermeture \u00e9clair et des rajouts \u00e9lastiques offrent une grande souplesse dans chaque situation de port, le col montant r\u00e9duit les courants d&rsquo;air et garantit un excellent confort au porter. Les mat\u00e9riaux sont fabriqu\u00e9s dans le respect de l&rsquo;environnement conform\u00e9ment \u00e0 la norme bluesign\u00ae. Combine cette veste avec le Yaras Rain Pants et te voil\u00e0 parfaitement \u00e9quip\u00e9 pour les jours de pluie. Avec des \u00e9l\u00e9ments r\u00e9fl\u00e9chissants. Ce produit est imperm\u00e9abilis\u00e9 avec la finition Eco Finish, \u00e9cologique et sans fluorocarbures (PFC). Le label Green Shape de VAUDE garantit un produit \u00e9cologique, fonctionnel et fabriqu\u00e9 dans des mat\u00e9riaux durables.<\/p>\n<p><em>Veste ext\u00e9rieure:, mati\u00e8re 2,5 \u00e9paisseurs, manches pr\u00e9form\u00e9es, poches de devant avec zip \u00e9tanche, capuche mont\u00e9e et r\u00e9glable en largeur, coupe rallong\u00e9e dans le dos, fermeture \u00e9clair double sens \u00e9tanche sur le devant, poignets partiellement \u00e9lastiques, cordon \u00e0 la ceinture avec syst\u00e8me de r\u00e9glage \u00e0 une main, pli d\u2019a\u00e9ration, \u00e9l\u00e9ments r\u00e9fl\u00e9chissantsVeste int\u00e9rieure:, il est possible d&rsquo;y attacher une veste int\u00e9rieure gr\u00e2ce \u00e0 un zip, doubl\u00e9 sur la poitrine et les \u00e9paule , parties en stretch, 2 poches frontales avec fermeture \u00e9clair, zip frontal avec rabat int\u00e9rieur, col montant<\/em><\/p>","protected":false},"excerpt":{"rendered":"<p>Veste double polyvalente pour le cyclisme #\u00e9tanche, coupe-vent et respirante #veste int\u00e9rieure avec doublure isolante Primaloft\u00ae #fabrication \u00e9cologique<\/p>","protected":false},"featured_media":16505,"comment_status":"closed","ping_status":"open","template":"","meta":[],"product_brand":[375],"product_cat":[213,420,216],"product_tag":[365,368,422,421],"class_list":["post-10351","product","type-product","status-publish","has-post-thumbnail","product_brand-vaude","product_cat-boutique","product_cat-veste-3-en-1","product_cat-vetements","product_tag-boutique","product_tag-vente","product_tag-vente-vetement","product_tag-vetement","pa_couleur-dark-sea-heron","pa_couleur-glowing-red","pa_couleur-neon-yellow-uni","pa_couleur-savanna","pa_taille-l","pa_taille-m","pa_taille-s","pa_taille-xl","pa_taille-xxl","pa_taille-xxxl","pa_taille-xxxxl","first","instock","purchasable","product-type-variable"],"_links":{"self":[{"href":"https:\/\/www.tracea.ch\/de\/wp-json\/wp\/v2\/product\/10351","targetHints":{"allow":["GET"]}}],"collection":[{"href":"https:\/\/www.tracea.ch\/de\/wp-json\/wp\/v2\/product"}],"about":[{"href":"https:\/\/www.tracea.ch\/de\/wp-json\/wp\/v2\/types\/product"}],"replies":[{"embeddable":true,"href":"https:\/\/www.tracea.ch\/de\/wp-json\/wp\/v2\/comments?post=10351"}],"version-history":[{"count":1,"href":"https:\/\/www.tracea.ch\/de\/wp-json\/wp\/v2\/product\/10351\/revisions"}],"predecessor-version":[{"id":28169,"href":"https:\/\/www.tracea.ch\/de\/wp-json\/wp\/v2\/product\/10351\/revisions\/28169"}],"wp:featuredmedia":[{"embeddable":true,"href":"https:\/\/www.tracea.ch\/de\/wp-json\/wp\/v2\/media\/16505"}],"wp:attachment":[{"href":"https:\/\/www.tracea.ch\/de\/wp-json\/wp\/v2\/media?parent=10351"}],"wp:term":[{"taxonomy":"product_brand","embeddable":true,"href":"https:\/\/www.tracea.ch\/de\/wp-json\/wp\/v2\/product_brand?post=10351"},{"taxonomy":"product_cat","embeddable":true,"href":"https:\/\/www.tracea.ch\/de\/wp-json\/wp\/v2\/product_cat?post=10351"},{"taxonomy":"product_tag","embeddable":true,"href":"https:\/\/www.tracea.ch\/de\/wp-json\/wp\/v2\/product_tag?post=10351"}],"curies":[{"name":"wp","href":"https:\/\/api.w.org\/{rel}","templated":true}]}}