{"id":10409,"date":"2026-06-30T19:53:18","date_gmt":"2026-06-30T19:53:18","guid":{"rendered":"https:\/\/www.tracea.ch\/boutique\/non%20class\u00e9\/kids-casarea-3in1-jacket-ii\/"},"modified":"2026-07-07T17:23:36","modified_gmt":"2026-07-07T17:23:36","slug":"kids-casarea-3in1-jacket-ii","status":"publish","type":"product","link":"https:\/\/www.tracea.ch\/de\/boutique\/kids-casarea-3in1-jacket-ii\/","title":{"rendered":"Kids Casarea 3in1 Jacket II"},"content":{"rendered":"<p>Une veste pour enfant qui s&rsquo;adapte \u00e0 chaque situation, quel bonheur! La veste Kids Casarea 3in1 Jacket II ne te d\u00e9cevra pas en la mati\u00e8re. Quand il pleut, la mati\u00e8re ext\u00e9rieure Ceplex Active tient ses promesses en mati\u00e8re d&rsquo;\u00e9tanch\u00e9it\u00e9; et s&rsquo;il fait froid, la doublure de la veste int\u00e9rieure r\u00e9versible garde son h\u00f4te bien au chaud. La capuche r\u00e9glable peut \u00eatre enroul\u00e9e dans le col; le cordon de serrage dans la ceinture se laisse manipuler dans les poches lat\u00e9rales. Avec des \u00e9l\u00e9ments r\u00e9fl\u00e9chissants. Les passe-pouce de la veste int\u00e9rieure emp\u00eachent d&rsquo;une part le glissement des manches vers le haut et contribuent d&rsquo;autre part \u00e0 un excellent confort au porter. Ce produit est imperm\u00e9abilis\u00e9 avec la finition Eco Finish, \u00e9cologique et sans fluorocarbures (PFC). Le label Green Shape de VAUDE garantit un produit \u00e9cologique, fonctionnel et fabriqu\u00e9 dans des mat\u00e9riaux durables.<\/p>\n<p><em>Veste ext\u00e9rieure:, mati\u00e8re double \u00e9paisseur, 2 poches frontales avec zip hydrophobe, zip hydrophobe sur le devant avec rabat int\u00e9rieur , cordon plus s\u00fbr enti\u00e8rement cach\u00e9 dans la ceinture, r\u00e9glables par les poches, poignets r\u00e9glables en largeur gr\u00e2ce \u00e0 un velcro, capuche mont\u00e9e ajustable en largeur, enroulable, avec col s\u00e9par\u00e9, doublure en deux parties, partie sup\u00e9rieure en filet, partie inf\u00e9rieure, manches et capuche en taffetas, imprim\u00e9 r\u00e9fl\u00e9chissant, \u00e9tiquette pour le nom jusqu&rsquo;\u00e0 la taille 122\/128Veste int\u00e9rieure:, veste r\u00e9versible, ouatinage 100g\/m\u00b2 partout, 2 poches sur le devant, zip frontal avec fold over, poignets avec trou pour le pouce, \u00e9tiquette pour le nom jusqu&rsquo;\u00e0 la taille 122\/128<\/em><\/p>","protected":false},"excerpt":{"rendered":"<p>Veste enfant pratique 3-en-1-pour temp\u00e9ratures froides et m\u00e9t\u00e9o changeante #\u00e9tanche, coupe-vent et respirante #veste int\u00e9rieure isol\u00e9e r\u00e9versible #fabrication \u00e9cologique<\/p>","protected":false},"featured_media":16571,"comment_status":"closed","ping_status":"open","template":"","meta":[],"product_brand":[375],"product_cat":[213,420,216],"product_tag":[365,368,422,421],"class_list":["post-10409","product","type-product","status-publish","has-post-thumbnail","product_brand-vaude","product_cat-boutique","product_cat-veste-3-en-1","product_cat-vetements","product_tag-boutique","product_tag-vente","product_tag-vente-vetement","product_tag-vetement","pa_couleur-dark-sea-desert","pa_couleur-redeva","pa_taille-424","pa_taille-110-116","pa_taille-122-128","pa_taille-134-140","pa_taille-146-152","pa_taille-158-164","pa_taille-423","first","instock","purchasable","product-type-variable"],"_links":{"self":[{"href":"https:\/\/www.tracea.ch\/de\/wp-json\/wp\/v2\/product\/10409","targetHints":{"allow":["GET"]}}],"collection":[{"href":"https:\/\/www.tracea.ch\/de\/wp-json\/wp\/v2\/product"}],"about":[{"href":"https:\/\/www.tracea.ch\/de\/wp-json\/wp\/v2\/types\/product"}],"replies":[{"embeddable":true,"href":"https:\/\/www.tracea.ch\/de\/wp-json\/wp\/v2\/comments?post=10409"}],"version-history":[{"count":1,"href":"https:\/\/www.tracea.ch\/de\/wp-json\/wp\/v2\/product\/10409\/revisions"}],"predecessor-version":[{"id":28184,"href":"https:\/\/www.tracea.ch\/de\/wp-json\/wp\/v2\/product\/10409\/revisions\/28184"}],"wp:featuredmedia":[{"embeddable":true,"href":"https:\/\/www.tracea.ch\/de\/wp-json\/wp\/v2\/media\/16571"}],"wp:attachment":[{"href":"https:\/\/www.tracea.ch\/de\/wp-json\/wp\/v2\/media?parent=10409"}],"wp:term":[{"taxonomy":"product_brand","embeddable":true,"href":"https:\/\/www.tracea.ch\/de\/wp-json\/wp\/v2\/product_brand?post=10409"},{"taxonomy":"product_cat","embeddable":true,"href":"https:\/\/www.tracea.ch\/de\/wp-json\/wp\/v2\/product_cat?post=10409"},{"taxonomy":"product_tag","embeddable":true,"href":"https:\/\/www.tracea.ch\/de\/wp-json\/wp\/v2\/product_tag?post=10409"}],"curies":[{"name":"wp","href":"https:\/\/api.w.org\/{rel}","templated":true}]}}