{"id":10542,"date":"2026-06-30T19:55:54","date_gmt":"2026-06-30T19:55:54","guid":{"rendered":"https:\/\/www.tracea.ch\/boutique\/non%20class\u00e9\/kids-snow-cup-3in1-jacket-iii\/"},"modified":"2026-07-07T17:27:46","modified_gmt":"2026-07-07T17:27:46","slug":"kids-snow-cup-3in1-jacket-iii","status":"publish","type":"product","link":"https:\/\/www.tracea.ch\/de\/boutique\/kids-snow-cup-3in1-jacket-iii\/","title":{"rendered":"Kids Snow Cup 3in1 Jacket III"},"content":{"rendered":"<p>Notre veste enfant hyper multiusage pour la saison froide de l&rsquo;ann\u00e9e\u00a0! La veste d&rsquo;hiver \u00e9cologique Kids Snow Cup 3 en 1 pour enfant est un vrai couteau suisse\u00a0: elle s&rsquo;utilise indiff\u00e9remment comme veste de ski, \u00e0 la garderie, \u00e0 l&rsquo;\u00e9cole et comme veste outdoor. La veste int\u00e9rieure amovible et matelass\u00e9e chaude permet d&rsquo;adapter parfaitement la veste enfant 3 en 1 aux caprices de la m\u00e9t\u00e9o. Les deux vestes peuvent se porter ind\u00e9pendamment l&rsquo;une de l&rsquo;autre. La veste int\u00e9rieure matelass\u00e9e est munie d&#8217;empi\u00e8cements powerstretch sous les bras, qui favorisent une amplitude de mouvement illimit\u00e9e et une haute respirabilit\u00e9. La veste ext\u00e9rieure est pourvue d&rsquo;un pli cousu dans les manches\u00a0: une fois le pli d\u00e9tach\u00e9, les manches peuvent grandir au m\u00eame rythme que l&rsquo;enfant. La membrane respirante Ceplex Active int\u00e9gr\u00e9e \u00e0 la veste ext\u00e9rieure repousse efficacement la pluie et l&rsquo;humidit\u00e9, et assure une bonne r\u00e9gulation thermique. La veste enfant Snow Cup 3 en 1 est pourvue d&rsquo;un col haut et d&rsquo;une capuche amovible pour favoriser un usage le plus polyvalent possible\u00a0: la capuche r\u00e9glable peut ainsi \u00eatre retir\u00e9e pour pratiquer le ski et ne pas g\u00eaner le port du casque. Une poche appliqu\u00e9e sur le bras pratique permet de ranger un forfait ski, deux poches en biais zipp\u00e9es, des poignets r\u00e9glables et des \u00e9l\u00e9ments r\u00e9fl\u00e9chissants compl\u00e8tent les prestations de cette veste multifonction. Si le zip devait s&rsquo;abimer, il est tr\u00e8s facile de le r\u00e9parer ou de le remplacer. VAUDE con\u00e7oit des \u00e9quipements outdoor pour enfants hautement r\u00e9sistants qui peuvent ainsi \u00eatre pass\u00e9s d&rsquo;un enfant \u00e0 un autre.<\/p>\n<p><em>Veste ext\u00e9rieure:, mati\u00e8re double \u00e9paisseur, fonction \u00e9volutive: ce mod\u00e8le peut \u00eatre ajust\u00e9 \u00e0 la croissance de votre enfant, 2 poches frontales dissimul\u00e9es avec zip, 1 poche pour le forfait de ski sur la manche gauche, zip hydrophobe sur le devant avec rabat int\u00e9rieur , avec zip facilement r\u00e9parable, cordon plus s\u00fbr enti\u00e8rement cach\u00e9 dans la ceinture, r\u00e9glables par les poches, poignets r\u00e9glables en largeur gr\u00e2ce \u00e0 un velcro, capuche amovible et r\u00e9glable en largeur avec parties \u00e9lastiques, doublure en deux parties, partie sup\u00e9rieure en filet, partie inf\u00e9rieure, manches et capuche en taffetas, imprim\u00e9 r\u00e9fl\u00e9chissant, avec petite plaque pour y inscrire le nomVeste int\u00e9rieure:, prot\u00e8ge-menton avec Foldover, ouatinage 120g\/m\u00b2 partout, 2 poches sur le devant, \u00e9tiquette pour le nom jusqu&rsquo;\u00e0 la taille 122\/128<\/em><\/p>","protected":false},"excerpt":{"rendered":"<p>Veste enfant 3 en 1 polyvalente pour l&rsquo;automne et l&rsquo;hiver #pour le ski, le quotidien, la garderie et l&rsquo;\u00e9cole #grandit avec son porteur dans la veste ext\u00e9rieure #mati\u00e8re principale en polyester 100&nbsp;% recycl\u00e9<\/p>","protected":false},"featured_media":16700,"comment_status":"closed","ping_status":"open","template":"","meta":[],"product_brand":[375],"product_cat":[213,420,216],"product_tag":[365,368,422,421],"class_list":["post-10542","product","type-product","status-publish","has-post-thumbnail","product_brand-vaude","product_cat-boutique","product_cat-veste-3-en-1","product_cat-vetements","product_tag-boutique","product_tag-vente","product_tag-vente-vetement","product_tag-vetement","pa_couleur-baltic-sea","pa_couleur-redeva-red","pa_couleur-woodland","pa_taille-424","pa_taille-110-116","pa_taille-122-128","pa_taille-134-140","pa_taille-146-152","pa_taille-158-164","pa_taille-418","pa_taille-423","first","instock","purchasable","product-type-variable"],"_links":{"self":[{"href":"https:\/\/www.tracea.ch\/de\/wp-json\/wp\/v2\/product\/10542","targetHints":{"allow":["GET"]}}],"collection":[{"href":"https:\/\/www.tracea.ch\/de\/wp-json\/wp\/v2\/product"}],"about":[{"href":"https:\/\/www.tracea.ch\/de\/wp-json\/wp\/v2\/types\/product"}],"replies":[{"embeddable":true,"href":"https:\/\/www.tracea.ch\/de\/wp-json\/wp\/v2\/comments?post=10542"}],"version-history":[{"count":1,"href":"https:\/\/www.tracea.ch\/de\/wp-json\/wp\/v2\/product\/10542\/revisions"}],"predecessor-version":[{"id":28211,"href":"https:\/\/www.tracea.ch\/de\/wp-json\/wp\/v2\/product\/10542\/revisions\/28211"}],"wp:featuredmedia":[{"embeddable":true,"href":"https:\/\/www.tracea.ch\/de\/wp-json\/wp\/v2\/media\/16700"}],"wp:attachment":[{"href":"https:\/\/www.tracea.ch\/de\/wp-json\/wp\/v2\/media?parent=10542"}],"wp:term":[{"taxonomy":"product_brand","embeddable":true,"href":"https:\/\/www.tracea.ch\/de\/wp-json\/wp\/v2\/product_brand?post=10542"},{"taxonomy":"product_cat","embeddable":true,"href":"https:\/\/www.tracea.ch\/de\/wp-json\/wp\/v2\/product_cat?post=10542"},{"taxonomy":"product_tag","embeddable":true,"href":"https:\/\/www.tracea.ch\/de\/wp-json\/wp\/v2\/product_tag?post=10542"}],"curies":[{"name":"wp","href":"https:\/\/api.w.org\/{rel}","templated":true}]}}