{"id":10565,"date":"2026-06-30T19:56:17","date_gmt":"2026-06-30T19:56:17","guid":{"rendered":"https:\/\/www.tracea.ch\/boutique\/non%20class\u00e9\/mens-neyland-3in1-jacket\/"},"modified":"2026-07-07T17:28:30","modified_gmt":"2026-07-07T17:28:30","slug":"mens-neyland-3in1-jacket","status":"publish","type":"product","link":"https:\/\/www.tracea.ch\/de\/boutique\/mens-neyland-3in1-jacket\/","title":{"rendered":"Men&rsquo;s Neyland 3in1 Jacket"},"content":{"rendered":"<p>La veste double Neyland pour homme est un vrai multitalent pour l&rsquo;automne et l&rsquo;hiver. Son design d\u00e9contract\u00e9 et moderne en fait une tenue id\u00e9ale pour une randonn\u00e9e en automne et en hiver. La surveste est \u00e9tanche au vent et imperm\u00e9able et permet de braver pluie et neige. La membrane respirante \u00e9vacue l&rsquo;humidit\u00e9 vers l&rsquo;ext\u00e9rieur lors des activit\u00e9s physiquement intenses et assure un confort au porter agr\u00e9able. La capuche avec col haut prot\u00e8ge efficacement du vent et du froid, les poignets peuvent \u00eatre d\u00e9tendus ou resserr\u00e9s selon la m\u00e9t\u00e9o. L&rsquo;ourlet inf\u00e9rieur peut \u00eatre \u00e9galement resserr\u00e9 dans les poches. Les deux poches doubl\u00e9es et zipp\u00e9es de la veste double Neyland ainsi qu&rsquo;une poche int\u00e9rieure permettent de ranger un bonnet ou des petites affaires. La veste int\u00e9rieure est une veste isolante rembourr\u00e9e en PrimaLoft\u00a9, qui dispense une chaleur moelleuse m\u00eame par temp\u00e9ratures glaciales. Elle est aussi munie de deux poches avant et peut se porter s\u00e9par\u00e9ment de la surveste \u00e0 la mi-saison. Le label Green Shape de VAUDE garantit un produit \u00e9cologique, fonctionnel et fabriqu\u00e9 dans des mat\u00e9riaux durables.<\/p>\n<p><em>Veste ext\u00e9rieure:, mati\u00e8re double \u00e9paisseur, capuche mont\u00e9e et r\u00e9glable en largeur, fermeture \u00e9clair avec rabat int\u00e9rieur et ext\u00e9rieur sur le devant, 2 poches frontales dissimul\u00e9es avec zip, 1 poche int\u00e9rieure zipp\u00e9e, cordon \u00e0 la ceinture r\u00e9glable par les poches, manches pr\u00e9form\u00e9es, poignets r\u00e9glables en largeur gr\u00e2ce \u00e0 un velcroVeste int\u00e9rieure:, zip frontal avec rabat int\u00e9rieur, veste int\u00e9rieure ouat\u00e9e avec Sensofil, 2 poches sur le devant<\/em><\/p>","protected":false},"excerpt":{"rendered":"<p>Veste double homme chaude pour les sports outdoor et le quotidien #veste ext\u00e9rieure imperm\u00e9able avec veste int\u00e9rieure matelass\u00e9e #capuche r\u00e9glable #mati\u00e8re principale des vestes ext\u00e9rieure et int\u00e9rieure en polyester recycl\u00e9<\/p>","protected":false},"featured_media":16710,"comment_status":"closed","ping_status":"open","template":"","meta":[],"product_brand":[375],"product_cat":[213,420,216],"product_tag":[365,368,422,421],"class_list":["post-10565","product","type-product","status-publish","has-post-thumbnail","product_brand-vaude","product_cat-boutique","product_cat-veste-3-en-1","product_cat-vetements","product_tag-boutique","product_tag-vente","product_tag-vente-vetement","product_tag-vetement","pa_couleur-black","pa_couleur-dark-sea","pa_couleur-deep-pond","pa_couleur-turf","pa_taille-l","pa_taille-m","pa_taille-s","pa_taille-xl","pa_taille-xxl","pa_taille-xxxl","first","instock","purchasable","product-type-variable"],"_links":{"self":[{"href":"https:\/\/www.tracea.ch\/de\/wp-json\/wp\/v2\/product\/10565","targetHints":{"allow":["GET"]}}],"collection":[{"href":"https:\/\/www.tracea.ch\/de\/wp-json\/wp\/v2\/product"}],"about":[{"href":"https:\/\/www.tracea.ch\/de\/wp-json\/wp\/v2\/types\/product"}],"replies":[{"embeddable":true,"href":"https:\/\/www.tracea.ch\/de\/wp-json\/wp\/v2\/comments?post=10565"}],"version-history":[{"count":1,"href":"https:\/\/www.tracea.ch\/de\/wp-json\/wp\/v2\/product\/10565\/revisions"}],"predecessor-version":[{"id":28216,"href":"https:\/\/www.tracea.ch\/de\/wp-json\/wp\/v2\/product\/10565\/revisions\/28216"}],"wp:featuredmedia":[{"embeddable":true,"href":"https:\/\/www.tracea.ch\/de\/wp-json\/wp\/v2\/media\/16710"}],"wp:attachment":[{"href":"https:\/\/www.tracea.ch\/de\/wp-json\/wp\/v2\/media?parent=10565"}],"wp:term":[{"taxonomy":"product_brand","embeddable":true,"href":"https:\/\/www.tracea.ch\/de\/wp-json\/wp\/v2\/product_brand?post=10565"},{"taxonomy":"product_cat","embeddable":true,"href":"https:\/\/www.tracea.ch\/de\/wp-json\/wp\/v2\/product_cat?post=10565"},{"taxonomy":"product_tag","embeddable":true,"href":"https:\/\/www.tracea.ch\/de\/wp-json\/wp\/v2\/product_tag?post=10565"}],"curies":[{"name":"wp","href":"https:\/\/api.w.org\/{rel}","templated":true}]}}