{"id":10669,"date":"2026-06-30T19:58:30","date_gmt":"2026-06-30T19:58:30","guid":{"rendered":"https:\/\/www.tracea.ch\/boutique\/non%20class\u00e9\/mens-idris-3in1-parka-iv\/"},"modified":"2026-07-07T17:32:39","modified_gmt":"2026-07-07T17:32:39","slug":"mens-idris-3in1-parka-iv","status":"publish","type":"product","link":"https:\/\/www.tracea.ch\/de\/boutique\/mens-idris-3in1-parka-iv\/","title":{"rendered":"Men&rsquo;s Idris 3in1 Parka IV"},"content":{"rendered":"<p>Les vestes et parkas 3 en 1 ont un atout inestimable\u00a0: elles s\u00e9duisent par une polyvalence in\u00e9gal\u00e9e quand la m\u00e9t\u00e9o se montre capricieuse. La parka Idris IV pour homme n\u2019est pas seulement chaude et fonctionnelle, mais fait aussi une belle impression. La veste ext\u00e9rieure dot\u00e9e d\u2019une membrane Ceplex-Active respirante, imperm\u00e9able et \u00e9tanche au vent recouvre le fessier et garantit ainsi une protection efficace contre les intemp\u00e9ries. \u00c0 ceci s\u2019ajoute la mati\u00e8re ext\u00e9rieure de la parka Idris IV 3 en 1 homme dot\u00e9e de la finition d\u00e9perlante et antisalissures Eco Finish sans PFC. La capuche r\u00e9glable peut s\u2019escamoter dans le col, trois poches sont assez spacieuses pour transporter un porte-monnaie, un mobile et d\u2019autres affaires. La veste int\u00e9rieure en polaire dispense une chaleur moelleuse. Les deux vestes peuvent \u00e9videmment se porter aussi en solo, pour profiter d\u2019un \u00e9quipement toujours adapt\u00e9 de l\u2019automne au printemps. C\u00f4t\u00e9 polyvalence\u00a0: le hoodie polaire Idris pour homme disponible s\u00e9par\u00e9ment peut \u00eatre zipp\u00e9 dans la veste ext\u00e9rieure pour d\u2019autres activit\u00e9s hivernales plus intenses. Le label Green Shape de VAUDE garantit un produit \u00e9cologique, fonctionnel et fabriqu\u00e9 dans des mat\u00e9riaux durables.<\/p>\n<p><em>Veste ext\u00e9rieure:, mati\u00e8re double \u00e9paisseur, capuche mont\u00e9e, r\u00e9glable en largeur et rangeable dans le col, 2 zips \u00e0 double-sens avec rabat sur le devant, avec zip facilement r\u00e9parable, 2 poches frontales dissimul\u00e9es avec zip, 1 poche Napol\u00e9on, manches pr\u00e9form\u00e9es, poignets r\u00e9glables en largeur gr\u00e2ce \u00e0 un velcroVeste int\u00e9rieure:, structure fleece, zip frontal avec rabat int\u00e9rieur, 2 poches sur le devant, coutures flatlock<\/em><\/p>","protected":false},"excerpt":{"rendered":"<p>Parka 3 en 1 polyvalente pour homme #imperm\u00e9able, \u00e9tanche au vent et respirante #les vestes int\u00e9rieure et ext\u00e9rieure peuvent se porter en solo #mati\u00e8re principale fabriqu\u00e9e en polyester recycl\u00e9<\/p>","protected":false},"featured_media":0,"comment_status":"closed","ping_status":"open","template":"","meta":[],"product_brand":[375],"product_cat":[213,420,216],"product_tag":[365,368,422,421],"class_list":["post-10669","product","type-product","status-publish","product_brand-vaude","product_cat-boutique","product_cat-veste-3-en-1","product_cat-vetements","product_tag-boutique","product_tag-vente","product_tag-vente-vetement","product_tag-vetement","pa_couleur-black","pa_couleur-dark-sea","pa_couleur-khaki","pa_couleur-tobacco","pa_taille-l","pa_taille-m","pa_taille-s","pa_taille-xl","pa_taille-xxl","pa_taille-xxxl","pa_taille-xxxxl","first","instock","purchasable","product-type-variable"],"_links":{"self":[{"href":"https:\/\/www.tracea.ch\/de\/wp-json\/wp\/v2\/product\/10669","targetHints":{"allow":["GET"]}}],"collection":[{"href":"https:\/\/www.tracea.ch\/de\/wp-json\/wp\/v2\/product"}],"about":[{"href":"https:\/\/www.tracea.ch\/de\/wp-json\/wp\/v2\/types\/product"}],"replies":[{"embeddable":true,"href":"https:\/\/www.tracea.ch\/de\/wp-json\/wp\/v2\/comments?post=10669"}],"version-history":[{"count":1,"href":"https:\/\/www.tracea.ch\/de\/wp-json\/wp\/v2\/product\/10669\/revisions"}],"predecessor-version":[{"id":28258,"href":"https:\/\/www.tracea.ch\/de\/wp-json\/wp\/v2\/product\/10669\/revisions\/28258"}],"wp:attachment":[{"href":"https:\/\/www.tracea.ch\/de\/wp-json\/wp\/v2\/media?parent=10669"}],"wp:term":[{"taxonomy":"product_brand","embeddable":true,"href":"https:\/\/www.tracea.ch\/de\/wp-json\/wp\/v2\/product_brand?post=10669"},{"taxonomy":"product_cat","embeddable":true,"href":"https:\/\/www.tracea.ch\/de\/wp-json\/wp\/v2\/product_cat?post=10669"},{"taxonomy":"product_tag","embeddable":true,"href":"https:\/\/www.tracea.ch\/de\/wp-json\/wp\/v2\/product_tag?post=10669"}],"curies":[{"name":"wp","href":"https:\/\/api.w.org\/{rel}","templated":true}]}}