{"id":10696,"date":"2026-06-30T19:59:04","date_gmt":"2026-06-30T19:59:04","guid":{"rendered":"https:\/\/www.tracea.ch\/boutique\/non%20class\u00e9\/kids-caprea-3in1-jacket\/"},"modified":"2026-07-07T17:33:21","modified_gmt":"2026-07-07T17:33:21","slug":"kids-caprea-3in1-jacket","status":"publish","type":"product","link":"https:\/\/www.tracea.ch\/de\/boutique\/kids-caprea-3in1-jacket\/","title":{"rendered":"Kids Caprea 3in1 Jacket"},"content":{"rendered":"<p>Une pour toutes les saisons : la veste 3 en 1 Caprea pour enfants est une tenue fiable pour les activit\u00e9s quotidiennes et les loisirs, et ce tout au long de l\u2019ann\u00e9e. En hiver, la veste polaire zipp\u00e9e en polaire sherpa douillette apporte un suppl\u00e9ment de chaleur. Sans veste polaire zipp\u00e9e, l\u2019enfant dispose du printemps \u00e0 l\u2019automne d\u2019une veste de pluie respirante et \u00e9tanche au vent pour toutes les activit\u00e9s quotidiennes et de plein air &#8211; et en plus d\u2019une belle veste polaire pour les soir\u00e9es fra\u00eeches. La veste 3 en 1 pour enfants a \u00e9t\u00e9 pens\u00e9e jusque dans les moindres d\u00e9tails : en cas de besoin, le zip frontal peut \u00eatre r\u00e9par\u00e9 plus facilement que les zips traditionnels. Les poches en biais zipp\u00e9es permettent de ranger les petits objets importants. Sa mati\u00e8re est facile d\u2019entretien et s\u00e8che rapidement. De plus, elle est \u00e9quip\u00e9e d\u2019\u00e9l\u00e9ments r\u00e9fl\u00e9chissants, ce qui permet de l\u2019utiliser pendant plusieurs ann\u00e9es. VAUDE d\u00e9veloppe des v\u00eatements de plein air pour enfants bien pens\u00e9s, qui peuvent \u00e9galement \u00eatre transmis d\u2019enfant \u00e0 enfant. Le label Green Shape de VAUDE garantit un produit \u00e9cologique, fonctionnel et fabriqu\u00e9 dans des mat\u00e9riaux durables.<\/p>\n<p><em>Veste ext\u00e9rieure:, mati\u00e8re double \u00e9paisseur, 2 poches frontales dissimul\u00e9es avec zip, zip frontal avec double rabat et fold over, avec zip facilement r\u00e9parable, poignets \u00e9lastiques, cordon plus s\u00fbr enti\u00e8rement cach\u00e9 dans la ceinture, r\u00e9glables par les poches, capuche mont\u00e9e et r\u00e9glable en largeur avec parties \u00e9lastiques, doublure en deux parties, partie sup\u00e9rieure en filet, partie inf\u00e9rieure, manches et capuche en taffetas, imprim\u00e9s r\u00e9flecteurs, passepoil r\u00e9fl\u00e9chissante, avec petite plaque pour y inscrire le nomVeste int\u00e9rieure:, 2 poches dans la d\u00e9coupe, avec petite plaque pour y inscrire le nom<\/em><\/p>","protected":false},"excerpt":{"rendered":"<p>Veste 3 en 1 imperm\u00e9able pour enfant #r\u00e9sistante aux intemp\u00e9ries, \u00e9tanche au vent et respirante #avec veste polaire amovible #les mat\u00e9riaux principaux sont principalement fabriqu\u00e9s \u00e0 partir de polyester recycl\u00e9<\/p>","protected":false},"featured_media":17647,"comment_status":"closed","ping_status":"open","template":"","meta":[],"product_brand":[375],"product_cat":[213,420,216],"product_tag":[365,368,422,421],"class_list":["post-10696","product","type-product","status-publish","has-post-thumbnail","product_brand-vaude","product_cat-boutique","product_cat-veste-3-en-1","product_cat-vetements","product_tag-boutique","product_tag-vente","product_tag-vente-vetement","product_tag-vetement","pa_couleur-redeva","pa_couleur-shore-blue","pa_couleur-woodland","pa_taille-424","pa_taille-110-116","pa_taille-122-128","pa_taille-134-140","pa_taille-146-152","pa_taille-158-164","pa_taille-418","pa_taille-423","first","instock","purchasable","product-type-variable"],"_links":{"self":[{"href":"https:\/\/www.tracea.ch\/de\/wp-json\/wp\/v2\/product\/10696","targetHints":{"allow":["GET"]}}],"collection":[{"href":"https:\/\/www.tracea.ch\/de\/wp-json\/wp\/v2\/product"}],"about":[{"href":"https:\/\/www.tracea.ch\/de\/wp-json\/wp\/v2\/types\/product"}],"replies":[{"embeddable":true,"href":"https:\/\/www.tracea.ch\/de\/wp-json\/wp\/v2\/comments?post=10696"}],"version-history":[{"count":1,"href":"https:\/\/www.tracea.ch\/de\/wp-json\/wp\/v2\/product\/10696\/revisions"}],"predecessor-version":[{"id":28268,"href":"https:\/\/www.tracea.ch\/de\/wp-json\/wp\/v2\/product\/10696\/revisions\/28268"}],"wp:featuredmedia":[{"embeddable":true,"href":"https:\/\/www.tracea.ch\/de\/wp-json\/wp\/v2\/media\/17647"}],"wp:attachment":[{"href":"https:\/\/www.tracea.ch\/de\/wp-json\/wp\/v2\/media?parent=10696"}],"wp:term":[{"taxonomy":"product_brand","embeddable":true,"href":"https:\/\/www.tracea.ch\/de\/wp-json\/wp\/v2\/product_brand?post=10696"},{"taxonomy":"product_cat","embeddable":true,"href":"https:\/\/www.tracea.ch\/de\/wp-json\/wp\/v2\/product_cat?post=10696"},{"taxonomy":"product_tag","embeddable":true,"href":"https:\/\/www.tracea.ch\/de\/wp-json\/wp\/v2\/product_tag?post=10696"}],"curies":[{"name":"wp","href":"https:\/\/api.w.org\/{rel}","templated":true}]}}