{"id":11208,"date":"2026-06-30T20:04:58","date_gmt":"2026-06-30T20:04:58","guid":{"rendered":"https:\/\/www.tracea.ch\/boutique\/non%20class\u00e9\/posta-warm-gloves\/"},"modified":"2026-07-07T17:44:43","modified_gmt":"2026-07-07T17:44:43","slug":"posta-warm-gloves","status":"publish","type":"product","link":"https:\/\/www.tracea.ch\/de\/boutique\/posta-warm-gloves\/","title":{"rendered":"Posta Warm Gloves"},"content":{"rendered":"<p>Gants chauds et sportifs pour le sport cycliste. Le mat\u00e9riau softshell \u00e9lastique 3couches avec int\u00e9rieur polaire gratt\u00e9 doux offre une bonne protection contre les intemp\u00e9ries et 100% \u00e9tanche au vent les jours froids. La ceinture \u00e9lastique s&rsquo;ajuste selon les besoins individuels via une fermeture velcro. Le gant est dot\u00e9 d&rsquo;\u00e9l\u00e9ments amortisseurs sur la paume, de pouces renforc\u00e9s, et d&rsquo;impressions silicon\u00e9es pour une meilleure adh\u00e9rence sur le guidon. Avec \u00e9l\u00e9ments r\u00e9fl\u00e9chissants d\u00e9coratifs et un index compatible e-touch pour naviguer sur l&rsquo;\u00e9cran. Le gant est confectionn\u00e9 en mat\u00e9riau recycl\u00e9 en majeure partie et muni en outre d&rsquo;une finition d\u00e9perlante et antisalissures Eco Finish sans PFC. Le label Green Shape de VAUDE garantit un produit \u00e9cologique, fonctionnel et fabriqu\u00e9 dans des mat\u00e9riaux durables. En tant que membre \u00e9lev\u00e9 au rang de Leader de l&rsquo;organisme ind\u00e9pendant Fair Wear, VAUDE s&rsquo;engage en faveur de conditions de travail et de salaires \u00e9quitables.<\/p>\n<p><em>doigts pr\u00e9form\u00e9s, \u00e9l\u00e9ments amortissants dans la paume des mains, bout du pouce et de l\u2019index compatible avec l\u2019utilisation d\u2019un \u00e9cran tactile, paumes en mati\u00e8re anti-d\u00e9rapant, pouce avec partie en \u00e9ponge, poignets \u00e9lastiques et ajustables gr\u00e2ce \u00e0 un velcro , \u00e9l\u00e9ments r\u00e9fl\u00e9chissants<\/em><\/p>","protected":false},"excerpt":{"rendered":"<p>Gants chauds pour le v\u00e9lo et l&rsquo;hiver #coupe-vent et d\u00e9perlants #avec \u00e9l\u00e9ments r\u00e9fl\u00e9chissants d\u00e9coratifs#fabrication en polyester recycl\u00e9<\/p>","protected":false},"featured_media":22394,"comment_status":"closed","ping_status":"open","template":"","meta":[],"product_brand":[375],"product_cat":[480,213,216],"product_tag":[365,368,422,421],"class_list":["post-11208","product","type-product","status-publish","has-post-thumbnail","product_brand-vaude","product_cat-accessoires-vetements","product_cat-boutique","product_cat-vetements","product_tag-boutique","product_tag-vente","product_tag-vente-vetement","product_tag-vetement","pa_couleur-black","pa_couleur-neon-orange","pa_couleur-neon-yellow","pa_taille-490","pa_taille-491","pa_taille-492","pa_taille-500","pa_taille-486","pa_taille-488","pa_taille-489","first","instock","purchasable","product-type-variable"],"_links":{"self":[{"href":"https:\/\/www.tracea.ch\/de\/wp-json\/wp\/v2\/product\/11208","targetHints":{"allow":["GET"]}}],"collection":[{"href":"https:\/\/www.tracea.ch\/de\/wp-json\/wp\/v2\/product"}],"about":[{"href":"https:\/\/www.tracea.ch\/de\/wp-json\/wp\/v2\/types\/product"}],"replies":[{"embeddable":true,"href":"https:\/\/www.tracea.ch\/de\/wp-json\/wp\/v2\/comments?post=11208"}],"version-history":[{"count":1,"href":"https:\/\/www.tracea.ch\/de\/wp-json\/wp\/v2\/product\/11208\/revisions"}],"predecessor-version":[{"id":28416,"href":"https:\/\/www.tracea.ch\/de\/wp-json\/wp\/v2\/product\/11208\/revisions\/28416"}],"wp:featuredmedia":[{"embeddable":true,"href":"https:\/\/www.tracea.ch\/de\/wp-json\/wp\/v2\/media\/22394"}],"wp:attachment":[{"href":"https:\/\/www.tracea.ch\/de\/wp-json\/wp\/v2\/media?parent=11208"}],"wp:term":[{"taxonomy":"product_brand","embeddable":true,"href":"https:\/\/www.tracea.ch\/de\/wp-json\/wp\/v2\/product_brand?post=11208"},{"taxonomy":"product_cat","embeddable":true,"href":"https:\/\/www.tracea.ch\/de\/wp-json\/wp\/v2\/product_cat?post=11208"},{"taxonomy":"product_tag","embeddable":true,"href":"https:\/\/www.tracea.ch\/de\/wp-json\/wp\/v2\/product_tag?post=11208"}],"curies":[{"name":"wp","href":"https:\/\/api.w.org\/{rel}","templated":true}]}}