{"id":11278,"date":"2026-06-30T20:05:46","date_gmt":"2026-06-30T20:05:46","guid":{"rendered":"https:\/\/www.tracea.ch\/boutique\/non%20class\u00e9\/pro-stretch-gloves\/"},"modified":"2026-07-07T17:45:52","modified_gmt":"2026-07-07T17:45:52","slug":"pro-stretch-gloves","status":"publish","type":"product","link":"https:\/\/www.tracea.ch\/de\/boutique\/pro-stretch-gloves\/","title":{"rendered":"Pro Stretch Gloves"},"content":{"rendered":"<p>Utiliser son smartphone les doigts gel\u00e9s pour faire des clich\u00e9s en pleine randonn\u00e9e hivernale? Pas avec les gants Unisexe Pro Stretch principalement fabriqu\u00e9s en polyester recycl\u00e9: le pouce et l&rsquo;index sont compatibles avec un \u00e9cran tactile. Pour que le smartphone ne glisse pas des mains, les paumes sont dot\u00e9es d&rsquo;imprim\u00e9s en silicone antid\u00e9rapants. De par leur haute teneur en stretch ainsi que leur face int\u00e9rieure douce et chaude, ces gants pour femme et homme sont ultraconfortables et conviennent \u00e0 chaque aventure outdoor lors des jours d&rsquo;hiver frais gr\u00e2ce \u00e0 leur aspect multifonction. Le label Green Shape de VAUDE garantit un produit \u00e9cologique, fonctionnel et fabriqu\u00e9 dans des mat\u00e9riaux durables certifi\u00e9s bluesign\u00ae.<\/p>\n<p><em>mati\u00e8re hautement \u00e9lastique, int\u00e9rieur gratt\u00e9, avec impression en silicone pour une meilleure tenue, bout du pouce et de l\u2019index compatible avec l\u2019utilisation d\u2019un \u00e9cran tactile, poignets \u00e9lastiques<\/em><\/p>","protected":false},"excerpt":{"rendered":"<p>Gants multifonctions Unisexees outdoor #pouce et index compatibles avec \u00e9cran tactile #paumes avec imprim\u00e9 adh\u00e9rent en silicone #fabrication principale en polyester recycl\u00e9<\/p>","protected":false},"featured_media":23561,"comment_status":"closed","ping_status":"open","template":"","meta":[],"product_brand":[375],"product_cat":[480,213,216],"product_tag":[365,368,422,421],"class_list":["post-11278","product","type-product","status-publish","has-post-thumbnail","product_brand-vaude","product_cat-accessoires-vetements","product_cat-boutique","product_cat-vetements","product_tag-boutique","product_tag-vente","product_tag-vente-vetement","product_tag-vetement","pa_couleur-black","pa_taille-490","pa_taille-491","pa_taille-499","pa_taille-500","pa_taille-486","pa_taille-488","pa_taille-489","first","instock","purchasable","product-type-variable"],"_links":{"self":[{"href":"https:\/\/www.tracea.ch\/de\/wp-json\/wp\/v2\/product\/11278","targetHints":{"allow":["GET"]}}],"collection":[{"href":"https:\/\/www.tracea.ch\/de\/wp-json\/wp\/v2\/product"}],"about":[{"href":"https:\/\/www.tracea.ch\/de\/wp-json\/wp\/v2\/types\/product"}],"replies":[{"embeddable":true,"href":"https:\/\/www.tracea.ch\/de\/wp-json\/wp\/v2\/comments?post=11278"}],"version-history":[{"count":1,"href":"https:\/\/www.tracea.ch\/de\/wp-json\/wp\/v2\/product\/11278\/revisions"}],"predecessor-version":[{"id":28434,"href":"https:\/\/www.tracea.ch\/de\/wp-json\/wp\/v2\/product\/11278\/revisions\/28434"}],"wp:featuredmedia":[{"embeddable":true,"href":"https:\/\/www.tracea.ch\/de\/wp-json\/wp\/v2\/media\/23561"}],"wp:attachment":[{"href":"https:\/\/www.tracea.ch\/de\/wp-json\/wp\/v2\/media?parent=11278"}],"wp:term":[{"taxonomy":"product_brand","embeddable":true,"href":"https:\/\/www.tracea.ch\/de\/wp-json\/wp\/v2\/product_brand?post=11278"},{"taxonomy":"product_cat","embeddable":true,"href":"https:\/\/www.tracea.ch\/de\/wp-json\/wp\/v2\/product_cat?post=11278"},{"taxonomy":"product_tag","embeddable":true,"href":"https:\/\/www.tracea.ch\/de\/wp-json\/wp\/v2\/product_tag?post=11278"}],"curies":[{"name":"wp","href":"https:\/\/api.w.org\/{rel}","templated":true}]}}