{"id":11286,"date":"2026-06-30T20:05:53","date_gmt":"2026-06-30T20:05:53","guid":{"rendered":"https:\/\/www.tracea.ch\/boutique\/non%20class\u00e9\/kuro-warm-gloves\/"},"modified":"2026-07-07T17:46:10","modified_gmt":"2026-07-07T17:46:10","slug":"kuro-warm-gloves","status":"publish","type":"product","link":"https:\/\/www.tracea.ch\/de\/boutique\/kuro-warm-gloves\/","title":{"rendered":"Kuro Warm Gloves"},"content":{"rendered":"<p>Gants softshell polyvalents pour toutes les variantes du cyclisme. Ces gants tr\u00e8s \u00e9lastiques, \u00e9tanches au vent gr\u00e2ce \u00e0 la membrane int\u00e9gr\u00e9e, ont \u00e9t\u00e9 fabriqu\u00e9s avec peu de coutures \u00e0 l&rsquo;int\u00e9rieur pour optimiser leur confort. Les doigts sont pr\u00e9form\u00e9s, l&rsquo;index permettant d&rsquo;utiliser facilement des appareils mobiles. Des coussinets suppl\u00e9mentaires appos\u00e9s sur la mati\u00e8re principalement en polyamide recycl\u00e9, solide et robuste, soulagent les paumes. Des bandes de silicone sur 2doigts assurent une adh\u00e9rence id\u00e9ale et un freinage en toute s\u00e9curit\u00e9. Avec le logo VAUDE r\u00e9fl\u00e9chissants. Ces gants de cyclistes softshell Unisexee sont \u00e9tanches gr\u00e2ce \u00e0 la finition EcoFinish sans PFC. Le label Green Shape de VAUDE garantit un produit \u00e9cologique, fonctionnel et fabriqu\u00e9 dans des mat\u00e9riaux durables certifi\u00e9s bluesign\u00ae.<\/p>\n<p><em>doigts pr\u00e9form\u00e9s, \u00e9l\u00e9ments amortissants dans la paume des mains, bout du pouce et de l\u2019index compatible avec l\u2019utilisation d\u2019un \u00e9cran tactile, paumes en mati\u00e8re anti-d\u00e9rapant, imprim\u00e9s silicon\u00e9s aux bouts des doigts, \u00e9l\u00e9ments r\u00e9fl\u00e9chissants<\/em><\/p>","protected":false},"excerpt":{"rendered":"<p>Gants softshell sportifs pour le cyclisme #coupe-vent et d\u00e9perlant #l\u00e9gers et \u00e9lastiques #haute teneur en mat\u00e9riau recycl\u00e9<\/p>","protected":false},"featured_media":23595,"comment_status":"closed","ping_status":"open","template":"","meta":[],"product_brand":[375],"product_cat":[480,213,216],"product_tag":[365,368,422,421],"class_list":["post-11286","product","type-product","status-publish","has-post-thumbnail","product_brand-vaude","product_cat-accessoires-vetements","product_cat-boutique","product_cat-vetements","product_tag-boutique","product_tag-vente","product_tag-vente-vetement","product_tag-vetement","pa_couleur-black","pa_couleur-neon-yellow","pa_taille-490","pa_taille-491","pa_taille-492","pa_taille-500","pa_taille-486","pa_taille-488","pa_taille-489","first","instock","purchasable","product-type-variable"],"_links":{"self":[{"href":"https:\/\/www.tracea.ch\/de\/wp-json\/wp\/v2\/product\/11286","targetHints":{"allow":["GET"]}}],"collection":[{"href":"https:\/\/www.tracea.ch\/de\/wp-json\/wp\/v2\/product"}],"about":[{"href":"https:\/\/www.tracea.ch\/de\/wp-json\/wp\/v2\/types\/product"}],"replies":[{"embeddable":true,"href":"https:\/\/www.tracea.ch\/de\/wp-json\/wp\/v2\/comments?post=11286"}],"version-history":[{"count":1,"href":"https:\/\/www.tracea.ch\/de\/wp-json\/wp\/v2\/product\/11286\/revisions"}],"predecessor-version":[{"id":28436,"href":"https:\/\/www.tracea.ch\/de\/wp-json\/wp\/v2\/product\/11286\/revisions\/28436"}],"wp:featuredmedia":[{"embeddable":true,"href":"https:\/\/www.tracea.ch\/de\/wp-json\/wp\/v2\/media\/23595"}],"wp:attachment":[{"href":"https:\/\/www.tracea.ch\/de\/wp-json\/wp\/v2\/media?parent=11286"}],"wp:term":[{"taxonomy":"product_brand","embeddable":true,"href":"https:\/\/www.tracea.ch\/de\/wp-json\/wp\/v2\/product_brand?post=11286"},{"taxonomy":"product_cat","embeddable":true,"href":"https:\/\/www.tracea.ch\/de\/wp-json\/wp\/v2\/product_cat?post=11286"},{"taxonomy":"product_tag","embeddable":true,"href":"https:\/\/www.tracea.ch\/de\/wp-json\/wp\/v2\/product_tag?post=11286"}],"curies":[{"name":"wp","href":"https:\/\/api.w.org\/{rel}","templated":true}]}}