{"id":11301,"date":"2026-06-30T20:06:01","date_gmt":"2026-06-30T20:06:01","guid":{"rendered":"https:\/\/www.tracea.ch\/boutique\/non%20class\u00e9\/bike-warm-cap-plus\/"},"modified":"2026-07-07T17:46:17","modified_gmt":"2026-07-07T17:46:17","slug":"bike-warm-cap-plus","status":"publish","type":"product","link":"https:\/\/www.tracea.ch\/de\/boutique\/bike-warm-cap-plus\/","title":{"rendered":"Bike Warm Cap Plus"},"content":{"rendered":"<p>Finies les oreilles froides! La nuque aussi est prot\u00e9g\u00e9e par cette coupe tr\u00e8s basse. De par son rembourrage int\u00e9gr\u00e9, ce bonnet des plus chauds et tr\u00e8s \u00e9lastique \u00e0 porter sous le casque prot\u00e8ge tous les cyclistes, m\u00eame pas les plus grands froids. Une mati\u00e8re \u00e9tanche au vent en polyamide recycl\u00e9 a \u00e9t\u00e9 ajout\u00e9e \u00e0 l&rsquo;avant et sur les c\u00f4t\u00e9s. Ce tissu doux et gratt\u00e9 \u00e0 l&rsquo;int\u00e9rieur apporte de la chaleur suppl\u00e9mentaire et emp\u00eache les points de pression. Des \u00e9l\u00e9ments r\u00e9fl\u00e9chissants assurent une meilleure visibilit\u00e9 au cr\u00e9puscule et dans l&rsquo;obscurit\u00e9. Le label Green Shape de VAUDE garantit un produit \u00e9cologique, fonctionnel et fabriqu\u00e9 dans des mat\u00e9riaux durables certifi\u00e9s bluesign\u00ae.<\/p>\n<p><em>coupe longue, , pour se prot\u00e9ger contre le vent, partie \u00e9lastique \u00e0 l&rsquo;arri\u00e8re du bonnet, \u00e9l\u00e9ments r\u00e9fl\u00e9chissants<\/em><\/p>","protected":false},"excerpt":{"rendered":"<p>Bonnet sportif isol\u00e9 \u00e0 porter sous le casque de v\u00e9lo pour les jours froids #zones matelass\u00e9es et coupe-vent #l\u00e9ger et \u00e9lastique #haute teneur en mat\u00e9riau recycl\u00e9<\/p>","protected":false},"featured_media":23604,"comment_status":"closed","ping_status":"open","template":"","meta":[],"product_brand":[375],"product_cat":[480,213,216],"product_tag":[365,368,422,421],"class_list":["post-11301","product","type-product","status-publish","has-post-thumbnail","product_brand-vaude","product_cat-accessoires-vetements","product_cat-boutique","product_cat-vetements","product_tag-boutique","product_tag-vente","product_tag-vente-vetement","product_tag-vetement","pa_couleur-black","pa_couleur-glowing-red","pa_taille-l","pa_taille-m","pa_taille-s","first","instock","purchasable","product-type-variable"],"_links":{"self":[{"href":"https:\/\/www.tracea.ch\/de\/wp-json\/wp\/v2\/product\/11301","targetHints":{"allow":["GET"]}}],"collection":[{"href":"https:\/\/www.tracea.ch\/de\/wp-json\/wp\/v2\/product"}],"about":[{"href":"https:\/\/www.tracea.ch\/de\/wp-json\/wp\/v2\/types\/product"}],"replies":[{"embeddable":true,"href":"https:\/\/www.tracea.ch\/de\/wp-json\/wp\/v2\/comments?post=11301"}],"version-history":[{"count":1,"href":"https:\/\/www.tracea.ch\/de\/wp-json\/wp\/v2\/product\/11301\/revisions"}],"predecessor-version":[{"id":28440,"href":"https:\/\/www.tracea.ch\/de\/wp-json\/wp\/v2\/product\/11301\/revisions\/28440"}],"wp:featuredmedia":[{"embeddable":true,"href":"https:\/\/www.tracea.ch\/de\/wp-json\/wp\/v2\/media\/23604"}],"wp:attachment":[{"href":"https:\/\/www.tracea.ch\/de\/wp-json\/wp\/v2\/media?parent=11301"}],"wp:term":[{"taxonomy":"product_brand","embeddable":true,"href":"https:\/\/www.tracea.ch\/de\/wp-json\/wp\/v2\/product_brand?post=11301"},{"taxonomy":"product_cat","embeddable":true,"href":"https:\/\/www.tracea.ch\/de\/wp-json\/wp\/v2\/product_cat?post=11301"},{"taxonomy":"product_tag","embeddable":true,"href":"https:\/\/www.tracea.ch\/de\/wp-json\/wp\/v2\/product_tag?post=11301"}],"curies":[{"name":"wp","href":"https:\/\/api.w.org\/{rel}","templated":true}]}}