{"id":11378,"date":"2026-06-30T20:06:53","date_gmt":"2026-06-30T20:06:53","guid":{"rendered":"https:\/\/www.tracea.ch\/boutique\/non%20class\u00e9\/bike-socks-mid-ii\/"},"modified":"2026-07-07T17:48:09","modified_gmt":"2026-07-07T17:48:09","slug":"bike-socks-mid-ii","status":"publish","type":"product","link":"https:\/\/www.tracea.ch\/de\/boutique\/bike-socks-mid-ii\/","title":{"rendered":"Bike Socks Mid II"},"content":{"rendered":"<p>La chaussette de cyclisme tendance mi-haute est optimis\u00e9e pour les sollicitations du pied sur la p\u00e9dale gr\u00e2ce \u00e0 des zones de rembourrage de diff\u00e9rentes \u00e9paisseurs. Le pied est soulag\u00e9 au niveau des zones de point de pression du talon, du cou-de-pied, de la pointe et de la semelle de l&rsquo;avant-pied. Le m\u00e9lange de mati\u00e8res fonctionnel et particuli\u00e8rement r\u00e9sistant de la chaussette de v\u00e9lo assure un climat agr\u00e9able dans la chaussure. Le label Green Shape de VAUDE garantit un produit \u00e9cologique, fonctionnel et fabriqu\u00e9 dans des mat\u00e9riaux durables certifi\u00e9s bluesign\u00ae. En tant que membre Leader de l&rsquo;organisme ind\u00e9pendant Fair Wear, VAUDE s&rsquo;engage en faveur de conditions de travail et de salaires \u00e9quitables.<\/p>\n<p><em>matelassage \u00e9pais moyennes au talon et \u00e0 la semelle<\/em><\/p>","protected":false},"excerpt":{"rendered":"<p>Chaussette pour sports cyclistes et de montagne #rembourrage ergonomique et respirante #s\u00e8che rapidement, \u00e9lastique #fabrication principale en polyamide recycl\u00e9<\/p>","protected":false},"featured_media":24690,"comment_status":"closed","ping_status":"open","template":"","meta":[],"product_brand":[375],"product_cat":[480,213,216],"product_tag":[365,368,422,421],"class_list":["post-11378","product","type-product","status-publish","has-post-thumbnail","product_brand-vaude","product_cat-accessoires-vetements","product_cat-boutique","product_cat-vetements","product_tag-boutique","product_tag-vente","product_tag-vente-vetement","product_tag-vetement","pa_couleur-black-black","pa_couleur-deep-pond","pa_couleur-heron","pa_couleur-khaki","pa_couleur-mulberry","pa_couleur-nordic-blue","pa_couleur-white-uni","pa_taille-36-38","pa_taille-39-41","pa_taille-42-44","pa_taille-45-47","first","instock","purchasable","product-type-variable"],"_links":{"self":[{"href":"https:\/\/www.tracea.ch\/de\/wp-json\/wp\/v2\/product\/11378","targetHints":{"allow":["GET"]}}],"collection":[{"href":"https:\/\/www.tracea.ch\/de\/wp-json\/wp\/v2\/product"}],"about":[{"href":"https:\/\/www.tracea.ch\/de\/wp-json\/wp\/v2\/types\/product"}],"replies":[{"embeddable":true,"href":"https:\/\/www.tracea.ch\/de\/wp-json\/wp\/v2\/comments?post=11378"}],"version-history":[{"count":1,"href":"https:\/\/www.tracea.ch\/de\/wp-json\/wp\/v2\/product\/11378\/revisions"}],"predecessor-version":[{"id":28452,"href":"https:\/\/www.tracea.ch\/de\/wp-json\/wp\/v2\/product\/11378\/revisions\/28452"}],"wp:featuredmedia":[{"embeddable":true,"href":"https:\/\/www.tracea.ch\/de\/wp-json\/wp\/v2\/media\/24690"}],"wp:attachment":[{"href":"https:\/\/www.tracea.ch\/de\/wp-json\/wp\/v2\/media?parent=11378"}],"wp:term":[{"taxonomy":"product_brand","embeddable":true,"href":"https:\/\/www.tracea.ch\/de\/wp-json\/wp\/v2\/product_brand?post=11378"},{"taxonomy":"product_cat","embeddable":true,"href":"https:\/\/www.tracea.ch\/de\/wp-json\/wp\/v2\/product_cat?post=11378"},{"taxonomy":"product_tag","embeddable":true,"href":"https:\/\/www.tracea.ch\/de\/wp-json\/wp\/v2\/product_tag?post=11378"}],"curies":[{"name":"wp","href":"https:\/\/api.w.org\/{rel}","templated":true}]}}