{"id":12193,"date":"2026-06-30T20:22:07","date_gmt":"2026-06-30T20:22:07","guid":{"rendered":"https:\/\/www.tracea.ch\/boutique\/non%20class\u00e9\/mens-fluid-pants-ii-s-sl-s\/"},"modified":"2026-07-07T18:45:20","modified_gmt":"2026-07-07T18:45:20","slug":"mens-fluid-pants-ii-s-sl-s","status":"publish","type":"product","link":"https:\/\/www.tracea.ch\/de\/boutique\/mens-fluid-pants-ii-s-sl-s\/","title":{"rendered":"Men&rsquo;s Fluid Pants II S\/S+L\/S"},"content":{"rendered":"<p>Il n&rsquo;y a pas plus douillet que les Fluid Pants quand il pleut \u00e0 verse et face aux \u00e9claboussures. Ce surpantalon de pluie \u00e0 la coupe confortable te prot\u00e8ge par tous les temps, contre la pluie et le vent, et convient parfaitement aux sorties \u00e0 v\u00e9lo, pour la ville et les promenades de tous les jours. Ce produit est imperm\u00e9abilis\u00e9 avec la finition Eco Finish, \u00e9cologique et sans fluorocarbures (PFC). Le label Green Shape de VAUDE garantit un produit \u00e9cologique, fonctionnel et fabriqu\u00e9 dans des mat\u00e9riaux durables.<\/p>\n<p><em>Pantalon double \u00e9paisseur, genoux pr\u00e9form\u00e9s, ceinture avec \u00e9lastique et cordon, largeur de la ceinture ajustable gr\u00e2ce \u00e0 un velcro et un zip, doublure en deux parties, partie sup\u00e9rieure en mesh, partie inf\u00e9rieure en taffetas, \u00e9l\u00e9ments r\u00e9fl\u00e9chissants<\/em><\/p>","protected":false},"excerpt":{"rendered":"<p>Pantalon multifonction imperm\u00e9able #\u00e9tanche, coupe-vent et respirant #bonne adaptation aux activit\u00e9s compl\u00e9mentaires #fabrication \u00e9cologique<\/p>","protected":false},"featured_media":14051,"comment_status":"closed","ping_status":"open","template":"","meta":[],"product_brand":[375],"product_cat":[213,574,216],"product_tag":[365,368,422,421],"class_list":["post-12193","product","type-product","status-publish","has-post-thumbnail","product_brand-vaude","product_cat-boutique","product_cat-pantalons","product_cat-vetements","product_tag-boutique","product_tag-vente","product_tag-vente-vetement","product_tag-vetement","pa_couleur-black","pa_taille-l-long","pa_taille-l-short","pa_taille-m-long","pa_taille-m-short","pa_taille-s-long","pa_taille-s-short","pa_taille-xl-long","pa_taille-xl-short","pa_taille-xxl-long","pa_taille-xxl-short","pa_taille-xxxl-long","pa_taille-xxxl-short","first","instock","purchasable","product-type-variable"],"_links":{"self":[{"href":"https:\/\/www.tracea.ch\/de\/wp-json\/wp\/v2\/product\/12193","targetHints":{"allow":["GET"]}}],"collection":[{"href":"https:\/\/www.tracea.ch\/de\/wp-json\/wp\/v2\/product"}],"about":[{"href":"https:\/\/www.tracea.ch\/de\/wp-json\/wp\/v2\/types\/product"}],"replies":[{"embeddable":true,"href":"https:\/\/www.tracea.ch\/de\/wp-json\/wp\/v2\/comments?post=12193"}],"version-history":[{"count":1,"href":"https:\/\/www.tracea.ch\/de\/wp-json\/wp\/v2\/product\/12193\/revisions"}],"predecessor-version":[{"id":28741,"href":"https:\/\/www.tracea.ch\/de\/wp-json\/wp\/v2\/product\/12193\/revisions\/28741"}],"wp:featuredmedia":[{"embeddable":true,"href":"https:\/\/www.tracea.ch\/de\/wp-json\/wp\/v2\/media\/14051"}],"wp:attachment":[{"href":"https:\/\/www.tracea.ch\/de\/wp-json\/wp\/v2\/media?parent=12193"}],"wp:term":[{"taxonomy":"product_brand","embeddable":true,"href":"https:\/\/www.tracea.ch\/de\/wp-json\/wp\/v2\/product_brand?post=12193"},{"taxonomy":"product_cat","embeddable":true,"href":"https:\/\/www.tracea.ch\/de\/wp-json\/wp\/v2\/product_cat?post=12193"},{"taxonomy":"product_tag","embeddable":true,"href":"https:\/\/www.tracea.ch\/de\/wp-json\/wp\/v2\/product_tag?post=12193"}],"curies":[{"name":"wp","href":"https:\/\/api.w.org\/{rel}","templated":true}]}}