{"id":12275,"date":"2026-06-30T20:23:44","date_gmt":"2026-06-30T20:23:44","guid":{"rendered":"https:\/\/www.tracea.ch\/boutique\/non%20class\u00e9\/womens-badile-pants-ii\/"},"modified":"2026-07-07T18:48:36","modified_gmt":"2026-07-07T18:48:36","slug":"womens-badile-pants-ii","status":"publish","type":"product","link":"https:\/\/www.tracea.ch\/de\/boutique\/womens-badile-pants-ii\/","title":{"rendered":"Women&rsquo;s Badile Pants II"},"content":{"rendered":"<p>A peine perceptible: ce pantalon softshell l\u00e9ger en mati\u00e8re Windproof 80 hautement \u00e9lastique est parfait pour les loisirs en montagne, est fabriqu\u00e9 selon la norme \u00e9cologique draconienne bluesign\u00ae. Avec zips de ventilation lat\u00e9raux et poche soud\u00e9e sur la jambe. Ce produit a \u00e9t\u00e9 fabriqu\u00e9 avec une finition Eco Finish, un traitement hydrophobe \u00e9cologique sans fluorocarbone (PFC).<\/p>\n<p><em>genoux pr\u00e9form\u00e9s, parties r\u00e9sistantes au frottement aux ourlets, 2 poches frontales avec zip invers\u00e9, 1 poche zipp\u00e9e sur le jambe, 1 poche arri\u00e8re zipp\u00e9e, ceinture int\u00e9gr\u00e9e, bas des jambes avec zip, bas des jambes r\u00e9glables en largeur, ventilation des jambes<\/em><\/p>","protected":false},"excerpt":{"rendered":"<p>Pantalon softshell l\u00e9ger pour le sport de montagne #80 % \u00e9tanche au vent et hautement respirant #\u00e9lastique et d\u00e9perlant #fabrication avec polyamide recycl\u00e9<\/p>","protected":false},"featured_media":14777,"comment_status":"closed","ping_status":"open","template":"","meta":[],"product_brand":[375],"product_cat":[213,574,216],"product_tag":[365,368,422,421],"class_list":["post-12275","product","type-product","status-publish","has-post-thumbnail","product_brand-vaude","product_cat-boutique","product_cat-pantalons","product_cat-vetements","product_tag-boutique","product_tag-vente","product_tag-vente-vetement","product_tag-vetement","pa_couleur-black-black","pa_couleur-dark-sea-uni","pa_taille-466","pa_taille-34-long","pa_taille-34-short","pa_taille-436","pa_taille-36-long","pa_taille-36-short","pa_taille-437","pa_taille-38-long","pa_taille-38-short","pa_taille-438","pa_taille-40-long","pa_taille-40-short","pa_taille-439","pa_taille-42-long","pa_taille-42-short","pa_taille-440","pa_taille-44-long","pa_taille-44-short","pa_taille-441","pa_taille-46-long","pa_taille-46-short","first","instock","purchasable","product-type-variable"],"_links":{"self":[{"href":"https:\/\/www.tracea.ch\/de\/wp-json\/wp\/v2\/product\/12275","targetHints":{"allow":["GET"]}}],"collection":[{"href":"https:\/\/www.tracea.ch\/de\/wp-json\/wp\/v2\/product"}],"about":[{"href":"https:\/\/www.tracea.ch\/de\/wp-json\/wp\/v2\/types\/product"}],"replies":[{"embeddable":true,"href":"https:\/\/www.tracea.ch\/de\/wp-json\/wp\/v2\/comments?post=12275"}],"version-history":[{"count":1,"href":"https:\/\/www.tracea.ch\/de\/wp-json\/wp\/v2\/product\/12275\/revisions"}],"predecessor-version":[{"id":28766,"href":"https:\/\/www.tracea.ch\/de\/wp-json\/wp\/v2\/product\/12275\/revisions\/28766"}],"wp:featuredmedia":[{"embeddable":true,"href":"https:\/\/www.tracea.ch\/de\/wp-json\/wp\/v2\/media\/14777"}],"wp:attachment":[{"href":"https:\/\/www.tracea.ch\/de\/wp-json\/wp\/v2\/media?parent=12275"}],"wp:term":[{"taxonomy":"product_brand","embeddable":true,"href":"https:\/\/www.tracea.ch\/de\/wp-json\/wp\/v2\/product_brand?post=12275"},{"taxonomy":"product_cat","embeddable":true,"href":"https:\/\/www.tracea.ch\/de\/wp-json\/wp\/v2\/product_cat?post=12275"},{"taxonomy":"product_tag","embeddable":true,"href":"https:\/\/www.tracea.ch\/de\/wp-json\/wp\/v2\/product_tag?post=12275"}],"curies":[{"name":"wp","href":"https:\/\/api.w.org\/{rel}","templated":true}]}}