{"id":12445,"date":"2026-06-30T20:27:15","date_gmt":"2026-06-30T20:27:15","guid":{"rendered":"https:\/\/www.tracea.ch\/boutique\/non%20class\u00e9\/mens-drop-pants-ii\/"},"modified":"2026-07-07T18:54:39","modified_gmt":"2026-07-07T18:54:39","slug":"mens-drop-pants-ii","status":"publish","type":"product","link":"https:\/\/www.tracea.ch\/de\/boutique\/mens-drop-pants-ii\/","title":{"rendered":"Men&rsquo;s Drop Pants II"},"content":{"rendered":"<p>Une protection l\u00e9g\u00e8re contre la pluie pour la route ! Le pantalon de pluie l\u00e9ger pour hommes se range facilement dans le sac de rangement fourni et offre une protection fiable contre le vent et la pluie. La taille et les bas de jambes sont r\u00e9glables en largeur, les jambes pr\u00e9form\u00e9es rendent le cyclisme plus agr\u00e9able et offrent une grande libert\u00e9 de mouvement.  En plus de la membrane imperm\u00e9able, le tissu ext\u00e9rieur du pantalon de pluie pour hommes est fabriqu\u00e9 avec Eco Finish, un traitement d\u00e9perlant sans fluorocarbone (PFC).<\/p>\n<p><em>Pantalon 2,5 \u00e9paisseur, genoux pr\u00e9form\u00e9s, avec sac de rangement, fessier doubl\u00e9, ceinture avec \u00e9lastique et cordon, bas des jambes r\u00e9glables en largeur, \u00e9l\u00e9ments r\u00e9fl\u00e9chissants sur le devant et dans le dos<\/em><\/p>","protected":false},"excerpt":{"rendered":"<p>pantalon de pluie pour v\u00e9lo pour hommes #imperm\u00e9able, coupe-vent et respirant #l\u00e9ger et petit \u00e0 emballer #VAUDE s&rsquo;engage dans le monde entier pour des conditions de travail responsables<\/p>","protected":false},"featured_media":15566,"comment_status":"closed","ping_status":"open","template":"","meta":[],"product_brand":[375],"product_cat":[213,574,216],"product_tag":[365,368,422,421],"class_list":["post-12445","product","type-product","status-publish","has-post-thumbnail","product_brand-vaude","product_cat-boutique","product_cat-pantalons","product_cat-vetements","product_tag-boutique","product_tag-vente","product_tag-vente-vetement","product_tag-vetement","pa_couleur-black-black","pa_couleur-neon-yellow-uni","pa_couleur-neon-yellow-neon-yellow","pa_couleur-radiate-blue-uni","pa_couleur-signal-blue-uni","pa_taille-l","pa_taille-l-long","pa_taille-l-short","pa_taille-m","pa_taille-m-long","pa_taille-m-short","pa_taille-s","pa_taille-s-long","pa_taille-s-short","pa_taille-xl","pa_taille-xl-long","pa_taille-xl-short","pa_taille-xs","pa_taille-xs-long","pa_taille-xs-short","pa_taille-xxl","pa_taille-xxl-long","pa_taille-xxl-short","pa_taille-xxxl","pa_taille-xxxl-long","pa_taille-xxxl-short","pa_taille-xxxxl","first","instock","purchasable","product-type-variable"],"_links":{"self":[{"href":"https:\/\/www.tracea.ch\/de\/wp-json\/wp\/v2\/product\/12445","targetHints":{"allow":["GET"]}}],"collection":[{"href":"https:\/\/www.tracea.ch\/de\/wp-json\/wp\/v2\/product"}],"about":[{"href":"https:\/\/www.tracea.ch\/de\/wp-json\/wp\/v2\/types\/product"}],"replies":[{"embeddable":true,"href":"https:\/\/www.tracea.ch\/de\/wp-json\/wp\/v2\/comments?post=12445"}],"version-history":[{"count":1,"href":"https:\/\/www.tracea.ch\/de\/wp-json\/wp\/v2\/product\/12445\/revisions"}],"predecessor-version":[{"id":28804,"href":"https:\/\/www.tracea.ch\/de\/wp-json\/wp\/v2\/product\/12445\/revisions\/28804"}],"wp:featuredmedia":[{"embeddable":true,"href":"https:\/\/www.tracea.ch\/de\/wp-json\/wp\/v2\/media\/15566"}],"wp:attachment":[{"href":"https:\/\/www.tracea.ch\/de\/wp-json\/wp\/v2\/media?parent=12445"}],"wp:term":[{"taxonomy":"product_brand","embeddable":true,"href":"https:\/\/www.tracea.ch\/de\/wp-json\/wp\/v2\/product_brand?post=12445"},{"taxonomy":"product_cat","embeddable":true,"href":"https:\/\/www.tracea.ch\/de\/wp-json\/wp\/v2\/product_cat?post=12445"},{"taxonomy":"product_tag","embeddable":true,"href":"https:\/\/www.tracea.ch\/de\/wp-json\/wp\/v2\/product_tag?post=12445"}],"curies":[{"name":"wp","href":"https:\/\/api.w.org\/{rel}","templated":true}]}}