{"id":12762,"date":"2026-06-30T20:33:33","date_gmt":"2026-06-30T20:33:33","guid":{"rendered":"https:\/\/www.tracea.ch\/boutique\/non%20class\u00e9\/mens-moab-rain-pants\/"},"modified":"2026-07-07T19:02:42","modified_gmt":"2026-07-07T19:02:42","slug":"mens-moab-rain-pants","status":"publish","type":"product","link":"https:\/\/www.tracea.ch\/de\/boutique\/mens-moab-rain-pants\/","title":{"rendered":"Men&rsquo;s Moab Rain Pants"},"content":{"rendered":"<p>Pantalon d\u00e9contract\u00e9 anti-pluie pour le trail ! Ce pantalon cycliste 2,5 couches l\u00e9ger permet de traverser de grosses averses sans probl\u00e8me et sans qu&rsquo;elles vous g\u00e2chent le plaisir du v\u00e9lo. La mati\u00e8re certifi\u00e9e selon les normes \u00e9cologiques draconiennes du syst\u00e8me bluesign\u00ae est agr\u00e9ablement l\u00e9g\u00e8re \u00e0 porter, \u00e9lastique et garantit une haute fonctionnalit\u00e9. Ce pantalon de pluie est renforc\u00e9 au niveau du fessier en mati\u00e8re 3 couches, dispose de zips de ventilation, d&rsquo;une ceinture, de bas de jambe ajustables en largeur et d&rsquo;\u00e9l\u00e9ments r\u00e9fl\u00e9chissants. Vendu avec une housse de rangement.<\/p>\n<p><em>Pantalon 2,5 \u00e9paisseur, genoux pr\u00e9form\u00e9s, avec sac de rangement, renforcement de l&rsquo;assise en mati\u00e8re triple \u00e9paisseur, ourlet r\u00e9glable en largeur, ventilation des jambes, \u00e9l\u00e9ments r\u00e9fl\u00e9chissants<\/em><\/p>","protected":false},"excerpt":{"rendered":"<p>Pantalon de pluie pour le VTT #\u00e9tanche, coupe-vent et respirant #l\u00e9ger, tr\u00e8s compressible #\u00e0 la fabrication \u00e9cologique<\/p>","protected":false},"featured_media":19833,"comment_status":"closed","ping_status":"open","template":"","meta":[],"product_brand":[375],"product_cat":[213,574,216],"product_tag":[365,368,422,421],"class_list":["post-12762","product","type-product","status-publish","has-post-thumbnail","product_brand-vaude","product_cat-boutique","product_cat-pantalons","product_cat-vetements","product_tag-boutique","product_tag-vente","product_tag-vente-vetement","product_tag-vetement","pa_couleur-black","pa_couleur-neon-yellow","pa_taille-l","pa_taille-m","pa_taille-s","pa_taille-xl","pa_taille-xxl","first","instock","purchasable","product-type-variable"],"_links":{"self":[{"href":"https:\/\/www.tracea.ch\/de\/wp-json\/wp\/v2\/product\/12762","targetHints":{"allow":["GET"]}}],"collection":[{"href":"https:\/\/www.tracea.ch\/de\/wp-json\/wp\/v2\/product"}],"about":[{"href":"https:\/\/www.tracea.ch\/de\/wp-json\/wp\/v2\/types\/product"}],"replies":[{"embeddable":true,"href":"https:\/\/www.tracea.ch\/de\/wp-json\/wp\/v2\/comments?post=12762"}],"version-history":[{"count":1,"href":"https:\/\/www.tracea.ch\/de\/wp-json\/wp\/v2\/product\/12762\/revisions"}],"predecessor-version":[{"id":28897,"href":"https:\/\/www.tracea.ch\/de\/wp-json\/wp\/v2\/product\/12762\/revisions\/28897"}],"wp:featuredmedia":[{"embeddable":true,"href":"https:\/\/www.tracea.ch\/de\/wp-json\/wp\/v2\/media\/19833"}],"wp:attachment":[{"href":"https:\/\/www.tracea.ch\/de\/wp-json\/wp\/v2\/media?parent=12762"}],"wp:term":[{"taxonomy":"product_brand","embeddable":true,"href":"https:\/\/www.tracea.ch\/de\/wp-json\/wp\/v2\/product_brand?post=12762"},{"taxonomy":"product_cat","embeddable":true,"href":"https:\/\/www.tracea.ch\/de\/wp-json\/wp\/v2\/product_cat?post=12762"},{"taxonomy":"product_tag","embeddable":true,"href":"https:\/\/www.tracea.ch\/de\/wp-json\/wp\/v2\/product_tag?post=12762"}],"curies":[{"name":"wp","href":"https:\/\/api.w.org\/{rel}","templated":true}]}}