{"id":13086,"date":"2026-06-30T21:37:19","date_gmt":"2026-06-30T21:37:19","guid":{"rendered":"https:\/\/www.tracea.ch\/boutique\/non%20class\u00e9\/kids-caprea-antimos-shorts\/"},"modified":"2026-07-07T19:13:19","modified_gmt":"2026-07-07T19:13:19","slug":"kids-caprea-antimos-shorts","status":"publish","type":"product","link":"https:\/\/www.tracea.ch\/de\/boutique\/kids-caprea-antimos-shorts\/","title":{"rendered":"Kids Caprea Antimos Shorts"},"content":{"rendered":"<p>Le pantalon outdoor id\u00e9al pour les jours de forte chaleur&nbsp;: le pantalon enfant Kids Caprea Antimos est \u00e0 l&rsquo;\u00e9preuve des jeux en for\u00eat ou de l&rsquo;escalade en montagne gr\u00e2ce \u00e0 ses renforts suppl\u00e9mentaires au fessier. L&rsquo;entr\u00e9e de la substance active d&rsquo;origine v\u00e9g\u00e9tale et \u00e9cologique du g\u00e9raniol permet en plus de repousser les moustiques g\u00eanants, \u00e0 quoi s&rsquo;ajoute la fabrication \u00e9cologique et d\u00e9perlante du pantalon avec la finition Eco Finish sans fluorocarbures (PFC). Le label Green Shape de VAUDE garantit un produit \u00e9cologique, fonctionnel et fabriqu\u00e9 dans des mat\u00e9riaux durables.<\/p>\n<p><em>genoux pr\u00e9form\u00e9s, partie r\u00e9sistant au frottement aux genoux et au fessier, \u00e9quipement anti-moustiques, 1 poche zipp\u00e9e sur le jambe, ceinture avec ajustage int\u00e9rieur de la largeur, \u00e9tiquette pour le nom jusqu&rsquo;\u00e0 la taille 122\/128<\/em><\/p>","protected":false},"excerpt":{"rendered":"<p>Short enfant outdoor fonctionnel #renforts au fessier #repousse les moustiques # fabrication respectueuse du climat par recyclage innovant de pneus usag\u00e9s sous utilisation d&rsquo;une m\u00e9thode du bilan massique<\/p>","protected":false},"featured_media":20905,"comment_status":"closed","ping_status":"open","template":"","meta":[],"product_brand":[375],"product_cat":[213,574,216],"product_tag":[365,368,422,421],"class_list":["post-13086","product","type-product","status-publish","has-post-thumbnail","product_brand-vaude","product_cat-boutique","product_cat-pantalons","product_cat-vetements","product_tag-boutique","product_tag-vente","product_tag-vente-vetement","product_tag-vetement","pa_couleur-dark-sea-uni","pa_couleur-redeva","pa_couleur-willow-green","pa_taille-424","pa_taille-110-116","pa_taille-122-128","pa_taille-134-140","pa_taille-146-152","pa_taille-158-164","pa_taille-418","pa_taille-423","first","instock","purchasable","product-type-variable"],"_links":{"self":[{"href":"https:\/\/www.tracea.ch\/de\/wp-json\/wp\/v2\/product\/13086","targetHints":{"allow":["GET"]}}],"collection":[{"href":"https:\/\/www.tracea.ch\/de\/wp-json\/wp\/v2\/product"}],"about":[{"href":"https:\/\/www.tracea.ch\/de\/wp-json\/wp\/v2\/types\/product"}],"replies":[{"embeddable":true,"href":"https:\/\/www.tracea.ch\/de\/wp-json\/wp\/v2\/comments?post=13086"}],"version-history":[{"count":1,"href":"https:\/\/www.tracea.ch\/de\/wp-json\/wp\/v2\/product\/13086\/revisions"}],"predecessor-version":[{"id":28990,"href":"https:\/\/www.tracea.ch\/de\/wp-json\/wp\/v2\/product\/13086\/revisions\/28990"}],"wp:featuredmedia":[{"embeddable":true,"href":"https:\/\/www.tracea.ch\/de\/wp-json\/wp\/v2\/media\/20905"}],"wp:attachment":[{"href":"https:\/\/www.tracea.ch\/de\/wp-json\/wp\/v2\/media?parent=13086"}],"wp:term":[{"taxonomy":"product_brand","embeddable":true,"href":"https:\/\/www.tracea.ch\/de\/wp-json\/wp\/v2\/product_brand?post=13086"},{"taxonomy":"product_cat","embeddable":true,"href":"https:\/\/www.tracea.ch\/de\/wp-json\/wp\/v2\/product_cat?post=13086"},{"taxonomy":"product_tag","embeddable":true,"href":"https:\/\/www.tracea.ch\/de\/wp-json\/wp\/v2\/product_tag?post=13086"}],"curies":[{"name":"wp","href":"https:\/\/api.w.org\/{rel}","templated":true}]}}