{"id":13160,"date":"2026-06-30T21:38:31","date_gmt":"2026-06-30T21:38:31","guid":{"rendered":"https:\/\/www.tracea.ch\/boutique\/non%20class\u00e9\/mens-luminum-pants-ii\/"},"modified":"2026-07-07T19:14:50","modified_gmt":"2026-07-07T19:14:50","slug":"mens-luminum-pants-ii","status":"publish","type":"product","link":"https:\/\/www.tracea.ch\/de\/boutique\/mens-luminum-pants-ii\/","title":{"rendered":"Men&rsquo;s Luminum Pants II"},"content":{"rendered":"<p>Impossible de passer inaper\u00e7u avec ce pantalon de pluie enti\u00e8rement r\u00e9fl\u00e9chissant! Ce pantalon de pluie double \u00e9paisseur sans PFC avec doublure maille s&rsquo;enfile rapidement et te prot\u00e8ge efficacement contre la pluie, le vent et la salet\u00e9. Les \u00e9l\u00e9ments r\u00e9fl\u00e9chissants renforcent nettement ta visibilit\u00e9 sur la route la nuit, car ils te permettent d&rsquo;\u00eatre vu avec quelques pr\u00e9cieuses secondes d&rsquo;avance en cas d&rsquo;intemp\u00e9ries. Le produit est certifi\u00e9 par le T\u00dcV comme v\u00eatement \u00e0 haute visibilit\u00e9 et contribue ainsi \u00e0 renforcer la visibilit\u00e9 de nuit. Les genoux sont pr\u00e9form\u00e9s, et tu peux r\u00e9gler la largeur des jambes pour les prot\u00e9ger de la cha\u00eene. Une bande de fixation emp\u00eache en outre le pantalon de glisser vers le haut. Excellente coordination avec nos vestes Luminum. Ce produit est imperm\u00e9abilis\u00e9 avec la finition Eco Finish, \u00e9cologique et sans fluorocarbures (PFC).<\/p>\n<p><em>Pantalon double \u00e9paisseur, genoux pr\u00e9form\u00e9s, ceinture avec \u00e9lastique et cordon, largeur de la ceinture ajustable gr\u00e2ce \u00e0 un velcro et un zip, doublure en deux parties, partie sup\u00e9rieure en mesh, partie inf\u00e9rieure en taffetas, \u00e9l\u00e9ments r\u00e9fl\u00e9chissants<\/em><\/p>","protected":false},"excerpt":{"rendered":"<p>Pantalon de pluie avec s\u00e9curit\u00e9 renforc\u00e9e gr\u00e2ce \u00e0 une meilleure visibilit\u00e9 du cycliste la nuit #\u00e9tanche \u00e0 l&rsquo;eau et au vent, respirante #enti\u00e8rement r\u00e9fl\u00e9chissante pour augmenter la visibilit\u00e9 de nuit #fabrication \u00e9cologique<\/p>","protected":false},"featured_media":20946,"comment_status":"closed","ping_status":"open","template":"","meta":[],"product_brand":[375],"product_cat":[213,574,216],"product_tag":[365,368,422,421],"class_list":["post-13160","product","type-product","status-publish","has-post-thumbnail","product_brand-vaude","product_cat-boutique","product_cat-pantalons","product_cat-vetements","product_tag-boutique","product_tag-vente","product_tag-vente-vetement","product_tag-vetement","pa_couleur-black","pa_taille-l","pa_taille-m","pa_taille-s","pa_taille-xl","pa_taille-xxl","pa_taille-xxxl","first","instock","purchasable","product-type-variable"],"_links":{"self":[{"href":"https:\/\/www.tracea.ch\/de\/wp-json\/wp\/v2\/product\/13160","targetHints":{"allow":["GET"]}}],"collection":[{"href":"https:\/\/www.tracea.ch\/de\/wp-json\/wp\/v2\/product"}],"about":[{"href":"https:\/\/www.tracea.ch\/de\/wp-json\/wp\/v2\/types\/product"}],"replies":[{"embeddable":true,"href":"https:\/\/www.tracea.ch\/de\/wp-json\/wp\/v2\/comments?post=13160"}],"version-history":[{"count":1,"href":"https:\/\/www.tracea.ch\/de\/wp-json\/wp\/v2\/product\/13160\/revisions"}],"predecessor-version":[{"id":29005,"href":"https:\/\/www.tracea.ch\/de\/wp-json\/wp\/v2\/product\/13160\/revisions\/29005"}],"wp:featuredmedia":[{"embeddable":true,"href":"https:\/\/www.tracea.ch\/de\/wp-json\/wp\/v2\/media\/20946"}],"wp:attachment":[{"href":"https:\/\/www.tracea.ch\/de\/wp-json\/wp\/v2\/media?parent=13160"}],"wp:term":[{"taxonomy":"product_brand","embeddable":true,"href":"https:\/\/www.tracea.ch\/de\/wp-json\/wp\/v2\/product_brand?post=13160"},{"taxonomy":"product_cat","embeddable":true,"href":"https:\/\/www.tracea.ch\/de\/wp-json\/wp\/v2\/product_cat?post=13160"},{"taxonomy":"product_tag","embeddable":true,"href":"https:\/\/www.tracea.ch\/de\/wp-json\/wp\/v2\/product_tag?post=13160"}],"curies":[{"name":"wp","href":"https:\/\/api.w.org\/{rel}","templated":true}]}}