{"id":13732,"date":"2026-06-30T21:52:44","date_gmt":"2026-06-30T21:52:44","guid":{"rendered":"https:\/\/www.tracea.ch\/boutique\/non%20class\u00e9\/womens-farley-stretch-shorts-ii\/"},"modified":"2026-07-07T19:38:33","modified_gmt":"2026-07-07T19:38:33","slug":"womens-farley-stretch-shorts-ii","status":"publish","type":"product","link":"https:\/\/www.tracea.ch\/de\/boutique\/womens-farley-stretch-shorts-ii\/","title":{"rendered":"Women&rsquo;s Farley Stretch Shorts II"},"content":{"rendered":"<p>Encore plus respectueux du climat&nbsp;: le short femme confortable, tr\u00e8s \u00e9lastique et a\u00e9r\u00e9 pour les circuits de randonn\u00e9e et de trekking en polyamide certifi\u00e9 bluesign\u00ae. La ceinture souple et la haute teneur en stretch offrent un confort au porter optimal \u2013 pour faire belle impression \u00e0 chaque sortie. La mati\u00e8re facile d&rsquo;entretien et \u00e0 s\u00e9chage rapide r\u00e9siste \u00e0 l&rsquo;usure et \u00e0 un emploi sans m\u00e9nagement. Deux poches en biais, une poche arri\u00e8re avec fermeture \u00e0 glissi\u00e8re et une petite poche de s\u00e9curit\u00e9 conservent les affaires pr\u00e9cieuses en toute s\u00e9curit\u00e9. Le label Green Shape de VAUDE garantit un produit \u00e9cologique, respectueux du climat et fonctionnel fabriqu\u00e9 dans des mat\u00e9riaux durables certifi\u00e9s bluesign\u00ae.<\/p>\n<p><em>mati\u00e8re \u00e9lastique, ceinture avec parties \u00e9lastiques, boucle de ceinture, 2 poches dans la d\u00e9coupe, 1 poche de s\u00e9curit\u00e9 zipp\u00e9e dans la poche droite, 1 poche arri\u00e8re avec zip invers\u00e9<\/em><\/p>","protected":false},"excerpt":{"rendered":"<p>Short femme \u00e9lastique pour la randonn\u00e9e et le trekking # confort au porter \u00e9lev\u00e9 # r\u00e9sistant et \u00e0 s\u00e9chage rapide # fabrication innovante pr\u00e9servant le climat via une m\u00e9thode du bilan massique<\/p>","protected":false},"featured_media":21661,"comment_status":"closed","ping_status":"open","template":"","meta":[],"product_brand":[375],"product_cat":[213,574,216],"product_tag":[365,368,422,421],"class_list":["post-13732","product","type-product","status-publish","has-post-thumbnail","product_brand-vaude","product_cat-boutique","product_cat-pantalons","product_cat-vetements","product_tag-boutique","product_tag-vente","product_tag-vente-vetement","product_tag-vetement","pa_couleur-agave","pa_couleur-black","pa_couleur-dark-sea","pa_couleur-redeva","pa_taille-466","pa_taille-436","pa_taille-437","pa_taille-438","pa_taille-439","pa_taille-440","pa_taille-441","pa_taille-459","pa_taille-469","pa_taille-472","first","instock","purchasable","product-type-variable"],"_links":{"self":[{"href":"https:\/\/www.tracea.ch\/de\/wp-json\/wp\/v2\/product\/13732","targetHints":{"allow":["GET"]}}],"collection":[{"href":"https:\/\/www.tracea.ch\/de\/wp-json\/wp\/v2\/product"}],"about":[{"href":"https:\/\/www.tracea.ch\/de\/wp-json\/wp\/v2\/types\/product"}],"replies":[{"embeddable":true,"href":"https:\/\/www.tracea.ch\/de\/wp-json\/wp\/v2\/comments?post=13732"}],"version-history":[{"count":1,"href":"https:\/\/www.tracea.ch\/de\/wp-json\/wp\/v2\/product\/13732\/revisions"}],"predecessor-version":[{"id":29209,"href":"https:\/\/www.tracea.ch\/de\/wp-json\/wp\/v2\/product\/13732\/revisions\/29209"}],"wp:featuredmedia":[{"embeddable":true,"href":"https:\/\/www.tracea.ch\/de\/wp-json\/wp\/v2\/media\/21661"}],"wp:attachment":[{"href":"https:\/\/www.tracea.ch\/de\/wp-json\/wp\/v2\/media?parent=13732"}],"wp:term":[{"taxonomy":"product_brand","embeddable":true,"href":"https:\/\/www.tracea.ch\/de\/wp-json\/wp\/v2\/product_brand?post=13732"},{"taxonomy":"product_cat","embeddable":true,"href":"https:\/\/www.tracea.ch\/de\/wp-json\/wp\/v2\/product_cat?post=13732"},{"taxonomy":"product_tag","embeddable":true,"href":"https:\/\/www.tracea.ch\/de\/wp-json\/wp\/v2\/product_tag?post=13732"}],"curies":[{"name":"wp","href":"https:\/\/api.w.org\/{rel}","templated":true}]}}