{"id":14382,"date":"2026-06-30T22:05:15","date_gmt":"2026-06-30T22:05:15","guid":{"rendered":"https:\/\/www.tracea.ch\/boutique\/non%20class\u00e9\/mens-cyclist-shorts\/"},"modified":"2026-07-07T21:27:48","modified_gmt":"2026-07-07T21:27:48","slug":"mens-cyclist-shorts","status":"publish","type":"product","link":"https:\/\/www.tracea.ch\/de\/boutique\/mens-cyclist-shorts\/","title":{"rendered":"Men&rsquo;s Cyclist Shorts"},"content":{"rendered":"<p>Ce short tendance et d\u00e9contract\u00e9 pour homme est id\u00e9al pour le quotidien urbain en \u00e9t\u00e9 \u2013 il accompagne tous les mouvements gr\u00e2ce \u00e0 sa haute teneur en \u00e9lasthanne et le stretch extensible dans 4 directions. Le pantalon \u00e0 la coupe tendance est muni d&rsquo;un empi\u00e8cement adapt\u00e9 \u00e0 la selle, qui n&rsquo;exerce aucune pression et ne frotte pas gr\u00e2ce \u00e0 l&rsquo;absence de couture. Le Men&rsquo;s Cyclist Shorts est dot\u00e9 en plus de deux poches en biais \u00e0 l&rsquo;avant et d&rsquo;une poche arri\u00e8re orn\u00e9e d&rsquo;un petit \u00e9l\u00e9ment r\u00e9fl\u00e9chissant. Quand on retrousse la jambe du pantalon, des petites roues \u00e9galement r\u00e9fl\u00e9chissantes apparaissent. Le label Green Shape de VAUDE garantit un produit \u00e9cologique, fonctionnel et fabriqu\u00e9 dans des mat\u00e9riaux durables certifi\u00e9s bluesign\u00ae.<\/p>\n<p><em>le bas de jambe peut \u00eatre relev\u00e9, mati\u00e8re \u00e9lastique, 1 poche arri\u00e8re, 2 poches dans la d\u00e9coupe \u00e0 l&rsquo;avant, imprim\u00e9 d\u00e9coratif, \u00e9l\u00e9ments r\u00e9fl\u00e9chissants<\/em><\/p>","protected":false},"excerpt":{"rendered":"<p>Short homme d\u00e9contract\u00e9 pour le quotidien \u00e0 v\u00e9lo en ville #mati\u00e8re tr\u00e8s \u00e9lastique #avec \u00e9l\u00e9ments r\u00e9fl\u00e9chissants #fabrication en polyester recycl\u00e9<\/p>","protected":false},"featured_media":21981,"comment_status":"closed","ping_status":"open","template":"","meta":[],"product_brand":[375],"product_cat":[213,574,216],"product_tag":[365,368,422,421],"class_list":["post-14382","product","type-product","status-publish","has-post-thumbnail","product_brand-vaude","product_cat-boutique","product_cat-pantalons","product_cat-vetements","product_tag-boutique","product_tag-vente","product_tag-vente-vetement","product_tag-vetement","pa_couleur-black","pa_couleur-khaki","pa_couleur-oat","pa_taille-l","pa_taille-m","pa_taille-s","pa_taille-xl","pa_taille-xxl","first","instock","purchasable","product-type-variable"],"_links":{"self":[{"href":"https:\/\/www.tracea.ch\/de\/wp-json\/wp\/v2\/product\/14382","targetHints":{"allow":["GET"]}}],"collection":[{"href":"https:\/\/www.tracea.ch\/de\/wp-json\/wp\/v2\/product"}],"about":[{"href":"https:\/\/www.tracea.ch\/de\/wp-json\/wp\/v2\/types\/product"}],"replies":[{"embeddable":true,"href":"https:\/\/www.tracea.ch\/de\/wp-json\/wp\/v2\/comments?post=14382"}],"version-history":[{"count":1,"href":"https:\/\/www.tracea.ch\/de\/wp-json\/wp\/v2\/product\/14382\/revisions"}],"predecessor-version":[{"id":29443,"href":"https:\/\/www.tracea.ch\/de\/wp-json\/wp\/v2\/product\/14382\/revisions\/29443"}],"wp:featuredmedia":[{"embeddable":true,"href":"https:\/\/www.tracea.ch\/de\/wp-json\/wp\/v2\/media\/21981"}],"wp:attachment":[{"href":"https:\/\/www.tracea.ch\/de\/wp-json\/wp\/v2\/media?parent=14382"}],"wp:term":[{"taxonomy":"product_brand","embeddable":true,"href":"https:\/\/www.tracea.ch\/de\/wp-json\/wp\/v2\/product_brand?post=14382"},{"taxonomy":"product_cat","embeddable":true,"href":"https:\/\/www.tracea.ch\/de\/wp-json\/wp\/v2\/product_cat?post=14382"},{"taxonomy":"product_tag","embeddable":true,"href":"https:\/\/www.tracea.ch\/de\/wp-json\/wp\/v2\/product_tag?post=14382"}],"curies":[{"name":"wp","href":"https:\/\/api.w.org\/{rel}","templated":true}]}}