{"id":14798,"date":"2026-06-30T22:12:42","date_gmt":"2026-06-30T22:12:42","guid":{"rendered":"https:\/\/www.tracea.ch\/boutique\/non%20class\u00e9\/mens-sesvenna-shorts-iii\/"},"modified":"2026-07-07T21:42:32","modified_gmt":"2026-07-07T21:42:32","slug":"mens-sesvenna-shorts-iii","status":"publish","type":"product","link":"https:\/\/www.tracea.ch\/de\/boutique\/mens-sesvenna-shorts-iii\/","title":{"rendered":"Men&rsquo;s Sesvenna Shorts III"},"content":{"rendered":"<p>Le short Sesvenna pour homme apporte un surcro\u00eet de chaleur en montagne. Le short doubl\u00e9 en PrimaLoft\u00ae Silver Insulation Eco se laisse enfiler tr\u00e8s simplement sur le pantalon de ski. Peu encombrant, il est tr\u00e8s l\u00e9ger et maintient l&rsquo;humeur au beau fixe quand le mercure se met \u00e0 plonger. Le short homme offre une tenue tr\u00e8s confortable sans entraver les mouvements gr\u00e2ce \u00e0 la ceinture \u00e9lastique et aux empi\u00e8cements. Deux fermetures \u00e9clair lat\u00e9rales facilitent un enfilage et un retrait rapide. La poche en filet \u00e9lastique sur la cuisse permet de ranger ais\u00e9ment des gants, un bonnet ou une barre de c\u00e9r\u00e9ales. Le short isolant \u00e0 longueur genou pour homme est appr\u00eat\u00e9 avec la finition Eco Finish, d\u00e9perlante, \u00e9cologique et sans fluorocarbures (PFC). En tant que membre \u00e9lev\u00e9 au rang de Leader de l&rsquo;organisme ind\u00e9pendant Fair Wear, VAUDE s&rsquo;engage en faveur de conditions de travail et de salaires \u00e9quitables.<\/p>\n<p><em>ouat\u00e9, zip lat\u00e9ral continu, Ceinture avec parties \u00e9lastiques dans le dos, cordon \u00e0 la taille, ceinture int\u00e9gr\u00e9e, poches en filet avec biais<\/em><\/p>","protected":false},"excerpt":{"rendered":"<p>Short isolant l\u00e9ger homme pour la randonn\u00e9e \u00e0 ski #chaud, coupe-vent et d\u00e9perlant #haute libert\u00e9 de mouvement, compact #sans impact sur le climat; fabrication \u00e9cologique en mat\u00e9riaux principalement recycl\u00e9s<\/p>","protected":false},"featured_media":22595,"comment_status":"closed","ping_status":"open","template":"","meta":[],"product_brand":[375],"product_cat":[213,574,216],"product_tag":[365,368,422,421],"class_list":["post-14798","product","type-product","status-publish","has-post-thumbnail","product_brand-vaude","product_cat-boutique","product_cat-pantalons","product_cat-vetements","product_tag-boutique","product_tag-vente","product_tag-vente-vetement","product_tag-vetement","pa_couleur-baltic-sea-uni","pa_couleur-black","pa_taille-441","pa_taille-459","pa_taille-469","pa_taille-472","pa_taille-587","pa_taille-543","first","instock","purchasable","product-type-variable"],"_links":{"self":[{"href":"https:\/\/www.tracea.ch\/de\/wp-json\/wp\/v2\/product\/14798","targetHints":{"allow":["GET"]}}],"collection":[{"href":"https:\/\/www.tracea.ch\/de\/wp-json\/wp\/v2\/product"}],"about":[{"href":"https:\/\/www.tracea.ch\/de\/wp-json\/wp\/v2\/types\/product"}],"replies":[{"embeddable":true,"href":"https:\/\/www.tracea.ch\/de\/wp-json\/wp\/v2\/comments?post=14798"}],"version-history":[{"count":1,"href":"https:\/\/www.tracea.ch\/de\/wp-json\/wp\/v2\/product\/14798\/revisions"}],"predecessor-version":[{"id":29572,"href":"https:\/\/www.tracea.ch\/de\/wp-json\/wp\/v2\/product\/14798\/revisions\/29572"}],"wp:featuredmedia":[{"embeddable":true,"href":"https:\/\/www.tracea.ch\/de\/wp-json\/wp\/v2\/media\/22595"}],"wp:attachment":[{"href":"https:\/\/www.tracea.ch\/de\/wp-json\/wp\/v2\/media?parent=14798"}],"wp:term":[{"taxonomy":"product_brand","embeddable":true,"href":"https:\/\/www.tracea.ch\/de\/wp-json\/wp\/v2\/product_brand?post=14798"},{"taxonomy":"product_cat","embeddable":true,"href":"https:\/\/www.tracea.ch\/de\/wp-json\/wp\/v2\/product_cat?post=14798"},{"taxonomy":"product_tag","embeddable":true,"href":"https:\/\/www.tracea.ch\/de\/wp-json\/wp\/v2\/product_tag?post=14798"}],"curies":[{"name":"wp","href":"https:\/\/api.w.org\/{rel}","templated":true}]}}