{"id":15202,"date":"2026-06-30T22:26:01","date_gmt":"2026-06-30T22:26:01","guid":{"rendered":"https:\/\/www.tracea.ch\/boutique\/non%20class\u00e9\/mens-kuro-bib-tights-ii\/"},"modified":"2026-07-07T21:55:41","modified_gmt":"2026-07-07T21:55:41","slug":"mens-kuro-bib-tights-ii","status":"publish","type":"product","link":"https:\/\/www.tracea.ch\/de\/boutique\/mens-kuro-bib-tights-ii\/","title":{"rendered":"Men&rsquo;s Kuro Bib Tights II"},"content":{"rendered":"<p>Pour des sorties sportives sur le gravel lors des jours chauds\u00a0! Le pantalon \u00e0 bretelles Kuro court pour homme et de conception moderne s\u00e9duit par ses 2\u00a0poches filet dispos\u00e9es lat\u00e9ralement et un excellent confort au porter. Celui-ci est garanti par un trac\u00e9 optimis\u00e9 des coutures avec un nombre sensiblement r\u00e9duit de coutures \u00e9lastiques, la mati\u00e8re stretch pour une bonne compression et les bretelles int\u00e9gr\u00e9es sans couture avec un empi\u00e8cement mesh \u00e9lastique au dos, enveloppant parfaitement le torse et perfor\u00e9es pour assurer la meilleure respirabilit\u00e9. Les bas de jambe silicon\u00e9s et l&rsquo;absence de couture dans l&rsquo;entrejambe, sans oublier le coussinet X-Pad sp\u00e9cialement con\u00e7u par VAUDE assurent un confort optimal sur la selle. Il r\u00e9duit la force de cisaillement d\u00e9sagr\u00e9able sur la peau et pr\u00e9serve le plaisir de conduite m\u00eame sur de longues distances. Il est sp\u00e9cialement adapt\u00e9 \u00e0 l&rsquo;anatomie masculine avec une pr\u00e9formation nette \u00e0 l&rsquo;avant de l&rsquo;entrejambe. La mati\u00e8re de pantalon \u00e0 bretelles homme d&rsquo;usage universel est tr\u00e8s r\u00e9sistante \u00e0 l&rsquo;abrasion, respirante et s\u00e8che rapidement. Le legging Kuro Bib Tights est parfaitement assorti aux autres articles de la famille Kuro\u00a0: maillot Kuro Full Zip, Kuro Air Jacket, short Kuro. Il est fabriqu\u00e9 en mati\u00e8res principalement recycl\u00e9es et certifi\u00e9es bluesign\u00ae en Europe. Le label Green Shape de VAUDE garantit un produit \u00e9cologique, fonctionnel et fabriqu\u00e9 dans des mat\u00e9riaux durables.<\/p>\n<p><em>coupe ergonomique, coutures enti\u00e8rement \u00e9lastiques, matelassage hautement respirant, multi \u00e9paisseurs et ergonomique, 2&#038;nbsp, poches en filet, bretelles mont\u00e9es en lycra hautement \u00e9lastique, bordures avec impression en silicone int\u00e9rieure, sans couture de jambe int\u00e9rieure, entrejambe pr\u00e9form\u00e9, bavette arri\u00e8re avec parties en mesh pour l&rsquo;a\u00e9ration<\/em><\/p>","protected":false},"excerpt":{"rendered":"<p>Pantalon \u00e0 bretelles homme sportif pour le gravel #avec X-Pad VAUDE, optimal sur les trails #robuste, \u00e9lastique et respirant #fabrication en mat\u00e9riaux recycl\u00e9s en Europe<\/p>","protected":false},"featured_media":23406,"comment_status":"closed","ping_status":"open","template":"","meta":[],"product_brand":[375],"product_cat":[213,574,216],"product_tag":[365,368,422,421],"class_list":["post-15202","product","type-product","status-publish","has-post-thumbnail","product_brand-vaude","product_cat-boutique","product_cat-pantalons","product_cat-vetements","product_tag-boutique","product_tag-vente","product_tag-vente-vetement","product_tag-vetement","pa_couleur-black","pa_couleur-black-uni","pa_couleur-coconut","pa_taille-l","pa_taille-m","pa_taille-s","pa_taille-xl","pa_taille-xxl","first","instock","purchasable","product-type-variable"],"_links":{"self":[{"href":"https:\/\/www.tracea.ch\/de\/wp-json\/wp\/v2\/product\/15202","targetHints":{"allow":["GET"]}}],"collection":[{"href":"https:\/\/www.tracea.ch\/de\/wp-json\/wp\/v2\/product"}],"about":[{"href":"https:\/\/www.tracea.ch\/de\/wp-json\/wp\/v2\/types\/product"}],"replies":[{"embeddable":true,"href":"https:\/\/www.tracea.ch\/de\/wp-json\/wp\/v2\/comments?post=15202"}],"version-history":[{"count":1,"href":"https:\/\/www.tracea.ch\/de\/wp-json\/wp\/v2\/product\/15202\/revisions"}],"predecessor-version":[{"id":29692,"href":"https:\/\/www.tracea.ch\/de\/wp-json\/wp\/v2\/product\/15202\/revisions\/29692"}],"wp:featuredmedia":[{"embeddable":true,"href":"https:\/\/www.tracea.ch\/de\/wp-json\/wp\/v2\/media\/23406"}],"wp:attachment":[{"href":"https:\/\/www.tracea.ch\/de\/wp-json\/wp\/v2\/media?parent=15202"}],"wp:term":[{"taxonomy":"product_brand","embeddable":true,"href":"https:\/\/www.tracea.ch\/de\/wp-json\/wp\/v2\/product_brand?post=15202"},{"taxonomy":"product_cat","embeddable":true,"href":"https:\/\/www.tracea.ch\/de\/wp-json\/wp\/v2\/product_cat?post=15202"},{"taxonomy":"product_tag","embeddable":true,"href":"https:\/\/www.tracea.ch\/de\/wp-json\/wp\/v2\/product_tag?post=15202"}],"curies":[{"name":"wp","href":"https:\/\/api.w.org\/{rel}","templated":true}]}}