{"id":15264,"date":"2026-06-30T22:27:14","date_gmt":"2026-06-30T22:27:14","guid":{"rendered":"https:\/\/www.tracea.ch\/boutique\/non%20class\u00e9\/mens-posta-tights\/"},"modified":"2026-07-07T21:57:30","modified_gmt":"2026-07-07T21:57:30","slug":"mens-posta-tights","status":"publish","type":"product","link":"https:\/\/www.tracea.ch\/de\/boutique\/mens-posta-tights\/","title":{"rendered":"Men&rsquo;s Posta Tights"},"content":{"rendered":"<p>Ce legging de cyclisme homme convient pour les vir\u00e9es ax\u00e9es sur la performance et constitue un choix durable. La mati\u00e8re principale est compos\u00e9e de polyamide recycl\u00e9 obtenu \u00e0 partir de mat\u00e9riaux textiles tels que des filets de p\u00eache usag\u00e9s. Le coussinet VAUDE R-Pad att\u00e9nue \u00e9galement les douleurs sur la selle et favorise une sensation imm\u00e9diate de confort de conduite. Le legging homme de v\u00e9lo de course Posta pr\u00e9sente une coupe ergonomique, des coutures plates, une taille plate et des bas de jambe silicon\u00e9s. Il est presque exclusivement fabriqu\u00e9 en mat\u00e9riaux recycl\u00e9s en Europe et convient \u00e0 tous les types de sport cycliste. Il constitue une parfaite tenue combin\u00e9e quand il est associ\u00e9 au maillot demi-zip Posta, au gilet Matera Air Vest ou \u00e0 la veste Matera Air Jacket. Le label Green Shape de VAUDE garantit un produit \u00e9cologique, fonctionnel et fabriqu\u00e9 dans des mat\u00e9riaux durables.<\/p>\n<p><em>coupe ergonomique, coutures enti\u00e8rement \u00e9lastiques, matelassage hautement respirant, multi \u00e9paisseurs et ergonomique, ceinture \u00e9lastique, bordures avec impression en silicone int\u00e9rieure<\/em><\/p>","protected":false},"excerpt":{"rendered":"<p>Legging de cyclisme sportif et \u00e0 usage universel #avec R-Pad VAUDE, optimal pour les parcours sur route #respirant, \u00e9lastique et \u00e0 s\u00e9chage rapide #fabrication \u00e9cologique en mat\u00e9riau recycl\u00e9 en Europe<\/p>","protected":false},"featured_media":23443,"comment_status":"closed","ping_status":"open","template":"","meta":[],"product_brand":[375],"product_cat":[213,574,216],"product_tag":[365,368,422,421],"class_list":["post-15264","product","type-product","status-publish","has-post-thumbnail","product_brand-vaude","product_cat-boutique","product_cat-pantalons","product_cat-vetements","product_tag-boutique","product_tag-vente","product_tag-vente-vetement","product_tag-vetement","pa_couleur-black","pa_couleur-dark-sea","pa_taille-l","pa_taille-m","pa_taille-s","pa_taille-xl","pa_taille-xxl","pa_taille-xxxl","first","instock","purchasable","product-type-variable"],"_links":{"self":[{"href":"https:\/\/www.tracea.ch\/de\/wp-json\/wp\/v2\/product\/15264","targetHints":{"allow":["GET"]}}],"collection":[{"href":"https:\/\/www.tracea.ch\/de\/wp-json\/wp\/v2\/product"}],"about":[{"href":"https:\/\/www.tracea.ch\/de\/wp-json\/wp\/v2\/types\/product"}],"replies":[{"embeddable":true,"href":"https:\/\/www.tracea.ch\/de\/wp-json\/wp\/v2\/comments?post=15264"}],"version-history":[{"count":1,"href":"https:\/\/www.tracea.ch\/de\/wp-json\/wp\/v2\/product\/15264\/revisions"}],"predecessor-version":[{"id":29697,"href":"https:\/\/www.tracea.ch\/de\/wp-json\/wp\/v2\/product\/15264\/revisions\/29697"}],"wp:featuredmedia":[{"embeddable":true,"href":"https:\/\/www.tracea.ch\/de\/wp-json\/wp\/v2\/media\/23443"}],"wp:attachment":[{"href":"https:\/\/www.tracea.ch\/de\/wp-json\/wp\/v2\/media?parent=15264"}],"wp:term":[{"taxonomy":"product_brand","embeddable":true,"href":"https:\/\/www.tracea.ch\/de\/wp-json\/wp\/v2\/product_brand?post=15264"},{"taxonomy":"product_cat","embeddable":true,"href":"https:\/\/www.tracea.ch\/de\/wp-json\/wp\/v2\/product_cat?post=15264"},{"taxonomy":"product_tag","embeddable":true,"href":"https:\/\/www.tracea.ch\/de\/wp-json\/wp\/v2\/product_tag?post=15264"}],"curies":[{"name":"wp","href":"https:\/\/api.w.org\/{rel}","templated":true}]}}