{"id":15398,"date":"2026-06-30T22:29:44","date_gmt":"2026-06-30T22:29:44","guid":{"rendered":"https:\/\/www.tracea.ch\/boutique\/non%20class\u00e9\/womens-neyland-hiver-tights\/"},"modified":"2026-07-07T22:01:29","modified_gmt":"2026-07-07T22:01:29","slug":"womens-neyland-hiver-tights","status":"publish","type":"product","link":"https:\/\/www.tracea.ch\/de\/boutique\/womens-neyland-hiver-tights\/","title":{"rendered":"Women&rsquo;s Neyland Hiver Tights"},"content":{"rendered":"<p>L&rsquo;hiver peut venir! Le legging femme Neyland pour l&rsquo;hiver d\u00e9fie le froid avec une face int\u00e9rieure douce et offre une grande libert\u00e9 de mouvement. Il est principalement fabriqu\u00e9 en polyester recycl\u00e9 et convient pour les randonn\u00e9es comme pour les soir\u00e9es conviviales en refuge. La pochette sur la jambe est en outre munie d&rsquo;une bride \u00e9lastique \u00e0 laquelle il est possible d&rsquo;accrocher des cl\u00e9s. Conseil: Le legging Neyland femme pour l&rsquo;hiver est parfaitement assorti \u00e0 la jupe r\u00e9versible Neyland ou peut s&rsquo;enfiler sous un surpantalon. Le label Green Shape de VAUDE garantit un produit \u00e9cologique, fonctionnel et fabriqu\u00e9 dans des mat\u00e9riaux durables certifi\u00e9s bluesign\u00ae. En tant que membre Leader de l&rsquo;organisme ind\u00e9pendant Fair Wear, VAUDE s&rsquo;engage en faveur de conditions de travail et de salaires \u00e9quitables.<\/p>\n<p><em>mati\u00e8re hautement \u00e9lastique, int\u00e9rieur en mati\u00e8re gratt\u00e9e, 1 petite poche int\u00e9rieure, ceinture \u00e9lastique r\u00e9glable en largeur, ceinture en forme plate, dragonne de s\u00e9curit\u00e9<\/em><\/p>","protected":false},"excerpt":{"rendered":"<p>Legging femme chaud pour l&rsquo;hiver avec face int\u00e9rieure tr\u00e8s douce #haut confort au porter et grande libert\u00e9 de mouvement #usage multifonction #fabrication principale en polyester recycl\u00e9<\/p>","protected":false},"featured_media":17671,"comment_status":"closed","ping_status":"open","template":"","meta":[],"product_brand":[375],"product_cat":[213,574,216],"product_tag":[365,368,422,421],"class_list":["post-15398","product","type-product","status-publish","has-post-thumbnail","product_brand-vaude","product_cat-boutique","product_cat-pantalons","product_cat-vetements","product_tag-boutique","product_tag-vente","product_tag-vente-vetement","product_tag-vetement","pa_couleur-black-uni","pa_taille-466","pa_taille-436","pa_taille-437","pa_taille-438","pa_taille-439","pa_taille-440","pa_taille-441","first","instock","purchasable","product-type-variable"],"_links":{"self":[{"href":"https:\/\/www.tracea.ch\/de\/wp-json\/wp\/v2\/product\/15398","targetHints":{"allow":["GET"]}}],"collection":[{"href":"https:\/\/www.tracea.ch\/de\/wp-json\/wp\/v2\/product"}],"about":[{"href":"https:\/\/www.tracea.ch\/de\/wp-json\/wp\/v2\/types\/product"}],"replies":[{"embeddable":true,"href":"https:\/\/www.tracea.ch\/de\/wp-json\/wp\/v2\/comments?post=15398"}],"version-history":[{"count":1,"href":"https:\/\/www.tracea.ch\/de\/wp-json\/wp\/v2\/product\/15398\/revisions"}],"predecessor-version":[{"id":29734,"href":"https:\/\/www.tracea.ch\/de\/wp-json\/wp\/v2\/product\/15398\/revisions\/29734"}],"wp:featuredmedia":[{"embeddable":true,"href":"https:\/\/www.tracea.ch\/de\/wp-json\/wp\/v2\/media\/17671"}],"wp:attachment":[{"href":"https:\/\/www.tracea.ch\/de\/wp-json\/wp\/v2\/media?parent=15398"}],"wp:term":[{"taxonomy":"product_brand","embeddable":true,"href":"https:\/\/www.tracea.ch\/de\/wp-json\/wp\/v2\/product_brand?post=15398"},{"taxonomy":"product_cat","embeddable":true,"href":"https:\/\/www.tracea.ch\/de\/wp-json\/wp\/v2\/product_cat?post=15398"},{"taxonomy":"product_tag","embeddable":true,"href":"https:\/\/www.tracea.ch\/de\/wp-json\/wp\/v2\/product_tag?post=15398"}],"curies":[{"name":"wp","href":"https:\/\/api.w.org\/{rel}","templated":true}]}}