{"id":15520,"date":"2026-06-30T22:32:04","date_gmt":"2026-06-30T22:32:04","guid":{"rendered":"https:\/\/www.tracea.ch\/boutique\/non%20class\u00e9\/kids-detective-stretch-shorts\/"},"modified":"2026-07-07T22:05:36","modified_gmt":"2026-07-07T22:05:36","slug":"kids-detective-stretch-shorts","status":"publish","type":"product","link":"https:\/\/www.tracea.ch\/de\/boutique\/kids-detective-stretch-shorts\/","title":{"rendered":"Kids Detective Stretch Shorts"},"content":{"rendered":"<p>Le Kids Detective Shorts pour enfant est id\u00e9al pour les excursions estivales en pleine nature! Tr\u00e8s \u00e9lastique et confortable, sa fabrication fait appel \u00e0 des mat\u00e9riaux recycl\u00e9s et respectueux du climat. La mati\u00e8re est douce et agr\u00e9able au toucher, le tissu du pantalon agr\u00e9ablement l\u00e9ger, robuste et r\u00e9sistant \u00e0 la fois. Le short enfant affiche un facteur de protection UV UPF 50+. Le pantalon accompagne la croissance gr\u00e2ce \u00e0 l&#8217;empi\u00e8cement \u00e9lastique au dos et la ceinture r\u00e9glable, et peut ainsi faire emploi pendant plusieurs ann\u00e9es. Le label Green Shape de VAUDE garantit un produit \u00e9cologique, fonctionnel et fabriqu\u00e9 dans des mat\u00e9riaux durables certifi\u00e9s bluesign\u00ae.<\/p>\n<p><em>2 poches dans la d\u00e9coupe, ceinture en partie \u00e9lastique, passepoil r\u00e9fl\u00e9chissante<\/em><\/p>","protected":false},"excerpt":{"rendered":"<p>Short enfant sympa et tr\u00e8s \u00e9lastique pour la randonn\u00e9e, l&rsquo;escalade, le quotidien et les loisirs #mat\u00e9riau l\u00e9ger et facile d&rsquo;entretien #deux poches en biais #climatiquement neutre&nbsp;; fabrication principale en mat\u00e9riau recycl\u00e9<\/p>","protected":false},"featured_media":23696,"comment_status":"closed","ping_status":"open","template":"","meta":[],"product_brand":[375],"product_cat":[213,574,216],"product_tag":[365,368,422,421],"class_list":["post-15520","product","type-product","status-publish","has-post-thumbnail","product_brand-vaude","product_cat-boutique","product_cat-pantalons","product_cat-vetements","product_tag-boutique","product_tag-vente","product_tag-vente-vetement","product_tag-vetement","pa_couleur-chute-green","pa_couleur-dark-sea","pa_taille-110-116","pa_taille-122-128","pa_taille-134-140","pa_taille-146-152","pa_taille-158-164","first","instock","purchasable","product-type-variable"],"_links":{"self":[{"href":"https:\/\/www.tracea.ch\/de\/wp-json\/wp\/v2\/product\/15520","targetHints":{"allow":["GET"]}}],"collection":[{"href":"https:\/\/www.tracea.ch\/de\/wp-json\/wp\/v2\/product"}],"about":[{"href":"https:\/\/www.tracea.ch\/de\/wp-json\/wp\/v2\/types\/product"}],"replies":[{"embeddable":true,"href":"https:\/\/www.tracea.ch\/de\/wp-json\/wp\/v2\/comments?post=15520"}],"version-history":[{"count":1,"href":"https:\/\/www.tracea.ch\/de\/wp-json\/wp\/v2\/product\/15520\/revisions"}],"predecessor-version":[{"id":29775,"href":"https:\/\/www.tracea.ch\/de\/wp-json\/wp\/v2\/product\/15520\/revisions\/29775"}],"wp:featuredmedia":[{"embeddable":true,"href":"https:\/\/www.tracea.ch\/de\/wp-json\/wp\/v2\/media\/23696"}],"wp:attachment":[{"href":"https:\/\/www.tracea.ch\/de\/wp-json\/wp\/v2\/media?parent=15520"}],"wp:term":[{"taxonomy":"product_brand","embeddable":true,"href":"https:\/\/www.tracea.ch\/de\/wp-json\/wp\/v2\/product_brand?post=15520"},{"taxonomy":"product_cat","embeddable":true,"href":"https:\/\/www.tracea.ch\/de\/wp-json\/wp\/v2\/product_cat?post=15520"},{"taxonomy":"product_tag","embeddable":true,"href":"https:\/\/www.tracea.ch\/de\/wp-json\/wp\/v2\/product_tag?post=15520"}],"curies":[{"name":"wp","href":"https:\/\/api.w.org\/{rel}","templated":true}]}}