{"id":15678,"date":"2026-06-30T22:35:07","date_gmt":"2026-06-30T22:35:07","guid":{"rendered":"https:\/\/www.tracea.ch\/boutique\/non%20class\u00e9\/womens-yaras-rain-zip-pants-iv\/"},"modified":"2026-07-07T22:10:50","modified_gmt":"2026-07-07T22:10:50","slug":"womens-yaras-rain-zip-pants-iv","status":"publish","type":"product","link":"https:\/\/www.tracea.ch\/de\/boutique\/womens-yaras-rain-zip-pants-iv\/","title":{"rendered":"Women&rsquo;s Yaras Rain Zip Pants IV"},"content":{"rendered":"<p>Il faut \u00eatre r\u00e9actif d\u00e8s qu&rsquo;il commence \u00e0 pleuvoir\u00a0: ce pantalon de pluie cycliste pour femme avec zip lat\u00e9ral s&rsquo;enfile et se retire tout aussi facilement. Sa construction 2,5\u00a0couches tient au sec m\u00eame par pluie prolong\u00e9e\u00a0; la taille \u00e9lastique et le bas des jambes r\u00e9glable offrent un excellent confort au porter. La mati\u00e8re robuste de grande long\u00e9vit\u00e9 garantit une longue utilisation de ce pantalon de pluie cycliste femme, au quotidien comme en cyclotourisme. Le pantalon est renforc\u00e9 au niveau du fessier pour surmonter sans difficult\u00e9 les fortes sollicitations. Ce pantalon de pluie pour femme est fabriqu\u00e9 via une m\u00e9thode du bilan massique certifi\u00e9e \u00e0 partir entre autres de pneus usag\u00e9s recycl\u00e9s. Il est dot\u00e9 de la finition d\u00e9perlante et antisalissures Eco Finish sans PFC. Le label Green Shape de VAUDE garantit un produit \u00e9cologique, fonctionnel et fabriqu\u00e9 dans des mat\u00e9riaux durables certifi\u00e9s bluesign\u00ae.<\/p>\n<p><em>Pantalon 2,5 \u00e9paisseur, genoux pr\u00e9form\u00e9s, renforcement de l&rsquo;assise en mati\u00e8re triple \u00e9paisseur, zip lat\u00e9ral continu, s\u00e9parable avec rabat, ceinture \u00e9lastique, bas des jambes avec velcro pour l&rsquo;ajustage de la largeur, \u00e9l\u00e9ments r\u00e9fl\u00e9chissants<\/em><\/p>","protected":false},"excerpt":{"rendered":"<p>Pantalon de pluie femme robuste et de grande long\u00e9vit\u00e9 avec zip lat\u00e9ral #imperm\u00e9able, \u00e9tanche au vent et respirant #l\u00e9ger, avec r\u00e9glage de l&rsquo;ouverture des jambes #fabrication respectueuse du climat par recyclage innovant de pneus usag\u00e9s sous utilisation d&rsquo;une m\u00e9thode de bilan massique<\/p>","protected":false},"featured_media":24017,"comment_status":"closed","ping_status":"open","template":"","meta":[],"product_brand":[375],"product_cat":[213,574,216],"product_tag":[365,368,422,421],"class_list":["post-15678","product","type-product","status-publish","has-post-thumbnail","product_brand-vaude","product_cat-boutique","product_cat-pantalons","product_cat-vetements","product_tag-boutique","product_tag-vente","product_tag-vente-vetement","product_tag-vetement","pa_couleur-black","pa_taille-466","pa_taille-436","pa_taille-437","pa_taille-438","pa_taille-439","pa_taille-440","pa_taille-441","first","instock","purchasable","product-type-variable"],"_links":{"self":[{"href":"https:\/\/www.tracea.ch\/de\/wp-json\/wp\/v2\/product\/15678","targetHints":{"allow":["GET"]}}],"collection":[{"href":"https:\/\/www.tracea.ch\/de\/wp-json\/wp\/v2\/product"}],"about":[{"href":"https:\/\/www.tracea.ch\/de\/wp-json\/wp\/v2\/types\/product"}],"replies":[{"embeddable":true,"href":"https:\/\/www.tracea.ch\/de\/wp-json\/wp\/v2\/comments?post=15678"}],"version-history":[{"count":1,"href":"https:\/\/www.tracea.ch\/de\/wp-json\/wp\/v2\/product\/15678\/revisions"}],"predecessor-version":[{"id":29820,"href":"https:\/\/www.tracea.ch\/de\/wp-json\/wp\/v2\/product\/15678\/revisions\/29820"}],"wp:featuredmedia":[{"embeddable":true,"href":"https:\/\/www.tracea.ch\/de\/wp-json\/wp\/v2\/media\/24017"}],"wp:attachment":[{"href":"https:\/\/www.tracea.ch\/de\/wp-json\/wp\/v2\/media?parent=15678"}],"wp:term":[{"taxonomy":"product_brand","embeddable":true,"href":"https:\/\/www.tracea.ch\/de\/wp-json\/wp\/v2\/product_brand?post=15678"},{"taxonomy":"product_cat","embeddable":true,"href":"https:\/\/www.tracea.ch\/de\/wp-json\/wp\/v2\/product_cat?post=15678"},{"taxonomy":"product_tag","embeddable":true,"href":"https:\/\/www.tracea.ch\/de\/wp-json\/wp\/v2\/product_tag?post=15678"}],"curies":[{"name":"wp","href":"https:\/\/api.w.org\/{rel}","templated":true}]}}