{"id":15757,"date":"2026-06-30T22:36:42","date_gmt":"2026-06-30T22:36:42","guid":{"rendered":"https:\/\/www.tracea.ch\/boutique\/non%20class\u00e9\/mens-yaras-rain-pants-iv\/"},"modified":"2026-07-07T22:13:15","modified_gmt":"2026-07-07T22:13:15","slug":"mens-yaras-rain-pants-iv","status":"publish","type":"product","link":"https:\/\/www.tracea.ch\/de\/boutique\/mens-yaras-rain-pants-iv\/","title":{"rendered":"Men&rsquo;s Yaras Rain Pants IV"},"content":{"rendered":"<p>Il vous accompagne en toute fiabilit\u00e9 sur vos cyclorandos par mauvais temps\u00a0: le pantalon de pluie 2,5 couches pour homme est indispensable sur les vir\u00e9es \u00e0 v\u00e9lo. Sa taille \u00e9lastique et ultraplate avec fermeture par cordon le maintient toujours bien en place sur les hanches et \u00e9vite les points de pression. Gr\u00e2ce aux genoux pr\u00e9form\u00e9s, le surpantalon de pluie Yaras homme offre toute libert\u00e9 de mouvement sur la p\u00e9dale. Son renforcement d&rsquo;assise est robuste et compos\u00e9 de 3 couches. Le bas des jambes peut \u00eatre ajust\u00e9 individuellement \u00e0 l&rsquo;aide de deux fermetures velcro et est \u00e9quip\u00e9 d&rsquo;une fermeture \u00e0 glissi\u00e8re \u00e0 chaque fois, ce qui permet de garder facilement ses chaussures en les enfilant. En plus de la membrane imperm\u00e9able, le tissu ext\u00e9rieur du surpantalon de v\u00e9lo Yaras IV pour homme est appr\u00eat\u00e9 avec la finition Eco Finish d\u00e9perlante et antisalissures sans PFC. Le label Green Shape de VAUDE garantit un produit \u00e9cologique, fonctionnel et fabriqu\u00e9 dans des mat\u00e9riaux durables.<\/p>\n<p><em>Pantalon 2,5 \u00e9paisseur, genoux pr\u00e9form\u00e9s, renforcement de l&rsquo;assise en mati\u00e8re triple \u00e9paisseur, ceinture avec \u00e9lastique et cordon, largeur de la ceinture ajustable gr\u00e2ce \u00e0 un velcro et un zip, \u00e9l\u00e9ments r\u00e9fl\u00e9chissants<\/em><\/p>","protected":false},"excerpt":{"rendered":"<p>Pantalon de pluie cycliste pour homme #imperm\u00e9able, \u00e9tanche au vent et respirant #ajustable avec bande \u00e9lastique sur les hanches et fermeture par cordon #VAUDE s&rsquo;engage pour des conditions de travail responsables dans le monde entier<\/p>","protected":false},"featured_media":24115,"comment_status":"closed","ping_status":"open","template":"","meta":[],"product_brand":[375],"product_cat":[213,574,216],"product_tag":[365,368,422,421],"class_list":["post-15757","product","type-product","status-publish","has-post-thumbnail","product_brand-vaude","product_cat-boutique","product_cat-pantalons","product_cat-vetements","product_tag-boutique","product_tag-vente","product_tag-vente-vetement","product_tag-vetement","pa_couleur-black","pa_taille-l","pa_taille-l-long","pa_taille-l-short","pa_taille-m","pa_taille-m-long","pa_taille-m-short","pa_taille-s","pa_taille-s-long","pa_taille-s-short","pa_taille-xl","pa_taille-xl-long","pa_taille-xl-short","pa_taille-xxl","pa_taille-xxl-long","pa_taille-xxl-short","pa_taille-xxxl","first","instock","purchasable","product-type-variable"],"_links":{"self":[{"href":"https:\/\/www.tracea.ch\/de\/wp-json\/wp\/v2\/product\/15757","targetHints":{"allow":["GET"]}}],"collection":[{"href":"https:\/\/www.tracea.ch\/de\/wp-json\/wp\/v2\/product"}],"about":[{"href":"https:\/\/www.tracea.ch\/de\/wp-json\/wp\/v2\/types\/product"}],"replies":[{"embeddable":true,"href":"https:\/\/www.tracea.ch\/de\/wp-json\/wp\/v2\/comments?post=15757"}],"version-history":[{"count":1,"href":"https:\/\/www.tracea.ch\/de\/wp-json\/wp\/v2\/product\/15757\/revisions"}],"predecessor-version":[{"id":29842,"href":"https:\/\/www.tracea.ch\/de\/wp-json\/wp\/v2\/product\/15757\/revisions\/29842"}],"wp:featuredmedia":[{"embeddable":true,"href":"https:\/\/www.tracea.ch\/de\/wp-json\/wp\/v2\/media\/24115"}],"wp:attachment":[{"href":"https:\/\/www.tracea.ch\/de\/wp-json\/wp\/v2\/media?parent=15757"}],"wp:term":[{"taxonomy":"product_brand","embeddable":true,"href":"https:\/\/www.tracea.ch\/de\/wp-json\/wp\/v2\/product_brand?post=15757"},{"taxonomy":"product_cat","embeddable":true,"href":"https:\/\/www.tracea.ch\/de\/wp-json\/wp\/v2\/product_cat?post=15757"},{"taxonomy":"product_tag","embeddable":true,"href":"https:\/\/www.tracea.ch\/de\/wp-json\/wp\/v2\/product_tag?post=15757"}],"curies":[{"name":"wp","href":"https:\/\/api.w.org\/{rel}","templated":true}]}}