{"id":15782,"date":"2026-06-30T22:37:12","date_gmt":"2026-06-30T22:37:12","guid":{"rendered":"https:\/\/www.tracea.ch\/boutique\/non%20class\u00e9\/mens-kuro-shorts-ii\/"},"modified":"2026-07-07T22:13:44","modified_gmt":"2026-07-07T22:13:44","slug":"mens-kuro-shorts-ii","status":"publish","type":"product","link":"https:\/\/www.tracea.ch\/de\/boutique\/mens-kuro-shorts-ii\/","title":{"rendered":"Men&rsquo;s Kuro Shorts II"},"content":{"rendered":"<p>Le short de gravel homme Kuro est le choix de pr\u00e9dilection du cycliste adepte d&rsquo;un look simple et d\u00e9contract\u00e9. Le short de gravel pour homme s&rsquo;enfile simplement sur un legging pour offrir un style des plus sympathiques. La mati\u00e8re stretch l\u00e9g\u00e8re est perfor\u00e9e et offre une bonne respirabilit\u00e9 tout en \u00e9tant robuste et en s\u00e9chant rapidement. La ceinture \u00e9lastique confortable se passe de fermeture et offre malgr\u00e9 tout une bonne tenue gr\u00e2ce \u00e0 son \u00e9lastique silicon\u00e9 au dos. La mati\u00e8re tr\u00e8s douce \u00e9pousant le corps et int\u00e9gr\u00e9e sur les c\u00f4t\u00e9s et au dos, ainsi que les fentes lat\u00e9rales au bas des jambes, offrent une libert\u00e9 illimit\u00e9e de mouvement lors du p\u00e9dalage. Deux poches zipp\u00e9es plus basses offrent un espace de rangement suppl\u00e9mentaire. Le short Kuro homme de gravel tr\u00e8s l\u00e9ger et dans une coupe Slim Fit est compos\u00e9 de mati\u00e8res principalement recycl\u00e9es et certifi\u00e9es bluesign\u00ae, et appr\u00eat\u00e9 avec la finition Eco Finish d\u00e9perlante et anti-salissures. Le label Green Shape de VAUDE garantit un produit \u00e9cologique, fonctionnel et fabriqu\u00e9 dans des mat\u00e9riaux durables.<\/p>\n<p><em>coupe ergonomique, fentes lat\u00e9rales, 2 poches zipp\u00e9es sur le c\u00f4t\u00e9, ceinture \u00e9lastique avec impression en silicone int\u00e9rieure, \u00e9l\u00e9ments r\u00e9fl\u00e9chissants<\/em><\/p>","protected":false},"excerpt":{"rendered":"<p>Short homme l\u00e9ger et tr\u00e8s \u00e9lastique pour le gravel #perfor\u00e9, respirant et \u00e0 s\u00e9chage rapide #avec 2&nbsp;poches zipp\u00e9es #fabrication \u00e9cologique en mat\u00e9riaux principalement recycl\u00e9s<\/p>","protected":false},"featured_media":24175,"comment_status":"closed","ping_status":"open","template":"","meta":[],"product_brand":[375],"product_cat":[213,574,216],"product_tag":[365,368,422,421],"class_list":["post-15782","product","type-product","status-publish","has-post-thumbnail","product_brand-vaude","product_cat-boutique","product_cat-pantalons","product_cat-vetements","product_tag-boutique","product_tag-vente","product_tag-vente-vetement","product_tag-vetement","pa_couleur-black","pa_couleur-coconut","pa_couleur-heron","pa_taille-l","pa_taille-m","pa_taille-s","pa_taille-xl","pa_taille-xxl","first","instock","purchasable","product-type-variable"],"_links":{"self":[{"href":"https:\/\/www.tracea.ch\/de\/wp-json\/wp\/v2\/product\/15782","targetHints":{"allow":["GET"]}}],"collection":[{"href":"https:\/\/www.tracea.ch\/de\/wp-json\/wp\/v2\/product"}],"about":[{"href":"https:\/\/www.tracea.ch\/de\/wp-json\/wp\/v2\/types\/product"}],"replies":[{"embeddable":true,"href":"https:\/\/www.tracea.ch\/de\/wp-json\/wp\/v2\/comments?post=15782"}],"version-history":[{"count":1,"href":"https:\/\/www.tracea.ch\/de\/wp-json\/wp\/v2\/product\/15782\/revisions"}],"predecessor-version":[{"id":29848,"href":"https:\/\/www.tracea.ch\/de\/wp-json\/wp\/v2\/product\/15782\/revisions\/29848"}],"wp:featuredmedia":[{"embeddable":true,"href":"https:\/\/www.tracea.ch\/de\/wp-json\/wp\/v2\/media\/24175"}],"wp:attachment":[{"href":"https:\/\/www.tracea.ch\/de\/wp-json\/wp\/v2\/media?parent=15782"}],"wp:term":[{"taxonomy":"product_brand","embeddable":true,"href":"https:\/\/www.tracea.ch\/de\/wp-json\/wp\/v2\/product_brand?post=15782"},{"taxonomy":"product_cat","embeddable":true,"href":"https:\/\/www.tracea.ch\/de\/wp-json\/wp\/v2\/product_cat?post=15782"},{"taxonomy":"product_tag","embeddable":true,"href":"https:\/\/www.tracea.ch\/de\/wp-json\/wp\/v2\/product_tag?post=15782"}],"curies":[{"name":"wp","href":"https:\/\/api.w.org\/{rel}","templated":true}]}}