{"id":16048,"date":"2026-06-30T22:42:13","date_gmt":"2026-06-30T22:42:13","guid":{"rendered":"https:\/\/www.tracea.ch\/boutique\/non%20class\u00e9\/mens-kuro-essential-warm-tights\/"},"modified":"2026-07-07T22:19:03","modified_gmt":"2026-07-07T22:19:03","slug":"mens-kuro-essential-warm-tights","status":"publish","type":"product","link":"https:\/\/www.tracea.ch\/de\/boutique\/mens-kuro-essential-warm-tights\/","title":{"rendered":"Men&rsquo;s Kuro Essential Warm Tights"},"content":{"rendered":"<p>Legging cycliste homme chaud pour les adeptes chevronn\u00e9s de course ou de gravel. La coupe ergonomique pr\u00e9form\u00e9e garantit un ajustement optimal\u00a0; la mati\u00e8re softshell est \u00e9tanche au vent, tr\u00e8s \u00e9lastique et recouvre les genoux. Les coutures plates int\u00e9gr\u00e9es emp\u00eachent l&rsquo;irritation de la peau. Dans la zone des genoux et des jambes, le legging cycliste softshell hybride pour homme est muni d&rsquo;une mati\u00e8re \u00e9lastique l\u00e9g\u00e8rement gratt\u00e9e \u00e0 l&rsquo;int\u00e9rieur, afin d&rsquo;assurer une encore meilleure libert\u00e9 de mouvement. Le silicone confectionn\u00e9 dans le bas des jambes l&#8217;emp\u00eache de glisser efficacement. La ceinture \u00e9lastique relev\u00e9e \u00e0 l&rsquo;arri\u00e8re est maintenue bien en place gr\u00e2ce \u00e0 des empi\u00e8cements en silicone. Ceci vaut \u00e9galement pour le coussinet X-Pad pr\u00e9form\u00e9 en ad\u00e9quation avec l&rsquo;anatomie masculine, afin de pouvoir accomplir de longs trajets sans aucune g\u00eane. l&rsquo;\u00e9quipement est \u00e9l\u00e9gamment compl\u00e9t\u00e9 par des \u00e9l\u00e9ments r\u00e9fl\u00e9chissants d\u00e9coratifs sur l&rsquo;arri\u00e8re l\u00e9g\u00e8rement relev\u00e9 du bas de la jambe. Le legging softshell hybride de cyclisme pour homme est parfaitement assorti avec tous les articles de la famille Kuro et b\u00e9n\u00e9ficie de la certification selon la norme environnementale la plus stricte bluesign\u00ae. Le label Green Shape de VAUDE garantit un produit \u00e9cologique, fonctionnel et fabriqu\u00e9 dans des mat\u00e9riaux durables.<\/p>\n<p><em>coupe ergonomique, genoux pr\u00e9form\u00e9s, ceinture \u00e0 la coupe montante \u00e0 l&rsquo;arri\u00e8re, matelassage hautement respirant, multi \u00e9paisseurs et ergonomique, bas des jambes avec bande silicon\u00e9e, Ceinture avec parties \u00e9lastiques dans le dos, \u00e9l\u00e9ments r\u00e9fl\u00e9chissants<\/em><\/p>","protected":false},"excerpt":{"rendered":"<p>Legging cycliste chaud homme pour la pratique du gravel #construction de mati\u00e8re hybride avec X-Pad #zones \u00e9tanches au vent et respirantes #mati\u00e8re principale en polyester essentiellement recycl\u00e9<\/p>","protected":false},"featured_media":24663,"comment_status":"closed","ping_status":"open","template":"","meta":[],"product_brand":[375],"product_cat":[213,574,216],"product_tag":[365,368,422,421],"class_list":["post-16048","product","type-product","status-publish","has-post-thumbnail","product_brand-vaude","product_cat-boutique","product_cat-pantalons","product_cat-vetements","product_tag-boutique","product_tag-vente","product_tag-vente-vetement","product_tag-vetement","pa_couleur-black","pa_taille-l","pa_taille-m","pa_taille-s","pa_taille-xl","pa_taille-xxl","pa_taille-xxxl","first","instock","purchasable","product-type-variable"],"_links":{"self":[{"href":"https:\/\/www.tracea.ch\/de\/wp-json\/wp\/v2\/product\/16048","targetHints":{"allow":["GET"]}}],"collection":[{"href":"https:\/\/www.tracea.ch\/de\/wp-json\/wp\/v2\/product"}],"about":[{"href":"https:\/\/www.tracea.ch\/de\/wp-json\/wp\/v2\/types\/product"}],"replies":[{"embeddable":true,"href":"https:\/\/www.tracea.ch\/de\/wp-json\/wp\/v2\/comments?post=16048"}],"version-history":[{"count":1,"href":"https:\/\/www.tracea.ch\/de\/wp-json\/wp\/v2\/product\/16048\/revisions"}],"predecessor-version":[{"id":29898,"href":"https:\/\/www.tracea.ch\/de\/wp-json\/wp\/v2\/product\/16048\/revisions\/29898"}],"wp:featuredmedia":[{"embeddable":true,"href":"https:\/\/www.tracea.ch\/de\/wp-json\/wp\/v2\/media\/24663"}],"wp:attachment":[{"href":"https:\/\/www.tracea.ch\/de\/wp-json\/wp\/v2\/media?parent=16048"}],"wp:term":[{"taxonomy":"product_brand","embeddable":true,"href":"https:\/\/www.tracea.ch\/de\/wp-json\/wp\/v2\/product_brand?post=16048"},{"taxonomy":"product_cat","embeddable":true,"href":"https:\/\/www.tracea.ch\/de\/wp-json\/wp\/v2\/product_cat?post=16048"},{"taxonomy":"product_tag","embeddable":true,"href":"https:\/\/www.tracea.ch\/de\/wp-json\/wp\/v2\/product_tag?post=16048"}],"curies":[{"name":"wp","href":"https:\/\/api.w.org\/{rel}","templated":true}]}}