{"id":16393,"date":"2026-06-30T22:48:52","date_gmt":"2026-06-30T22:48:52","guid":{"rendered":"https:\/\/www.tracea.ch\/boutique\/non%20class\u00e9\/mens-bike-bib-innerpants-xp\/"},"modified":"2026-07-07T22:26:43","modified_gmt":"2026-07-07T22:26:43","slug":"mens-bike-bib-innerpants-xp","status":"publish","type":"product","link":"https:\/\/www.tracea.ch\/de\/boutique\/mens-bike-bib-innerpants-xp\/","title":{"rendered":"Men&rsquo;s Bike Bib Innerpants XP"},"content":{"rendered":"<p>La prochaine vir\u00e9e en v\u00e9lo est d\u00e9j\u00e0 en pr\u00e9paration\u00a0? Ce cuissard cycliste \u00e0 bretelles pour homme se porte ais\u00e9ment sous des pantalons courts ou longs de sport et fonctionnels. Le rembourrage de fessier VAUDE X-Pad int\u00e9gr\u00e9 est sp\u00e9cialement con\u00e7u pour les trajets en position assise sportive sur le terrain. La coupe du rembourrage de fessier \u00e9pouse l&rsquo;anatomie masculine et emp\u00eache ainsi la formation de points de pression d\u00e9sagr\u00e9ables. Le proc\u00e9d\u00e9 de \u00ab\u00a0body mapping\u00a0\u00bb est appliqu\u00e9 pour garantir une ventilation optimale. Il s&rsquo;agit ici d&rsquo;analyser pr\u00e9cis\u00e9ment les zones devant \u00e9vacuer le plus de chaleur ou de sueur et celles qui exigent davantage de mati\u00e8res ou de maintien. La coupe de ce cuissard de cyclisme \u00e0 bretelles met l&rsquo;accent sur une silhouette parfaitement ajust\u00e9e. Le pantalon \u00e9pouse parfaitement le corps gr\u00e2ce \u00e0 la mati\u00e8re \u00e9lastique \u00e0 l&rsquo;arri\u00e8re et aux c\u00f4t\u00e9s. Les bretelles pr\u00e9sentent une forme anatomique optimis\u00e9e pour offrir un bon maintien au corps sans points de pression sur les longs trajets. Un imprim\u00e9 silicon\u00e9 int\u00e9gr\u00e9 au bas des jambes emp\u00eache le glissement sur la cuisse. Le label Green Shape de VAUDE garantit un produit \u00e9cologique, fonctionnel et fabriqu\u00e9 dans des mat\u00e9riaux durables.<\/p>\n<p><em>respirant(e)\/s et fonctionnel(le)\/s, mati\u00e8re hautement \u00e9lastique, matelassage hautement respirant, multi \u00e9paisseurs et ergonomique, parties en filet, bordures avec impression en silicone int\u00e9rieure<\/em><\/p>","protected":false},"excerpt":{"rendered":"<p>Cuissard de cyclisme \u00e0 bretelles pour homme #bretelles \u00e0 la coupe anatomique #coussinet X-Pad int\u00e9gr\u00e9 #mati\u00e8re principale essentiellement fabriqu\u00e9e en polyamide recycl\u00e9<\/p>","protected":false},"featured_media":25258,"comment_status":"closed","ping_status":"open","template":"","meta":[],"product_brand":[375],"product_cat":[213,574,216],"product_tag":[365,368,422,421],"class_list":["post-16393","product","type-product","status-publish","has-post-thumbnail","product_brand-vaude","product_cat-boutique","product_cat-pantalons","product_cat-vetements","product_tag-boutique","product_tag-vente","product_tag-vente-vetement","product_tag-vetement","pa_couleur-black","pa_taille-l","pa_taille-m","pa_taille-s","pa_taille-xl","pa_taille-xxl","pa_taille-xxxl","first","instock","purchasable","product-type-variable"],"_links":{"self":[{"href":"https:\/\/www.tracea.ch\/de\/wp-json\/wp\/v2\/product\/16393","targetHints":{"allow":["GET"]}}],"collection":[{"href":"https:\/\/www.tracea.ch\/de\/wp-json\/wp\/v2\/product"}],"about":[{"href":"https:\/\/www.tracea.ch\/de\/wp-json\/wp\/v2\/types\/product"}],"replies":[{"embeddable":true,"href":"https:\/\/www.tracea.ch\/de\/wp-json\/wp\/v2\/comments?post=16393"}],"version-history":[{"count":1,"href":"https:\/\/www.tracea.ch\/de\/wp-json\/wp\/v2\/product\/16393\/revisions"}],"predecessor-version":[{"id":29976,"href":"https:\/\/www.tracea.ch\/de\/wp-json\/wp\/v2\/product\/16393\/revisions\/29976"}],"wp:featuredmedia":[{"embeddable":true,"href":"https:\/\/www.tracea.ch\/de\/wp-json\/wp\/v2\/media\/25258"}],"wp:attachment":[{"href":"https:\/\/www.tracea.ch\/de\/wp-json\/wp\/v2\/media?parent=16393"}],"wp:term":[{"taxonomy":"product_brand","embeddable":true,"href":"https:\/\/www.tracea.ch\/de\/wp-json\/wp\/v2\/product_brand?post=16393"},{"taxonomy":"product_cat","embeddable":true,"href":"https:\/\/www.tracea.ch\/de\/wp-json\/wp\/v2\/product_cat?post=16393"},{"taxonomy":"product_tag","embeddable":true,"href":"https:\/\/www.tracea.ch\/de\/wp-json\/wp\/v2\/product_tag?post=16393"}],"curies":[{"name":"wp","href":"https:\/\/api.w.org\/{rel}","templated":true}]}}