{"id":30126,"date":"2026-07-07T22:31:06","date_gmt":"2026-07-07T22:31:06","guid":{"rendered":"https:\/\/www.tracea.ch\/boutique\/non%20class\u00e9\/mens-minaki-pants-ii\/"},"modified":"2026-07-07T22:31:33","modified_gmt":"2026-07-07T22:31:33","slug":"mens-minaki-pants-ii","status":"publish","type":"product","link":"https:\/\/www.tracea.ch\/de\/boutique\/mens-minaki-pants-ii\/","title":{"rendered":"Men&rsquo;s Minaki Pants II"},"content":{"rendered":"<p>Pantalon cycliste isolant homme pour l&rsquo;hiver avec une coupe optimis\u00e9e. Il est dot\u00e9 \u00e0 cet effet d&rsquo;un rembourrage constitu\u00e9 en majeure partie de polyester recycl\u00e9 en plus d&rsquo;une softshell \u00e9tanche au vent \u00e0 l&rsquo;avant jusqu&rsquo;aux genoux. Une mati\u00e8re stretch en polyester recycl\u00e9 garantit une amplitude de mouvement et une respirabilit\u00e9 des genoux pr\u00e9form\u00e9s jusqu&rsquo;au bas des jambes \u00e9lastique, ainsi que dans toute la partie arri\u00e8re. La protection anti-\u00e9claboussures au fessier est imperm\u00e9able, les 2\u00a0poches zipp\u00e9es sont bien accessibles m\u00eame en selle. La taille du pantalon cycliste isolant pour homme pr\u00e9sente elle aussi quelques particularit\u00e9s\u00a0: sa coupe est relev\u00e9e \u00e0 l&rsquo;arri\u00e8re et elle s&rsquo;ajuste \u00e0 l&rsquo;aide d&rsquo;un velcro. Des \u00e9l\u00e9ments r\u00e9fl\u00e9chissants viennent compl\u00e9ter tout son \u00e9quipement. Ce pantalon cycliste isolant homme Minaki est dot\u00e9 de la finition d\u00e9perlante et antisalissures Eco Finish sans PFC. Le label Green Shape de VAUDE garantit un produit \u00e9cologique, fonctionnel et fabriqu\u00e9 dans des mat\u00e9riaux durables. En tant que membre Leader de l&rsquo;organisme ind\u00e9pendant Fair Wear, VAUDE s&rsquo;engage en faveur de conditions de travail et de salaires \u00e9quitables.<\/p>\n<p><em>bas de jambes \u00e9lastiques, genoux pr\u00e9form\u00e9s, ceinture \u00e0 la coupe montante \u00e0 l&rsquo;arri\u00e8re, peut \u00eatre port\u00e9 avec des protections, parties en stretch, renforcement de l&rsquo;assise en mati\u00e8re triple \u00e9paisseur, Ceinture r\u00e9glable en largeur gr\u00e2ce \u00e0 un velcro, zip de ventilation dans les coutures lat\u00e9rales, \u00e9l\u00e9ments r\u00e9fl\u00e9chissants<\/em><\/p>","protected":false},"excerpt":{"rendered":"<p>Pantalon isolant homme chaud #construction hybride, utilisation polyvalente #\u00e9tanche au vent, d\u00e9perlant et antisalissures #mati\u00e8re principale principalement fabriqu\u00e9e en polyester recycl\u00e9<\/p>","protected":false},"featured_media":26251,"comment_status":"closed","ping_status":"open","template":"","meta":[],"product_brand":[375],"product_cat":[213,574,216],"product_tag":[365,368,422,421],"class_list":["post-30126","product","type-product","status-publish","has-post-thumbnail","product_brand-vaude","product_cat-boutique","product_cat-pantalons","product_cat-vetements","product_tag-boutique","product_tag-vente","product_tag-vente-vetement","product_tag-vetement","pa_couleur-black","pa_couleur-dark-sea","pa_taille-l","pa_taille-m","pa_taille-s","pa_taille-xl","pa_taille-xxl","pa_taille-xxxl","first","instock","purchasable","product-type-variable"],"_links":{"self":[{"href":"https:\/\/www.tracea.ch\/de\/wp-json\/wp\/v2\/product\/30126","targetHints":{"allow":["GET"]}}],"collection":[{"href":"https:\/\/www.tracea.ch\/de\/wp-json\/wp\/v2\/product"}],"about":[{"href":"https:\/\/www.tracea.ch\/de\/wp-json\/wp\/v2\/types\/product"}],"replies":[{"embeddable":true,"href":"https:\/\/www.tracea.ch\/de\/wp-json\/wp\/v2\/comments?post=30126"}],"version-history":[{"count":1,"href":"https:\/\/www.tracea.ch\/de\/wp-json\/wp\/v2\/product\/30126\/revisions"}],"predecessor-version":[{"id":30127,"href":"https:\/\/www.tracea.ch\/de\/wp-json\/wp\/v2\/product\/30126\/revisions\/30127"}],"wp:featuredmedia":[{"embeddable":true,"href":"https:\/\/www.tracea.ch\/de\/wp-json\/wp\/v2\/media\/26251"}],"wp:attachment":[{"href":"https:\/\/www.tracea.ch\/de\/wp-json\/wp\/v2\/media?parent=30126"}],"wp:term":[{"taxonomy":"product_brand","embeddable":true,"href":"https:\/\/www.tracea.ch\/de\/wp-json\/wp\/v2\/product_brand?post=30126"},{"taxonomy":"product_cat","embeddable":true,"href":"https:\/\/www.tracea.ch\/de\/wp-json\/wp\/v2\/product_cat?post=30126"},{"taxonomy":"product_tag","embeddable":true,"href":"https:\/\/www.tracea.ch\/de\/wp-json\/wp\/v2\/product_tag?post=30126"}],"curies":[{"name":"wp","href":"https:\/\/api.w.org\/{rel}","templated":true}]}}