{"id":30179,"date":"2026-07-07T22:32:26","date_gmt":"2026-07-07T22:32:26","guid":{"rendered":"https:\/\/www.tracea.ch\/boutique\/non%20class\u00e9\/mens-kuro-essential-bib-tights\/"},"modified":"2026-07-07T22:32:52","modified_gmt":"2026-07-07T22:32:52","slug":"mens-kuro-essential-bib-tights","status":"publish","type":"product","link":"https:\/\/www.tracea.ch\/de\/boutique\/mens-kuro-essential-bib-tights\/","title":{"rendered":"Men&rsquo;s Kuro Essential Bib Tights"},"content":{"rendered":"<p>Pr\u00eat pour la prochaine grande aventure, sur ou loin de la route\u00a0? Le pantalon de cyclisme Kuro homme \u00e0 bretelles est un legging minimaliste mais ultrafonctionnel pour les sorties estivales en gravel. Le rembourrage de fessier VAUDE X-Pad int\u00e9gr\u00e9 est sp\u00e9cialement con\u00e7u pour les trajets en position assise sportive sur le terrain. La coupe du rembourrage de fessier \u00e9pouse l&rsquo;anatomie masculine et emp\u00eache ainsi la formation de points de pression d\u00e9sagr\u00e9ables. La ligne des coutures \u00e9pouse les mouvements sur la p\u00e9dale sur sa totalit\u00e9, ce qui emp\u00eache les points g\u00eanants ou les frottements. Le bas des jambes silicon\u00e9 emp\u00eache le glissement involontaire du pantalon sur la cuisse. Les empi\u00e8cements en mesh intelligemment dispos\u00e9s au dos sont garants d&rsquo;un confort au porter \u00e9lev\u00e9 et d&rsquo;une respirabilit\u00e9 am\u00e9lior\u00e9e.<\/p>\n<p><em>coupe ergonomique, coutures enti\u00e8rement \u00e9lastiques, bretelles en mesh dans la d\u00e9coupe, matelassage hautement respirant, multi \u00e9paisseurs et ergonomique, entrejambe pr\u00e9form\u00e9, bavette arri\u00e8re avec parties en mesh pour l&rsquo;a\u00e9ration, bordures avec impression en silicone int\u00e9rieure<\/em><\/p>","protected":false},"excerpt":{"rendered":"<p>Pantalon de cyclisme \u00e0 bretelles ultrafonctionnel pour homme #l\u00e9ger, respirant et \u00e0 s\u00e9chage rapide #coussinet X-Pad VAUDE int\u00e9gr\u00e9 #mati\u00e8re principale essentiellement fabriqu\u00e9e en polyester recycl\u00e9<\/p>","protected":false},"featured_media":29541,"comment_status":"closed","ping_status":"open","template":"","meta":[],"product_brand":[375],"product_cat":[213,574,216],"product_tag":[365,368,422,421],"class_list":["post-30179","product","type-product","status-publish","has-post-thumbnail","product_brand-vaude","product_cat-boutique","product_cat-pantalons","product_cat-vetements","product_tag-boutique","product_tag-vente","product_tag-vente-vetement","product_tag-vetement","pa_couleur-black","pa_couleur-deep-pond","pa_taille-l","pa_taille-m","pa_taille-s","pa_taille-xl","pa_taille-xxl","pa_taille-xxxl","first","instock","purchasable","product-type-variable"],"_links":{"self":[{"href":"https:\/\/www.tracea.ch\/de\/wp-json\/wp\/v2\/product\/30179","targetHints":{"allow":["GET"]}}],"collection":[{"href":"https:\/\/www.tracea.ch\/de\/wp-json\/wp\/v2\/product"}],"about":[{"href":"https:\/\/www.tracea.ch\/de\/wp-json\/wp\/v2\/types\/product"}],"replies":[{"embeddable":true,"href":"https:\/\/www.tracea.ch\/de\/wp-json\/wp\/v2\/comments?post=30179"}],"version-history":[{"count":1,"href":"https:\/\/www.tracea.ch\/de\/wp-json\/wp\/v2\/product\/30179\/revisions"}],"predecessor-version":[{"id":30180,"href":"https:\/\/www.tracea.ch\/de\/wp-json\/wp\/v2\/product\/30179\/revisions\/30180"}],"wp:featuredmedia":[{"embeddable":true,"href":"https:\/\/www.tracea.ch\/de\/wp-json\/wp\/v2\/media\/29541"}],"wp:attachment":[{"href":"https:\/\/www.tracea.ch\/de\/wp-json\/wp\/v2\/media?parent=30179"}],"wp:term":[{"taxonomy":"product_brand","embeddable":true,"href":"https:\/\/www.tracea.ch\/de\/wp-json\/wp\/v2\/product_brand?post=30179"},{"taxonomy":"product_cat","embeddable":true,"href":"https:\/\/www.tracea.ch\/de\/wp-json\/wp\/v2\/product_cat?post=30179"},{"taxonomy":"product_tag","embeddable":true,"href":"https:\/\/www.tracea.ch\/de\/wp-json\/wp\/v2\/product_tag?post=30179"}],"curies":[{"name":"wp","href":"https:\/\/api.w.org\/{rel}","templated":true}]}}