{"id":30237,"date":"2026-07-07T22:33:42","date_gmt":"2026-07-07T22:33:42","guid":{"rendered":"https:\/\/www.tracea.ch\/boutique\/non%20class\u00e9\/kids-detective-shorts\/"},"modified":"2026-07-07T22:34:15","modified_gmt":"2026-07-07T22:34:15","slug":"kids-detective-shorts","status":"publish","type":"product","link":"https:\/\/www.tracea.ch\/de\/boutique\/kids-detective-shorts\/","title":{"rendered":"Kids Detective Shorts"},"content":{"rendered":"<p>Ultraconfortable\u00a0: le short enfant Detective ultra-\u00e9lastique avec taille \u00e9lastique et cordon de serrage accompagne vraiment tous les mouvements. La mati\u00e8re douce est l\u00e9g\u00e8re et robuste \u00e0 la fois, et r\u00e9siste \u00e0 l&rsquo;abrasion. Deux poches conservent les petites trouvailles ainsi que des chewing-gums, des porte-bonheurs et des cl\u00e9s selon l&rsquo;\u00e2ge. Un super pantalon enfant pour la rando et d&rsquo;autres sorties lors des jours chauds en \u00e9t\u00e9. La mati\u00e8re s\u00e8che rapidement et se pr\u00eate au lavage \u00e0 la main. Le label Green Shape de VAUDE garantit un produit \u00e9cologique, fonctionnel et fabriqu\u00e9 dans des mat\u00e9riaux durables.<\/p>\n<p><em>2 poches dans la d\u00e9coupe \u00e0 l&rsquo;avant, ceinture en partie \u00e9lastique, cordon \u00e0 la taille, avec petite plaque pour y inscrire le nom<\/em><\/p>","protected":false},"excerpt":{"rendered":"<p>Short enfant pour la randonn\u00e9e, le quotidien et les loisirs #avec taille \u00e9lastique et cordon de serrage #avec deux poches en biais #mati\u00e8re obtenue par recyclage innovant de pneus usag\u00e9s sous utilisation d&rsquo;une m\u00e9thode du bilan massique<\/p>","protected":false},"featured_media":0,"comment_status":"closed","ping_status":"open","template":"","meta":[],"product_brand":[375],"product_cat":[213,574,216],"product_tag":[365,368,422,421],"class_list":["post-30237","product","type-product","status-publish","product_brand-vaude","product_cat-boutique","product_cat-pantalons","product_cat-vetements","product_tag-boutique","product_tag-vente","product_tag-vente-vetement","product_tag-vetement","pa_couleur-agave","pa_couleur-dark-sea","pa_couleur-linen","pa_couleur-magenta","pa_taille-110-116","pa_taille-122-128","pa_taille-134-140","pa_taille-146-152","pa_taille-158-164","first","instock","purchasable","product-type-variable"],"_links":{"self":[{"href":"https:\/\/www.tracea.ch\/de\/wp-json\/wp\/v2\/product\/30237","targetHints":{"allow":["GET"]}}],"collection":[{"href":"https:\/\/www.tracea.ch\/de\/wp-json\/wp\/v2\/product"}],"about":[{"href":"https:\/\/www.tracea.ch\/de\/wp-json\/wp\/v2\/types\/product"}],"replies":[{"embeddable":true,"href":"https:\/\/www.tracea.ch\/de\/wp-json\/wp\/v2\/comments?post=30237"}],"version-history":[{"count":1,"href":"https:\/\/www.tracea.ch\/de\/wp-json\/wp\/v2\/product\/30237\/revisions"}],"predecessor-version":[{"id":30238,"href":"https:\/\/www.tracea.ch\/de\/wp-json\/wp\/v2\/product\/30237\/revisions\/30238"}],"wp:attachment":[{"href":"https:\/\/www.tracea.ch\/de\/wp-json\/wp\/v2\/media?parent=30237"}],"wp:term":[{"taxonomy":"product_brand","embeddable":true,"href":"https:\/\/www.tracea.ch\/de\/wp-json\/wp\/v2\/product_brand?post=30237"},{"taxonomy":"product_cat","embeddable":true,"href":"https:\/\/www.tracea.ch\/de\/wp-json\/wp\/v2\/product_cat?post=30237"},{"taxonomy":"product_tag","embeddable":true,"href":"https:\/\/www.tracea.ch\/de\/wp-json\/wp\/v2\/product_tag?post=30237"}],"curies":[{"name":"wp","href":"https:\/\/api.w.org\/{rel}","templated":true}]}}