{"id":31612,"date":"2026-07-07T23:10:23","date_gmt":"2026-07-07T23:10:23","guid":{"rendered":"https:\/\/www.tracea.ch\/boutique\/non%20class\u00e9\/womens-cyclist-shorts-ii\/"},"modified":"2026-07-07T23:10:46","modified_gmt":"2026-07-07T23:10:46","slug":"womens-cyclist-shorts-ii","status":"publish","type":"product","link":"https:\/\/www.tracea.ch\/de\/boutique\/womens-cyclist-shorts-ii\/","title":{"rendered":"Women&rsquo;s Cyclist Shorts II"},"content":{"rendered":"<p>Ce short de cyclisme d\u00e9contract\u00e9 pour femmes est id\u00e9al pour le quotidien estival en ville &#8211; gr\u00e2ce \u00e0 sa forte teneur en \u00e9lasthanne et \u00e0 son mat\u00e9riau stretch, il accompagne tous les mouvements. Ce short de cyclisme pour femmes \u00e0 la coupe tendance poss\u00e8de un empi\u00e8cement \u00e0 l&rsquo;entrejambe adapt\u00e9 aux cyclistes, de sorte qu&rsquo;aucune couture n&rsquo;appuie ou ne frotte en selle. Il est muni \u00e9galement de deux poches \u00e0 l&rsquo;avant et d&rsquo;un \u00e9l\u00e9ment r\u00e9fl\u00e9chissant \u00e0 l&rsquo;arri\u00e8re. Si l&rsquo;on rabat les jambes du pantalon vers le haut, de petites roues apparaissent, elles aussi r\u00e9fl\u00e9chissantes. Le label Green Shape de VAUDE garantit un produit \u00e9cologique, fonctionnel et fabriqu\u00e9 dans des mat\u00e9riaux durables.<\/p>\n<p><em>le bas de jambe peut \u00eatre relev\u00e9, mati\u00e8re \u00e9lastique, 2 poches dans la d\u00e9coupe \u00e0 l&rsquo;avant, imprim\u00e9 d\u00e9coratif, \u00e9l\u00e9ments r\u00e9fl\u00e9chissants<\/em><\/p>","protected":false},"excerpt":{"rendered":"<p>Short cycliste d\u00e9contract\u00e9 femme pour le quotidien #mati\u00e8re tr\u00e8s \u00e9lastique #avec \u00e9l\u00e9ments r\u00e9fl\u00e9chissants #mati\u00e8re principale essentiellement fabriqu\u00e9e en polyester recycl\u00e9<\/p>","protected":false},"featured_media":0,"comment_status":"closed","ping_status":"open","template":"","meta":[],"product_brand":[375],"product_cat":[213,574,216],"product_tag":[365,368,422,421],"class_list":["post-31612","product","type-product","status-publish","product_brand-vaude","product_cat-boutique","product_cat-pantalons","product_cat-vetements","product_tag-boutique","product_tag-vente","product_tag-vente-vetement","product_tag-vetement","pa_couleur-black","pa_couleur-oat","pa_taille-436","pa_taille-437","pa_taille-438","pa_taille-439","pa_taille-440","first","instock","purchasable","product-type-variable"],"_links":{"self":[{"href":"https:\/\/www.tracea.ch\/de\/wp-json\/wp\/v2\/product\/31612","targetHints":{"allow":["GET"]}}],"collection":[{"href":"https:\/\/www.tracea.ch\/de\/wp-json\/wp\/v2\/product"}],"about":[{"href":"https:\/\/www.tracea.ch\/de\/wp-json\/wp\/v2\/types\/product"}],"replies":[{"embeddable":true,"href":"https:\/\/www.tracea.ch\/de\/wp-json\/wp\/v2\/comments?post=31612"}],"version-history":[{"count":1,"href":"https:\/\/www.tracea.ch\/de\/wp-json\/wp\/v2\/product\/31612\/revisions"}],"predecessor-version":[{"id":31613,"href":"https:\/\/www.tracea.ch\/de\/wp-json\/wp\/v2\/product\/31612\/revisions\/31613"}],"wp:attachment":[{"href":"https:\/\/www.tracea.ch\/de\/wp-json\/wp\/v2\/media?parent=31612"}],"wp:term":[{"taxonomy":"product_brand","embeddable":true,"href":"https:\/\/www.tracea.ch\/de\/wp-json\/wp\/v2\/product_brand?post=31612"},{"taxonomy":"product_cat","embeddable":true,"href":"https:\/\/www.tracea.ch\/de\/wp-json\/wp\/v2\/product_cat?post=31612"},{"taxonomy":"product_tag","embeddable":true,"href":"https:\/\/www.tracea.ch\/de\/wp-json\/wp\/v2\/product_tag?post=31612"}],"curies":[{"name":"wp","href":"https:\/\/api.w.org\/{rel}","templated":true}]}}