{"id":31777,"date":"2026-07-07T23:15:48","date_gmt":"2026-07-07T23:15:48","guid":{"rendered":"https:\/\/www.tracea.ch\/boutique\/non%20class\u00e9\/hiking-backpack-poncho-ii\/"},"modified":"2026-07-07T23:16:13","modified_gmt":"2026-07-07T23:16:13","slug":"hiking-backpack-poncho-ii","status":"publish","type":"product","link":"https:\/\/www.tracea.ch\/de\/boutique\/hiking-backpack-poncho-ii\/","title":{"rendered":"Hiking Backpack Poncho II"},"content":{"rendered":"<p>Un parcours sous la pluie\u00a0? Aucun souci avec la cape de pluie compatible avec un sac \u00e0 dos pour la randonn\u00e9e. Cette cape de pluie imperm\u00e9able et \u00e9tanche au vent s\u00e9duit ici par sa mati\u00e8re respirante. La capuche est r\u00e9glable individuellement. Il est possible d&rsquo;agrandir le dos \u00e0 l&rsquo;aide d&rsquo;un zip pour que l&rsquo;envergure de la cape puisse couvrir un grand sac \u00e0 dos et ainsi prot\u00e9ger le bagage de l&rsquo;humidit\u00e9. En outre, le poncho dispose d&rsquo;une poche avant pouvant accueillir des petites affaires ou dans laquelle on peut compresser le poncho. La cape de pluie compatible avec sac \u00e0 dos pour la randonn\u00e9e s&rsquo;ajuste aussi en longueur et se fixe entre les jambes gr\u00e2ce \u00e0 des boutons-pression, afin de rester bien en place en cas de vent. Associ\u00e9e \u00e0 un pantalon de pluie ou des gu\u00eatres imperm\u00e9ables, elle offre la garantie de rester bien au sec m\u00eame sous de fortes averses, et son bagage aussi\u00a0! En plus de la membrane imperm\u00e9able, le tissu ext\u00e9rieur de la cape de pluie est appr\u00eat\u00e9 avec la finition Eco Finish d\u00e9perlante et antisalissures sans PFC. Le label Green Shape de VAUDE garantit un produit \u00e9cologique, fonctionnel et fabriqu\u00e9 dans des mat\u00e9riaux durables.<\/p>\n<p><em>partie arri\u00e8re qui s&rsquo;enl\u00e8ve \u00e0 l&rsquo;aide d&rsquo;une fermeture \u00e9clair, pour les grands sacs \u00e0 dos, 1 poche \u00e0 l\u2019avant pour ranger, capuche mont\u00e9e et r\u00e9glable en largeur<\/em><\/p>","protected":false},"excerpt":{"rendered":"<p>Cape de pluie pour la randonn\u00e9e et le voyage #imperm\u00e9able et respirante #peut s&rsquo;enfiler sur le sac \u00e0 dos #mati\u00e8re principale fabriqu\u00e9e en polyester recycl\u00e9<\/p>","protected":false},"featured_media":27462,"comment_status":"closed","ping_status":"open","template":"","meta":[],"product_brand":[375],"product_cat":[213,663,216],"product_tag":[365,368,422,421],"class_list":["post-31777","product","type-product","status-publish","has-post-thumbnail","product_brand-vaude","product_cat-boutique","product_cat-poncho","product_cat-vetements","product_tag-boutique","product_tag-vente","product_tag-vente-vetement","product_tag-vetement","pa_couleur-agave","pa_couleur-black","pa_couleur-black-uni","pa_couleur-orange","pa_taille-l-xl","pa_taille-s-m","first","instock","purchasable","product-type-variable"],"_links":{"self":[{"href":"https:\/\/www.tracea.ch\/de\/wp-json\/wp\/v2\/product\/31777","targetHints":{"allow":["GET"]}}],"collection":[{"href":"https:\/\/www.tracea.ch\/de\/wp-json\/wp\/v2\/product"}],"about":[{"href":"https:\/\/www.tracea.ch\/de\/wp-json\/wp\/v2\/types\/product"}],"replies":[{"embeddable":true,"href":"https:\/\/www.tracea.ch\/de\/wp-json\/wp\/v2\/comments?post=31777"}],"version-history":[{"count":1,"href":"https:\/\/www.tracea.ch\/de\/wp-json\/wp\/v2\/product\/31777\/revisions"}],"predecessor-version":[{"id":31778,"href":"https:\/\/www.tracea.ch\/de\/wp-json\/wp\/v2\/product\/31777\/revisions\/31778"}],"wp:featuredmedia":[{"embeddable":true,"href":"https:\/\/www.tracea.ch\/de\/wp-json\/wp\/v2\/media\/27462"}],"wp:attachment":[{"href":"https:\/\/www.tracea.ch\/de\/wp-json\/wp\/v2\/media?parent=31777"}],"wp:term":[{"taxonomy":"product_brand","embeddable":true,"href":"https:\/\/www.tracea.ch\/de\/wp-json\/wp\/v2\/product_brand?post=31777"},{"taxonomy":"product_cat","embeddable":true,"href":"https:\/\/www.tracea.ch\/de\/wp-json\/wp\/v2\/product_cat?post=31777"},{"taxonomy":"product_tag","embeddable":true,"href":"https:\/\/www.tracea.ch\/de\/wp-json\/wp\/v2\/product_tag?post=31777"}],"curies":[{"name":"wp","href":"https:\/\/api.w.org\/{rel}","templated":true}]}}