{"id":32288,"date":"2026-07-07T23:35:24","date_gmt":"2026-07-07T23:35:24","guid":{"rendered":"https:\/\/www.tracea.ch\/boutique\/non%20class\u00e9\/mens-manukau-hoody-iii\/"},"modified":"2026-07-07T23:35:57","modified_gmt":"2026-07-07T23:35:57","slug":"mens-manukau-hoody-iii","status":"publish","type":"product","link":"https:\/\/www.tracea.ch\/de\/boutique\/mens-manukau-hoody-iii\/","title":{"rendered":"Men&rsquo;s Manukau Hoody III"},"content":{"rendered":"<p>Pull \u00e0 capuche homme d\u00e9contract\u00e9 et \u00e9cologique pour le quotidien et les loisirs. Confectionn\u00e9 enti\u00e8rement en coton biologique certifi\u00e9 GOTS, ce fid\u00e8le compagnon urbain accompagne toute la saison froide. La capuche \u00e0 la coupe ample peut \u00eatre resserr\u00e9e \u00e0 l&rsquo;aide d&rsquo;un cordon, le logo VAUDE est gaufr\u00e9 de mani\u00e8re visible ton sur ton. Un pull tout confort et facile d&rsquo;entretien \u00e0 porter \u00e0 la fac, au bureau ou pour une vir\u00e9e citadine, et dont on peut profiter pendant de longues ann\u00e9es.<\/p>\n<p><em>tricot c\u00f4te aux poignets et \u00e0 la ceinture, capuche mont\u00e9e et r\u00e9glable en largeur, logo en relief<\/em><\/p>","protected":false},"excerpt":{"rendered":"<p>Pull \u00e0 capuche homme d\u00e9contract\u00e9 et sportif pour le quotidien et les loisirs #chaleur agr\u00e9able #facile d&rsquo;entretien #en coton bio certifi\u00e9 GOTS<\/p>","protected":false},"featured_media":24428,"comment_status":"closed","ping_status":"open","template":"","meta":[],"product_brand":[375],"product_cat":[213,670,671,216],"product_tag":[365,368,422,421],"class_list":["post-32288","product","type-product","status-publish","has-post-thumbnail","product_brand-vaude","product_cat-boutique","product_cat-hoodies","product_cat-pull-et-sweat","product_cat-vetements","product_tag-boutique","product_tag-vente","product_tag-vente-vetement","product_tag-vetement","pa_couleur-black","pa_couleur-deep-pond","pa_couleur-tobacco","pa_taille-l","pa_taille-m","pa_taille-s","pa_taille-xl","pa_taille-xxl","first","instock","purchasable","product-type-variable"],"_links":{"self":[{"href":"https:\/\/www.tracea.ch\/de\/wp-json\/wp\/v2\/product\/32288","targetHints":{"allow":["GET"]}}],"collection":[{"href":"https:\/\/www.tracea.ch\/de\/wp-json\/wp\/v2\/product"}],"about":[{"href":"https:\/\/www.tracea.ch\/de\/wp-json\/wp\/v2\/types\/product"}],"replies":[{"embeddable":true,"href":"https:\/\/www.tracea.ch\/de\/wp-json\/wp\/v2\/comments?post=32288"}],"version-history":[{"count":1,"href":"https:\/\/www.tracea.ch\/de\/wp-json\/wp\/v2\/product\/32288\/revisions"}],"predecessor-version":[{"id":32289,"href":"https:\/\/www.tracea.ch\/de\/wp-json\/wp\/v2\/product\/32288\/revisions\/32289"}],"wp:featuredmedia":[{"embeddable":true,"href":"https:\/\/www.tracea.ch\/de\/wp-json\/wp\/v2\/media\/24428"}],"wp:attachment":[{"href":"https:\/\/www.tracea.ch\/de\/wp-json\/wp\/v2\/media?parent=32288"}],"wp:term":[{"taxonomy":"product_brand","embeddable":true,"href":"https:\/\/www.tracea.ch\/de\/wp-json\/wp\/v2\/product_brand?post=32288"},{"taxonomy":"product_cat","embeddable":true,"href":"https:\/\/www.tracea.ch\/de\/wp-json\/wp\/v2\/product_cat?post=32288"},{"taxonomy":"product_tag","embeddable":true,"href":"https:\/\/www.tracea.ch\/de\/wp-json\/wp\/v2\/product_tag?post=32288"}],"curies":[{"name":"wp","href":"https:\/\/api.w.org\/{rel}","templated":true}]}}