{"id":32473,"date":"2026-07-07T23:40:24","date_gmt":"2026-07-07T23:40:24","guid":{"rendered":"https:\/\/www.tracea.ch\/boutique\/non%20class\u00e9\/womens-mineo-ls-hoody\/"},"modified":"2026-07-07T23:41:58","modified_gmt":"2026-07-07T23:41:58","slug":"womens-mineo-ls-hoody","status":"publish","type":"product","link":"https:\/\/www.tracea.ch\/de\/boutique\/womens-mineo-ls-hoody\/","title":{"rendered":"Women&rsquo;s Mineo LS Hoody"},"content":{"rendered":"<p>Hoodie femme l\u00e9ger et urbain pour les soir\u00e9es fraiches en \u00e9t\u00e9\u00a0: le hoodie Mineo se porte en solo ou comme couche interm\u00e9diaire sous une veste fine pour un bonus de chaleur tendance. La coupe d\u00e9contract\u00e9e offre une belle aisance de mouvement et le m\u00e9lange de mati\u00e8res anti-odeurs est doux et facile d&rsquo;entretien. Une belle tenue pour tous les usages du quotidien du printemps \u00e0 l&rsquo;automne. Le label Green Shape de VAUDE garantit un produit \u00e9cologique, fonctionnel et fabriqu\u00e9 dans des mat\u00e9riaux durables. En tant que membre Leader de l&rsquo;organisme ind\u00e9pendant Fair Wear, VAUDE s&rsquo;engage en faveur de conditions de travail et de salaires \u00e9quitables.<\/p>\n<p><em>capuche mont\u00e9e, fentes lat\u00e9rales<\/em><\/p>","protected":false},"excerpt":{"rendered":"<p>Hoodie femme l\u00e9ger pour le quotidien urbain #facile d&rsquo;entretien et \u00e0 s\u00e9chage rapide #coupe d\u00e9contract\u00e9e, mati\u00e8re douce #VAUDE s&rsquo;engage pour des conditions de travail responsables dans le monde entier<\/p>","protected":false},"featured_media":26709,"comment_status":"closed","ping_status":"open","template":"","meta":[],"product_brand":[375],"product_cat":[213,670,671,216],"product_tag":[365,368,422,421],"class_list":["post-32473","product","type-product","status-publish","has-post-thumbnail","product_brand-vaude","product_cat-boutique","product_cat-hoodies","product_cat-pull-et-sweat","product_cat-vetements","product_tag-boutique","product_tag-vente","product_tag-vente-vetement","product_tag-vetement","pa_couleur-agave","pa_couleur-dark-sea","pa_couleur-dusty-fern","pa_couleur-ecru","pa_couleur-magenta","pa_couleur-raspberry","pa_taille-466","pa_taille-436","pa_taille-437","pa_taille-438","pa_taille-439","pa_taille-440","pa_taille-441","first","instock","purchasable","product-type-variable"],"_links":{"self":[{"href":"https:\/\/www.tracea.ch\/de\/wp-json\/wp\/v2\/product\/32473","targetHints":{"allow":["GET"]}}],"collection":[{"href":"https:\/\/www.tracea.ch\/de\/wp-json\/wp\/v2\/product"}],"about":[{"href":"https:\/\/www.tracea.ch\/de\/wp-json\/wp\/v2\/types\/product"}],"replies":[{"embeddable":true,"href":"https:\/\/www.tracea.ch\/de\/wp-json\/wp\/v2\/comments?post=32473"}],"version-history":[{"count":1,"href":"https:\/\/www.tracea.ch\/de\/wp-json\/wp\/v2\/product\/32473\/revisions"}],"predecessor-version":[{"id":32474,"href":"https:\/\/www.tracea.ch\/de\/wp-json\/wp\/v2\/product\/32473\/revisions\/32474"}],"wp:featuredmedia":[{"embeddable":true,"href":"https:\/\/www.tracea.ch\/de\/wp-json\/wp\/v2\/media\/26709"}],"wp:attachment":[{"href":"https:\/\/www.tracea.ch\/de\/wp-json\/wp\/v2\/media?parent=32473"}],"wp:term":[{"taxonomy":"product_brand","embeddable":true,"href":"https:\/\/www.tracea.ch\/de\/wp-json\/wp\/v2\/product_brand?post=32473"},{"taxonomy":"product_cat","embeddable":true,"href":"https:\/\/www.tracea.ch\/de\/wp-json\/wp\/v2\/product_cat?post=32473"},{"taxonomy":"product_tag","embeddable":true,"href":"https:\/\/www.tracea.ch\/de\/wp-json\/wp\/v2\/product_tag?post=32473"}],"curies":[{"name":"wp","href":"https:\/\/api.w.org\/{rel}","templated":true}]}}