{"id":35706,"date":"2026-07-08T01:14:49","date_gmt":"2026-07-08T01:14:49","guid":{"rendered":"https:\/\/www.tracea.ch\/boutique\/non%20class\u00e9\/mens-qimsa-halfzip-ls-shirt\/"},"modified":"2026-07-08T01:15:50","modified_gmt":"2026-07-08T01:15:50","slug":"mens-qimsa-halfzip-ls-shirt","status":"publish","type":"product","link":"https:\/\/www.tracea.ch\/de\/boutique\/mens-qimsa-halfzip-ls-shirt\/","title":{"rendered":"Men&rsquo;s Qimsa Halfzip LS Shirt"},"content":{"rendered":"<p>Le haut cycliste \u00e0 manches longues homme avec une coupe d\u00e9contract\u00e9e offre un usage polyvalent et s&rsquo;adapte \u00e0 toutes les situations de conduite gr\u00e2ce \u00e0 sa mati\u00e8re stretch et ses manches pr\u00e9form\u00e9es. Le col montant confortable est muni d&rsquo;un demi-zip qui offre une ventilation rapide et agr\u00e9able quand le mercure grimpe. La mati\u00e8re du haut cycliste \u00e0 manches longues homme s\u00e8che et \u00e9vacue rapidement la sueur. Le label Green Shape de VAUDE garantit un produit \u00e9cologique, fonctionnel et fabriqu\u00e9 dans des mat\u00e9riaux durables. En tant que membre Leader de l&rsquo;organisme ind\u00e9pendant Fair Wear, VAUDE s&rsquo;engage en faveur de conditions de travail et de salaires \u00e9quitables.<\/p>\n<p><em>manches pr\u00e9form\u00e9es, mati\u00e8re \u00e9lastique, int\u00e9rieur gratt\u00e9, zip frontal avec rabat int\u00e9rieur, col montant, colourblock<\/em><\/p>","protected":false},"excerpt":{"rendered":"<p>Maillot cycliste \u00e0 manches longues homme confortable #s\u00e8che rapidement, \u00e9lastique #entretien facile #tissu principal essentiellement fabriqu\u00e9 en polyester recycl\u00e9<\/p>","protected":false},"featured_media":25137,"comment_status":"closed","ping_status":"open","template":"","meta":[],"product_brand":[375],"product_cat":[213,677,216],"product_tag":[365,368,422,421],"class_list":["post-35706","product","type-product","status-publish","has-post-thumbnail","product_brand-vaude","product_cat-boutique","product_cat-t-shirt","product_cat-vetements","product_tag-boutique","product_tag-vente","product_tag-vente-vetement","product_tag-vetement","pa_couleur-agave","pa_couleur-black","pa_couleur-carmine","pa_couleur-glowing-red","pa_couleur-savanna","pa_taille-l","pa_taille-m","pa_taille-s","pa_taille-xl","pa_taille-xxl","pa_taille-xxxl","first","instock","purchasable","product-type-variable"],"_links":{"self":[{"href":"https:\/\/www.tracea.ch\/de\/wp-json\/wp\/v2\/product\/35706","targetHints":{"allow":["GET"]}}],"collection":[{"href":"https:\/\/www.tracea.ch\/de\/wp-json\/wp\/v2\/product"}],"about":[{"href":"https:\/\/www.tracea.ch\/de\/wp-json\/wp\/v2\/types\/product"}],"replies":[{"embeddable":true,"href":"https:\/\/www.tracea.ch\/de\/wp-json\/wp\/v2\/comments?post=35706"}],"version-history":[{"count":1,"href":"https:\/\/www.tracea.ch\/de\/wp-json\/wp\/v2\/product\/35706\/revisions"}],"predecessor-version":[{"id":35707,"href":"https:\/\/www.tracea.ch\/de\/wp-json\/wp\/v2\/product\/35706\/revisions\/35707"}],"wp:featuredmedia":[{"embeddable":true,"href":"https:\/\/www.tracea.ch\/de\/wp-json\/wp\/v2\/media\/25137"}],"wp:attachment":[{"href":"https:\/\/www.tracea.ch\/de\/wp-json\/wp\/v2\/media?parent=35706"}],"wp:term":[{"taxonomy":"product_brand","embeddable":true,"href":"https:\/\/www.tracea.ch\/de\/wp-json\/wp\/v2\/product_brand?post=35706"},{"taxonomy":"product_cat","embeddable":true,"href":"https:\/\/www.tracea.ch\/de\/wp-json\/wp\/v2\/product_cat?post=35706"},{"taxonomy":"product_tag","embeddable":true,"href":"https:\/\/www.tracea.ch\/de\/wp-json\/wp\/v2\/product_tag?post=35706"}],"curies":[{"name":"wp","href":"https:\/\/api.w.org\/{rel}","templated":true}]}}