{"id":38572,"date":"2026-07-08T02:37:34","date_gmt":"2026-07-08T02:37:34","guid":{"rendered":"https:\/\/www.tracea.ch\/boutique\/non%20class\u00e9\/mens-posta-ls-tricot-ii\/"},"modified":"2026-07-08T02:38:28","modified_gmt":"2026-07-08T02:38:28","slug":"mens-posta-ls-tricot-ii","status":"publish","type":"product","link":"https:\/\/www.tracea.ch\/de\/boutique\/mens-posta-ls-tricot-ii\/","title":{"rendered":"Men&rsquo;s Posta LS Tricot II"},"content":{"rendered":"<p>Maillot chaud pour braver les basses temp\u00e9ratures\u00a0! Notre maillot cycliste \u00e0 manches longues le plus chaud pour homme est une tenue indispensable, non seulement pour les adeptes du v\u00e9lo de course et du gravel, mais aussi pour les navetteurs et conducteurs de v\u00e9lo \u00e9lectrique qui parcourent de longs trajets ou doivent atteindre de grandes vitesses. Ce maillot cycliste \u00e0 longues manches pour homme offre une chaleur exceptionnelle et de l\u2019\u00e9lasticit\u00e9, est respirant et s\u00e8che rapidement. La mati\u00e8re est l\u00e9g\u00e8rement gratt\u00e9e \u00e0 l\u2019int\u00e9rieur, ce qui apporte un beau confort et une chaleur suppl\u00e9mentaire. Un ruban silicon\u00e9 au bas du dos assure une tenue stable. Un dos de coupe allong\u00e9e, des manches pr\u00e9form\u00e9es et trois poches arri\u00e8re ouvertes compl\u00e8tent l\u2019\u00e9quipement du maillot cycliste \u00e0 manches longues homme. Le label Green Shape de VAUDE garantit un produit \u00e9cologique, fonctionnel et fabriqu\u00e9 dans des mat\u00e9riaux durables.<\/p>\n<p><em>mati\u00e8re \u00e9lastique, zip frontal avec fold over, imprim\u00e9 dans la partie avant, col montant, int\u00e9rieur en mati\u00e8re l\u00e9g\u00e8rement gratt\u00e9e, 3 poches dorsales, ourlet dans la partie dorsale avec bande silicon\u00e9e, coupe rallong\u00e9e dans le dos, colourblock<\/em><\/p>","protected":false},"excerpt":{"rendered":"<p>Maillot cycliste chaud pour homme #tr\u00e8s chaud et \u00e9lastique #respirant et \u00e0 s\u00e9chage rapide #mati\u00e8re principale essentiellement fabriqu\u00e9e en polyester recycl\u00e9<\/p>","protected":false},"featured_media":17626,"comment_status":"closed","ping_status":"open","template":"","meta":[],"product_brand":[375],"product_cat":[213,705,216],"product_tag":[365,368,422,421],"class_list":["post-38572","product","type-product","status-publish","has-post-thumbnail","product_brand-vaude","product_cat-boutique","product_cat-maillot-de-velo","product_cat-vetements","product_tag-boutique","product_tag-vente","product_tag-vente-vetement","product_tag-vetement","pa_couleur-bright-green","pa_couleur-deep-pond","pa_couleur-glowing-red","pa_couleur-savanna","pa_taille-l","pa_taille-m","pa_taille-s","pa_taille-xl","pa_taille-xxl","pa_taille-xxxl","first","instock","purchasable","product-type-variable"],"_links":{"self":[{"href":"https:\/\/www.tracea.ch\/de\/wp-json\/wp\/v2\/product\/38572","targetHints":{"allow":["GET"]}}],"collection":[{"href":"https:\/\/www.tracea.ch\/de\/wp-json\/wp\/v2\/product"}],"about":[{"href":"https:\/\/www.tracea.ch\/de\/wp-json\/wp\/v2\/types\/product"}],"replies":[{"embeddable":true,"href":"https:\/\/www.tracea.ch\/de\/wp-json\/wp\/v2\/comments?post=38572"}],"version-history":[{"count":1,"href":"https:\/\/www.tracea.ch\/de\/wp-json\/wp\/v2\/product\/38572\/revisions"}],"predecessor-version":[{"id":38573,"href":"https:\/\/www.tracea.ch\/de\/wp-json\/wp\/v2\/product\/38572\/revisions\/38573"}],"wp:featuredmedia":[{"embeddable":true,"href":"https:\/\/www.tracea.ch\/de\/wp-json\/wp\/v2\/media\/17626"}],"wp:attachment":[{"href":"https:\/\/www.tracea.ch\/de\/wp-json\/wp\/v2\/media?parent=38572"}],"wp:term":[{"taxonomy":"product_brand","embeddable":true,"href":"https:\/\/www.tracea.ch\/de\/wp-json\/wp\/v2\/product_brand?post=38572"},{"taxonomy":"product_cat","embeddable":true,"href":"https:\/\/www.tracea.ch\/de\/wp-json\/wp\/v2\/product_cat?post=38572"},{"taxonomy":"product_tag","embeddable":true,"href":"https:\/\/www.tracea.ch\/de\/wp-json\/wp\/v2\/product_tag?post=38572"}],"curies":[{"name":"wp","href":"https:\/\/api.w.org\/{rel}","templated":true}]}}