{"id":38602,"date":"2026-07-08T02:38:27","date_gmt":"2026-07-08T02:38:27","guid":{"rendered":"https:\/\/www.tracea.ch\/boutique\/non%20class\u00e9\/mens-posta-hz-tricot-le-ii\/"},"modified":"2026-07-08T02:39:11","modified_gmt":"2026-07-08T02:39:11","slug":"mens-posta-hz-tricot-le-ii","status":"publish","type":"product","link":"https:\/\/www.tracea.ch\/de\/boutique\/mens-posta-hz-tricot-le-ii\/","title":{"rendered":"Men&rsquo;s Posta HZ Tricot LE II"},"content":{"rendered":"<p>Ce maillot cycliste pour homme est un v\u00e9ritable couteau suisse parmi tous les maillots VAUDE de par son \u00e9ventail de fonctions\u00a0: il est respirant, s\u00e8che rapidement et offre un beau confort avec son mesh \u00e9lastique sur les c\u00f4t\u00e9s et au dos. Un zip court, un col relev\u00e9 avec cache, des manches un peu allong\u00e9es et une taille \u00e9lastique viennent compl\u00e9ter les prestations du maillot cycliste pour homme. Trois poches arri\u00e8re peuvent transporter un outil multifonction, une chambre \u00e0 air et une barre \u00e9nerg\u00e9tique. Le label Green Shape de VAUDE garantit un produit \u00e9cologique, fonctionnel et fabriqu\u00e9 dans des mat\u00e9riaux durables.<\/p>\n<p><em>col montant avec zip court, Ventilation gr\u00e2ce \u00e0 des parties en filet, 3 poches dorsales, coupe rallong\u00e9e dans le dos, ceinture \u00e9lastique avec impression en silicone int\u00e9rieure<\/em><\/p>","protected":false},"excerpt":{"rendered":"<p>Maillot cycliste homme multiusage classique #l\u00e9ger, respirant et \u00e0 s\u00e9chage rapide #mesh pour une a\u00e9ration optimale #fabrication principale en polyester recycl\u00e9 en Europe<\/p>","protected":false},"featured_media":0,"comment_status":"closed","ping_status":"open","template":"","meta":[],"product_brand":[375],"product_cat":[213,705,216],"product_tag":[365,368,422,421],"class_list":["post-38602","product","type-product","status-publish","product_brand-vaude","product_cat-boutique","product_cat-maillot-de-velo","product_cat-vetements","product_tag-boutique","product_tag-vente","product_tag-vente-vetement","product_tag-vetement","pa_couleur-black","pa_couleur-heron","pa_couleur-redeva","pa_taille-l","pa_taille-m","pa_taille-s","pa_taille-xl","pa_taille-xxl","first","instock","purchasable","product-type-variable"],"_links":{"self":[{"href":"https:\/\/www.tracea.ch\/de\/wp-json\/wp\/v2\/product\/38602","targetHints":{"allow":["GET"]}}],"collection":[{"href":"https:\/\/www.tracea.ch\/de\/wp-json\/wp\/v2\/product"}],"about":[{"href":"https:\/\/www.tracea.ch\/de\/wp-json\/wp\/v2\/types\/product"}],"replies":[{"embeddable":true,"href":"https:\/\/www.tracea.ch\/de\/wp-json\/wp\/v2\/comments?post=38602"}],"version-history":[{"count":1,"href":"https:\/\/www.tracea.ch\/de\/wp-json\/wp\/v2\/product\/38602\/revisions"}],"predecessor-version":[{"id":38603,"href":"https:\/\/www.tracea.ch\/de\/wp-json\/wp\/v2\/product\/38602\/revisions\/38603"}],"wp:attachment":[{"href":"https:\/\/www.tracea.ch\/de\/wp-json\/wp\/v2\/media?parent=38602"}],"wp:term":[{"taxonomy":"product_brand","embeddable":true,"href":"https:\/\/www.tracea.ch\/de\/wp-json\/wp\/v2\/product_brand?post=38602"},{"taxonomy":"product_cat","embeddable":true,"href":"https:\/\/www.tracea.ch\/de\/wp-json\/wp\/v2\/product_cat?post=38602"},{"taxonomy":"product_tag","embeddable":true,"href":"https:\/\/www.tracea.ch\/de\/wp-json\/wp\/v2\/product_tag?post=38602"}],"curies":[{"name":"wp","href":"https:\/\/api.w.org\/{rel}","templated":true}]}}