{"id":39545,"date":"2026-07-08T03:10:19","date_gmt":"2026-07-08T03:10:19","guid":{"rendered":"https:\/\/www.tracea.ch\/boutique\/non%20class\u00e9\/womens-dundee-classic-zo-jacket\/"},"modified":"2026-07-08T03:11:28","modified_gmt":"2026-07-08T03:11:28","slug":"womens-dundee-classic-zo-jacket","status":"publish","type":"product","link":"https:\/\/www.tracea.ch\/de\/boutique\/womens-dundee-classic-zo-jacket\/","title":{"rendered":"Women&rsquo;s Dundee Classic ZO Jacket"},"content":{"rendered":"<p>\u00c0 la fois veste et gilet. Multi-talent et v\u00e9ritable cam\u00e9l\u00e9on gr\u00e2ce \u00e0 ses manches amovibles. La coupe confortable de la veste et la mati\u00e8re coupe-vent combine parfaitement protection, respirabilit\u00e9 et libert\u00e9 de mouvement, le tout en version tr\u00e8s compressible. Ce produit est imperm\u00e9abilis\u00e9 gr\u00e2ce \u00e0 la finition Eco Finish, \u00e9cologique et sans perfluorocarbures (PFC). Le label Green Shape de VAUDE garantit des produits fonctionnels et \u00e9cologiques en mati\u00e8res durables.<\/p>\n<p><em>manches amovibles gr\u00e2ce \u00e0 un zip, 2 poches frontales avec fermeture \u00e9clair, 1 poche dorsale pour ranger la veste, zip continu sur le devant, poignets \u00e9lastiques, cordon \u00e0 la ceinture r\u00e9glable par les poches, ventilation dorsale, \u00e9l\u00e9ments r\u00e9fl\u00e9chissants<\/em><\/p>","protected":false},"excerpt":{"rendered":"<p>Veste coupe-vent pour les sports cyclistes # coupe-vent \u00e0 80%, tr\u00e8s respirante et hydrophobe # manches amovibles gr\u00e2ce \u00e0 un zip #\u00e0 la fabrication \u00e9cologique et \u00e9quitable<\/p>","protected":false},"featured_media":16379,"comment_status":"closed","ping_status":"open","template":"","meta":[],"product_brand":[375],"product_cat":[213,709,216],"product_tag":[365,368,422,421],"class_list":["post-39545","product","type-product","status-publish","has-post-thumbnail","product_brand-vaude","product_cat-boutique","product_cat-veste","product_cat-vetements","product_tag-boutique","product_tag-vente","product_tag-vente-vetement","product_tag-vetement","pa_couleur-agave","pa_couleur-cassis","pa_couleur-dark-sea","pa_couleur-magenta","pa_taille-436","pa_taille-437","pa_taille-438","pa_taille-439","pa_taille-440","pa_taille-441","pa_taille-459","pa_taille-469","first","instock","purchasable","product-type-variable"],"_links":{"self":[{"href":"https:\/\/www.tracea.ch\/de\/wp-json\/wp\/v2\/product\/39545","targetHints":{"allow":["GET"]}}],"collection":[{"href":"https:\/\/www.tracea.ch\/de\/wp-json\/wp\/v2\/product"}],"about":[{"href":"https:\/\/www.tracea.ch\/de\/wp-json\/wp\/v2\/types\/product"}],"replies":[{"embeddable":true,"href":"https:\/\/www.tracea.ch\/de\/wp-json\/wp\/v2\/comments?post=39545"}],"version-history":[{"count":1,"href":"https:\/\/www.tracea.ch\/de\/wp-json\/wp\/v2\/product\/39545\/revisions"}],"predecessor-version":[{"id":39546,"href":"https:\/\/www.tracea.ch\/de\/wp-json\/wp\/v2\/product\/39545\/revisions\/39546"}],"wp:featuredmedia":[{"embeddable":true,"href":"https:\/\/www.tracea.ch\/de\/wp-json\/wp\/v2\/media\/16379"}],"wp:attachment":[{"href":"https:\/\/www.tracea.ch\/de\/wp-json\/wp\/v2\/media?parent=39545"}],"wp:term":[{"taxonomy":"product_brand","embeddable":true,"href":"https:\/\/www.tracea.ch\/de\/wp-json\/wp\/v2\/product_brand?post=39545"},{"taxonomy":"product_cat","embeddable":true,"href":"https:\/\/www.tracea.ch\/de\/wp-json\/wp\/v2\/product_cat?post=39545"},{"taxonomy":"product_tag","embeddable":true,"href":"https:\/\/www.tracea.ch\/de\/wp-json\/wp\/v2\/product_tag?post=39545"}],"curies":[{"name":"wp","href":"https:\/\/api.w.org\/{rel}","templated":true}]}}