{"id":39835,"date":"2026-07-08T03:18:04","date_gmt":"2026-07-08T03:18:04","guid":{"rendered":"https:\/\/www.tracea.ch\/boutique\/non%20class\u00e9\/womens-wintry-jacket-iv\/"},"modified":"2026-07-08T03:18:38","modified_gmt":"2026-07-08T03:18:38","slug":"womens-wintry-jacket-iv","status":"publish","type":"product","link":"https:\/\/www.tracea.ch\/de\/boutique\/womens-wintry-jacket-iv\/","title":{"rendered":"Women&rsquo;s Wintry Jacket IV"},"content":{"rendered":"<p>La veste Wintry Jacket est un v\u00e9ritable multitalent respectueux de l&rsquo;environnement ! La veste softshell 100 % coupe-vent et fabriqu\u00e9e \u00e0 partir de mat\u00e9riaux majoritairement recycl\u00e9s se pr\u00eate \u00e0 tous ceux qui veulent pr\u00e9server l&rsquo;environnement en se d\u00e9pla\u00e7ant \u00e0 v\u00e9lo \u00e9galement en hiver. Elle offre une protection optimale contre le vent et le froid et une belle prestation en mati\u00e8re de respirabilit\u00e9. Le mat\u00e9riau \u00e9lastique agr\u00e9able au toucher offre une libert\u00e9 de mouvement optimale. Avec une bande r\u00e9fl\u00e9chissante int\u00e9gr\u00e9e au dos. Le label Green Shape est le garant d&rsquo;une fabrication \u00e9cologique selon les stricts pr\u00e9ceptes du standard bluesign\u00ae. En outre, la veste Women&rsquo;s Wintry Jacket est imperm\u00e9abilis\u00e9e avec la finition Eco Finish respectueuse de l&rsquo;environnement et a \u00e9t\u00e9 confectionn\u00e9e sans utiliser de fluorocarbures (PFC).<\/p>\n<p><em>manches pr\u00e9form\u00e9es, coupe rallong\u00e9e dans le dos, doublure en fleece doux, 2 poches frontales dissimul\u00e9es avec zip, zip hydrophobe sur le devant avec rabat int\u00e9rieur , poignets partiellement \u00e9lastiques, cordon \u00e0 la ceinture r\u00e9glable par les poches, \u00e9l\u00e9ments r\u00e9fl\u00e9chissants<\/em><\/p>","protected":false},"excerpt":{"rendered":"<p>Veste softshell confortable pour le cyclisme #100% coupe-vent, respirante et d\u00e9perlante #bonne adaptation aux activit\u00e9s compl\u00e9mentaires #fabrication \u00e9cologique et fabriqu\u00e9 \u00e0 partir de mat\u00e9riaux principalement recycl\u00e9s<\/p>","protected":false},"featured_media":20289,"comment_status":"closed","ping_status":"open","template":"","meta":[],"product_brand":[375],"product_cat":[213,709,216],"product_tag":[365,368,422,421],"class_list":["post-39835","product","type-product","status-publish","has-post-thumbnail","product_brand-vaude","product_cat-boutique","product_cat-veste","product_cat-vetements","product_tag-boutique","product_tag-vente","product_tag-vente-vetement","product_tag-vetement","pa_couleur-cassis","pa_couleur-dark-sea","pa_couleur-rich-pink","pa_taille-436","pa_taille-437","pa_taille-438","pa_taille-439","pa_taille-440","first","instock","purchasable","product-type-variable"],"_links":{"self":[{"href":"https:\/\/www.tracea.ch\/de\/wp-json\/wp\/v2\/product\/39835","targetHints":{"allow":["GET"]}}],"collection":[{"href":"https:\/\/www.tracea.ch\/de\/wp-json\/wp\/v2\/product"}],"about":[{"href":"https:\/\/www.tracea.ch\/de\/wp-json\/wp\/v2\/types\/product"}],"replies":[{"embeddable":true,"href":"https:\/\/www.tracea.ch\/de\/wp-json\/wp\/v2\/comments?post=39835"}],"version-history":[{"count":1,"href":"https:\/\/www.tracea.ch\/de\/wp-json\/wp\/v2\/product\/39835\/revisions"}],"predecessor-version":[{"id":39836,"href":"https:\/\/www.tracea.ch\/de\/wp-json\/wp\/v2\/product\/39835\/revisions\/39836"}],"wp:featuredmedia":[{"embeddable":true,"href":"https:\/\/www.tracea.ch\/de\/wp-json\/wp\/v2\/media\/20289"}],"wp:attachment":[{"href":"https:\/\/www.tracea.ch\/de\/wp-json\/wp\/v2\/media?parent=39835"}],"wp:term":[{"taxonomy":"product_brand","embeddable":true,"href":"https:\/\/www.tracea.ch\/de\/wp-json\/wp\/v2\/product_brand?post=39835"},{"taxonomy":"product_cat","embeddable":true,"href":"https:\/\/www.tracea.ch\/de\/wp-json\/wp\/v2\/product_cat?post=39835"},{"taxonomy":"product_tag","embeddable":true,"href":"https:\/\/www.tracea.ch\/de\/wp-json\/wp\/v2\/product_tag?post=39835"}],"curies":[{"name":"wp","href":"https:\/\/api.w.org\/{rel}","templated":true}]}}