{"id":39857,"date":"2026-07-08T03:18:38","date_gmt":"2026-07-08T03:18:38","guid":{"rendered":"https:\/\/www.tracea.ch\/boutique\/non%20class\u00e9\/kids-kinich-jacket\/"},"modified":"2026-07-08T03:19:33","modified_gmt":"2026-07-08T03:19:33","slug":"kinder-kinich-jacke","status":"publish","type":"product","link":"https:\/\/www.tracea.ch\/de\/boutique\/kids-kinich-jacket\/","title":{"rendered":"Kids Kinich Jacke"},"content":{"rendered":"<p>Unser leichter Wetterschutz f\u00fcr den Alltag und den Sport! Diese Softshell-Jacke f\u00fcr Kinder ist ideal f\u00fcr den Sommer und die \u00dcbergangszeit. Denn sie sch\u00fctzt vor Wind und kurzen Regenschauern und ist dabei insgesamt leicht und atmungsaktiv genug, damit sich aktive Kinder auch bei warmem Wetter wohlf\u00fchlen. Mit zwei schr\u00e4gen Taschen und reflektierenden Elementen. Die funktionelle Kinderbekleidung von VAUDE hat mehr als nur einen Vorteil: hochwertige Materialien, kindgerechte Schnitte und Farben sowie eine umweltfreundliche Herstellung. Wir entwickeln \u00e4u\u00dferst strapazierf\u00e4hige Outdoor-Ausr\u00fcstung f\u00fcr Kinder, die so von einem Kind zum n\u00e4chsten weitergegeben werden kann. Das VAUDE-Label \u201eGreen Shape\u201c garantiert ein umweltfreundliches, funktionales Produkt aus langlebigen Materialien.<\/p>\n<p><em>2 Taschen im vorderen Ausschnitt, Rei\u00dfverschluss vorne mit innerer Patte, elastische B\u00fcndchen, fest eingen\u00e4hte Kapuze, aufgedrucktes Logo, reflektierender Aufdruck, Namensetikett bis Gr\u00f6\u00dfe 122\/128<\/em><\/p>","protected":false},"excerpt":{"rendered":"<p>Leichte Softshell-Jacke f\u00fcr Kinder f\u00fcr den Alltag und die Freizeit #100 % winddicht, sehr atmungsaktiv und wasserabweisend # mit reflektierenden Elementen # umweltfreundlich hergestellt<\/p>","protected":false},"featured_media":20460,"comment_status":"closed","ping_status":"open","template":"","meta":[],"product_brand":[375],"product_cat":[213,709,216],"product_tag":[365,368,422,421],"class_list":["post-39857","product","type-product","status-publish","has-post-thumbnail","product_brand-vaude","product_cat-boutique","product_cat-veste","product_cat-vetements","product_tag-boutique","product_tag-vente","product_tag-vente-vetement","product_tag-vetement","pa_couleur-dark-sea","pa_couleur-hokkaido","pa_couleur-icicle","pa_couleur-magenta","pa_couleur-savanna","pa_couleur-woodland","pa_taille-424","pa_taille-110-116","pa_taille-122-128","pa_taille-134-140","pa_taille-146-152","pa_taille-158-164","first","instock","purchasable","product-type-variable"],"_links":{"self":[{"href":"https:\/\/www.tracea.ch\/de\/wp-json\/wp\/v2\/product\/39857","targetHints":{"allow":["GET"]}}],"collection":[{"href":"https:\/\/www.tracea.ch\/de\/wp-json\/wp\/v2\/product"}],"about":[{"href":"https:\/\/www.tracea.ch\/de\/wp-json\/wp\/v2\/types\/product"}],"replies":[{"embeddable":true,"href":"https:\/\/www.tracea.ch\/de\/wp-json\/wp\/v2\/comments?post=39857"}],"version-history":[{"count":1,"href":"https:\/\/www.tracea.ch\/de\/wp-json\/wp\/v2\/product\/39857\/revisions"}],"predecessor-version":[{"id":39858,"href":"https:\/\/www.tracea.ch\/de\/wp-json\/wp\/v2\/product\/39857\/revisions\/39858"}],"wp:featuredmedia":[{"embeddable":true,"href":"https:\/\/www.tracea.ch\/de\/wp-json\/wp\/v2\/media\/20460"}],"wp:attachment":[{"href":"https:\/\/www.tracea.ch\/de\/wp-json\/wp\/v2\/media?parent=39857"}],"wp:term":[{"taxonomy":"product_brand","embeddable":true,"href":"https:\/\/www.tracea.ch\/de\/wp-json\/wp\/v2\/product_brand?post=39857"},{"taxonomy":"product_cat","embeddable":true,"href":"https:\/\/www.tracea.ch\/de\/wp-json\/wp\/v2\/product_cat?post=39857"},{"taxonomy":"product_tag","embeddable":true,"href":"https:\/\/www.tracea.ch\/de\/wp-json\/wp\/v2\/product_tag?post=39857"}],"curies":[{"name":"wp","href":"https:\/\/api.w.org\/{rel}","templated":true}]}}