{"id":40075,"date":"2026-07-08T03:24:01","date_gmt":"2026-07-08T03:24:01","guid":{"rendered":"https:\/\/www.tracea.ch\/boutique\/non%20class\u00e9\/mens-luminum-jacket-ii\/"},"modified":"2026-07-08T03:24:30","modified_gmt":"2026-07-08T03:24:30","slug":"mens-luminum-jacket-ii","status":"publish","type":"product","link":"https:\/\/www.tracea.ch\/de\/boutique\/mens-luminum-jacket-ii\/","title":{"rendered":"Men&rsquo;s Luminum Jacket II"},"content":{"rendered":"<p>Protection permanente contre la pluie avec \u00e9l\u00e9ments r\u00e9fl\u00e9chissants de large superficie. La veste de pluie l\u00e9g\u00e8re 2couches \u00e0 doublure fine est tr\u00e8s respirante gr\u00e2ce \u00e0 la membrane Ceplex Active et te prot\u00e8ge efficacement de l&rsquo;humidit\u00e9 et du vent. La capuche peut \u00eatre enroul\u00e9e dans le col. Le zip bidirectionnel, les poignets r\u00e9glables en largeur et 2poches avant zipp\u00e9es compl\u00e8tent ce produit tout confort. Ce produit est imperm\u00e9abilis\u00e9 avec la finition Eco Finish, \u00e9cologique et sans fluorocarbures (PFC).<\/p>\n<p><em>Veste double \u00e9paisseur, 2 poches frontales avec fermeture \u00e9clair, 2 zip double-sens avec double rabat, poignets r\u00e9glables, ceinture avec cordon, capuche mont\u00e9e et rangeable dans le col, doublure en deux parties, partie sup\u00e9rieure en mesh, partie inf\u00e9rieure en taffetas, \u00e9l\u00e9ments r\u00e9fl\u00e9chissants<\/em><\/p>","protected":false},"excerpt":{"rendered":"<p>Veste de pluie avec s\u00e9curit\u00e9 renforc\u00e9e gr\u00e2ce \u00e0 une meilleure visibilit\u00e9 du cycliste la nuit #\u00e9tanche \u00e0 l&rsquo;eau et au vent, respirante #enti\u00e8rement r\u00e9fl\u00e9chissante pour augmenter la visibilit\u00e9 de nuit #fabrication \u00e9cologique<\/p>","protected":false},"featured_media":20938,"comment_status":"closed","ping_status":"open","template":"","meta":[],"product_brand":[375],"product_cat":[213,709,216],"product_tag":[365,368,422,421],"class_list":["post-40075","product","type-product","status-publish","has-post-thumbnail","product_brand-vaude","product_cat-boutique","product_cat-veste","product_cat-vetements","product_tag-boutique","product_tag-vente","product_tag-vente-vetement","product_tag-vetement","pa_couleur-black","pa_couleur-bright-green","pa_taille-l","pa_taille-m","pa_taille-s","pa_taille-xl","pa_taille-xxl","pa_taille-xxxl","first","instock","purchasable","product-type-variable"],"_links":{"self":[{"href":"https:\/\/www.tracea.ch\/de\/wp-json\/wp\/v2\/product\/40075","targetHints":{"allow":["GET"]}}],"collection":[{"href":"https:\/\/www.tracea.ch\/de\/wp-json\/wp\/v2\/product"}],"about":[{"href":"https:\/\/www.tracea.ch\/de\/wp-json\/wp\/v2\/types\/product"}],"replies":[{"embeddable":true,"href":"https:\/\/www.tracea.ch\/de\/wp-json\/wp\/v2\/comments?post=40075"}],"version-history":[{"count":1,"href":"https:\/\/www.tracea.ch\/de\/wp-json\/wp\/v2\/product\/40075\/revisions"}],"predecessor-version":[{"id":40076,"href":"https:\/\/www.tracea.ch\/de\/wp-json\/wp\/v2\/product\/40075\/revisions\/40076"}],"wp:featuredmedia":[{"embeddable":true,"href":"https:\/\/www.tracea.ch\/de\/wp-json\/wp\/v2\/media\/20938"}],"wp:attachment":[{"href":"https:\/\/www.tracea.ch\/de\/wp-json\/wp\/v2\/media?parent=40075"}],"wp:term":[{"taxonomy":"product_brand","embeddable":true,"href":"https:\/\/www.tracea.ch\/de\/wp-json\/wp\/v2\/product_brand?post=40075"},{"taxonomy":"product_cat","embeddable":true,"href":"https:\/\/www.tracea.ch\/de\/wp-json\/wp\/v2\/product_cat?post=40075"},{"taxonomy":"product_tag","embeddable":true,"href":"https:\/\/www.tracea.ch\/de\/wp-json\/wp\/v2\/product_tag?post=40075"}],"curies":[{"name":"wp","href":"https:\/\/api.w.org\/{rel}","templated":true}]}}