{"id":43495,"date":"2026-07-08T11:14:29","date_gmt":"2026-07-08T11:14:29","guid":{"rendered":"https:\/\/www.tracea.ch\/boutique\/non%20class\u00e9\/womens-tekoa-fleece-jacket-ii\/"},"modified":"2026-07-08T11:16:51","modified_gmt":"2026-07-08T11:16:51","slug":"womens-tekoa-fleece-jacket-ii","status":"publish","type":"product","link":"https:\/\/www.tracea.ch\/de\/boutique\/womens-tekoa-fleece-jacket-ii\/","title":{"rendered":"Women&rsquo;s Tekoa Fleece Jacket II"},"content":{"rendered":"<p>Veste polaire fonctionnelle tr\u00e8s confortable pour une utilisation universelle en montagne. Le mat\u00e9riau tricot\u00e9 \u00e9lastique offre une grande libert\u00e9 de mouvement, la structure gaufr\u00e9e douce et moelleuse \u00e0 l&rsquo;int\u00e9rieur r\u00e9chauffe lors des journ\u00e9es froides et garantit un climat corporel \u00e9quilibr\u00e9 par une bonne \u00e9vacuation de l&rsquo;humidit\u00e9. Les bordures \u00e9lastiques aux ourlets enserrent tout en douceur la t\u00eate et les mains, et emp\u00eachent la p\u00e9n\u00e9tration du vent. La mati\u00e8re recycl\u00e9e certifi\u00e9e bluesign\u00ae convient aussi aux peaux sensibles, \u00e0 quoi s&rsquo;ajoutent un entretien facile et un s\u00e9chage rapide. Le label Green Shape de VAUDE garantit un produit \u00e9cologique, fonctionnel et fabriqu\u00e9 dans des mat\u00e9riaux durables.<\/p>\n<p><em>capuche mont\u00e9e, zip frontal avec rabat int\u00e9rieur, 2 poches frontales avec fermeture \u00e9clair<\/em><\/p>","protected":false},"excerpt":{"rendered":"<p>Couche interm\u00e9diaire \u00e9lastique pour les sports de montagne #\u00e9lastique et agr\u00e9ablement chaude #respirante #fabrication \u00e9cologique<\/p>","protected":false},"featured_media":21002,"comment_status":"closed","ping_status":"open","template":"","meta":[],"product_brand":[375],"product_cat":[213,709,216],"product_tag":[365,368,422,421],"class_list":["post-43495","product","type-product","status-publish","has-post-thumbnail","product_brand-vaude","product_cat-boutique","product_cat-veste","product_cat-vetements","product_tag-boutique","product_tag-vente","product_tag-vente-vetement","product_tag-vetement","pa_couleur-aqua","pa_couleur-dark-sea","pa_couleur-dusty-fern","pa_couleur-ete-blue","pa_couleur-lava","pa_couleur-magenta","pa_couleur-raspberry","pa_couleur-redeva","pa_taille-466","pa_taille-436","pa_taille-437","pa_taille-438","pa_taille-439","pa_taille-440","pa_taille-441","first","instock","purchasable","product-type-variable"],"_links":{"self":[{"href":"https:\/\/www.tracea.ch\/de\/wp-json\/wp\/v2\/product\/43495","targetHints":{"allow":["GET"]}}],"collection":[{"href":"https:\/\/www.tracea.ch\/de\/wp-json\/wp\/v2\/product"}],"about":[{"href":"https:\/\/www.tracea.ch\/de\/wp-json\/wp\/v2\/types\/product"}],"replies":[{"embeddable":true,"href":"https:\/\/www.tracea.ch\/de\/wp-json\/wp\/v2\/comments?post=43495"}],"version-history":[{"count":1,"href":"https:\/\/www.tracea.ch\/de\/wp-json\/wp\/v2\/product\/43495\/revisions"}],"predecessor-version":[{"id":43496,"href":"https:\/\/www.tracea.ch\/de\/wp-json\/wp\/v2\/product\/43495\/revisions\/43496"}],"wp:featuredmedia":[{"embeddable":true,"href":"https:\/\/www.tracea.ch\/de\/wp-json\/wp\/v2\/media\/21002"}],"wp:attachment":[{"href":"https:\/\/www.tracea.ch\/de\/wp-json\/wp\/v2\/media?parent=43495"}],"wp:term":[{"taxonomy":"product_brand","embeddable":true,"href":"https:\/\/www.tracea.ch\/de\/wp-json\/wp\/v2\/product_brand?post=43495"},{"taxonomy":"product_cat","embeddable":true,"href":"https:\/\/www.tracea.ch\/de\/wp-json\/wp\/v2\/product_cat?post=43495"},{"taxonomy":"product_tag","embeddable":true,"href":"https:\/\/www.tracea.ch\/de\/wp-json\/wp\/v2\/product_tag?post=43495"}],"curies":[{"name":"wp","href":"https:\/\/api.w.org\/{rel}","templated":true}]}}