{"id":43565,"date":"2026-07-08T11:16:51","date_gmt":"2026-07-08T11:16:51","guid":{"rendered":"https:\/\/www.tracea.ch\/boutique\/non%20class\u00e9\/mens-tekoa-fleece-jacket-ii\/"},"modified":"2026-07-08T11:18:58","modified_gmt":"2026-07-08T11:18:58","slug":"mens-tekoa-fleece-jacket-ii","status":"publish","type":"product","link":"https:\/\/www.tracea.ch\/de\/boutique\/mens-tekoa-fleece-jacket-ii\/","title":{"rendered":"Men&rsquo;s Tekoa Fleece Jacket II"},"content":{"rendered":"<p>Pour un usage universel en montagne&nbsp;: la veste polaire fonctionnelle et tr\u00e8s agr\u00e9able Men&rsquo;s Tekoa Fleece Jacket II. Le mat\u00e9riau tricot\u00e9 \u00e9lastique offre une grande libert\u00e9 de mouvement, la structure gaufr\u00e9e douce et moelleuse \u00e0 l&rsquo;int\u00e9rieur r\u00e9chauffe lors des journ\u00e9es froides et garantit un climat corporel \u00e9quilibr\u00e9 par une bonne \u00e9vacuation de l&rsquo;humidit\u00e9. Les bordures \u00e9lastiques aux ourlets enserrent tout en douceur la t\u00eate et les mains, et emp\u00eachent la p\u00e9n\u00e9tration du vent. La mati\u00e8re certifi\u00e9e bluesign\u00ae convient aussi aux peaux sensibles, \u00e0 quoi s&rsquo;ajoutent un entretien facile et un s\u00e9chage rapide. Le label Green Shape de VAUDE garantit un produit \u00e9cologique, fonctionnel et fabriqu\u00e9 dans des mat\u00e9riaux durables.<\/p>\n<p><em>zip frontal avec rabat int\u00e9rieur, 1 poche poitrine avec zipp\u00e9e, 2 poches frontales avec fermeture \u00e9clair, capuche, poignets et ceinture avec bord en lycra<\/em><\/p>","protected":false},"excerpt":{"rendered":"<p>Veste polaire confortable pour les sports de montagne #\u00e9lastique, bien chaude et perm\u00e9able \u00e0 la vapeur #poche poitrine #fabrication \u00e9cologique<\/p>","protected":false},"featured_media":21038,"comment_status":"closed","ping_status":"open","template":"","meta":[],"product_brand":[375],"product_cat":[213,709,216],"product_tag":[365,368,422,421],"class_list":["post-43565","product","type-product","status-publish","has-post-thumbnail","product_brand-vaude","product_cat-boutique","product_cat-veste","product_cat-vetements","product_tag-boutique","product_tag-vente","product_tag-vente-vetement","product_tag-vetement","pa_couleur-active-blue","pa_couleur-agave","pa_couleur-black-agave","pa_couleur-dark-leaf","pa_couleur-dark-sea-uni","pa_couleur-heron","pa_couleur-kumquat","pa_couleur-purple-ash","pa_couleur-red-uni","pa_taille-l","pa_taille-m","pa_taille-s","pa_taille-xl","pa_taille-xxl","pa_taille-xxxl","first","instock","purchasable","product-type-variable"],"_links":{"self":[{"href":"https:\/\/www.tracea.ch\/de\/wp-json\/wp\/v2\/product\/43565","targetHints":{"allow":["GET"]}}],"collection":[{"href":"https:\/\/www.tracea.ch\/de\/wp-json\/wp\/v2\/product"}],"about":[{"href":"https:\/\/www.tracea.ch\/de\/wp-json\/wp\/v2\/types\/product"}],"replies":[{"embeddable":true,"href":"https:\/\/www.tracea.ch\/de\/wp-json\/wp\/v2\/comments?post=43565"}],"version-history":[{"count":1,"href":"https:\/\/www.tracea.ch\/de\/wp-json\/wp\/v2\/product\/43565\/revisions"}],"predecessor-version":[{"id":43566,"href":"https:\/\/www.tracea.ch\/de\/wp-json\/wp\/v2\/product\/43565\/revisions\/43566"}],"wp:featuredmedia":[{"embeddable":true,"href":"https:\/\/www.tracea.ch\/de\/wp-json\/wp\/v2\/media\/21038"}],"wp:attachment":[{"href":"https:\/\/www.tracea.ch\/de\/wp-json\/wp\/v2\/media?parent=43565"}],"wp:term":[{"taxonomy":"product_brand","embeddable":true,"href":"https:\/\/www.tracea.ch\/de\/wp-json\/wp\/v2\/product_brand?post=43565"},{"taxonomy":"product_cat","embeddable":true,"href":"https:\/\/www.tracea.ch\/de\/wp-json\/wp\/v2\/product_cat?post=43565"},{"taxonomy":"product_tag","embeddable":true,"href":"https:\/\/www.tracea.ch\/de\/wp-json\/wp\/v2\/product_tag?post=43565"}],"curies":[{"name":"wp","href":"https:\/\/api.w.org\/{rel}","templated":true}]}}